{"id":8472,"date":"2023-09-18T00:31:57","date_gmt":"2023-09-17T22:31:57","guid":{"rendered":"https:\/\/astrocomplutense.es\/nova\/?page_id=8472"},"modified":"2026-01-31T13:47:58","modified_gmt":"2026-01-31T12:47:58","slug":"actividades","status":"publish","type":"page","link":"https:\/\/astrocomplutense.es\/nova\/actividades\/","title":{"rendered":"Actividades"},"content":{"rendered":"\n<div style=\"height:20px\" aria-hidden=\"true\" class=\"wp-block-spacer\"><\/div>\n\n\n\n<div class=\"wp-block-uagb-container uagb-block-07a11044 alignfull uagb-is-root-container\"><div class=\"uagb-container-inner-blocks-wrap\">\n<h2 class=\"wp-block-heading has-text-align-center has-large-font-size\" style=\"margin-top:var(--wp--preset--spacing--20);margin-bottom:var(--wp--preset--spacing--20);padding-top:0;padding-bottom:0;font-style:normal;font-weight:900\">EVENTOS Y ACTIVIDADES<\/h2>\n<\/div><\/div>\n\n\n\n<div class=\"wp-block-uagb-container uagb-block-acd7136e alignfull uagb-is-root-container\"><div class=\"uagb-container-inner-blocks-wrap\">\n<div style=\"height:15px\" aria-hidden=\"true\" class=\"wp-block-spacer\"><\/div>\n\n\n\n<h2 class=\"wp-block-heading has-text-color\" style=\"color:#27272b;padding-top:0;padding-right:var(--wp--preset--spacing--70);padding-bottom:0;padding-left:var(--wp--preset--spacing--70);font-size:33px\">A\u00f1o 2026<\/h2>\n\n\n\n\t\t\t<div class=\"wp-block-uagb-post-carousel uagb-post-grid  uagb-post__image-position-background uagb-post__image-enabled uagb-block-ea7770df     uagb-post__arrow-outside uagb-slick-carousel uagb-post__items uagb-post__columns-4 is-carousel uagb-post__columns-tablet-2 uagb-post__columns-mobile-1 uagb-post__carousel_equal-height\" data-total=\"1\" style=\"\">\n\n\t\t\t\t\t\t\t\t\t\t\t\t<article class=\"uagb-post__inner-wrap\">\t\t\t\t\t\t\t\t<h4 class=\"uagb-post__title uagb-post__text\">\n\t\t\t\t<a href=\"https:\/\/astrocomplutense.es\/nova\/zoom-al-origen-del-universo\/\" target=\"_blank\" rel=\"bookmark noopener noreferrer\">Zoom al origen del Universo<\/a>\n\t\t\t<\/h4>\n\t\t\t\t\t\t<div class='uagb-post__text uagb-post-grid-byline'>\n\t\t\t\t\t\t\t\t<time datetime=\"2026-04-22T20:56:19+02:00\" class=\"uagb-post__date\">\n\t\t\t\t\t\t\t\t\t22 de abril de 2026\t\t\t\t<\/time>\n\t\t\t\t\t\t<\/div>\n\t\t\t\t\t\t\t<div class='uagb-post__text uagb-post__excerpt'>\n\t\t\t\t\t<p>Zoom al origen del Universo Por Carmen Le\u00f3n (22 de abril 2026) El mi\u00e9rcoles 22&#8230;\t\t\t\t<\/div>\n\t\t\t\t\t\t<div class=\"uagb-post__text uagb-post__cta wp-block-button\">\n\t\t\t\t<a class=\"wp-block-button__link uagb-text-link\" style=\"\" href=\"https:\/\/astrocomplutense.es\/nova\/zoom-al-origen-del-universo\/\" target=\"_blank\" rel=\"bookmark noopener noreferrer\">Leer m\u00e1s<\/a>\n\t\t\t<\/div>\n\t\t\t\t\t\t<div class='uagb-post__image'>\n\t\t\t\t\t\t\t\t\t<a href=\"https:\/\/astrocomplutense.es\/nova\/zoom-al-origen-del-universo\/\" target=\"_blank\" rel=\"bookmark noopener noreferrer\"><img loading=\"lazy\" decoding=\"async\" width=\"1794\" height=\"1792\" src=\"https:\/\/astrocomplutense.es\/nova\/wp-content\/uploads\/2026\/04\/cartel22Abr.jpeg\" class=\"attachment-full size-full\" alt=\"\" srcset=\"https:\/\/astrocomplutense.es\/nova\/wp-content\/uploads\/2026\/04\/cartel22Abr.jpeg 1794w, https:\/\/astrocomplutense.es\/nova\/wp-content\/uploads\/2026\/04\/cartel22Abr-300x300.jpeg 300w, https:\/\/astrocomplutense.es\/nova\/wp-content\/uploads\/2026\/04\/cartel22Abr-1024x1024.jpeg 1024w, https:\/\/astrocomplutense.es\/nova\/wp-content\/uploads\/2026\/04\/cartel22Abr-150x150.jpeg 150w, https:\/\/astrocomplutense.es\/nova\/wp-content\/uploads\/2026\/04\/cartel22Abr-768x767.jpeg 768w, https:\/\/astrocomplutense.es\/nova\/wp-content\/uploads\/2026\/04\/cartel22Abr-1536x1534.jpeg 1536w\" sizes=\"auto, (max-width: 1794px) 100vw, 1794px\" \/>\t\t\t\t\t<\/a>\n\t\t\t\t\t\t\t\t\t<\/div>\n\t\t\t\n\t\t\t\t\t\t\t\t<a class=\"uagb-post__link-complete-box\" href=\"https:\/\/astrocomplutense.es\/nova\/zoom-al-origen-del-universo\/\" target=\"_blank\" rel=\"bookmark noopener noreferrer\"><\/a>\n\t\t\t\t\t\t\t<\/article>\n\t\t\t\t\t\t\t\t\t\t\t\t\t\t\t\t<article class=\"uagb-post__inner-wrap\">\t\t\t\t\t\t\t\t<h4 class=\"uagb-post__title uagb-post__text\">\n\t\t\t\t<a href=\"https:\/\/astrocomplutense.es\/nova\/imagina-el-eclipse-total-en-tu-universo-observable\/\" target=\"_blank\" rel=\"bookmark noopener noreferrer\">Imagina el eclipse total en tu Universo observable<\/a>\n\t\t\t<\/h4>\n\t\t\t\t\t\t<div class='uagb-post__text uagb-post-grid-byline'>\n\t\t\t\t\t\t\t\t<time datetime=\"2026-03-25T11:34:10+01:00\" class=\"uagb-post__date\">\n\t\t\t\t\t\t\t\t\t25 de marzo de 2026\t\t\t\t<\/time>\n\t\t\t\t\t\t<\/div>\n\t\t\t\t\t\t\t<div class='uagb-post__text uagb-post__excerpt'>\n\t\t\t\t\t<p>Imagina el eclipse total en tu Universo observable Por Juan Fern\u00e1ndez Macarr\u00f3n (25 de marzo&#8230;\t\t\t\t<\/div>\n\t\t\t\t\t\t<div class=\"uagb-post__text uagb-post__cta wp-block-button\">\n\t\t\t\t<a class=\"wp-block-button__link uagb-text-link\" style=\"\" href=\"https:\/\/astrocomplutense.es\/nova\/imagina-el-eclipse-total-en-tu-universo-observable\/\" target=\"_blank\" rel=\"bookmark noopener noreferrer\">Leer m\u00e1s<\/a>\n\t\t\t<\/div>\n\t\t\t\t\t\t<div class='uagb-post__image'>\n\t\t\t\t\t\t\t\t\t<a href=\"https:\/\/astrocomplutense.es\/nova\/imagina-el-eclipse-total-en-tu-universo-observable\/\" target=\"_blank\" rel=\"bookmark noopener noreferrer\"><img loading=\"lazy\" decoding=\"async\" width=\"744\" height=\"1052\" src=\"https:\/\/astrocomplutense.es\/nova\/wp-content\/uploads\/2026\/03\/peqCartel_25Mar.jpg\" class=\"attachment-full size-full\" alt=\"\" srcset=\"https:\/\/astrocomplutense.es\/nova\/wp-content\/uploads\/2026\/03\/peqCartel_25Mar.jpg 744w, https:\/\/astrocomplutense.es\/nova\/wp-content\/uploads\/2026\/03\/peqCartel_25Mar-212x300.jpg 212w, https:\/\/astrocomplutense.es\/nova\/wp-content\/uploads\/2026\/03\/peqCartel_25Mar-724x1024.jpg 724w\" sizes=\"auto, (max-width: 744px) 100vw, 744px\" \/>\t\t\t\t\t<\/a>\n\t\t\t\t\t\t\t\t\t<\/div>\n\t\t\t\n\t\t\t\t\t\t\t\t<a class=\"uagb-post__link-complete-box\" href=\"https:\/\/astrocomplutense.es\/nova\/imagina-el-eclipse-total-en-tu-universo-observable\/\" target=\"_blank\" rel=\"bookmark noopener noreferrer\"><\/a>\n\t\t\t\t\t\t\t<\/article>\n\t\t\t\t\t\t\t\t\t\t\t\t\t\t\t\t<article class=\"uagb-post__inner-wrap\">\t\t\t\t\t\t\t\t<h4 class=\"uagb-post__title uagb-post__text\">\n\t\t\t\t<a href=\"https:\/\/astrocomplutense.es\/nova\/observacion-desde-alcala\/\" target=\"_blank\" rel=\"bookmark noopener noreferrer\">Observaci\u00f3n desde Alcal\u00e1<\/a>\n\t\t\t<\/h4>\n\t\t\t\t\t\t<div class='uagb-post__text uagb-post-grid-byline'>\n\t\t\t\t\t\t\t\t<time datetime=\"2026-03-22T23:48:21+01:00\" class=\"uagb-post__date\">\n\t\t\t\t\t\t\t\t\t22 de marzo de 2026\t\t\t\t<\/time>\n\t\t\t\t\t\t<\/div>\n\t\t\t\t\t\t\t<div class='uagb-post__text uagb-post__excerpt'>\n\t\t\t\t\t<p>Observaci\u00f3n desde Alcal\u00e1 Por AAC (22 de marzo 2026) Aprovechando que mejora el tiempo salimos&#8230;\t\t\t\t<\/div>\n\t\t\t\t\t\t<div class=\"uagb-post__text uagb-post__cta wp-block-button\">\n\t\t\t\t<a class=\"wp-block-button__link uagb-text-link\" style=\"\" href=\"https:\/\/astrocomplutense.es\/nova\/observacion-desde-alcala\/\" target=\"_blank\" rel=\"bookmark noopener noreferrer\">Leer m\u00e1s<\/a>\n\t\t\t<\/div>\n\t\t\t\t\t\t<div class='uagb-post__image'>\n\t\t\t\t\t\t\t\t\t<a href=\"https:\/\/astrocomplutense.es\/nova\/observacion-desde-alcala\/\" target=\"_blank\" rel=\"bookmark noopener noreferrer\"><img loading=\"lazy\" decoding=\"async\" width=\"1024\" height=\"1024\" src=\"https:\/\/astrocomplutense.es\/nova\/wp-content\/uploads\/2026\/03\/Grupo-personas-observando.jpg\" class=\"attachment-full size-full\" alt=\"\" srcset=\"https:\/\/astrocomplutense.es\/nova\/wp-content\/uploads\/2026\/03\/Grupo-personas-observando.jpg 1024w, https:\/\/astrocomplutense.es\/nova\/wp-content\/uploads\/2026\/03\/Grupo-personas-observando-300x300.jpg 300w, https:\/\/astrocomplutense.es\/nova\/wp-content\/uploads\/2026\/03\/Grupo-personas-observando-150x150.jpg 150w, https:\/\/astrocomplutense.es\/nova\/wp-content\/uploads\/2026\/03\/Grupo-personas-observando-768x768.jpg 768w\" sizes=\"auto, (max-width: 1024px) 100vw, 1024px\" \/>\t\t\t\t\t<\/a>\n\t\t\t\t\t\t\t\t\t<\/div>\n\t\t\t\n\t\t\t\t\t\t\t\t<a class=\"uagb-post__link-complete-box\" href=\"https:\/\/astrocomplutense.es\/nova\/observacion-desde-alcala\/\" target=\"_blank\" rel=\"bookmark noopener noreferrer\"><\/a>\n\t\t\t\t\t\t\t<\/article>\n\t\t\t\t\t\t\t\t\t\t\t\t\t\t\t\t<article class=\"uagb-post__inner-wrap\">\t\t\t\t\t\t\t\t<h4 class=\"uagb-post__title uagb-post__text\">\n\t\t\t\t<a href=\"https:\/\/astrocomplutense.es\/nova\/taller-de-astronomia-ofm\/\" target=\"_blank\" rel=\"bookmark noopener noreferrer\">Taller de Astronom\u00eda OFM<\/a>\n\t\t\t<\/h4>\n\t\t\t\t\t\t<div class='uagb-post__text uagb-post-grid-byline'>\n\t\t\t\t\t\t\t\t<time datetime=\"2026-03-21T10:27:26+01:00\" class=\"uagb-post__date\">\n\t\t\t\t\t\t\t\t\t21 de marzo de 2026\t\t\t\t<\/time>\n\t\t\t\t\t\t<\/div>\n\t\t\t\t\t\t\t<div class='uagb-post__text uagb-post__excerpt'>\n\t\t\t\t\t<p>Taller de Astronom\u00eda OFM Por AAC (21 de marzo 2026) Taller de Astronom\u00eda preparado para&#8230;\t\t\t\t<\/div>\n\t\t\t\t\t\t<div class=\"uagb-post__text uagb-post__cta wp-block-button\">\n\t\t\t\t<a class=\"wp-block-button__link uagb-text-link\" style=\"\" href=\"https:\/\/astrocomplutense.es\/nova\/taller-de-astronomia-ofm\/\" target=\"_blank\" rel=\"bookmark noopener noreferrer\">Leer m\u00e1s<\/a>\n\t\t\t<\/div>\n\t\t\t\t\t\t<div class='uagb-post__image'>\n\t\t\t\t\t\t\t\t\t<a href=\"https:\/\/astrocomplutense.es\/nova\/taller-de-astronomia-ofm\/\" target=\"_blank\" rel=\"bookmark noopener noreferrer\"><img loading=\"lazy\" decoding=\"async\" width=\"1080\" height=\"1350\" src=\"https:\/\/astrocomplutense.es\/nova\/wp-content\/uploads\/2026\/03\/tallerofm210326-2.jpeg\" class=\"attachment-full size-full\" alt=\"\" srcset=\"https:\/\/astrocomplutense.es\/nova\/wp-content\/uploads\/2026\/03\/tallerofm210326-2.jpeg 1080w, https:\/\/astrocomplutense.es\/nova\/wp-content\/uploads\/2026\/03\/tallerofm210326-2-240x300.jpeg 240w, https:\/\/astrocomplutense.es\/nova\/wp-content\/uploads\/2026\/03\/tallerofm210326-2-819x1024.jpeg 819w, https:\/\/astrocomplutense.es\/nova\/wp-content\/uploads\/2026\/03\/tallerofm210326-2-768x960.jpeg 768w\" sizes=\"auto, (max-width: 1080px) 100vw, 1080px\" \/>\t\t\t\t\t<\/a>\n\t\t\t\t\t\t\t\t\t<\/div>\n\t\t\t\n\t\t\t\t\t\t\t\t<a class=\"uagb-post__link-complete-box\" href=\"https:\/\/astrocomplutense.es\/nova\/taller-de-astronomia-ofm\/\" target=\"_blank\" rel=\"bookmark noopener noreferrer\"><\/a>\n\t\t\t\t\t\t\t<\/article>\n\t\t\t\t\t\t\t\t\t\t\t\t\t\t\t\t<article class=\"uagb-post__inner-wrap\">\t\t\t\t\t\t\t\t<h4 class=\"uagb-post__title uagb-post__text\">\n\t\t\t\t<a href=\"https:\/\/astrocomplutense.es\/nova\/por-fin-una-sesion-de-astrofoto\/\" target=\"_blank\" rel=\"bookmark noopener noreferrer\">Por fin una sesi\u00f3n de astrofoto<\/a>\n\t\t\t<\/h4>\n\t\t\t\t\t\t<div class='uagb-post__text uagb-post-grid-byline'>\n\t\t\t\t\t\t\t\t<time datetime=\"2026-03-17T10:52:15+01:00\" class=\"uagb-post__date\">\n\t\t\t\t\t\t\t\t\t17 de marzo de 2026\t\t\t\t<\/time>\n\t\t\t\t\t\t<\/div>\n\t\t\t\t\t\t\t<div class='uagb-post__text uagb-post__excerpt'>\n\t\t\t\t\t<p>Por fin una sesi\u00f3n de astrofoto Por el grupo de astrofotograf\u00eda de la AAC (17&#8230;\t\t\t\t<\/div>\n\t\t\t\t\t\t<div class=\"uagb-post__text uagb-post__cta wp-block-button\">\n\t\t\t\t<a class=\"wp-block-button__link uagb-text-link\" style=\"\" href=\"https:\/\/astrocomplutense.es\/nova\/por-fin-una-sesion-de-astrofoto\/\" target=\"_blank\" rel=\"bookmark noopener noreferrer\">Leer m\u00e1s<\/a>\n\t\t\t<\/div>\n\t\t\t\t\t\t<div class='uagb-post__image'>\n\t\t\t\t\t\t\t\t\t<a href=\"https:\/\/astrocomplutense.es\/nova\/por-fin-una-sesion-de-astrofoto\/\" target=\"_blank\" rel=\"bookmark noopener noreferrer\"><img loading=\"lazy\" decoding=\"async\" width=\"436\" height=\"236\" src=\"https:\/\/astrocomplutense.es\/nova\/wp-content\/uploads\/2026\/03\/17Mar26peqgrupo.jpg\" class=\"attachment-full size-full\" alt=\"\" srcset=\"https:\/\/astrocomplutense.es\/nova\/wp-content\/uploads\/2026\/03\/17Mar26peqgrupo.jpg 436w, https:\/\/astrocomplutense.es\/nova\/wp-content\/uploads\/2026\/03\/17Mar26peqgrupo-300x162.jpg 300w\" sizes=\"auto, (max-width: 436px) 100vw, 436px\" \/>\t\t\t\t\t<\/a>\n\t\t\t\t\t\t\t\t\t<\/div>\n\t\t\t\n\t\t\t\t\t\t\t\t<a class=\"uagb-post__link-complete-box\" href=\"https:\/\/astrocomplutense.es\/nova\/por-fin-una-sesion-de-astrofoto\/\" target=\"_blank\" rel=\"bookmark noopener noreferrer\"><\/a>\n\t\t\t\t\t\t\t<\/article>\n\t\t\t\t\t\t\t\t\t\t\t\t\t\t\t\t<article class=\"uagb-post__inner-wrap\">\t\t\t\t\t\t\t\t<h4 class=\"uagb-post__title uagb-post__text\">\n\t\t\t\t<a href=\"https:\/\/astrocomplutense.es\/nova\/taller-telescopios\/\" target=\"_blank\" rel=\"bookmark noopener noreferrer\">Taller telescopios<\/a>\n\t\t\t<\/h4>\n\t\t\t\t\t\t<div class='uagb-post__text uagb-post-grid-byline'>\n\t\t\t\t\t\t\t\t<time datetime=\"2026-03-11T10:02:43+01:00\" class=\"uagb-post__date\">\n\t\t\t\t\t\t\t\t\t11 de marzo de 2026\t\t\t\t<\/time>\n\t\t\t\t\t\t<\/div>\n\t\t\t\t\t\t\t<div class='uagb-post__text uagb-post__excerpt'>\n\t\t\t\t\t<p>Taller de tescopios Por AAC (11 de marzo 2026) Como sustituci\u00f3n a una noche de&#8230;\t\t\t\t<\/div>\n\t\t\t\t\t\t<div class=\"uagb-post__text uagb-post__cta wp-block-button\">\n\t\t\t\t<a class=\"wp-block-button__link uagb-text-link\" style=\"\" href=\"https:\/\/astrocomplutense.es\/nova\/taller-telescopios\/\" target=\"_blank\" rel=\"bookmark noopener noreferrer\">Leer m\u00e1s<\/a>\n\t\t\t<\/div>\n\t\t\t\t\t\t<div class='uagb-post__image'>\n\t\t\t\t\t\t\t\t\t<a href=\"https:\/\/astrocomplutense.es\/nova\/taller-telescopios\/\" target=\"_blank\" rel=\"bookmark noopener noreferrer\"><img loading=\"lazy\" decoding=\"async\" width=\"204\" height=\"204\" src=\"https:\/\/astrocomplutense.es\/nova\/wp-content\/uploads\/2026\/03\/taller11Mar26.jpg\" class=\"attachment-full size-full\" alt=\"\" srcset=\"https:\/\/astrocomplutense.es\/nova\/wp-content\/uploads\/2026\/03\/taller11Mar26.jpg 204w, https:\/\/astrocomplutense.es\/nova\/wp-content\/uploads\/2026\/03\/taller11Mar26-150x150.jpg 150w\" sizes=\"auto, (max-width: 204px) 100vw, 204px\" \/>\t\t\t\t\t<\/a>\n\t\t\t\t\t\t\t\t\t<\/div>\n\t\t\t\n\t\t\t\t\t\t\t\t<a class=\"uagb-post__link-complete-box\" href=\"https:\/\/astrocomplutense.es\/nova\/taller-telescopios\/\" target=\"_blank\" rel=\"bookmark noopener noreferrer\"><\/a>\n\t\t\t\t\t\t\t<\/article>\n\t\t\t\t\t\t\t\t\t\t\t\t\t\t\t\t<article class=\"uagb-post__inner-wrap\">\t\t\t\t\t\t\t\t<h4 class=\"uagb-post__title uagb-post__text\">\n\t\t\t\t<a href=\"https:\/\/astrocomplutense.es\/nova\/cosmogonias\/\" target=\"_blank\" rel=\"bookmark noopener noreferrer\">Cosmogon\u00edas<\/a>\n\t\t\t<\/h4>\n\t\t\t\t\t\t<div class='uagb-post__text uagb-post-grid-byline'>\n\t\t\t\t\t\t\t\t<time datetime=\"2026-03-04T10:11:30+01:00\" class=\"uagb-post__date\">\n\t\t\t\t\t\t\t\t\t4 de marzo de 2026\t\t\t\t<\/time>\n\t\t\t\t\t\t<\/div>\n\t\t\t\t\t\t\t<div class='uagb-post__text uagb-post__excerpt'>\n\t\t\t\t\t<p>Cosmogon\u00edas Por Javier Cabrero (4 de marzo 2026) Muy interesante charla de nuestro compa\u00f1ero Javier&#8230;\t\t\t\t<\/div>\n\t\t\t\t\t\t<div class=\"uagb-post__text uagb-post__cta wp-block-button\">\n\t\t\t\t<a class=\"wp-block-button__link uagb-text-link\" style=\"\" href=\"https:\/\/astrocomplutense.es\/nova\/cosmogonias\/\" target=\"_blank\" rel=\"bookmark noopener noreferrer\">Leer m\u00e1s<\/a>\n\t\t\t<\/div>\n\t\t\t\t\t\t<div class='uagb-post__image'>\n\t\t\t\t\t\t\t\t\t<a href=\"https:\/\/astrocomplutense.es\/nova\/cosmogonias\/\" target=\"_blank\" rel=\"bookmark noopener noreferrer\"><img loading=\"lazy\" decoding=\"async\" width=\"1186\" height=\"669\" src=\"https:\/\/astrocomplutense.es\/nova\/wp-content\/uploads\/2026\/03\/cosmogonias.jpeg\" class=\"attachment-full size-full\" alt=\"\" srcset=\"https:\/\/astrocomplutense.es\/nova\/wp-content\/uploads\/2026\/03\/cosmogonias.jpeg 1186w, https:\/\/astrocomplutense.es\/nova\/wp-content\/uploads\/2026\/03\/cosmogonias-300x169.jpeg 300w, https:\/\/astrocomplutense.es\/nova\/wp-content\/uploads\/2026\/03\/cosmogonias-1024x578.jpeg 1024w, https:\/\/astrocomplutense.es\/nova\/wp-content\/uploads\/2026\/03\/cosmogonias-768x433.jpeg 768w\" sizes=\"auto, (max-width: 1186px) 100vw, 1186px\" \/>\t\t\t\t\t<\/a>\n\t\t\t\t\t\t\t\t\t<\/div>\n\t\t\t\n\t\t\t\t\t\t\t\t<a class=\"uagb-post__link-complete-box\" href=\"https:\/\/astrocomplutense.es\/nova\/cosmogonias\/\" target=\"_blank\" rel=\"bookmark noopener noreferrer\"><\/a>\n\t\t\t\t\t\t\t<\/article>\n\t\t\t\t\t\t\t\t\t\t\t\t\t\t\t\t<article class=\"uagb-post__inner-wrap\">\t\t\t\t\t\t\t\t<h4 class=\"uagb-post__title uagb-post__text\">\n\t\t\t\t<a href=\"https:\/\/astrocomplutense.es\/nova\/celanica-2026\/\" target=\"_blank\" rel=\"bookmark noopener noreferrer\">Cel\u00e1nica 2026<\/a>\n\t\t\t<\/h4>\n\t\t\t\t\t\t<div class='uagb-post__text uagb-post-grid-byline'>\n\t\t\t\t\t\t\t\t<time datetime=\"2026-02-27T17:08:29+01:00\" class=\"uagb-post__date\">\n\t\t\t\t\t\t\t\t\t27 de febrero de 2026\t\t\t\t<\/time>\n\t\t\t\t\t\t<\/div>\n\t\t\t\t\t\t\t<div class='uagb-post__text uagb-post__excerpt'>\n\t\t\t\t\t<p>Cel\u00e1nica 2026 Por AAC (26 y 27 de febrero 2026) Cel\u00e1nica 2026\u00a0es la Semana de&#8230;\t\t\t\t<\/div>\n\t\t\t\t\t\t<div class=\"uagb-post__text uagb-post__cta wp-block-button\">\n\t\t\t\t<a class=\"wp-block-button__link uagb-text-link\" style=\"\" href=\"https:\/\/astrocomplutense.es\/nova\/celanica-2026\/\" target=\"_blank\" rel=\"bookmark noopener noreferrer\">Leer m\u00e1s<\/a>\n\t\t\t<\/div>\n\t\t\t\t\t\t<div class='uagb-post__image'>\n\t\t\t\t\t\t\t\t\t<a href=\"https:\/\/astrocomplutense.es\/nova\/celanica-2026\/\" target=\"_blank\" rel=\"bookmark noopener noreferrer\"><img loading=\"lazy\" decoding=\"async\" width=\"386\" height=\"384\" src=\"https:\/\/astrocomplutense.es\/nova\/wp-content\/uploads\/2026\/03\/celanica.jpg\" class=\"attachment-full size-full\" alt=\"\" srcset=\"https:\/\/astrocomplutense.es\/nova\/wp-content\/uploads\/2026\/03\/celanica.jpg 386w, https:\/\/astrocomplutense.es\/nova\/wp-content\/uploads\/2026\/03\/celanica-300x298.jpg 300w, https:\/\/astrocomplutense.es\/nova\/wp-content\/uploads\/2026\/03\/celanica-150x150.jpg 150w\" sizes=\"auto, (max-width: 386px) 100vw, 386px\" \/>\t\t\t\t\t<\/a>\n\t\t\t\t\t\t\t\t\t<\/div>\n\t\t\t\n\t\t\t\t\t\t\t\t<a class=\"uagb-post__link-complete-box\" href=\"https:\/\/astrocomplutense.es\/nova\/celanica-2026\/\" target=\"_blank\" rel=\"bookmark noopener noreferrer\"><\/a>\n\t\t\t\t\t\t\t<\/article>\n\t\t\t\t\t\t\t\t\t\t\t\t\t\t\t\t<article class=\"uagb-post__inner-wrap\">\t\t\t\t\t\t\t\t<h4 class=\"uagb-post__title uagb-post__text\">\n\t\t\t\t<a href=\"https:\/\/astrocomplutense.es\/nova\/eclipses-totales-de-sol-en-espana-historias-asombrosas\/\" target=\"_blank\" rel=\"bookmark noopener noreferrer\">Eclipses totales de Sol en Espa\u00f1a: historias asombrosas<\/a>\n\t\t\t<\/h4>\n\t\t\t\t\t\t<div class='uagb-post__text uagb-post-grid-byline'>\n\t\t\t\t\t\t\t\t<time datetime=\"2026-02-25T13:46:12+01:00\" class=\"uagb-post__date\">\n\t\t\t\t\t\t\t\t\t25 de febrero de 2026\t\t\t\t<\/time>\n\t\t\t\t\t\t<\/div>\n\t\t\t\t\t\t\t<div class='uagb-post__text uagb-post__excerpt'>\n\t\t\t\t\t<p>Eclipses totales de Sol en Espa\u00f1a: historias asombrosas Por Leonor Ana Hern\u00e1ndez (25 de febrero&#8230;\t\t\t\t<\/div>\n\t\t\t\t\t\t<div class=\"uagb-post__text uagb-post__cta wp-block-button\">\n\t\t\t\t<a class=\"wp-block-button__link uagb-text-link\" style=\"\" href=\"https:\/\/astrocomplutense.es\/nova\/eclipses-totales-de-sol-en-espana-historias-asombrosas\/\" target=\"_blank\" rel=\"bookmark noopener noreferrer\">Leer m\u00e1s<\/a>\n\t\t\t<\/div>\n\t\t\t\t\t\t<div class='uagb-post__image'>\n\t\t\t\t\t\t\t\t\t<a href=\"https:\/\/astrocomplutense.es\/nova\/eclipses-totales-de-sol-en-espana-historias-asombrosas\/\" target=\"_blank\" rel=\"bookmark noopener noreferrer\"><img loading=\"lazy\" decoding=\"async\" width=\"744\" height=\"1052\" src=\"https:\/\/astrocomplutense.es\/nova\/wp-content\/uploads\/2026\/03\/peq_cartel-Leo-25Feb.jpg\" class=\"attachment-full size-full\" alt=\"\" srcset=\"https:\/\/astrocomplutense.es\/nova\/wp-content\/uploads\/2026\/03\/peq_cartel-Leo-25Feb.jpg 744w, https:\/\/astrocomplutense.es\/nova\/wp-content\/uploads\/2026\/03\/peq_cartel-Leo-25Feb-212x300.jpg 212w, https:\/\/astrocomplutense.es\/nova\/wp-content\/uploads\/2026\/03\/peq_cartel-Leo-25Feb-724x1024.jpg 724w\" sizes=\"auto, (max-width: 744px) 100vw, 744px\" \/>\t\t\t\t\t<\/a>\n\t\t\t\t\t\t\t\t\t<\/div>\n\t\t\t\n\t\t\t\t\t\t\t\t<a class=\"uagb-post__link-complete-box\" href=\"https:\/\/astrocomplutense.es\/nova\/eclipses-totales-de-sol-en-espana-historias-asombrosas\/\" target=\"_blank\" rel=\"bookmark noopener noreferrer\"><\/a>\n\t\t\t\t\t\t\t<\/article>\n\t\t\t\t\t\t\t\t\t\t\t\t\t\t\t\t<article class=\"uagb-post__inner-wrap\">\t\t\t\t\t\t\t\t<h4 class=\"uagb-post__title uagb-post__text\">\n\t\t\t\t<a href=\"https:\/\/astrocomplutense.es\/nova\/taller-astrocacharros\/\" target=\"_blank\" rel=\"bookmark noopener noreferrer\">Taller Astrocacharros<\/a>\n\t\t\t<\/h4>\n\t\t\t\t\t\t<div class='uagb-post__text uagb-post-grid-byline'>\n\t\t\t\t\t\t\t\t<time datetime=\"2026-02-21T13:16:04+01:00\" class=\"uagb-post__date\">\n\t\t\t\t\t\t\t\t\t21 de febrero de 2026\t\t\t\t<\/time>\n\t\t\t\t\t\t<\/div>\n\t\t\t\t\t\t\t<div class='uagb-post__text uagb-post__excerpt'>\n\t\t\t\t\t<p>Taller Astrocacharros Por Kike Gonz\u00e1lez (21 febrero 2026) Sesi\u00f3n pr\u00e1ctica de astrocacharros donde Kike pudo&#8230;\t\t\t\t<\/div>\n\t\t\t\t\t\t<div class=\"uagb-post__text uagb-post__cta wp-block-button\">\n\t\t\t\t<a class=\"wp-block-button__link uagb-text-link\" style=\"\" href=\"https:\/\/astrocomplutense.es\/nova\/taller-astrocacharros\/\" target=\"_blank\" rel=\"bookmark noopener noreferrer\">Leer m\u00e1s<\/a>\n\t\t\t<\/div>\n\t\t\t\t\t\t<div class='uagb-post__image'>\n\t\t\t\t\t\t\t\t\t<a href=\"https:\/\/astrocomplutense.es\/nova\/taller-astrocacharros\/\" target=\"_blank\" rel=\"bookmark noopener noreferrer\"><img loading=\"lazy\" decoding=\"async\" width=\"745\" height=\"468\" src=\"https:\/\/astrocomplutense.es\/nova\/wp-content\/uploads\/2026\/03\/astrocacharros21Feb26.jpg\" class=\"attachment-full size-full\" alt=\"\" srcset=\"https:\/\/astrocomplutense.es\/nova\/wp-content\/uploads\/2026\/03\/astrocacharros21Feb26.jpg 745w, https:\/\/astrocomplutense.es\/nova\/wp-content\/uploads\/2026\/03\/astrocacharros21Feb26-300x188.jpg 300w\" sizes=\"auto, (max-width: 745px) 100vw, 745px\" \/>\t\t\t\t\t<\/a>\n\t\t\t\t\t\t\t\t\t<\/div>\n\t\t\t\n\t\t\t\t\t\t\t\t<a class=\"uagb-post__link-complete-box\" href=\"https:\/\/astrocomplutense.es\/nova\/taller-astrocacharros\/\" target=\"_blank\" rel=\"bookmark noopener noreferrer\"><\/a>\n\t\t\t\t\t\t\t<\/article>\n\t\t\t\t\t\t\t\t\t\t\t\t\t\t\t\t<article class=\"uagb-post__inner-wrap\">\t\t\t\t\t\t\t\t<h4 class=\"uagb-post__title uagb-post__text\">\n\t\t\t\t<a href=\"https:\/\/astrocomplutense.es\/nova\/simulador-de-eclipses-solares\/\" target=\"_blank\" rel=\"bookmark noopener noreferrer\">Simulador de eclipses solares<\/a>\n\t\t\t<\/h4>\n\t\t\t\t\t\t<div class='uagb-post__text uagb-post-grid-byline'>\n\t\t\t\t\t\t\t\t<time datetime=\"2026-02-18T10:46:25+01:00\" class=\"uagb-post__date\">\n\t\t\t\t\t\t\t\t\t18 de febrero de 2026\t\t\t\t<\/time>\n\t\t\t\t\t\t<\/div>\n\t\t\t\t\t\t\t<div class='uagb-post__text uagb-post__excerpt'>\n\t\t\t\t\t<p>Simulador de eclipses solares Por Virginia Valdivieso (18 febrero 2026) Nuestra Compa\u00f1era Virginia nos mostr\u00f3&#8230;\t\t\t\t<\/div>\n\t\t\t\t\t\t<div class=\"uagb-post__text uagb-post__cta wp-block-button\">\n\t\t\t\t<a class=\"wp-block-button__link uagb-text-link\" style=\"\" href=\"https:\/\/astrocomplutense.es\/nova\/simulador-de-eclipses-solares\/\" target=\"_blank\" rel=\"bookmark noopener noreferrer\">Leer m\u00e1s<\/a>\n\t\t\t<\/div>\n\t\t\t\t\t\t<div class='uagb-post__image'>\n\t\t\t\t\t\t\t\t\t<a href=\"https:\/\/astrocomplutense.es\/nova\/simulador-de-eclipses-solares\/\" target=\"_blank\" rel=\"bookmark noopener noreferrer\"><img loading=\"lazy\" decoding=\"async\" width=\"998\" height=\"1080\" src=\"https:\/\/astrocomplutense.es\/nova\/wp-content\/uploads\/2026\/02\/recsimuladoreclipses.jpg\" class=\"attachment-full size-full\" alt=\"\" srcset=\"https:\/\/astrocomplutense.es\/nova\/wp-content\/uploads\/2026\/02\/recsimuladoreclipses.jpg 998w, https:\/\/astrocomplutense.es\/nova\/wp-content\/uploads\/2026\/02\/recsimuladoreclipses-277x300.jpg 277w, https:\/\/astrocomplutense.es\/nova\/wp-content\/uploads\/2026\/02\/recsimuladoreclipses-946x1024.jpg 946w, https:\/\/astrocomplutense.es\/nova\/wp-content\/uploads\/2026\/02\/recsimuladoreclipses-768x831.jpg 768w\" sizes=\"auto, (max-width: 998px) 100vw, 998px\" \/>\t\t\t\t\t<\/a>\n\t\t\t\t\t\t\t\t\t<\/div>\n\t\t\t\n\t\t\t\t\t\t\t\t<a class=\"uagb-post__link-complete-box\" href=\"https:\/\/astrocomplutense.es\/nova\/simulador-de-eclipses-solares\/\" target=\"_blank\" rel=\"bookmark noopener noreferrer\"><\/a>\n\t\t\t\t\t\t\t<\/article>\n\t\t\t\t\t\t\t\t\t\t\t\t\t\t\t\t<article class=\"uagb-post__inner-wrap\">\t\t\t\t\t\t\t\t<h4 class=\"uagb-post__title uagb-post__text\">\n\t\t\t\t<a href=\"https:\/\/astrocomplutense.es\/nova\/restaurando-los-cielos-oscuros-y-estrellados\/\" target=\"_blank\" rel=\"bookmark noopener noreferrer\">Restaurando los cielos oscuros y estrellados<\/a>\n\t\t\t<\/h4>\n\t\t\t\t\t\t<div class='uagb-post__text uagb-post-grid-byline'>\n\t\t\t\t\t\t\t\t<time datetime=\"2026-02-07T11:43:10+01:00\" class=\"uagb-post__date\">\n\t\t\t\t\t\t\t\t\t7 de febrero de 2026\t\t\t\t<\/time>\n\t\t\t\t\t\t<\/div>\n\t\t\t\t\t\t\t<div class='uagb-post__text uagb-post__excerpt'>\n\t\t\t\t\t<p>Restaurando los cielos oscuros y estrellados por Jaime Zamorano Calvo (6 de febrero 2026) Como&#8230;\t\t\t\t<\/div>\n\t\t\t\t\t\t<div class=\"uagb-post__text uagb-post__cta wp-block-button\">\n\t\t\t\t<a class=\"wp-block-button__link uagb-text-link\" style=\"\" href=\"https:\/\/astrocomplutense.es\/nova\/restaurando-los-cielos-oscuros-y-estrellados\/\" target=\"_blank\" rel=\"bookmark noopener noreferrer\">Leer m\u00e1s<\/a>\n\t\t\t<\/div>\n\t\t\t\t\t\t<div class='uagb-post__image'>\n\t\t\t\t\t\t\t\t\t<a href=\"https:\/\/astrocomplutense.es\/nova\/restaurando-los-cielos-oscuros-y-estrellados\/\" target=\"_blank\" rel=\"bookmark noopener noreferrer\"><img loading=\"lazy\" decoding=\"async\" width=\"694\" height=\"982\" src=\"https:\/\/astrocomplutense.es\/nova\/wp-content\/uploads\/2026\/02\/peqCartel-JZamorano-6Feb.jpg\" class=\"attachment-full size-full\" alt=\"\" srcset=\"https:\/\/astrocomplutense.es\/nova\/wp-content\/uploads\/2026\/02\/peqCartel-JZamorano-6Feb.jpg 694w, https:\/\/astrocomplutense.es\/nova\/wp-content\/uploads\/2026\/02\/peqCartel-JZamorano-6Feb-212x300.jpg 212w\" sizes=\"auto, (max-width: 694px) 100vw, 694px\" \/>\t\t\t\t\t<\/a>\n\t\t\t\t\t\t\t\t\t<\/div>\n\t\t\t\n\t\t\t\t\t\t\t\t<a class=\"uagb-post__link-complete-box\" href=\"https:\/\/astrocomplutense.es\/nova\/restaurando-los-cielos-oscuros-y-estrellados\/\" target=\"_blank\" rel=\"bookmark noopener noreferrer\"><\/a>\n\t\t\t\t\t\t\t<\/article>\n\t\t\t\t\t\t\t\t\t\t\t\t\t\t\t\t<article class=\"uagb-post__inner-wrap\">\t\t\t\t\t\t\t\t<h4 class=\"uagb-post__title uagb-post__text\">\n\t\t\t\t<a href=\"https:\/\/astrocomplutense.es\/nova\/teoria-astrocacharros\/\" target=\"_blank\" rel=\"bookmark noopener noreferrer\">Teor\u00eda Astrocacharros<\/a>\n\t\t\t<\/h4>\n\t\t\t\t\t\t<div class='uagb-post__text uagb-post-grid-byline'>\n\t\t\t\t\t\t\t\t<time datetime=\"2026-02-04T11:09:46+01:00\" class=\"uagb-post__date\">\n\t\t\t\t\t\t\t\t\t4 de febrero de 2026\t\t\t\t<\/time>\n\t\t\t\t\t\t<\/div>\n\t\t\t\t\t\t\t<div class='uagb-post__text uagb-post__excerpt'>\n\t\t\t\t\t<p>Teor\u00eda Astrocacharros Por Kike Gonz\u00e1lez (4 de febrero 2026) \u00bfQu\u00e9 es un astrocacharro?Es el nombre&#8230;\t\t\t\t<\/div>\n\t\t\t\t\t\t<div class=\"uagb-post__text uagb-post__cta wp-block-button\">\n\t\t\t\t<a class=\"wp-block-button__link uagb-text-link\" style=\"\" href=\"https:\/\/astrocomplutense.es\/nova\/teoria-astrocacharros\/\" target=\"_blank\" rel=\"bookmark noopener noreferrer\">Leer m\u00e1s<\/a>\n\t\t\t<\/div>\n\t\t\t\t\t\t<div class='uagb-post__image'>\n\t\t\t\t\t\t\t\t\t<a href=\"https:\/\/astrocomplutense.es\/nova\/teoria-astrocacharros\/\" target=\"_blank\" rel=\"bookmark noopener noreferrer\"><img loading=\"lazy\" decoding=\"async\" width=\"1482\" height=\"922\" src=\"https:\/\/astrocomplutense.es\/nova\/wp-content\/uploads\/2026\/02\/cartelAstrocacharros.jpg\" class=\"attachment-full size-full\" alt=\"\" srcset=\"https:\/\/astrocomplutense.es\/nova\/wp-content\/uploads\/2026\/02\/cartelAstrocacharros.jpg 1482w, https:\/\/astrocomplutense.es\/nova\/wp-content\/uploads\/2026\/02\/cartelAstrocacharros-300x187.jpg 300w, https:\/\/astrocomplutense.es\/nova\/wp-content\/uploads\/2026\/02\/cartelAstrocacharros-1024x637.jpg 1024w, https:\/\/astrocomplutense.es\/nova\/wp-content\/uploads\/2026\/02\/cartelAstrocacharros-768x478.jpg 768w\" sizes=\"auto, (max-width: 1482px) 100vw, 1482px\" \/>\t\t\t\t\t<\/a>\n\t\t\t\t\t\t\t\t\t<\/div>\n\t\t\t\n\t\t\t\t\t\t\t\t<a class=\"uagb-post__link-complete-box\" href=\"https:\/\/astrocomplutense.es\/nova\/teoria-astrocacharros\/\" target=\"_blank\" rel=\"bookmark noopener noreferrer\"><\/a>\n\t\t\t\t\t\t\t<\/article>\n\t\t\t\t\t\t\t\t\t\t\t\t\t\t\t\t<article class=\"uagb-post__inner-wrap\">\t\t\t\t\t\t\t\t<h4 class=\"uagb-post__title uagb-post__text\">\n\t\t\t\t<a href=\"https:\/\/astrocomplutense.es\/nova\/visita-al-ciemat\/\" target=\"_blank\" rel=\"bookmark noopener noreferrer\">Visita al CIEMAT<\/a>\n\t\t\t<\/h4>\n\t\t\t\t\t\t<div class='uagb-post__text uagb-post-grid-byline'>\n\t\t\t\t\t\t\t\t<time datetime=\"2026-01-30T17:20:38+01:00\" class=\"uagb-post__date\">\n\t\t\t\t\t\t\t\t\t30 de enero de 2026\t\t\t\t<\/time>\n\t\t\t\t\t\t<\/div>\n\t\t\t\t\t\t\t<div class='uagb-post__text uagb-post__excerpt'>\n\t\t\t\t\t<p>Visita al CIEMAT Por aac (30 enero 2026) Una visita al CIEMAT Centro de Investigaciones&#8230;\t\t\t\t<\/div>\n\t\t\t\t\t\t<div class=\"uagb-post__text uagb-post__cta wp-block-button\">\n\t\t\t\t<a class=\"wp-block-button__link uagb-text-link\" style=\"\" href=\"https:\/\/astrocomplutense.es\/nova\/visita-al-ciemat\/\" target=\"_blank\" rel=\"bookmark noopener noreferrer\">Leer m\u00e1s<\/a>\n\t\t\t<\/div>\n\t\t\t\t\t\t<div class='uagb-post__image'>\n\t\t\t\t\t\t\t\t\t<a href=\"https:\/\/astrocomplutense.es\/nova\/visita-al-ciemat\/\" target=\"_blank\" rel=\"bookmark noopener noreferrer\"><img loading=\"lazy\" decoding=\"async\" width=\"187\" height=\"111\" src=\"https:\/\/astrocomplutense.es\/nova\/wp-content\/uploads\/2026\/01\/VisitaCiemat_30Ene26-1.jpg\" class=\"attachment-full size-full\" alt=\"\" \/>\t\t\t\t\t<\/a>\n\t\t\t\t\t\t\t\t\t<\/div>\n\t\t\t\n\t\t\t\t\t\t\t\t<a class=\"uagb-post__link-complete-box\" href=\"https:\/\/astrocomplutense.es\/nova\/visita-al-ciemat\/\" target=\"_blank\" rel=\"bookmark noopener noreferrer\"><\/a>\n\t\t\t\t\t\t\t<\/article>\n\t\t\t\t\t\t\t\t\t\t\t\t\t\t\t\t<article class=\"uagb-post__inner-wrap\">\t\t\t\t\t\t\t\t<h4 class=\"uagb-post__title uagb-post__text\">\n\t\t\t\t<a href=\"https:\/\/astrocomplutense.es\/nova\/como-calcular-el-brillo-de-una-estrella\/\" target=\"_blank\" rel=\"bookmark noopener noreferrer\">C\u00f3mo calcular el brillo de una estrella<\/a>\n\t\t\t<\/h4>\n\t\t\t\t\t\t<div class='uagb-post__text uagb-post-grid-byline'>\n\t\t\t\t\t\t\t\t<time datetime=\"2026-01-14T13:45:51+01:00\" class=\"uagb-post__date\">\n\t\t\t\t\t\t\t\t\t14 de enero de 2026\t\t\t\t<\/time>\n\t\t\t\t\t\t<\/div>\n\t\t\t\t\t\t\t<div class='uagb-post__text uagb-post__excerpt'>\n\t\t\t\t\t<p>Como calcular el brillo de una estrella Por Manuel Talero (14 enero 2026) Este mi\u00e9rcoles&#8230;\t\t\t\t<\/div>\n\t\t\t\t\t\t<div class=\"uagb-post__text uagb-post__cta wp-block-button\">\n\t\t\t\t<a class=\"wp-block-button__link uagb-text-link\" style=\"\" href=\"https:\/\/astrocomplutense.es\/nova\/como-calcular-el-brillo-de-una-estrella\/\" target=\"_blank\" rel=\"bookmark noopener noreferrer\">Leer m\u00e1s<\/a>\n\t\t\t<\/div>\n\t\t\t\t\t\t<div class='uagb-post__image'>\n\t\t\t\t\t\t\t\t\t<a href=\"https:\/\/astrocomplutense.es\/nova\/como-calcular-el-brillo-de-una-estrella\/\" target=\"_blank\" rel=\"bookmark noopener noreferrer\"><img loading=\"lazy\" decoding=\"async\" width=\"381\" height=\"381\" src=\"https:\/\/astrocomplutense.es\/nova\/wp-content\/uploads\/2023\/04\/T_Tauri.jpg\" class=\"attachment-full size-full\" alt=\"\" srcset=\"https:\/\/astrocomplutense.es\/nova\/wp-content\/uploads\/2023\/04\/T_Tauri.jpg 381w, https:\/\/astrocomplutense.es\/nova\/wp-content\/uploads\/2023\/04\/T_Tauri-300x300.jpg 300w, https:\/\/astrocomplutense.es\/nova\/wp-content\/uploads\/2023\/04\/T_Tauri-150x150.jpg 150w\" sizes=\"auto, (max-width: 381px) 100vw, 381px\" \/>\t\t\t\t\t<\/a>\n\t\t\t\t\t\t\t\t\t<\/div>\n\t\t\t\n\t\t\t\t\t\t\t\t<a class=\"uagb-post__link-complete-box\" href=\"https:\/\/astrocomplutense.es\/nova\/como-calcular-el-brillo-de-una-estrella\/\" target=\"_blank\" rel=\"bookmark noopener noreferrer\"><\/a>\n\t\t\t\t\t\t\t<\/article>\n\t\t\t\t\t\t\t\t\t\t\t<\/div>\n\t\t\t<\/div><\/div>\n\n\n\n<div style=\"height:30px\" aria-hidden=\"true\" class=\"wp-block-spacer\"><\/div>\n\n\n\n<div class=\"wp-block-uagb-container uagb-block-d744efb4 alignfull uagb-is-root-container\"><div class=\"uagb-container-inner-blocks-wrap\">\n<div style=\"height:15px\" aria-hidden=\"true\" class=\"wp-block-spacer\"><\/div>\n\n\n\n<h2 class=\"wp-block-heading has-text-color\" style=\"color:#27272b;padding-top:0;padding-right:var(--wp--preset--spacing--70);padding-bottom:0;padding-left:var(--wp--preset--spacing--70);font-size:33px\">A\u00f1o 2025<\/h2>\n\n\n\n\t\t\t<div class=\"wp-block-uagb-post-carousel uagb-post-grid  uagb-post__image-position-background uagb-post__image-enabled uagb-block-ba83719a     uagb-post__arrow-outside uagb-slick-carousel uagb-post__items uagb-post__columns-4 is-carousel uagb-post__columns-tablet-2 uagb-post__columns-mobile-1 uagb-post__carousel_equal-height\" data-total=\"1\" style=\"\">\n\n\t\t\t\t\t\t\t\t\t\t\t\t<article class=\"uagb-post__inner-wrap\">\t\t\t\t\t\t\t\t<h4 class=\"uagb-post__title uagb-post__text\">\n\t\t\t\t<a href=\"https:\/\/astrocomplutense.es\/nova\/fiesta-del-solsticio-25\/\" target=\"_blank\" rel=\"bookmark noopener noreferrer\">Fiesta del Solsticio 25<\/a>\n\t\t\t<\/h4>\n\t\t\t\t\t\t<div class='uagb-post__text uagb-post-grid-byline'>\n\t\t\t\t\t\t\t\t<time datetime=\"2025-12-27T12:50:54+01:00\" class=\"uagb-post__date\">\n\t\t\t\t\t\t\t\t\t27 de diciembre de 2025\t\t\t\t<\/time>\n\t\t\t\t\t\t<\/div>\n\t\t\t\t\t\t\t<div class='uagb-post__text uagb-post__excerpt'>\n\t\t\t\t\t<p>Fiesta del solsticio 2025 Por aac (17 diciembre 2025) Como es habitual todos los a\u00f1os&#8230;\t\t\t\t<\/div>\n\t\t\t\t\t\t<div class=\"uagb-post__text uagb-post__cta wp-block-button\">\n\t\t\t\t<a class=\"wp-block-button__link uagb-text-link\" style=\"\" href=\"https:\/\/astrocomplutense.es\/nova\/fiesta-del-solsticio-25\/\" target=\"_blank\" rel=\"bookmark noopener noreferrer\">Leer m\u00e1s<\/a>\n\t\t\t<\/div>\n\t\t\t\t\t\t<div class='uagb-post__image'>\n\t\t\t\t\t\t\t\t\t<a href=\"https:\/\/astrocomplutense.es\/nova\/fiesta-del-solsticio-25\/\" target=\"_blank\" rel=\"bookmark noopener noreferrer\"><img loading=\"lazy\" decoding=\"async\" width=\"100\" height=\"100\" src=\"https:\/\/astrocomplutense.es\/nova\/wp-content\/uploads\/2023\/10\/agrupa2-e1696488376702.png\" class=\"attachment-full size-full\" alt=\"\" \/>\t\t\t\t\t<\/a>\n\t\t\t\t\t\t\t\t\t<\/div>\n\t\t\t\n\t\t\t\t\t\t\t\t<a class=\"uagb-post__link-complete-box\" href=\"https:\/\/astrocomplutense.es\/nova\/fiesta-del-solsticio-25\/\" target=\"_blank\" rel=\"bookmark noopener noreferrer\"><\/a>\n\t\t\t\t\t\t\t<\/article>\n\t\t\t\t\t\t\t\t\t\t\t\t\t\t\t\t<article class=\"uagb-post__inner-wrap\">\t\t\t\t\t\t\t\t<h4 class=\"uagb-post__title uagb-post__text\">\n\t\t\t\t<a href=\"https:\/\/astrocomplutense.es\/nova\/la-aac-y-el-grupo-tarat-en-la-uah-guadalajara\/\" target=\"_blank\" rel=\"bookmark noopener noreferrer\">La AAC y el grupo TARAT en la UAH Guadalajara<\/a>\n\t\t\t<\/h4>\n\t\t\t\t\t\t<div class='uagb-post__text uagb-post-grid-byline'>\n\t\t\t\t\t\t\t\t<time datetime=\"2025-12-04T23:59:06+01:00\" class=\"uagb-post__date\">\n\t\t\t\t\t\t\t\t\t4 de diciembre de 2025\t\t\t\t<\/time>\n\t\t\t\t\t\t<\/div>\n\t\t\t\t\t\t\t<div class='uagb-post__text uagb-post__excerpt'>\n\t\t\t\t\t<p>La AAC y el grupo TARAT en la UAH Guadalajara Por la AAC y el&#8230;\t\t\t\t<\/div>\n\t\t\t\t\t\t<div class=\"uagb-post__text uagb-post__cta wp-block-button\">\n\t\t\t\t<a class=\"wp-block-button__link uagb-text-link\" style=\"\" href=\"https:\/\/astrocomplutense.es\/nova\/la-aac-y-el-grupo-tarat-en-la-uah-guadalajara\/\" target=\"_blank\" rel=\"bookmark noopener noreferrer\">Leer m\u00e1s<\/a>\n\t\t\t<\/div>\n\t\t\t\t\t\t<div class='uagb-post__image'>\n\t\t\t\t\t\t\t\t\t<a href=\"https:\/\/astrocomplutense.es\/nova\/la-aac-y-el-grupo-tarat-en-la-uah-guadalajara\/\" target=\"_blank\" rel=\"bookmark noopener noreferrer\"><img loading=\"lazy\" decoding=\"async\" width=\"526\" height=\"408\" src=\"https:\/\/astrocomplutense.es\/nova\/wp-content\/uploads\/2025\/12\/portada.jpg\" class=\"attachment-full size-full\" alt=\"\" srcset=\"https:\/\/astrocomplutense.es\/nova\/wp-content\/uploads\/2025\/12\/portada.jpg 526w, https:\/\/astrocomplutense.es\/nova\/wp-content\/uploads\/2025\/12\/portada-300x233.jpg 300w\" sizes=\"auto, (max-width: 526px) 100vw, 526px\" \/>\t\t\t\t\t<\/a>\n\t\t\t\t\t\t\t\t\t<\/div>\n\t\t\t\n\t\t\t\t\t\t\t\t<a class=\"uagb-post__link-complete-box\" href=\"https:\/\/astrocomplutense.es\/nova\/la-aac-y-el-grupo-tarat-en-la-uah-guadalajara\/\" target=\"_blank\" rel=\"bookmark noopener noreferrer\"><\/a>\n\t\t\t\t\t\t\t<\/article>\n\t\t\t\t\t\t\t\t\t\t\t\t\t\t\t\t<article class=\"uagb-post__inner-wrap\">\t\t\t\t\t\t\t\t<h4 class=\"uagb-post__title uagb-post__text\">\n\t\t\t\t<a href=\"https:\/\/astrocomplutense.es\/nova\/medicion-de-la-contaminacion-luminica-con-el-tass\/\" target=\"_blank\" rel=\"bookmark noopener noreferrer\">Medici\u00f3n de la contaminaci\u00f3n lum\u00ednica con el TAS<\/a>\n\t\t\t<\/h4>\n\t\t\t\t\t\t<div class='uagb-post__text uagb-post-grid-byline'>\n\t\t\t\t\t\t\t\t<time datetime=\"2025-12-03T23:59:36+01:00\" class=\"uagb-post__date\">\n\t\t\t\t\t\t\t\t\t3 de diciembre de 2025\t\t\t\t<\/time>\n\t\t\t\t\t\t<\/div>\n\t\t\t\t\t\t\t<div class='uagb-post__text uagb-post__excerpt'>\n\t\t\t\t\t<p>Medici\u00f3n de la contaminaci\u00f3n lum\u00ednica con el TAS Por Fernando L. Garc\u00eda (3 de diciembre&#8230;\t\t\t\t<\/div>\n\t\t\t\t\t\t<div class=\"uagb-post__text uagb-post__cta wp-block-button\">\n\t\t\t\t<a class=\"wp-block-button__link uagb-text-link\" style=\"\" href=\"https:\/\/astrocomplutense.es\/nova\/medicion-de-la-contaminacion-luminica-con-el-tass\/\" target=\"_blank\" rel=\"bookmark noopener noreferrer\">Leer m\u00e1s<\/a>\n\t\t\t<\/div>\n\t\t\t\t\t\t<div class='uagb-post__image'>\n\t\t\t\t\t\t\t\t\t<a href=\"https:\/\/astrocomplutense.es\/nova\/medicion-de-la-contaminacion-luminica-con-el-tass\/\" target=\"_blank\" rel=\"bookmark noopener noreferrer\"><img loading=\"lazy\" decoding=\"async\" width=\"1229\" height=\"1639\" src=\"https:\/\/astrocomplutense.es\/nova\/wp-content\/uploads\/2025\/12\/tasspeq.jpg\" class=\"attachment-full size-full\" alt=\"\" srcset=\"https:\/\/astrocomplutense.es\/nova\/wp-content\/uploads\/2025\/12\/tasspeq.jpg 1229w, https:\/\/astrocomplutense.es\/nova\/wp-content\/uploads\/2025\/12\/tasspeq-225x300.jpg 225w, https:\/\/astrocomplutense.es\/nova\/wp-content\/uploads\/2025\/12\/tasspeq-768x1024.jpg 768w, https:\/\/astrocomplutense.es\/nova\/wp-content\/uploads\/2025\/12\/tasspeq-1152x1536.jpg 1152w\" sizes=\"auto, (max-width: 1229px) 100vw, 1229px\" \/>\t\t\t\t\t<\/a>\n\t\t\t\t\t\t\t\t\t<\/div>\n\t\t\t\n\t\t\t\t\t\t\t\t<a class=\"uagb-post__link-complete-box\" href=\"https:\/\/astrocomplutense.es\/nova\/medicion-de-la-contaminacion-luminica-con-el-tass\/\" target=\"_blank\" rel=\"bookmark noopener noreferrer\"><\/a>\n\t\t\t\t\t\t\t<\/article>\n\t\t\t\t\t\t\t\t\t\t\t\t\t\t\t\t<article class=\"uagb-post__inner-wrap\">\t\t\t\t\t\t\t\t<h4 class=\"uagb-post__title uagb-post__text\">\n\t\t\t\t<a href=\"https:\/\/astrocomplutense.es\/nova\/evento-en-el-colegio-antonio-mingote\/\" target=\"_blank\" rel=\"bookmark noopener noreferrer\">Evento en el Colegio Antonio Mingote<\/a>\n\t\t\t<\/h4>\n\t\t\t\t\t\t<div class='uagb-post__text uagb-post-grid-byline'>\n\t\t\t\t\t\t\t\t<time datetime=\"2025-11-28T13:26:25+01:00\" class=\"uagb-post__date\">\n\t\t\t\t\t\t\t\t\t28 de noviembre de 2025\t\t\t\t<\/time>\n\t\t\t\t\t\t<\/div>\n\t\t\t\t\t\t\t<div class='uagb-post__text uagb-post__excerpt'>\n\t\t\t\t\t<p>Evento en el Colegio Antonio Mingote Por AAC (28 de noviembre de 2025) En el&#8230;\t\t\t\t<\/div>\n\t\t\t\t\t\t<div class=\"uagb-post__text uagb-post__cta wp-block-button\">\n\t\t\t\t<a class=\"wp-block-button__link uagb-text-link\" style=\"\" href=\"https:\/\/astrocomplutense.es\/nova\/evento-en-el-colegio-antonio-mingote\/\" target=\"_blank\" rel=\"bookmark noopener noreferrer\">Leer m\u00e1s<\/a>\n\t\t\t<\/div>\n\t\t\t\t\t\t<div class='uagb-post__image'>\n\t\t\t\t\t\t\t\t\t<a href=\"https:\/\/astrocomplutense.es\/nova\/evento-en-el-colegio-antonio-mingote\/\" target=\"_blank\" rel=\"bookmark noopener noreferrer\"><img loading=\"lazy\" decoding=\"async\" width=\"367\" height=\"230\" src=\"https:\/\/astrocomplutense.es\/nova\/wp-content\/uploads\/2025\/11\/grupomingote.jpg\" class=\"attachment-full size-full\" alt=\"\" srcset=\"https:\/\/astrocomplutense.es\/nova\/wp-content\/uploads\/2025\/11\/grupomingote.jpg 367w, https:\/\/astrocomplutense.es\/nova\/wp-content\/uploads\/2025\/11\/grupomingote-300x188.jpg 300w\" sizes=\"auto, (max-width: 367px) 100vw, 367px\" \/>\t\t\t\t\t<\/a>\n\t\t\t\t\t\t\t\t\t<\/div>\n\t\t\t\n\t\t\t\t\t\t\t\t<a class=\"uagb-post__link-complete-box\" href=\"https:\/\/astrocomplutense.es\/nova\/evento-en-el-colegio-antonio-mingote\/\" target=\"_blank\" rel=\"bookmark noopener noreferrer\"><\/a>\n\t\t\t\t\t\t\t<\/article>\n\t\t\t\t\t\t\t\t\t\t\t\t\t\t\t\t<article class=\"uagb-post__inner-wrap\">\t\t\t\t\t\t\t\t<h4 class=\"uagb-post__title uagb-post__text\">\n\t\t\t\t<a href=\"https:\/\/astrocomplutense.es\/nova\/efemerides-2026\/\" target=\"_blank\" rel=\"bookmark noopener noreferrer\">Efem\u00e9rides 2026<\/a>\n\t\t\t<\/h4>\n\t\t\t\t\t\t<div class='uagb-post__text uagb-post-grid-byline'>\n\t\t\t\t\t\t\t\t<time datetime=\"2025-11-26T12:37:35+01:00\" class=\"uagb-post__date\">\n\t\t\t\t\t\t\t\t\t26 de noviembre de 2025\t\t\t\t<\/time>\n\t\t\t\t\t\t<\/div>\n\t\t\t\t\t\t\t<div class='uagb-post__text uagb-post__excerpt'>\n\t\t\t\t\t<p>Efem\u00e9rides 2026 Por Fernando L. Garc\u00eda (26 de noviembre 2025) Como es costumbre a finales&#8230;\t\t\t\t<\/div>\n\t\t\t\t\t\t<div class=\"uagb-post__text uagb-post__cta wp-block-button\">\n\t\t\t\t<a class=\"wp-block-button__link uagb-text-link\" style=\"\" href=\"https:\/\/astrocomplutense.es\/nova\/efemerides-2026\/\" target=\"_blank\" rel=\"bookmark noopener noreferrer\">Leer m\u00e1s<\/a>\n\t\t\t<\/div>\n\t\t\t\t\t\t<div class='uagb-post__image'>\n\t\t\t\t\t\t\t\t\t<a href=\"https:\/\/astrocomplutense.es\/nova\/efemerides-2026\/\" target=\"_blank\" rel=\"bookmark noopener noreferrer\"><img loading=\"lazy\" decoding=\"async\" width=\"1024\" height=\"1024\" src=\"https:\/\/astrocomplutense.es\/nova\/wp-content\/uploads\/2025\/11\/efemerides.jpg\" class=\"attachment-full size-full\" alt=\"\" srcset=\"https:\/\/astrocomplutense.es\/nova\/wp-content\/uploads\/2025\/11\/efemerides.jpg 1024w, https:\/\/astrocomplutense.es\/nova\/wp-content\/uploads\/2025\/11\/efemerides-300x300.jpg 300w, https:\/\/astrocomplutense.es\/nova\/wp-content\/uploads\/2025\/11\/efemerides-150x150.jpg 150w, https:\/\/astrocomplutense.es\/nova\/wp-content\/uploads\/2025\/11\/efemerides-768x768.jpg 768w\" sizes=\"auto, (max-width: 1024px) 100vw, 1024px\" \/>\t\t\t\t\t<\/a>\n\t\t\t\t\t\t\t\t\t<\/div>\n\t\t\t\n\t\t\t\t\t\t\t\t<a class=\"uagb-post__link-complete-box\" href=\"https:\/\/astrocomplutense.es\/nova\/efemerides-2026\/\" target=\"_blank\" rel=\"bookmark noopener noreferrer\"><\/a>\n\t\t\t\t\t\t\t<\/article>\n\t\t\t\t\t\t\t\t\t\t\t\t\t\t\t\t<article class=\"uagb-post__inner-wrap\">\t\t\t\t\t\t\t\t<h4 class=\"uagb-post__title uagb-post__text\">\n\t\t\t\t<a href=\"https:\/\/astrocomplutense.es\/nova\/coloquio-cien-preguntas-sobre-astronomia\/\" target=\"_blank\" rel=\"bookmark noopener noreferrer\">Coloquio, cien preguntas sobre Astronom\u00eda<\/a>\n\t\t\t<\/h4>\n\t\t\t\t\t\t<div class='uagb-post__text uagb-post-grid-byline'>\n\t\t\t\t\t\t\t\t<time datetime=\"2025-11-19T21:00:44+01:00\" class=\"uagb-post__date\">\n\t\t\t\t\t\t\t\t\t19 de noviembre de 2025\t\t\t\t<\/time>\n\t\t\t\t\t\t<\/div>\n\t\t\t\t\t\t\t<div class='uagb-post__text uagb-post__excerpt'>\n\t\t\t\t\t<p>Coloquio cien preguntas sobre Astronom\u00eda Manuel Talero (19 noviembre 2025) Ya que el tiempo meteorol\u00f3gico&#8230;\t\t\t\t<\/div>\n\t\t\t\t\t\t<div class=\"uagb-post__text uagb-post__cta wp-block-button\">\n\t\t\t\t<a class=\"wp-block-button__link uagb-text-link\" style=\"\" href=\"https:\/\/astrocomplutense.es\/nova\/coloquio-cien-preguntas-sobre-astronomia\/\" target=\"_blank\" rel=\"bookmark noopener noreferrer\">Leer m\u00e1s<\/a>\n\t\t\t<\/div>\n\t\t\t\t\t\t<div class='uagb-post__image'>\n\t\t\t\t\t\t\t\t\t<a href=\"https:\/\/astrocomplutense.es\/nova\/coloquio-cien-preguntas-sobre-astronomia\/\" target=\"_blank\" rel=\"bookmark noopener noreferrer\"><img loading=\"lazy\" decoding=\"async\" width=\"299\" height=\"474\" src=\"https:\/\/astrocomplutense.es\/nova\/wp-content\/uploads\/2025\/11\/portada100preguntas.jpg\" class=\"attachment-full size-full\" alt=\"\" srcset=\"https:\/\/astrocomplutense.es\/nova\/wp-content\/uploads\/2025\/11\/portada100preguntas.jpg 299w, https:\/\/astrocomplutense.es\/nova\/wp-content\/uploads\/2025\/11\/portada100preguntas-189x300.jpg 189w\" sizes=\"auto, (max-width: 299px) 100vw, 299px\" \/>\t\t\t\t\t<\/a>\n\t\t\t\t\t\t\t\t\t<\/div>\n\t\t\t\n\t\t\t\t\t\t\t\t<a class=\"uagb-post__link-complete-box\" href=\"https:\/\/astrocomplutense.es\/nova\/coloquio-cien-preguntas-sobre-astronomia\/\" target=\"_blank\" rel=\"bookmark noopener noreferrer\"><\/a>\n\t\t\t\t\t\t\t<\/article>\n\t\t\t\t\t\t\t\t\t\t\t\t\t\t\t\t<article class=\"uagb-post__inner-wrap\">\t\t\t\t\t\t\t\t<h4 class=\"uagb-post__title uagb-post__text\">\n\t\t\t\t<a href=\"https:\/\/astrocomplutense.es\/nova\/los-lunasticios\/\" target=\"_blank\" rel=\"bookmark noopener noreferrer\">Los Lunasticios<\/a>\n\t\t\t<\/h4>\n\t\t\t\t\t\t<div class='uagb-post__text uagb-post-grid-byline'>\n\t\t\t\t\t\t\t\t<time datetime=\"2025-11-05T20:11:02+01:00\" class=\"uagb-post__date\">\n\t\t\t\t\t\t\t\t\t5 de noviembre de 2025\t\t\t\t<\/time>\n\t\t\t\t\t\t<\/div>\n\t\t\t\t\t\t\t<div class='uagb-post__text uagb-post__excerpt'>\n\t\t\t\t\t<p>Los Lunasticios Por Juan Pedro Fern\u00e1ndez Arraya (29 de octubre 2025) Nuestro compa\u00f1ero Juan Pedro&#8230;\t\t\t\t<\/div>\n\t\t\t\t\t\t<div class=\"uagb-post__text uagb-post__cta wp-block-button\">\n\t\t\t\t<a class=\"wp-block-button__link uagb-text-link\" style=\"\" href=\"https:\/\/astrocomplutense.es\/nova\/los-lunasticios\/\" target=\"_blank\" rel=\"bookmark noopener noreferrer\">Leer m\u00e1s<\/a>\n\t\t\t<\/div>\n\t\t\t\t\t\t<div class='uagb-post__image'>\n\t\t\t\t\t\t\t<\/div>\n\t\t\t\n\t\t\t\t\t\t\t\t<a class=\"uagb-post__link-complete-box\" href=\"https:\/\/astrocomplutense.es\/nova\/los-lunasticios\/\" target=\"_blank\" rel=\"bookmark noopener noreferrer\"><\/a>\n\t\t\t\t\t\t\t<\/article>\n\t\t\t\t\t\t\t\t\t\t\t\t\t\t\t\t<article class=\"uagb-post__inner-wrap\">\t\t\t\t\t\t\t\t<h4 class=\"uagb-post__title uagb-post__text\">\n\t\t\t\t<a href=\"https:\/\/astrocomplutense.es\/nova\/observacion-solar-facultad-de-ciencias\/\" target=\"_blank\" rel=\"bookmark noopener noreferrer\">Observaci\u00f3n solar facultad de ciencias<\/a>\n\t\t\t<\/h4>\n\t\t\t\t\t\t<div class='uagb-post__text uagb-post-grid-byline'>\n\t\t\t\t\t\t\t\t<time datetime=\"2025-10-29T16:02:34+01:00\" class=\"uagb-post__date\">\n\t\t\t\t\t\t\t\t\t29 de octubre de 2025\t\t\t\t<\/time>\n\t\t\t\t\t\t<\/div>\n\t\t\t\t\t\t\t<div class='uagb-post__text uagb-post__excerpt'>\n\t\t\t\t\t<p>Observaci\u00f3n P\u00fablica en la facultad de Ciencias de la UAH Por AAC (7 de octubre&#8230;\t\t\t\t<\/div>\n\t\t\t\t\t\t<div class=\"uagb-post__text uagb-post__cta wp-block-button\">\n\t\t\t\t<a class=\"wp-block-button__link uagb-text-link\" style=\"\" href=\"https:\/\/astrocomplutense.es\/nova\/observacion-solar-facultad-de-ciencias\/\" target=\"_blank\" rel=\"bookmark noopener noreferrer\">Leer m\u00e1s<\/a>\n\t\t\t<\/div>\n\t\t\t\t\t\t<div class='uagb-post__image'>\n\t\t\t\t\t\t\t<\/div>\n\t\t\t\n\t\t\t\t\t\t\t\t<a class=\"uagb-post__link-complete-box\" href=\"https:\/\/astrocomplutense.es\/nova\/observacion-solar-facultad-de-ciencias\/\" target=\"_blank\" rel=\"bookmark noopener noreferrer\"><\/a>\n\t\t\t\t\t\t\t<\/article>\n\t\t\t\t\t\t\t\t\t\t\t\t\t\t\t\t<article class=\"uagb-post__inner-wrap\">\t\t\t\t\t\t\t\t<h4 class=\"uagb-post__title uagb-post__text\">\n\t\t\t\t<a href=\"https:\/\/astrocomplutense.es\/nova\/arrakihs-materia-oscura\/\" target=\"_blank\" rel=\"bookmark noopener noreferrer\">Arrakihs Materia oscura<\/a>\n\t\t\t<\/h4>\n\t\t\t\t\t\t<div class='uagb-post__text uagb-post-grid-byline'>\n\t\t\t\t\t\t\t\t<time datetime=\"2025-10-08T00:37:04+02:00\" class=\"uagb-post__date\">\n\t\t\t\t\t\t\t\t\t8 de octubre de 2025\t\t\t\t<\/time>\n\t\t\t\t\t\t<\/div>\n\t\t\t\t\t\t\t<div class='uagb-post__text uagb-post__excerpt'>\n\t\t\t\t\t<p>Arrakhis.Misi\u00f3n espacial espa\u00f1ola para el estudio de la materia oscura Por Carmen Le\u00f3n Florido (8&#8230;\t\t\t\t<\/div>\n\t\t\t\t\t\t<div class=\"uagb-post__text uagb-post__cta wp-block-button\">\n\t\t\t\t<a class=\"wp-block-button__link uagb-text-link\" style=\"\" href=\"https:\/\/astrocomplutense.es\/nova\/arrakihs-materia-oscura\/\" target=\"_blank\" rel=\"bookmark noopener noreferrer\">Leer m\u00e1s<\/a>\n\t\t\t<\/div>\n\t\t\t\t\t\t<div class='uagb-post__image'>\n\t\t\t\t\t\t\t\t\t<a href=\"https:\/\/astrocomplutense.es\/nova\/arrakihs-materia-oscura\/\" target=\"_blank\" rel=\"bookmark noopener noreferrer\"><img loading=\"lazy\" decoding=\"async\" width=\"1600\" height=\"900\" src=\"https:\/\/astrocomplutense.es\/nova\/wp-content\/uploads\/2025\/10\/Arrakihs2-1.jpg\" class=\"attachment-full size-full\" alt=\"\" srcset=\"https:\/\/astrocomplutense.es\/nova\/wp-content\/uploads\/2025\/10\/Arrakihs2-1.jpg 1600w, https:\/\/astrocomplutense.es\/nova\/wp-content\/uploads\/2025\/10\/Arrakihs2-1-300x169.jpg 300w, https:\/\/astrocomplutense.es\/nova\/wp-content\/uploads\/2025\/10\/Arrakihs2-1-1024x576.jpg 1024w, https:\/\/astrocomplutense.es\/nova\/wp-content\/uploads\/2025\/10\/Arrakihs2-1-768x432.jpg 768w, https:\/\/astrocomplutense.es\/nova\/wp-content\/uploads\/2025\/10\/Arrakihs2-1-1536x864.jpg 1536w\" sizes=\"auto, (max-width: 1600px) 100vw, 1600px\" \/>\t\t\t\t\t<\/a>\n\t\t\t\t\t\t\t\t\t<\/div>\n\t\t\t\n\t\t\t\t\t\t\t\t<a class=\"uagb-post__link-complete-box\" href=\"https:\/\/astrocomplutense.es\/nova\/arrakihs-materia-oscura\/\" target=\"_blank\" rel=\"bookmark noopener noreferrer\"><\/a>\n\t\t\t\t\t\t\t<\/article>\n\t\t\t\t\t\t\t\t\t\t\t\t\t\t\t\t<article class=\"uagb-post__inner-wrap\">\t\t\t\t\t\t\t\t<h4 class=\"uagb-post__title uagb-post__text\">\n\t\t\t\t<a href=\"https:\/\/astrocomplutense.es\/nova\/noche-internacional-de-observacion-de-la-luna-2\/\" target=\"_blank\" rel=\"bookmark noopener noreferrer\">Noche internacional de observaci\u00f3n de la Luna<\/a>\n\t\t\t<\/h4>\n\t\t\t\t\t\t<div class='uagb-post__text uagb-post-grid-byline'>\n\t\t\t\t\t\t\t\t<time datetime=\"2025-10-06T10:12:14+02:00\" class=\"uagb-post__date\">\n\t\t\t\t\t\t\t\t\t6 de octubre de 2025\t\t\t\t<\/time>\n\t\t\t\t\t\t<\/div>\n\t\t\t\t\t\t\t<div class='uagb-post__text uagb-post__excerpt'>\n\t\t\t\t\t<p>Noche internacional de observaci\u00f3n de la Luna Por AAC (4 de octubre 2025) Como en&#8230;\t\t\t\t<\/div>\n\t\t\t\t\t\t<div class=\"uagb-post__text uagb-post__cta wp-block-button\">\n\t\t\t\t<a class=\"wp-block-button__link uagb-text-link\" style=\"\" href=\"https:\/\/astrocomplutense.es\/nova\/noche-internacional-de-observacion-de-la-luna-2\/\" target=\"_blank\" rel=\"bookmark noopener noreferrer\">Leer m\u00e1s<\/a>\n\t\t\t<\/div>\n\t\t\t\t\t\t<div class='uagb-post__image'>\n\t\t\t\t\t\t\t\t\t<a href=\"https:\/\/astrocomplutense.es\/nova\/noche-internacional-de-observacion-de-la-luna-2\/\" target=\"_blank\" rel=\"bookmark noopener noreferrer\"><img loading=\"lazy\" decoding=\"async\" width=\"50\" height=\"63\" src=\"https:\/\/astrocomplutense.es\/nova\/wp-content\/uploads\/2025\/09\/Cartel-de-OFM-e1759738432942.jpg\" class=\"attachment-full size-full\" alt=\"\" \/>\t\t\t\t\t<\/a>\n\t\t\t\t\t\t\t\t\t<\/div>\n\t\t\t\n\t\t\t\t\t\t\t\t<a class=\"uagb-post__link-complete-box\" href=\"https:\/\/astrocomplutense.es\/nova\/noche-internacional-de-observacion-de-la-luna-2\/\" target=\"_blank\" rel=\"bookmark noopener noreferrer\"><\/a>\n\t\t\t\t\t\t\t<\/article>\n\t\t\t\t\t\t\t\t\t\t\t\t\t\t\t\t<article class=\"uagb-post__inner-wrap\">\t\t\t\t\t\t\t\t<h4 class=\"uagb-post__title uagb-post__text\">\n\t\t\t\t<a href=\"https:\/\/astrocomplutense.es\/nova\/veo-veo-curiosidades-en-la-luna-2\/\" target=\"_blank\" rel=\"bookmark noopener noreferrer\">Veo, Veo, curiosidades en la Luna<\/a>\n\t\t\t<\/h4>\n\t\t\t\t\t\t<div class='uagb-post__text uagb-post-grid-byline'>\n\t\t\t\t\t\t\t\t<time datetime=\"2025-10-06T00:53:41+02:00\" class=\"uagb-post__date\">\n\t\t\t\t\t\t\t\t\t6 de octubre de 2025\t\t\t\t<\/time>\n\t\t\t\t\t\t<\/div>\n\t\t\t\t\t\t\t<div class='uagb-post__text uagb-post__excerpt'>\n\t\t\t\t\t<p>Veo, veo, Curiosidades en la Luna Por Marian Mart\u00ednez (1 de octubre 2025) Una charla&#8230;\t\t\t\t<\/div>\n\t\t\t\t\t\t<div class=\"uagb-post__text uagb-post__cta wp-block-button\">\n\t\t\t\t<a class=\"wp-block-button__link uagb-text-link\" style=\"\" href=\"https:\/\/astrocomplutense.es\/nova\/veo-veo-curiosidades-en-la-luna-2\/\" target=\"_blank\" rel=\"bookmark noopener noreferrer\">Leer m\u00e1s<\/a>\n\t\t\t<\/div>\n\t\t\t\t\t\t<div class='uagb-post__image'>\n\t\t\t\t\t\t\t\t\t<a href=\"https:\/\/astrocomplutense.es\/nova\/veo-veo-curiosidades-en-la-luna-2\/\" target=\"_blank\" rel=\"bookmark noopener noreferrer\"><img loading=\"lazy\" decoding=\"async\" width=\"200\" height=\"283\" src=\"https:\/\/astrocomplutense.es\/nova\/wp-content\/uploads\/2025\/10\/VeoveoPPeq-e1759704808828.jpg\" class=\"attachment-full size-full\" alt=\"\" \/>\t\t\t\t\t<\/a>\n\t\t\t\t\t\t\t\t\t<\/div>\n\t\t\t\n\t\t\t\t\t\t\t\t<a class=\"uagb-post__link-complete-box\" href=\"https:\/\/astrocomplutense.es\/nova\/veo-veo-curiosidades-en-la-luna-2\/\" target=\"_blank\" rel=\"bookmark noopener noreferrer\"><\/a>\n\t\t\t\t\t\t\t<\/article>\n\t\t\t\t\t\t\t\t\t\t\t\t\t\t\t\t<article class=\"uagb-post__inner-wrap\">\t\t\t\t\t\t\t\t<h4 class=\"uagb-post__title uagb-post__text\">\n\t\t\t\t<a href=\"https:\/\/astrocomplutense.es\/nova\/la-galaxia-en-nuestras-manos\/\" target=\"_blank\" rel=\"bookmark noopener noreferrer\">La Galaxia en nuestras manos<\/a>\n\t\t\t<\/h4>\n\t\t\t\t\t\t<div class='uagb-post__text uagb-post-grid-byline'>\n\t\t\t\t\t\t\t\t<time datetime=\"2025-09-17T09:36:48+02:00\" class=\"uagb-post__date\">\n\t\t\t\t\t\t\t\t\t17 de septiembre de 2025\t\t\t\t<\/time>\n\t\t\t\t\t\t<\/div>\n\t\t\t\t\t\t\t<div class='uagb-post__text uagb-post__excerpt'>\n\t\t\t\t\t<p>La Galaxia en nuestras manos, La misi\u00f3n espacial Gaia Por David Galadi (10 septiembre 2025)&#8230;\t\t\t\t<\/div>\n\t\t\t\t\t\t<div class=\"uagb-post__text uagb-post__cta wp-block-button\">\n\t\t\t\t<a class=\"wp-block-button__link uagb-text-link\" style=\"\" href=\"https:\/\/astrocomplutense.es\/nova\/la-galaxia-en-nuestras-manos\/\" target=\"_blank\" rel=\"bookmark noopener noreferrer\">Leer m\u00e1s<\/a>\n\t\t\t<\/div>\n\t\t\t\t\t\t<div class='uagb-post__image'>\n\t\t\t\t\t\t\t\t\t<a href=\"https:\/\/astrocomplutense.es\/nova\/la-galaxia-en-nuestras-manos\/\" target=\"_blank\" rel=\"bookmark noopener noreferrer\"><img loading=\"lazy\" decoding=\"async\" width=\"372\" height=\"527\" src=\"https:\/\/astrocomplutense.es\/nova\/wp-content\/uploads\/2025\/09\/cartelGaladipeq.jpg\" class=\"attachment-full size-full\" alt=\"\" srcset=\"https:\/\/astrocomplutense.es\/nova\/wp-content\/uploads\/2025\/09\/cartelGaladipeq.jpg 372w, https:\/\/astrocomplutense.es\/nova\/wp-content\/uploads\/2025\/09\/cartelGaladipeq-212x300.jpg 212w\" sizes=\"auto, (max-width: 372px) 100vw, 372px\" \/>\t\t\t\t\t<\/a>\n\t\t\t\t\t\t\t\t\t<\/div>\n\t\t\t\n\t\t\t\t\t\t\t\t<a class=\"uagb-post__link-complete-box\" href=\"https:\/\/astrocomplutense.es\/nova\/la-galaxia-en-nuestras-manos\/\" target=\"_blank\" rel=\"bookmark noopener noreferrer\"><\/a>\n\t\t\t\t\t\t\t<\/article>\n\t\t\t\t\t\t\t\t\t\t\t\t\t\t\t\t<article class=\"uagb-post__inner-wrap\">\t\t\t\t\t\t\t\t<h4 class=\"uagb-post__title uagb-post__text\">\n\t\t\t\t<a href=\"https:\/\/astrocomplutense.es\/nova\/universe-sandbox\/\" target=\"_blank\" rel=\"bookmark noopener noreferrer\">Universe sandbox<\/a>\n\t\t\t<\/h4>\n\t\t\t\t\t\t<div class='uagb-post__text uagb-post-grid-byline'>\n\t\t\t\t\t\t\t\t<time datetime=\"2025-09-15T11:54:24+02:00\" class=\"uagb-post__date\">\n\t\t\t\t\t\t\t\t\t15 de septiembre de 2025\t\t\t\t<\/time>\n\t\t\t\t\t\t<\/div>\n\t\t\t\t\t\t\t<div class='uagb-post__text uagb-post__excerpt'>\n\t\t\t\t\t<p>Universe Sandbox Por Eduardo Serrano (3 de septiembre 2025) Universe Sandbox es un simulador de&#8230;\t\t\t\t<\/div>\n\t\t\t\t\t\t<div class=\"uagb-post__text uagb-post__cta wp-block-button\">\n\t\t\t\t<a class=\"wp-block-button__link uagb-text-link\" style=\"\" href=\"https:\/\/astrocomplutense.es\/nova\/universe-sandbox\/\" target=\"_blank\" rel=\"bookmark noopener noreferrer\">Leer m\u00e1s<\/a>\n\t\t\t<\/div>\n\t\t\t\t\t\t<div class='uagb-post__image'>\n\t\t\t\t\t\t\t\t\t<a href=\"https:\/\/astrocomplutense.es\/nova\/universe-sandbox\/\" target=\"_blank\" rel=\"bookmark noopener noreferrer\"><img loading=\"lazy\" decoding=\"async\" width=\"338\" height=\"469\" src=\"https:\/\/astrocomplutense.es\/nova\/wp-content\/uploads\/2025\/08\/UniverseSandbox.jpg\" class=\"attachment-full size-full\" alt=\"\" srcset=\"https:\/\/astrocomplutense.es\/nova\/wp-content\/uploads\/2025\/08\/UniverseSandbox.jpg 338w, https:\/\/astrocomplutense.es\/nova\/wp-content\/uploads\/2025\/08\/UniverseSandbox-216x300.jpg 216w\" sizes=\"auto, (max-width: 338px) 100vw, 338px\" \/>\t\t\t\t\t<\/a>\n\t\t\t\t\t\t\t\t\t<\/div>\n\t\t\t\n\t\t\t\t\t\t\t\t<a class=\"uagb-post__link-complete-box\" href=\"https:\/\/astrocomplutense.es\/nova\/universe-sandbox\/\" target=\"_blank\" rel=\"bookmark noopener noreferrer\"><\/a>\n\t\t\t\t\t\t\t<\/article>\n\t\t\t\t\t\t\t\t\t\t\t\t\t\t\t\t<article class=\"uagb-post__inner-wrap\">\t\t\t\t\t\t\t\t<h4 class=\"uagb-post__title uagb-post__text\">\n\t\t\t\t<a href=\"https:\/\/astrocomplutense.es\/nova\/observacion-publica-distrito-i\/\" target=\"_blank\" rel=\"bookmark noopener noreferrer\">Observaci\u00f3n p\u00fablica Distrito I<\/a>\n\t\t\t<\/h4>\n\t\t\t\t\t\t<div class='uagb-post__text uagb-post-grid-byline'>\n\t\t\t\t\t\t\t\t<time datetime=\"2025-08-02T23:57:27+02:00\" class=\"uagb-post__date\">\n\t\t\t\t\t\t\t\t\t2 de agosto de 2025\t\t\t\t<\/time>\n\t\t\t\t\t\t<\/div>\n\t\t\t\t\t\t\t<div class='uagb-post__text uagb-post__excerpt'>\n\t\t\t\t\t<p>Observaci\u00f3n p\u00fablica Distrito I Por AAC (2 de agosto 2025) Dentro del proyecto de Observaci\u00f3n&#8230;\t\t\t\t<\/div>\n\t\t\t\t\t\t<div class=\"uagb-post__text uagb-post__cta wp-block-button\">\n\t\t\t\t<a class=\"wp-block-button__link uagb-text-link\" style=\"\" href=\"https:\/\/astrocomplutense.es\/nova\/observacion-publica-distrito-i\/\" target=\"_blank\" rel=\"bookmark noopener noreferrer\">Leer m\u00e1s<\/a>\n\t\t\t<\/div>\n\t\t\t\t\t\t<div class='uagb-post__image'>\n\t\t\t\t\t\t\t\t\t<a href=\"https:\/\/astrocomplutense.es\/nova\/observacion-publica-distrito-i\/\" target=\"_blank\" rel=\"bookmark noopener noreferrer\"><img loading=\"lazy\" decoding=\"async\" width=\"328\" height=\"464\" src=\"https:\/\/astrocomplutense.es\/nova\/wp-content\/uploads\/2025\/08\/cartel_distritoI_peq.jpg\" class=\"attachment-full size-full\" alt=\"\" srcset=\"https:\/\/astrocomplutense.es\/nova\/wp-content\/uploads\/2025\/08\/cartel_distritoI_peq.jpg 328w, https:\/\/astrocomplutense.es\/nova\/wp-content\/uploads\/2025\/08\/cartel_distritoI_peq-212x300.jpg 212w\" sizes=\"auto, (max-width: 328px) 100vw, 328px\" \/>\t\t\t\t\t<\/a>\n\t\t\t\t\t\t\t\t\t<\/div>\n\t\t\t\n\t\t\t\t\t\t\t\t<a class=\"uagb-post__link-complete-box\" href=\"https:\/\/astrocomplutense.es\/nova\/observacion-publica-distrito-i\/\" target=\"_blank\" rel=\"bookmark noopener noreferrer\"><\/a>\n\t\t\t\t\t\t\t<\/article>\n\t\t\t\t\t\t\t\t\t\t\t\t\t\t\t\t<article class=\"uagb-post__inner-wrap\">\t\t\t\t\t\t\t\t<h4 class=\"uagb-post__title uagb-post__text\">\n\t\t\t\t<a href=\"https:\/\/astrocomplutense.es\/nova\/la-contaminacion-del-aire-2\/\" target=\"_blank\" rel=\"bookmark noopener noreferrer\">La contaminaci\u00f3n del aire<\/a>\n\t\t\t<\/h4>\n\t\t\t\t\t\t<div class='uagb-post__text uagb-post-grid-byline'>\n\t\t\t\t\t\t\t\t<time datetime=\"2025-07-13T10:32:15+02:00\" class=\"uagb-post__date\">\n\t\t\t\t\t\t\t\t\t13 de julio de 2025\t\t\t\t<\/time>\n\t\t\t\t\t\t<\/div>\n\t\t\t\t\t\t\t<div class='uagb-post__text uagb-post__excerpt'>\n\t\t\t\t\t<p>La contaminaci\u00f3n del aire Por Elena Boldo (2 julio 2025) Repetici\u00f3n de la charla que&#8230;\t\t\t\t<\/div>\n\t\t\t\t\t\t<div class=\"uagb-post__text uagb-post__cta wp-block-button\">\n\t\t\t\t<a class=\"wp-block-button__link uagb-text-link\" style=\"\" href=\"https:\/\/astrocomplutense.es\/nova\/la-contaminacion-del-aire-2\/\" target=\"_blank\" rel=\"bookmark noopener noreferrer\">Leer m\u00e1s<\/a>\n\t\t\t<\/div>\n\t\t\t\t\t\t<div class='uagb-post__image'>\n\t\t\t\t\t\t\t\t\t<a href=\"https:\/\/astrocomplutense.es\/nova\/la-contaminacion-del-aire-2\/\" target=\"_blank\" rel=\"bookmark noopener noreferrer\"><img loading=\"lazy\" decoding=\"async\" width=\"414\" height=\"548\" src=\"https:\/\/astrocomplutense.es\/nova\/wp-content\/uploads\/2025\/05\/La-contaminacion-del-aire.jpg\" class=\"attachment-full size-full\" alt=\"\" srcset=\"https:\/\/astrocomplutense.es\/nova\/wp-content\/uploads\/2025\/05\/La-contaminacion-del-aire.jpg 414w, https:\/\/astrocomplutense.es\/nova\/wp-content\/uploads\/2025\/05\/La-contaminacion-del-aire-227x300.jpg 227w\" sizes=\"auto, (max-width: 414px) 100vw, 414px\" \/>\t\t\t\t\t<\/a>\n\t\t\t\t\t\t\t\t\t<\/div>\n\t\t\t\n\t\t\t\t\t\t\t\t<a class=\"uagb-post__link-complete-box\" href=\"https:\/\/astrocomplutense.es\/nova\/la-contaminacion-del-aire-2\/\" target=\"_blank\" rel=\"bookmark noopener noreferrer\"><\/a>\n\t\t\t\t\t\t\t<\/article>\n\t\t\t\t\t\t\t\t\t\t\t\t\t\t\t\t<article class=\"uagb-post__inner-wrap\">\t\t\t\t\t\t\t\t<h4 class=\"uagb-post__title uagb-post__text\">\n\t\t\t\t<a href=\"https:\/\/astrocomplutense.es\/nova\/cometas\/\" target=\"_blank\" rel=\"bookmark noopener noreferrer\">Cometas<\/a>\n\t\t\t<\/h4>\n\t\t\t\t\t\t<div class='uagb-post__text uagb-post-grid-byline'>\n\t\t\t\t\t\t\t\t<time datetime=\"2025-07-09T09:27:39+02:00\" class=\"uagb-post__date\">\n\t\t\t\t\t\t\t\t\t9 de julio de 2025\t\t\t\t<\/time>\n\t\t\t\t\t\t<\/div>\n\t\t\t\t\t\t\t<div class='uagb-post__text uagb-post__excerpt'>\n\t\t\t\t\t<p>Cometas Por Manuel Talero (9 de julio 2025) Nuestro compa\u00f1ero y fundador de la Agrupa&#8230;\t\t\t\t<\/div>\n\t\t\t\t\t\t<div class=\"uagb-post__text uagb-post__cta wp-block-button\">\n\t\t\t\t<a class=\"wp-block-button__link uagb-text-link\" style=\"\" href=\"https:\/\/astrocomplutense.es\/nova\/cometas\/\" target=\"_blank\" rel=\"bookmark noopener noreferrer\">Leer m\u00e1s<\/a>\n\t\t\t<\/div>\n\t\t\t\t\t\t<div class='uagb-post__image'>\n\t\t\t\t\t\t\t\t\t<a href=\"https:\/\/astrocomplutense.es\/nova\/cometas\/\" target=\"_blank\" rel=\"bookmark noopener noreferrer\"><img loading=\"lazy\" decoding=\"async\" width=\"470\" height=\"299\" src=\"https:\/\/astrocomplutense.es\/nova\/wp-content\/uploads\/2025\/07\/cometas-1.jpg\" class=\"attachment-full size-full\" alt=\"\" srcset=\"https:\/\/astrocomplutense.es\/nova\/wp-content\/uploads\/2025\/07\/cometas-1.jpg 470w, https:\/\/astrocomplutense.es\/nova\/wp-content\/uploads\/2025\/07\/cometas-1-300x191.jpg 300w\" sizes=\"auto, (max-width: 470px) 100vw, 470px\" \/>\t\t\t\t\t<\/a>\n\t\t\t\t\t\t\t\t\t<\/div>\n\t\t\t\n\t\t\t\t\t\t\t\t<a class=\"uagb-post__link-complete-box\" href=\"https:\/\/astrocomplutense.es\/nova\/cometas\/\" target=\"_blank\" rel=\"bookmark noopener noreferrer\"><\/a>\n\t\t\t\t\t\t\t<\/article>\n\t\t\t\t\t\t\t\t\t\t\t\t\t\t\t\t<article class=\"uagb-post__inner-wrap\">\t\t\t\t\t\t\t\t<h4 class=\"uagb-post__title uagb-post__text\">\n\t\t\t\t<a href=\"https:\/\/astrocomplutense.es\/nova\/observacion-en-el-ies-senda-galiana\/\" target=\"_blank\" rel=\"bookmark noopener noreferrer\">Observaci\u00f3n en el IES Senda Galiana<\/a>\n\t\t\t<\/h4>\n\t\t\t\t\t\t<div class='uagb-post__text uagb-post-grid-byline'>\n\t\t\t\t\t\t\t\t<time datetime=\"2025-06-13T00:46:30+02:00\" class=\"uagb-post__date\">\n\t\t\t\t\t\t\t\t\t13 de junio de 2025\t\t\t\t<\/time>\n\t\t\t\t\t\t<\/div>\n\t\t\t\t\t\t\t<div class='uagb-post__text uagb-post__excerpt'>\n\t\t\t\t\t<p>Observaci\u00f3n en el IES Senda Galiana de Torres de la Alameda Por AAC (13 junio&#8230;\t\t\t\t<\/div>\n\t\t\t\t\t\t<div class=\"uagb-post__text uagb-post__cta wp-block-button\">\n\t\t\t\t<a class=\"wp-block-button__link uagb-text-link\" style=\"\" href=\"https:\/\/astrocomplutense.es\/nova\/observacion-en-el-ies-senda-galiana\/\" target=\"_blank\" rel=\"bookmark noopener noreferrer\">Leer m\u00e1s<\/a>\n\t\t\t<\/div>\n\t\t\t\t\t\t<div class='uagb-post__image'>\n\t\t\t\t\t\t\t\t\t<a href=\"https:\/\/astrocomplutense.es\/nova\/observacion-en-el-ies-senda-galiana\/\" target=\"_blank\" rel=\"bookmark noopener noreferrer\"><img loading=\"lazy\" decoding=\"async\" width=\"551\" height=\"414\" src=\"https:\/\/astrocomplutense.es\/nova\/wp-content\/uploads\/2025\/06\/IESTorres13Jun25_peq.jpg\" class=\"attachment-full size-full\" alt=\"\" srcset=\"https:\/\/astrocomplutense.es\/nova\/wp-content\/uploads\/2025\/06\/IESTorres13Jun25_peq.jpg 551w, https:\/\/astrocomplutense.es\/nova\/wp-content\/uploads\/2025\/06\/IESTorres13Jun25_peq-300x225.jpg 300w\" sizes=\"auto, (max-width: 551px) 100vw, 551px\" \/>\t\t\t\t\t<\/a>\n\t\t\t\t\t\t\t\t\t<\/div>\n\t\t\t\n\t\t\t\t\t\t\t\t<a class=\"uagb-post__link-complete-box\" href=\"https:\/\/astrocomplutense.es\/nova\/observacion-en-el-ies-senda-galiana\/\" target=\"_blank\" rel=\"bookmark noopener noreferrer\"><\/a>\n\t\t\t\t\t\t\t<\/article>\n\t\t\t\t\t\t\t\t\t\t\t\t\t\t\t\t<article class=\"uagb-post__inner-wrap\">\t\t\t\t\t\t\t\t<h4 class=\"uagb-post__title uagb-post__text\">\n\t\t\t\t<a href=\"https:\/\/astrocomplutense.es\/nova\/baterias\/\" target=\"_blank\" rel=\"bookmark noopener noreferrer\">Bater\u00edas<\/a>\n\t\t\t<\/h4>\n\t\t\t\t\t\t<div class='uagb-post__text uagb-post-grid-byline'>\n\t\t\t\t\t\t\t\t<time datetime=\"2025-06-11T00:31:51+02:00\" class=\"uagb-post__date\">\n\t\t\t\t\t\t\t\t\t11 de junio de 2025\t\t\t\t<\/time>\n\t\t\t\t\t\t<\/div>\n\t\t\t\t\t\t\t<div class='uagb-post__text uagb-post__excerpt'>\n\t\t\t\t\t<p>Bater\u00edas Por Juan Jos\u00e9 Sacrist\u00e1n (11 junio 2025) Un interesante punto de partida para fabricar&#8230;\t\t\t\t<\/div>\n\t\t\t\t\t\t<div class=\"uagb-post__text uagb-post__cta wp-block-button\">\n\t\t\t\t<a class=\"wp-block-button__link uagb-text-link\" style=\"\" href=\"https:\/\/astrocomplutense.es\/nova\/baterias\/\" target=\"_blank\" rel=\"bookmark noopener noreferrer\">Leer m\u00e1s<\/a>\n\t\t\t<\/div>\n\t\t\t\t\t\t<div class='uagb-post__image'>\n\t\t\t\t\t\t\t\t\t<a href=\"https:\/\/astrocomplutense.es\/nova\/baterias\/\" target=\"_blank\" rel=\"bookmark noopener noreferrer\"><img loading=\"lazy\" decoding=\"async\" width=\"581\" height=\"352\" src=\"https:\/\/astrocomplutense.es\/nova\/wp-content\/uploads\/2025\/06\/baterias.jpg\" class=\"attachment-full size-full\" alt=\"\" srcset=\"https:\/\/astrocomplutense.es\/nova\/wp-content\/uploads\/2025\/06\/baterias.jpg 581w, https:\/\/astrocomplutense.es\/nova\/wp-content\/uploads\/2025\/06\/baterias-300x182.jpg 300w\" sizes=\"auto, (max-width: 581px) 100vw, 581px\" \/>\t\t\t\t\t<\/a>\n\t\t\t\t\t\t\t\t\t<\/div>\n\t\t\t\n\t\t\t\t\t\t\t\t<a class=\"uagb-post__link-complete-box\" href=\"https:\/\/astrocomplutense.es\/nova\/baterias\/\" target=\"_blank\" rel=\"bookmark noopener noreferrer\"><\/a>\n\t\t\t\t\t\t\t<\/article>\n\t\t\t\t\t\t\t\t\t\t\t\t\t\t\t\t<article class=\"uagb-post__inner-wrap\">\t\t\t\t\t\t\t\t<h4 class=\"uagb-post__title uagb-post__text\">\n\t\t\t\t<a href=\"https:\/\/astrocomplutense.es\/nova\/observacion-en-distrito-iv\/\" target=\"_blank\" rel=\"bookmark noopener noreferrer\">Observaci\u00f3n en Distrito IV<\/a>\n\t\t\t<\/h4>\n\t\t\t\t\t\t<div class='uagb-post__text uagb-post-grid-byline'>\n\t\t\t\t\t\t\t\t<time datetime=\"2025-06-07T09:23:46+02:00\" class=\"uagb-post__date\">\n\t\t\t\t\t\t\t\t\t7 de junio de 2025\t\t\t\t<\/time>\n\t\t\t\t\t\t<\/div>\n\t\t\t\t\t\t\t<div class='uagb-post__text uagb-post__excerpt'>\n\t\t\t\t\t<p>Observaci\u00f3n en Distrito IV Por AAC (7 de junio 2025) Dentro del proyecto Distritos en&#8230;\t\t\t\t<\/div>\n\t\t\t\t\t\t<div class=\"uagb-post__text uagb-post__cta wp-block-button\">\n\t\t\t\t<a class=\"wp-block-button__link uagb-text-link\" style=\"\" href=\"https:\/\/astrocomplutense.es\/nova\/observacion-en-distrito-iv\/\" target=\"_blank\" rel=\"bookmark noopener noreferrer\">Leer m\u00e1s<\/a>\n\t\t\t<\/div>\n\t\t\t\t\t\t<div class='uagb-post__image'>\n\t\t\t\t\t\t\t\t\t<a href=\"https:\/\/astrocomplutense.es\/nova\/observacion-en-distrito-iv\/\" target=\"_blank\" rel=\"bookmark noopener noreferrer\"><img loading=\"lazy\" decoding=\"async\" width=\"744\" height=\"1053\" src=\"https:\/\/astrocomplutense.es\/nova\/wp-content\/uploads\/2025\/06\/Cartel_dIV_peq.jpg\" class=\"attachment-full size-full\" alt=\"\" srcset=\"https:\/\/astrocomplutense.es\/nova\/wp-content\/uploads\/2025\/06\/Cartel_dIV_peq.jpg 744w, https:\/\/astrocomplutense.es\/nova\/wp-content\/uploads\/2025\/06\/Cartel_dIV_peq-212x300.jpg 212w, https:\/\/astrocomplutense.es\/nova\/wp-content\/uploads\/2025\/06\/Cartel_dIV_peq-724x1024.jpg 724w\" sizes=\"auto, (max-width: 744px) 100vw, 744px\" \/>\t\t\t\t\t<\/a>\n\t\t\t\t\t\t\t\t\t<\/div>\n\t\t\t\n\t\t\t\t\t\t\t\t<a class=\"uagb-post__link-complete-box\" href=\"https:\/\/astrocomplutense.es\/nova\/observacion-en-distrito-iv\/\" target=\"_blank\" rel=\"bookmark noopener noreferrer\"><\/a>\n\t\t\t\t\t\t\t<\/article>\n\t\t\t\t\t\t\t\t\t\t\t\t\t\t\t\t<article class=\"uagb-post__inner-wrap\">\t\t\t\t\t\t\t\t<h4 class=\"uagb-post__title uagb-post__text\">\n\t\t\t\t<a href=\"https:\/\/astrocomplutense.es\/nova\/dioses-y-planetas-2\/\" target=\"_blank\" rel=\"bookmark noopener noreferrer\">Dioses y planetas<\/a>\n\t\t\t<\/h4>\n\t\t\t\t\t\t<div class='uagb-post__text uagb-post-grid-byline'>\n\t\t\t\t\t\t\t\t<time datetime=\"2025-06-04T07:36:17+02:00\" class=\"uagb-post__date\">\n\t\t\t\t\t\t\t\t\t4 de junio de 2025\t\t\t\t<\/time>\n\t\t\t\t\t\t<\/div>\n\t\t\t\t\t\t\t<div class='uagb-post__text uagb-post__excerpt'>\n\t\t\t\t\t<p>Dioses y planetas Por Lourdes Cayado (4 junio 2025) Nuestra compa\u00f1era Lourdes demostr\u00f3, una vez&#8230;\t\t\t\t<\/div>\n\t\t\t\t\t\t<div class=\"uagb-post__text uagb-post__cta wp-block-button\">\n\t\t\t\t<a class=\"wp-block-button__link uagb-text-link\" style=\"\" href=\"https:\/\/astrocomplutense.es\/nova\/dioses-y-planetas-2\/\" target=\"_blank\" rel=\"bookmark noopener noreferrer\">Leer m\u00e1s<\/a>\n\t\t\t<\/div>\n\t\t\t\t\t\t<div class='uagb-post__image'>\n\t\t\t\t\t\t\t\t\t<a href=\"https:\/\/astrocomplutense.es\/nova\/dioses-y-planetas-2\/\" target=\"_blank\" rel=\"bookmark noopener noreferrer\"><img loading=\"lazy\" decoding=\"async\" width=\"512\" height=\"322\" src=\"https:\/\/astrocomplutense.es\/nova\/wp-content\/uploads\/2025\/06\/venusBotticelli.jpg\" class=\"attachment-full size-full\" alt=\"\" srcset=\"https:\/\/astrocomplutense.es\/nova\/wp-content\/uploads\/2025\/06\/venusBotticelli.jpg 512w, https:\/\/astrocomplutense.es\/nova\/wp-content\/uploads\/2025\/06\/venusBotticelli-300x189.jpg 300w\" sizes=\"auto, (max-width: 512px) 100vw, 512px\" \/>\t\t\t\t\t<\/a>\n\t\t\t\t\t\t\t\t\t<\/div>\n\t\t\t\n\t\t\t\t\t\t\t\t<a class=\"uagb-post__link-complete-box\" href=\"https:\/\/astrocomplutense.es\/nova\/dioses-y-planetas-2\/\" target=\"_blank\" rel=\"bookmark noopener noreferrer\"><\/a>\n\t\t\t\t\t\t\t<\/article>\n\t\t\t\t\t\t\t\t\t\t\t\t\t\t\t\t<article class=\"uagb-post__inner-wrap\">\t\t\t\t\t\t\t\t<h4 class=\"uagb-post__title uagb-post__text\">\n\t\t\t\t<a href=\"https:\/\/astrocomplutense.es\/nova\/la-noche-en-blanco-2\/\" target=\"_blank\" rel=\"bookmark noopener noreferrer\">La noche en blanco<\/a>\n\t\t\t<\/h4>\n\t\t\t\t\t\t<div class='uagb-post__text uagb-post-grid-byline'>\n\t\t\t\t\t\t\t\t<time datetime=\"2025-05-17T19:39:06+02:00\" class=\"uagb-post__date\">\n\t\t\t\t\t\t\t\t\t17 de mayo de 2025\t\t\t\t<\/time>\n\t\t\t\t\t\t<\/div>\n\t\t\t\t\t\t\t<div class='uagb-post__text uagb-post__excerpt'>\n\t\t\t\t\t<p>La Noche en Blanco Por AAC (17 de mayo 2025) Un a\u00f1o m\u00e1s invitados por&#8230;\t\t\t\t<\/div>\n\t\t\t\t\t\t<div class=\"uagb-post__text uagb-post__cta wp-block-button\">\n\t\t\t\t<a class=\"wp-block-button__link uagb-text-link\" style=\"\" href=\"https:\/\/astrocomplutense.es\/nova\/la-noche-en-blanco-2\/\" target=\"_blank\" rel=\"bookmark noopener noreferrer\">Leer m\u00e1s<\/a>\n\t\t\t<\/div>\n\t\t\t\t\t\t<div class='uagb-post__image'>\n\t\t\t\t\t\t\t\t\t<a href=\"https:\/\/astrocomplutense.es\/nova\/la-noche-en-blanco-2\/\" target=\"_blank\" rel=\"bookmark noopener noreferrer\"><img loading=\"lazy\" decoding=\"async\" width=\"800\" height=\"1142\" src=\"https:\/\/astrocomplutense.es\/nova\/wp-content\/uploads\/2025\/05\/Cartel-Ayto.jpg\" class=\"attachment-full size-full\" alt=\"\" srcset=\"https:\/\/astrocomplutense.es\/nova\/wp-content\/uploads\/2025\/05\/Cartel-Ayto.jpg 800w, https:\/\/astrocomplutense.es\/nova\/wp-content\/uploads\/2025\/05\/Cartel-Ayto-210x300.jpg 210w, https:\/\/astrocomplutense.es\/nova\/wp-content\/uploads\/2025\/05\/Cartel-Ayto-717x1024.jpg 717w, https:\/\/astrocomplutense.es\/nova\/wp-content\/uploads\/2025\/05\/Cartel-Ayto-768x1096.jpg 768w\" sizes=\"auto, (max-width: 800px) 100vw, 800px\" \/>\t\t\t\t\t<\/a>\n\t\t\t\t\t\t\t\t\t<\/div>\n\t\t\t\n\t\t\t\t\t\t\t\t<a class=\"uagb-post__link-complete-box\" href=\"https:\/\/astrocomplutense.es\/nova\/la-noche-en-blanco-2\/\" target=\"_blank\" rel=\"bookmark noopener noreferrer\"><\/a>\n\t\t\t\t\t\t\t<\/article>\n\t\t\t\t\t\t\t\t\t\t\t\t\t\t\t\t<article class=\"uagb-post__inner-wrap\">\t\t\t\t\t\t\t\t<h4 class=\"uagb-post__title uagb-post__text\">\n\t\t\t\t<a href=\"https:\/\/astrocomplutense.es\/nova\/arqueoastronomia\/\" target=\"_blank\" rel=\"bookmark noopener noreferrer\">Arqueoastronom\u00eda<\/a>\n\t\t\t<\/h4>\n\t\t\t\t\t\t<div class='uagb-post__text uagb-post-grid-byline'>\n\t\t\t\t\t\t\t\t<time datetime=\"2025-05-14T19:04:17+02:00\" class=\"uagb-post__date\">\n\t\t\t\t\t\t\t\t\t14 de mayo de 2025\t\t\t\t<\/time>\n\t\t\t\t\t\t<\/div>\n\t\t\t\t\t\t\t<div class='uagb-post__text uagb-post__excerpt'>\n\t\t\t\t\t<p>ArqueoAstronom\u00eda. En la Iglesia de Pezuela de las Torres Juan Pedro Fern\u00e1ndez Larraya (14 mayo&#8230;\t\t\t\t<\/div>\n\t\t\t\t\t\t<div class=\"uagb-post__text uagb-post__cta wp-block-button\">\n\t\t\t\t<a class=\"wp-block-button__link uagb-text-link\" style=\"\" href=\"https:\/\/astrocomplutense.es\/nova\/arqueoastronomia\/\" target=\"_blank\" rel=\"bookmark noopener noreferrer\">Leer m\u00e1s<\/a>\n\t\t\t<\/div>\n\t\t\t\t\t\t<div class='uagb-post__image'>\n\t\t\t\t\t\t\t\t\t<a href=\"https:\/\/astrocomplutense.es\/nova\/arqueoastronomia\/\" target=\"_blank\" rel=\"bookmark noopener noreferrer\"><img loading=\"lazy\" decoding=\"async\" width=\"1600\" height=\"1066\" src=\"https:\/\/astrocomplutense.es\/nova\/wp-content\/uploads\/2025\/05\/Suimagen.jpg\" class=\"attachment-full size-full\" alt=\"\" srcset=\"https:\/\/astrocomplutense.es\/nova\/wp-content\/uploads\/2025\/05\/Suimagen.jpg 1600w, https:\/\/astrocomplutense.es\/nova\/wp-content\/uploads\/2025\/05\/Suimagen-300x200.jpg 300w, https:\/\/astrocomplutense.es\/nova\/wp-content\/uploads\/2025\/05\/Suimagen-1024x682.jpg 1024w, https:\/\/astrocomplutense.es\/nova\/wp-content\/uploads\/2025\/05\/Suimagen-768x512.jpg 768w, https:\/\/astrocomplutense.es\/nova\/wp-content\/uploads\/2025\/05\/Suimagen-1536x1023.jpg 1536w\" sizes=\"auto, (max-width: 1600px) 100vw, 1600px\" \/>\t\t\t\t\t<\/a>\n\t\t\t\t\t\t\t\t\t<\/div>\n\t\t\t\n\t\t\t\t\t\t\t\t<a class=\"uagb-post__link-complete-box\" href=\"https:\/\/astrocomplutense.es\/nova\/arqueoastronomia\/\" target=\"_blank\" rel=\"bookmark noopener noreferrer\"><\/a>\n\t\t\t\t\t\t\t<\/article>\n\t\t\t\t\t\t\t\t\t\t\t\t\t\t\t\t<article class=\"uagb-post__inner-wrap\">\t\t\t\t\t\t\t\t<h4 class=\"uagb-post__title uagb-post__text\">\n\t\t\t\t<a href=\"https:\/\/astrocomplutense.es\/nova\/eclipses-2\/\" target=\"_blank\" rel=\"bookmark noopener noreferrer\">Eclipses<\/a>\n\t\t\t<\/h4>\n\t\t\t\t\t\t<div class='uagb-post__text uagb-post-grid-byline'>\n\t\t\t\t\t\t\t\t<time datetime=\"2025-05-07T08:08:33+02:00\" class=\"uagb-post__date\">\n\t\t\t\t\t\t\t\t\t7 de mayo de 2025\t\t\t\t<\/time>\n\t\t\t\t\t\t<\/div>\n\t\t\t\t\t\t\t<div class='uagb-post__text uagb-post__excerpt'>\n\t\t\t\t\t<p>Eclipses Por Manuel Talero (7 de mayo 2025) Como en otras ocasiones nuestro compa\u00f1ero Manuel&#8230;\t\t\t\t<\/div>\n\t\t\t\t\t\t<div class=\"uagb-post__text uagb-post__cta wp-block-button\">\n\t\t\t\t<a class=\"wp-block-button__link uagb-text-link\" style=\"\" href=\"https:\/\/astrocomplutense.es\/nova\/eclipses-2\/\" target=\"_blank\" rel=\"bookmark noopener noreferrer\">Leer m\u00e1s<\/a>\n\t\t\t<\/div>\n\t\t\t\t\t\t<div class='uagb-post__image'>\n\t\t\t\t\t\t\t\t\t<a href=\"https:\/\/astrocomplutense.es\/nova\/eclipses-2\/\" target=\"_blank\" rel=\"bookmark noopener noreferrer\"><img loading=\"lazy\" decoding=\"async\" width=\"540\" height=\"540\" src=\"https:\/\/astrocomplutense.es\/nova\/wp-content\/uploads\/2025\/05\/Observando-Eclipse.jpg\" class=\"attachment-full size-full\" alt=\"\" srcset=\"https:\/\/astrocomplutense.es\/nova\/wp-content\/uploads\/2025\/05\/Observando-Eclipse.jpg 540w, https:\/\/astrocomplutense.es\/nova\/wp-content\/uploads\/2025\/05\/Observando-Eclipse-300x300.jpg 300w, https:\/\/astrocomplutense.es\/nova\/wp-content\/uploads\/2025\/05\/Observando-Eclipse-150x150.jpg 150w\" sizes=\"auto, (max-width: 540px) 100vw, 540px\" \/>\t\t\t\t\t<\/a>\n\t\t\t\t\t\t\t\t\t<\/div>\n\t\t\t\n\t\t\t\t\t\t\t\t<a class=\"uagb-post__link-complete-box\" href=\"https:\/\/astrocomplutense.es\/nova\/eclipses-2\/\" target=\"_blank\" rel=\"bookmark noopener noreferrer\"><\/a>\n\t\t\t\t\t\t\t<\/article>\n\t\t\t\t\t\t\t\t\t\t\t\t\t\t\t\t<article class=\"uagb-post__inner-wrap\">\t\t\t\t\t\t\t\t<h4 class=\"uagb-post__title uagb-post__text\">\n\t\t\t\t<a href=\"https:\/\/astrocomplutense.es\/nova\/la-contaminacion-del-aire\/\" target=\"_blank\" rel=\"bookmark noopener noreferrer\">La contaminaci\u00f3n del aire<\/a>\n\t\t\t<\/h4>\n\t\t\t\t\t\t<div class='uagb-post__text uagb-post-grid-byline'>\n\t\t\t\t\t\t\t\t<time datetime=\"2025-04-30T09:17:50+02:00\" class=\"uagb-post__date\">\n\t\t\t\t\t\t\t\t\t30 de abril de 2025\t\t\t\t<\/time>\n\t\t\t\t\t\t<\/div>\n\t\t\t\t\t\t\t<div class='uagb-post__text uagb-post__excerpt'>\n\t\t\t\t\t<p>La contaminaci\u00f3n del aire Por Elena Boldo (30 abril 2025) La Agrupaci\u00f3n Astron\u00f3mica Complutense tiene&#8230;\t\t\t\t<\/div>\n\t\t\t\t\t\t<div class=\"uagb-post__text uagb-post__cta wp-block-button\">\n\t\t\t\t<a class=\"wp-block-button__link uagb-text-link\" style=\"\" href=\"https:\/\/astrocomplutense.es\/nova\/la-contaminacion-del-aire\/\" target=\"_blank\" rel=\"bookmark noopener noreferrer\">Leer m\u00e1s<\/a>\n\t\t\t<\/div>\n\t\t\t\t\t\t<div class='uagb-post__image'>\n\t\t\t\t\t\t\t\t\t<a href=\"https:\/\/astrocomplutense.es\/nova\/la-contaminacion-del-aire\/\" target=\"_blank\" rel=\"bookmark noopener noreferrer\"><img loading=\"lazy\" decoding=\"async\" width=\"414\" height=\"548\" src=\"https:\/\/astrocomplutense.es\/nova\/wp-content\/uploads\/2025\/05\/La-contaminacion-del-aire.jpg\" class=\"attachment-full size-full\" alt=\"\" srcset=\"https:\/\/astrocomplutense.es\/nova\/wp-content\/uploads\/2025\/05\/La-contaminacion-del-aire.jpg 414w, https:\/\/astrocomplutense.es\/nova\/wp-content\/uploads\/2025\/05\/La-contaminacion-del-aire-227x300.jpg 227w\" sizes=\"auto, (max-width: 414px) 100vw, 414px\" \/>\t\t\t\t\t<\/a>\n\t\t\t\t\t\t\t\t\t<\/div>\n\t\t\t\n\t\t\t\t\t\t\t\t<a class=\"uagb-post__link-complete-box\" href=\"https:\/\/astrocomplutense.es\/nova\/la-contaminacion-del-aire\/\" target=\"_blank\" rel=\"bookmark noopener noreferrer\"><\/a>\n\t\t\t\t\t\t\t<\/article>\n\t\t\t\t\t\t\t\t\t\t\t\t\t\t\t\t<article class=\"uagb-post__inner-wrap\">\t\t\t\t\t\t\t\t<h4 class=\"uagb-post__title uagb-post__text\">\n\t\t\t\t<a href=\"https:\/\/astrocomplutense.es\/nova\/observacion-en-distrito-iii\/\" target=\"_blank\" rel=\"bookmark noopener noreferrer\">Observaci\u00f3n en Distrito III<\/a>\n\t\t\t<\/h4>\n\t\t\t\t\t\t<div class='uagb-post__text uagb-post-grid-byline'>\n\t\t\t\t\t\t\t\t<time datetime=\"2025-04-05T12:45:04+02:00\" class=\"uagb-post__date\">\n\t\t\t\t\t\t\t\t\t5 de abril de 2025\t\t\t\t<\/time>\n\t\t\t\t\t\t<\/div>\n\t\t\t\t\t\t\t<div class='uagb-post__text uagb-post__excerpt'>\n\t\t\t\t\t<p>Proyecto Distritos. Observaci\u00f3n en Distrito III (parque Santa Rosa de Lima) Por AAC (05 de&#8230;\t\t\t\t<\/div>\n\t\t\t\t\t\t<div class=\"uagb-post__text uagb-post__cta wp-block-button\">\n\t\t\t\t<a class=\"wp-block-button__link uagb-text-link\" style=\"\" href=\"https:\/\/astrocomplutense.es\/nova\/observacion-en-distrito-iii\/\" target=\"_blank\" rel=\"bookmark noopener noreferrer\">Leer m\u00e1s<\/a>\n\t\t\t<\/div>\n\t\t\t\t\t\t<div class='uagb-post__image'>\n\t\t\t\t\t\t\t\t\t<a href=\"https:\/\/astrocomplutense.es\/nova\/observacion-en-distrito-iii\/\" target=\"_blank\" rel=\"bookmark noopener noreferrer\"><img loading=\"lazy\" decoding=\"async\" width=\"246\" height=\"348\" src=\"https:\/\/astrocomplutense.es\/nova\/wp-content\/uploads\/2025\/04\/cartel_IIIc_peq.jpg\" class=\"attachment-full size-full\" alt=\"\" srcset=\"https:\/\/astrocomplutense.es\/nova\/wp-content\/uploads\/2025\/04\/cartel_IIIc_peq.jpg 246w, https:\/\/astrocomplutense.es\/nova\/wp-content\/uploads\/2025\/04\/cartel_IIIc_peq-212x300.jpg 212w\" sizes=\"auto, (max-width: 246px) 100vw, 246px\" \/>\t\t\t\t\t<\/a>\n\t\t\t\t\t\t\t\t\t<\/div>\n\t\t\t\n\t\t\t\t\t\t\t\t<a class=\"uagb-post__link-complete-box\" href=\"https:\/\/astrocomplutense.es\/nova\/observacion-en-distrito-iii\/\" target=\"_blank\" rel=\"bookmark noopener noreferrer\"><\/a>\n\t\t\t\t\t\t\t<\/article>\n\t\t\t\t\t\t\t\t\t\t\t\t\t\t\t\t<article class=\"uagb-post__inner-wrap\">\t\t\t\t\t\t\t\t<h4 class=\"uagb-post__title uagb-post__text\">\n\t\t\t\t<a href=\"https:\/\/astrocomplutense.es\/nova\/constelaciones-circumpolares\/\" target=\"_blank\" rel=\"bookmark noopener noreferrer\">Constelaciones circumpolares<\/a>\n\t\t\t<\/h4>\n\t\t\t\t\t\t<div class='uagb-post__text uagb-post-grid-byline'>\n\t\t\t\t\t\t\t\t<time datetime=\"2025-04-02T12:07:15+02:00\" class=\"uagb-post__date\">\n\t\t\t\t\t\t\t\t\t2 de abril de 2025\t\t\t\t<\/time>\n\t\t\t\t\t\t<\/div>\n\t\t\t\t\t\t\t<div class='uagb-post__text uagb-post__excerpt'>\n\t\t\t\t\t<p>Constelaciones cirumpolares Por Juan Jos\u00e9 Sacrist\u00e1n (02 abril 2025) Descripci\u00f3n de las constelaciones visibles a&#8230;\t\t\t\t<\/div>\n\t\t\t\t\t\t<div class=\"uagb-post__text uagb-post__cta wp-block-button\">\n\t\t\t\t<a class=\"wp-block-button__link uagb-text-link\" style=\"\" href=\"https:\/\/astrocomplutense.es\/nova\/constelaciones-circumpolares\/\" target=\"_blank\" rel=\"bookmark noopener noreferrer\">Leer m\u00e1s<\/a>\n\t\t\t<\/div>\n\t\t\t\t\t\t<div class='uagb-post__image'>\n\t\t\t\t\t\t\t\t\t<a href=\"https:\/\/astrocomplutense.es\/nova\/constelaciones-circumpolares\/\" target=\"_blank\" rel=\"bookmark noopener noreferrer\"><img loading=\"lazy\" decoding=\"async\" width=\"1024\" height=\"576\" src=\"https:\/\/astrocomplutense.es\/nova\/wp-content\/uploads\/2025\/04\/circumpolares.jpg\" class=\"attachment-full size-full\" alt=\"\" srcset=\"https:\/\/astrocomplutense.es\/nova\/wp-content\/uploads\/2025\/04\/circumpolares.jpg 1024w, https:\/\/astrocomplutense.es\/nova\/wp-content\/uploads\/2025\/04\/circumpolares-300x169.jpg 300w, https:\/\/astrocomplutense.es\/nova\/wp-content\/uploads\/2025\/04\/circumpolares-768x432.jpg 768w\" sizes=\"auto, (max-width: 1024px) 100vw, 1024px\" \/>\t\t\t\t\t<\/a>\n\t\t\t\t\t\t\t\t\t<\/div>\n\t\t\t\n\t\t\t\t\t\t\t\t<a class=\"uagb-post__link-complete-box\" href=\"https:\/\/astrocomplutense.es\/nova\/constelaciones-circumpolares\/\" target=\"_blank\" rel=\"bookmark noopener noreferrer\"><\/a>\n\t\t\t\t\t\t\t<\/article>\n\t\t\t\t\t\t\t\t\t\t\t\t\t\t\t\t<article class=\"uagb-post__inner-wrap\">\t\t\t\t\t\t\t\t<h4 class=\"uagb-post__title uagb-post__text\">\n\t\t\t\t<a href=\"https:\/\/astrocomplutense.es\/nova\/eclipse-parcial-de-sol-29mar25\/\" target=\"_blank\" rel=\"bookmark noopener noreferrer\">Eclipse parcial de Sol 29Mar25<\/a>\n\t\t\t<\/h4>\n\t\t\t\t\t\t<div class='uagb-post__text uagb-post-grid-byline'>\n\t\t\t\t\t\t\t\t<time datetime=\"2025-03-29T11:42:18+01:00\" class=\"uagb-post__date\">\n\t\t\t\t\t\t\t\t\t29 de marzo de 2025\t\t\t\t<\/time>\n\t\t\t\t\t\t<\/div>\n\t\t\t\t\t\t\t<div class='uagb-post__text uagb-post__excerpt'>\n\t\t\t\t\t<p>Eclipse parcial de Sol Por la AAC (29 de marzo 2025) Un \u00e9xito de p\u00fablico&#8230;\t\t\t\t<\/div>\n\t\t\t\t\t\t<div class=\"uagb-post__text uagb-post__cta wp-block-button\">\n\t\t\t\t<a class=\"wp-block-button__link uagb-text-link\" style=\"\" href=\"https:\/\/astrocomplutense.es\/nova\/eclipse-parcial-de-sol-29mar25\/\" target=\"_blank\" rel=\"bookmark noopener noreferrer\">Leer m\u00e1s<\/a>\n\t\t\t<\/div>\n\t\t\t\t\t\t<div class='uagb-post__image'>\n\t\t\t\t\t\t\t\t\t<a href=\"https:\/\/astrocomplutense.es\/nova\/eclipse-parcial-de-sol-29mar25\/\" target=\"_blank\" rel=\"bookmark noopener noreferrer\"><img loading=\"lazy\" decoding=\"async\" width=\"368\" height=\"490\" src=\"https:\/\/astrocomplutense.es\/nova\/wp-content\/uploads\/2025\/03\/eclipse29Mar25peq-1.jpg\" class=\"attachment-full size-full\" alt=\"\" srcset=\"https:\/\/astrocomplutense.es\/nova\/wp-content\/uploads\/2025\/03\/eclipse29Mar25peq-1.jpg 368w, https:\/\/astrocomplutense.es\/nova\/wp-content\/uploads\/2025\/03\/eclipse29Mar25peq-1-225x300.jpg 225w\" sizes=\"auto, (max-width: 368px) 100vw, 368px\" \/>\t\t\t\t\t<\/a>\n\t\t\t\t\t\t\t\t\t<\/div>\n\t\t\t\n\t\t\t\t\t\t\t\t<a class=\"uagb-post__link-complete-box\" href=\"https:\/\/astrocomplutense.es\/nova\/eclipse-parcial-de-sol-29mar25\/\" target=\"_blank\" rel=\"bookmark noopener noreferrer\"><\/a>\n\t\t\t\t\t\t\t<\/article>\n\t\t\t\t\t\t\t\t\t\t\t\t\t\t\t\t<article class=\"uagb-post__inner-wrap\">\t\t\t\t\t\t\t\t<h4 class=\"uagb-post__title uagb-post__text\">\n\t\t\t\t<a href=\"https:\/\/astrocomplutense.es\/nova\/como-colimar-el-dobson-12\/\" target=\"_blank\" rel=\"bookmark noopener noreferrer\">C\u00f3mo colimar el dobson 12&#8243;<\/a>\n\t\t\t<\/h4>\n\t\t\t\t\t\t<div class='uagb-post__text uagb-post-grid-byline'>\n\t\t\t\t\t\t\t\t<time datetime=\"2025-03-26T11:27:15+01:00\" class=\"uagb-post__date\">\n\t\t\t\t\t\t\t\t\t26 de marzo de 2025\t\t\t\t<\/time>\n\t\t\t\t\t\t<\/div>\n\t\t\t\t\t\t\t<div class='uagb-post__text uagb-post__excerpt'>\n\t\t\t\t\t<p>C\u00f3mo colimar el dobson 12&#8243; de la Agrupa Por Manuel Talero (26 de marzo 2025)&#8230;\t\t\t\t<\/div>\n\t\t\t\t\t\t<div class=\"uagb-post__text uagb-post__cta wp-block-button\">\n\t\t\t\t<a class=\"wp-block-button__link uagb-text-link\" style=\"\" href=\"https:\/\/astrocomplutense.es\/nova\/como-colimar-el-dobson-12\/\" target=\"_blank\" rel=\"bookmark noopener noreferrer\">Leer m\u00e1s<\/a>\n\t\t\t<\/div>\n\t\t\t\t\t\t<div class='uagb-post__image'>\n\t\t\t\t\t\t\t\t\t<a href=\"https:\/\/astrocomplutense.es\/nova\/como-colimar-el-dobson-12\/\" target=\"_blank\" rel=\"bookmark noopener noreferrer\"><img loading=\"lazy\" decoding=\"async\" width=\"181\" height=\"257\" src=\"https:\/\/astrocomplutense.es\/nova\/wp-content\/uploads\/2025\/03\/Lightbride1-.jpg\" class=\"attachment-full size-full\" alt=\"\" \/>\t\t\t\t\t<\/a>\n\t\t\t\t\t\t\t\t\t<\/div>\n\t\t\t\n\t\t\t\t\t\t\t\t<a class=\"uagb-post__link-complete-box\" href=\"https:\/\/astrocomplutense.es\/nova\/como-colimar-el-dobson-12\/\" target=\"_blank\" rel=\"bookmark noopener noreferrer\"><\/a>\n\t\t\t\t\t\t\t<\/article>\n\t\t\t\t\t\t\t\t\t\t\t\t\t\t\t\t<article class=\"uagb-post__inner-wrap\">\t\t\t\t\t\t\t\t<h4 class=\"uagb-post__title uagb-post__text\">\n\t\t\t\t<a href=\"https:\/\/astrocomplutense.es\/nova\/construccion-de-una-mascara-bathinov\/\" target=\"_blank\" rel=\"bookmark noopener noreferrer\">Construcci\u00f3n de una m\u00e1scara Bathinov<\/a>\n\t\t\t<\/h4>\n\t\t\t\t\t\t<div class='uagb-post__text uagb-post-grid-byline'>\n\t\t\t\t\t\t\t\t<time datetime=\"2025-03-12T10:50:21+01:00\" class=\"uagb-post__date\">\n\t\t\t\t\t\t\t\t\t12 de marzo de 2025\t\t\t\t<\/time>\n\t\t\t\t\t\t<\/div>\n\t\t\t\t\t\t\t<div class='uagb-post__text uagb-post__excerpt'>\n\t\t\t\t\t<p>Construcci\u00f3n de una m\u00e1scara Bathinov Por Jose Antonio Ju\u00e1rez (12 de marzo 2025) Muchos de&#8230;\t\t\t\t<\/div>\n\t\t\t\t\t\t<div class=\"uagb-post__text uagb-post__cta wp-block-button\">\n\t\t\t\t<a class=\"wp-block-button__link uagb-text-link\" style=\"\" href=\"https:\/\/astrocomplutense.es\/nova\/construccion-de-una-mascara-bathinov\/\" target=\"_blank\" rel=\"bookmark noopener noreferrer\">Leer m\u00e1s<\/a>\n\t\t\t<\/div>\n\t\t\t\t\t\t<div class='uagb-post__image'>\n\t\t\t\t\t\t\t\t\t<a href=\"https:\/\/astrocomplutense.es\/nova\/construccion-de-una-mascara-bathinov\/\" target=\"_blank\" rel=\"bookmark noopener noreferrer\"><img loading=\"lazy\" decoding=\"async\" width=\"905\" height=\"929\" src=\"https:\/\/astrocomplutense.es\/nova\/wp-content\/uploads\/2025\/03\/Captura.jpg\" class=\"attachment-full size-full\" alt=\"\" srcset=\"https:\/\/astrocomplutense.es\/nova\/wp-content\/uploads\/2025\/03\/Captura.jpg 905w, https:\/\/astrocomplutense.es\/nova\/wp-content\/uploads\/2025\/03\/Captura-292x300.jpg 292w, https:\/\/astrocomplutense.es\/nova\/wp-content\/uploads\/2025\/03\/Captura-768x788.jpg 768w\" sizes=\"auto, (max-width: 905px) 100vw, 905px\" \/>\t\t\t\t\t<\/a>\n\t\t\t\t\t\t\t\t\t<\/div>\n\t\t\t\n\t\t\t\t\t\t\t\t<a class=\"uagb-post__link-complete-box\" href=\"https:\/\/astrocomplutense.es\/nova\/construccion-de-una-mascara-bathinov\/\" target=\"_blank\" rel=\"bookmark noopener noreferrer\"><\/a>\n\t\t\t\t\t\t\t<\/article>\n\t\t\t\t\t\t\t\t\t\t\t\t\t\t\t\t<article class=\"uagb-post__inner-wrap\">\t\t\t\t\t\t\t\t<h4 class=\"uagb-post__title uagb-post__text\">\n\t\t\t\t<a href=\"https:\/\/astrocomplutense.es\/nova\/nebulas\/\" target=\"_blank\" rel=\"bookmark noopener noreferrer\">N\u00e9bulas<\/a>\n\t\t\t<\/h4>\n\t\t\t\t\t\t<div class='uagb-post__text uagb-post-grid-byline'>\n\t\t\t\t\t\t\t\t<time datetime=\"2025-03-05T12:18:10+01:00\" class=\"uagb-post__date\">\n\t\t\t\t\t\t\t\t\t5 de marzo de 2025\t\t\t\t<\/time>\n\t\t\t\t\t\t<\/div>\n\t\t\t\t\t\t\t<div class='uagb-post__text uagb-post__excerpt'>\n\t\t\t\t\t<p>N\u00e9bulas C\u00f3mo los cat\u00e1logos ayudaron a entender el Universo Por Javier Cabrero Rico (5 de&#8230;\t\t\t\t<\/div>\n\t\t\t\t\t\t<div class=\"uagb-post__text uagb-post__cta wp-block-button\">\n\t\t\t\t<a class=\"wp-block-button__link uagb-text-link\" style=\"\" href=\"https:\/\/astrocomplutense.es\/nova\/nebulas\/\" target=\"_blank\" rel=\"bookmark noopener noreferrer\">Leer m\u00e1s<\/a>\n\t\t\t<\/div>\n\t\t\t\t\t\t<div class='uagb-post__image'>\n\t\t\t\t\t\t\t\t\t<a href=\"https:\/\/astrocomplutense.es\/nova\/nebulas\/\" target=\"_blank\" rel=\"bookmark noopener noreferrer\"><img loading=\"lazy\" decoding=\"async\" width=\"2049\" height=\"1159\" src=\"https:\/\/astrocomplutense.es\/nova\/wp-content\/uploads\/2025\/03\/nebulas.jpg\" class=\"attachment-full size-full\" alt=\"\" srcset=\"https:\/\/astrocomplutense.es\/nova\/wp-content\/uploads\/2025\/03\/nebulas.jpg 2049w, https:\/\/astrocomplutense.es\/nova\/wp-content\/uploads\/2025\/03\/nebulas-300x170.jpg 300w, https:\/\/astrocomplutense.es\/nova\/wp-content\/uploads\/2025\/03\/nebulas-1024x579.jpg 1024w, https:\/\/astrocomplutense.es\/nova\/wp-content\/uploads\/2025\/03\/nebulas-768x434.jpg 768w, https:\/\/astrocomplutense.es\/nova\/wp-content\/uploads\/2025\/03\/nebulas-1536x869.jpg 1536w\" sizes=\"auto, (max-width: 2049px) 100vw, 2049px\" \/>\t\t\t\t\t<\/a>\n\t\t\t\t\t\t\t\t\t<\/div>\n\t\t\t\n\t\t\t\t\t\t\t\t<a class=\"uagb-post__link-complete-box\" href=\"https:\/\/astrocomplutense.es\/nova\/nebulas\/\" target=\"_blank\" rel=\"bookmark noopener noreferrer\"><\/a>\n\t\t\t\t\t\t\t<\/article>\n\t\t\t\t\t\t\t\t\t\t\t\t\t\t\t\t<article class=\"uagb-post__inner-wrap\">\t\t\t\t\t\t\t\t<h4 class=\"uagb-post__title uagb-post__text\">\n\t\t\t\t<a href=\"https:\/\/astrocomplutense.es\/nova\/spherex-el-telescopio-espacial-mas-reciente-de-la-nasa\/\" target=\"_blank\" rel=\"bookmark noopener noreferrer\">SPHEREx, el telescopio espacial m\u00e1s reciente de la NASA<\/a>\n\t\t\t<\/h4>\n\t\t\t\t\t\t<div class='uagb-post__text uagb-post-grid-byline'>\n\t\t\t\t\t\t\t\t<time datetime=\"2025-02-26T11:00:59+01:00\" class=\"uagb-post__date\">\n\t\t\t\t\t\t\t\t\t26 de febrero de 2025\t\t\t\t<\/time>\n\t\t\t\t\t\t<\/div>\n\t\t\t\t\t\t\t<div class='uagb-post__text uagb-post__excerpt'>\n\t\t\t\t\t<p>SPHEREx, el telescopio espacial m\u00e1s reciente de la NASA Por Enrique Gonz\u00e1lez (26 de febrero&#8230;\t\t\t\t<\/div>\n\t\t\t\t\t\t<div class=\"uagb-post__text uagb-post__cta wp-block-button\">\n\t\t\t\t<a class=\"wp-block-button__link uagb-text-link\" style=\"\" href=\"https:\/\/astrocomplutense.es\/nova\/spherex-el-telescopio-espacial-mas-reciente-de-la-nasa\/\" target=\"_blank\" rel=\"bookmark noopener noreferrer\">Leer m\u00e1s<\/a>\n\t\t\t<\/div>\n\t\t\t\t\t\t<div class='uagb-post__image'>\n\t\t\t\t\t\t\t\t\t<a href=\"https:\/\/astrocomplutense.es\/nova\/spherex-el-telescopio-espacial-mas-reciente-de-la-nasa\/\" target=\"_blank\" rel=\"bookmark noopener noreferrer\"><img loading=\"lazy\" decoding=\"async\" width=\"603\" height=\"781\" src=\"https:\/\/astrocomplutense.es\/nova\/wp-content\/uploads\/2025\/03\/spherex.jpg\" class=\"attachment-full size-full\" alt=\"\" srcset=\"https:\/\/astrocomplutense.es\/nova\/wp-content\/uploads\/2025\/03\/spherex.jpg 603w, https:\/\/astrocomplutense.es\/nova\/wp-content\/uploads\/2025\/03\/spherex-232x300.jpg 232w\" sizes=\"auto, (max-width: 603px) 100vw, 603px\" \/>\t\t\t\t\t<\/a>\n\t\t\t\t\t\t\t\t\t<\/div>\n\t\t\t\n\t\t\t\t\t\t\t\t<a class=\"uagb-post__link-complete-box\" href=\"https:\/\/astrocomplutense.es\/nova\/spherex-el-telescopio-espacial-mas-reciente-de-la-nasa\/\" target=\"_blank\" rel=\"bookmark noopener noreferrer\"><\/a>\n\t\t\t\t\t\t\t<\/article>\n\t\t\t\t\t\t\t\t\t\t\t\t\t\t\t\t<article class=\"uagb-post__inner-wrap\">\t\t\t\t\t\t\t\t<h4 class=\"uagb-post__title uagb-post__text\">\n\t\t\t\t<a href=\"https:\/\/astrocomplutense.es\/nova\/observacion-en-yela\/\" target=\"_blank\" rel=\"bookmark noopener noreferrer\">Observaci\u00f3n en Yela<\/a>\n\t\t\t<\/h4>\n\t\t\t\t\t\t<div class='uagb-post__text uagb-post-grid-byline'>\n\t\t\t\t\t\t\t\t<time datetime=\"2025-02-19T10:23:00+01:00\" class=\"uagb-post__date\">\n\t\t\t\t\t\t\t\t\t19 de febrero de 2025\t\t\t\t<\/time>\n\t\t\t\t\t\t<\/div>\n\t\t\t\t\t\t\t<div class='uagb-post__text uagb-post__excerpt'>\n\t\t\t\t\t<p>Observaci\u00f3n en Yela Por AAC (19 febrero 2025) Una sesi\u00f3n nocturna de observaci\u00f3n y fotograf\u00eda&#8230;\t\t\t\t<\/div>\n\t\t\t\t\t\t<div class=\"uagb-post__text uagb-post__cta wp-block-button\">\n\t\t\t\t<a class=\"wp-block-button__link uagb-text-link\" style=\"\" href=\"https:\/\/astrocomplutense.es\/nova\/observacion-en-yela\/\" target=\"_blank\" rel=\"bookmark noopener noreferrer\">Leer m\u00e1s<\/a>\n\t\t\t<\/div>\n\t\t\t\t\t\t<div class='uagb-post__image'>\n\t\t\t\t\t\t\t\t\t<a href=\"https:\/\/astrocomplutense.es\/nova\/observacion-en-yela\/\" target=\"_blank\" rel=\"bookmark noopener noreferrer\"><img loading=\"lazy\" decoding=\"async\" width=\"2048\" height=\"1537\" src=\"https:\/\/astrocomplutense.es\/nova\/wp-content\/uploads\/2025\/03\/19Mar25-ObsYela-3.jpg\" class=\"attachment-full size-full\" alt=\"\" srcset=\"https:\/\/astrocomplutense.es\/nova\/wp-content\/uploads\/2025\/03\/19Mar25-ObsYela-3.jpg 2048w, https:\/\/astrocomplutense.es\/nova\/wp-content\/uploads\/2025\/03\/19Mar25-ObsYela-3-300x225.jpg 300w, https:\/\/astrocomplutense.es\/nova\/wp-content\/uploads\/2025\/03\/19Mar25-ObsYela-3-1024x769.jpg 1024w, https:\/\/astrocomplutense.es\/nova\/wp-content\/uploads\/2025\/03\/19Mar25-ObsYela-3-768x576.jpg 768w, https:\/\/astrocomplutense.es\/nova\/wp-content\/uploads\/2025\/03\/19Mar25-ObsYela-3-1536x1153.jpg 1536w\" sizes=\"auto, (max-width: 2048px) 100vw, 2048px\" \/>\t\t\t\t\t<\/a>\n\t\t\t\t\t\t\t\t\t<\/div>\n\t\t\t\n\t\t\t\t\t\t\t\t<a class=\"uagb-post__link-complete-box\" href=\"https:\/\/astrocomplutense.es\/nova\/observacion-en-yela\/\" target=\"_blank\" rel=\"bookmark noopener noreferrer\"><\/a>\n\t\t\t\t\t\t\t<\/article>\n\t\t\t\t\t\t\t\t\t\t\t\t\t\t\t\t<article class=\"uagb-post__inner-wrap\">\t\t\t\t\t\t\t\t<h4 class=\"uagb-post__title uagb-post__text\">\n\t\t\t\t<a href=\"https:\/\/astrocomplutense.es\/nova\/efectos-cuanticos\/\" target=\"_blank\" rel=\"bookmark noopener noreferrer\">Efectos cu\u00e1nticos<\/a>\n\t\t\t<\/h4>\n\t\t\t\t\t\t<div class='uagb-post__text uagb-post-grid-byline'>\n\t\t\t\t\t\t\t\t<time datetime=\"2025-02-12T12:56:10+01:00\" class=\"uagb-post__date\">\n\t\t\t\t\t\t\t\t\t12 de febrero de 2025\t\t\t\t<\/time>\n\t\t\t\t\t\t<\/div>\n\t\t\t\t\t\t\t<div class='uagb-post__text uagb-post__excerpt'>\n\t\t\t\t\t<p>Efectos Cu\u00e1nticos Por Eduardo Serrano (12 febrero 2025) Nuestro compa\u00f1ero Eduardo Serrano nos introdujo en&#8230;\t\t\t\t<\/div>\n\t\t\t\t\t\t<div class=\"uagb-post__text uagb-post__cta wp-block-button\">\n\t\t\t\t<a class=\"wp-block-button__link uagb-text-link\" style=\"\" href=\"https:\/\/astrocomplutense.es\/nova\/efectos-cuanticos\/\" target=\"_blank\" rel=\"bookmark noopener noreferrer\">Leer m\u00e1s<\/a>\n\t\t\t<\/div>\n\t\t\t\t\t\t<div class='uagb-post__image'>\n\t\t\t\t\t\t\t\t\t<a href=\"https:\/\/astrocomplutense.es\/nova\/efectos-cuanticos\/\" target=\"_blank\" rel=\"bookmark noopener noreferrer\"><img loading=\"lazy\" decoding=\"async\" width=\"219\" height=\"230\" src=\"https:\/\/astrocomplutense.es\/nova\/wp-content\/uploads\/2025\/02\/ECuanticos12Feb25.jpg\" class=\"attachment-full size-full\" alt=\"\" \/>\t\t\t\t\t<\/a>\n\t\t\t\t\t\t\t\t\t<\/div>\n\t\t\t\n\t\t\t\t\t\t\t\t<a class=\"uagb-post__link-complete-box\" href=\"https:\/\/astrocomplutense.es\/nova\/efectos-cuanticos\/\" target=\"_blank\" rel=\"bookmark noopener noreferrer\"><\/a>\n\t\t\t\t\t\t\t<\/article>\n\t\t\t\t\t\t\t\t\t\t\t\t\t\t\t\t<article class=\"uagb-post__inner-wrap\">\t\t\t\t\t\t\t\t<h4 class=\"uagb-post__title uagb-post__text\">\n\t\t\t\t<a href=\"https:\/\/astrocomplutense.es\/nova\/distritostour-ii\/\" target=\"_blank\" rel=\"bookmark noopener noreferrer\">DistritosTour II<\/a>\n\t\t\t<\/h4>\n\t\t\t\t\t\t<div class='uagb-post__text uagb-post-grid-byline'>\n\t\t\t\t\t\t\t\t<time datetime=\"2025-02-08T17:56:28+01:00\" class=\"uagb-post__date\">\n\t\t\t\t\t\t\t\t\t8 de febrero de 2025\t\t\t\t<\/time>\n\t\t\t\t\t\t<\/div>\n\t\t\t\t\t\t\t<div class='uagb-post__text uagb-post__excerpt'>\n\t\t\t\t\t<p>Distritos Tour II Por AAC (S\u00e1bado 8 de febrero de 2025) Para ser el primer&#8230;\t\t\t\t<\/div>\n\t\t\t\t\t\t<div class=\"uagb-post__text uagb-post__cta wp-block-button\">\n\t\t\t\t<a class=\"wp-block-button__link uagb-text-link\" style=\"\" href=\"https:\/\/astrocomplutense.es\/nova\/distritostour-ii\/\" target=\"_blank\" rel=\"bookmark noopener noreferrer\">Leer m\u00e1s<\/a>\n\t\t\t<\/div>\n\t\t\t\t\t\t<div class='uagb-post__image'>\n\t\t\t\t\t\t\t\t\t<a href=\"https:\/\/astrocomplutense.es\/nova\/distritostour-ii\/\" target=\"_blank\" rel=\"bookmark noopener noreferrer\"><img loading=\"lazy\" decoding=\"async\" width=\"248\" height=\"351\" src=\"https:\/\/astrocomplutense.es\/nova\/wp-content\/uploads\/2025\/02\/cartel_IIpeq.jpg\" class=\"attachment-full size-full\" alt=\"\" srcset=\"https:\/\/astrocomplutense.es\/nova\/wp-content\/uploads\/2025\/02\/cartel_IIpeq.jpg 248w, https:\/\/astrocomplutense.es\/nova\/wp-content\/uploads\/2025\/02\/cartel_IIpeq-212x300.jpg 212w\" sizes=\"auto, (max-width: 248px) 100vw, 248px\" \/>\t\t\t\t\t<\/a>\n\t\t\t\t\t\t\t\t\t<\/div>\n\t\t\t\n\t\t\t\t\t\t\t\t<a class=\"uagb-post__link-complete-box\" href=\"https:\/\/astrocomplutense.es\/nova\/distritostour-ii\/\" target=\"_blank\" rel=\"bookmark noopener noreferrer\"><\/a>\n\t\t\t\t\t\t\t<\/article>\n\t\t\t\t\t\t\t\t\t\t\t\t\t\t\t\t<article class=\"uagb-post__inner-wrap\">\t\t\t\t\t\t\t\t<h4 class=\"uagb-post__title uagb-post__text\">\n\t\t\t\t<a href=\"https:\/\/astrocomplutense.es\/nova\/construccion-de-un-espectrometro-casero\/\" target=\"_blank\" rel=\"bookmark noopener noreferrer\">Construcci\u00f3n de un espectr\u00f3metro casero<\/a>\n\t\t\t<\/h4>\n\t\t\t\t\t\t<div class='uagb-post__text uagb-post-grid-byline'>\n\t\t\t\t\t\t\t\t<time datetime=\"2025-02-05T16:02:27+01:00\" class=\"uagb-post__date\">\n\t\t\t\t\t\t\t\t\t5 de febrero de 2025\t\t\t\t<\/time>\n\t\t\t\t\t\t<\/div>\n\t\t\t\t\t\t\t<div class='uagb-post__text uagb-post__excerpt'>\n\t\t\t\t\t<p>Construcci\u00f3n de un espectr\u00f3metro casero Por Javier Casado (5 febrero 2025) Dise\u00f1o y construcci\u00f3n de&#8230;\t\t\t\t<\/div>\n\t\t\t\t\t\t<div class=\"uagb-post__text uagb-post__cta wp-block-button\">\n\t\t\t\t<a class=\"wp-block-button__link uagb-text-link\" style=\"\" href=\"https:\/\/astrocomplutense.es\/nova\/construccion-de-un-espectrometro-casero\/\" target=\"_blank\" rel=\"bookmark noopener noreferrer\">Leer m\u00e1s<\/a>\n\t\t\t<\/div>\n\t\t\t\t\t\t<div class='uagb-post__image'>\n\t\t\t\t\t\t\t\t\t<a href=\"https:\/\/astrocomplutense.es\/nova\/construccion-de-un-espectrometro-casero\/\" target=\"_blank\" rel=\"bookmark noopener noreferrer\"><img loading=\"lazy\" decoding=\"async\" width=\"225\" height=\"300\" src=\"https:\/\/astrocomplutense.es\/nova\/wp-content\/uploads\/2025\/02\/espectrometroPeq.jpg\" class=\"attachment-full size-full\" alt=\"\" \/>\t\t\t\t\t<\/a>\n\t\t\t\t\t\t\t\t\t<\/div>\n\t\t\t\n\t\t\t\t\t\t\t\t<a class=\"uagb-post__link-complete-box\" href=\"https:\/\/astrocomplutense.es\/nova\/construccion-de-un-espectrometro-casero\/\" target=\"_blank\" rel=\"bookmark noopener noreferrer\"><\/a>\n\t\t\t\t\t\t\t<\/article>\n\t\t\t\t\t\t\t\t\t\t\t\t\t\t\t\t<article class=\"uagb-post__inner-wrap\">\t\t\t\t\t\t\t\t<h4 class=\"uagb-post__title uagb-post__text\">\n\t\t\t\t<a href=\"https:\/\/astrocomplutense.es\/nova\/la-luna-de-marian\/\" target=\"_blank\" rel=\"bookmark noopener noreferrer\">La Luna de Marian<\/a>\n\t\t\t<\/h4>\n\t\t\t\t\t\t<div class='uagb-post__text uagb-post-grid-byline'>\n\t\t\t\t\t\t\t\t<time datetime=\"2025-01-29T12:04:41+01:00\" class=\"uagb-post__date\">\n\t\t\t\t\t\t\t\t\t29 de enero de 2025\t\t\t\t<\/time>\n\t\t\t\t\t\t<\/div>\n\t\t\t\t\t\t\t<div class='uagb-post__text uagb-post__excerpt'>\n\t\t\t\t\t<p>El beso de la Luna Por Marian Mart\u00ednez (29 enero 2025) Una exposici\u00f3n sobre Selene&#8230;\t\t\t\t<\/div>\n\t\t\t\t\t\t<div class=\"uagb-post__text uagb-post__cta wp-block-button\">\n\t\t\t\t<a class=\"wp-block-button__link uagb-text-link\" style=\"\" href=\"https:\/\/astrocomplutense.es\/nova\/la-luna-de-marian\/\" target=\"_blank\" rel=\"bookmark noopener noreferrer\">Leer m\u00e1s<\/a>\n\t\t\t<\/div>\n\t\t\t\t\t\t<div class='uagb-post__image'>\n\t\t\t\t\t\t\t\t\t<a href=\"https:\/\/astrocomplutense.es\/nova\/la-luna-de-marian\/\" target=\"_blank\" rel=\"bookmark noopener noreferrer\"><img loading=\"lazy\" decoding=\"async\" width=\"2560\" height=\"1920\" src=\"https:\/\/astrocomplutense.es\/nova\/wp-content\/uploads\/2024\/05\/53736107766_ef7d6a8008_4k-scaled.jpg\" class=\"attachment-full size-full\" alt=\"\" srcset=\"https:\/\/astrocomplutense.es\/nova\/wp-content\/uploads\/2024\/05\/53736107766_ef7d6a8008_4k-scaled.jpg 2560w, https:\/\/astrocomplutense.es\/nova\/wp-content\/uploads\/2024\/05\/53736107766_ef7d6a8008_4k-300x225.jpg 300w, https:\/\/astrocomplutense.es\/nova\/wp-content\/uploads\/2024\/05\/53736107766_ef7d6a8008_4k-1024x768.jpg 1024w, https:\/\/astrocomplutense.es\/nova\/wp-content\/uploads\/2024\/05\/53736107766_ef7d6a8008_4k-768x576.jpg 768w, https:\/\/astrocomplutense.es\/nova\/wp-content\/uploads\/2024\/05\/53736107766_ef7d6a8008_4k-1536x1152.jpg 1536w, https:\/\/astrocomplutense.es\/nova\/wp-content\/uploads\/2024\/05\/53736107766_ef7d6a8008_4k-2048x1536.jpg 2048w\" sizes=\"auto, (max-width: 2560px) 100vw, 2560px\" \/>\t\t\t\t\t<\/a>\n\t\t\t\t\t\t\t\t\t<\/div>\n\t\t\t\n\t\t\t\t\t\t\t\t<a class=\"uagb-post__link-complete-box\" href=\"https:\/\/astrocomplutense.es\/nova\/la-luna-de-marian\/\" target=\"_blank\" rel=\"bookmark noopener noreferrer\"><\/a>\n\t\t\t\t\t\t\t<\/article>\n\t\t\t\t\t\t\t\t\t\t\t\t\t\t\t\t<article class=\"uagb-post__inner-wrap\">\t\t\t\t\t\t\t\t<h4 class=\"uagb-post__title uagb-post__text\">\n\t\t\t\t<a href=\"https:\/\/astrocomplutense.es\/nova\/documental-con-coloquio\/\" target=\"_blank\" rel=\"bookmark noopener noreferrer\">Documental con coloquio<\/a>\n\t\t\t<\/h4>\n\t\t\t\t\t\t<div class='uagb-post__text uagb-post-grid-byline'>\n\t\t\t\t\t\t\t\t<time datetime=\"2025-01-22T11:42:26+01:00\" class=\"uagb-post__date\">\n\t\t\t\t\t\t\t\t\t22 de enero de 2025\t\t\t\t<\/time>\n\t\t\t\t\t\t<\/div>\n\t\t\t\t\t\t\t<div class='uagb-post__text uagb-post__excerpt'>\n\t\t\t\t\t<p>Documental con coloquio Por AAC (22 enero 2025) Como no pudimos salir a observar por&#8230;\t\t\t\t<\/div>\n\t\t\t\t\t\t<div class=\"uagb-post__text uagb-post__cta wp-block-button\">\n\t\t\t\t<a class=\"wp-block-button__link uagb-text-link\" style=\"\" href=\"https:\/\/astrocomplutense.es\/nova\/documental-con-coloquio\/\" target=\"_blank\" rel=\"bookmark noopener noreferrer\">Leer m\u00e1s<\/a>\n\t\t\t<\/div>\n\t\t\t\t\t\t<div class='uagb-post__image'>\n\t\t\t\t\t\t\t\t\t<a href=\"https:\/\/astrocomplutense.es\/nova\/documental-con-coloquio\/\" target=\"_blank\" rel=\"bookmark noopener noreferrer\"><img loading=\"lazy\" decoding=\"async\" width=\"1041\" height=\"1052\" src=\"https:\/\/astrocomplutense.es\/nova\/wp-content\/uploads\/2024\/11\/nebulosa.jpg\" class=\"attachment-full size-full\" alt=\"\" srcset=\"https:\/\/astrocomplutense.es\/nova\/wp-content\/uploads\/2024\/11\/nebulosa.jpg 1041w, https:\/\/astrocomplutense.es\/nova\/wp-content\/uploads\/2024\/11\/nebulosa-297x300.jpg 297w, https:\/\/astrocomplutense.es\/nova\/wp-content\/uploads\/2024\/11\/nebulosa-1013x1024.jpg 1013w, https:\/\/astrocomplutense.es\/nova\/wp-content\/uploads\/2024\/11\/nebulosa-768x776.jpg 768w\" sizes=\"auto, (max-width: 1041px) 100vw, 1041px\" \/>\t\t\t\t\t<\/a>\n\t\t\t\t\t\t\t\t\t<\/div>\n\t\t\t\n\t\t\t\t\t\t\t\t<a class=\"uagb-post__link-complete-box\" href=\"https:\/\/astrocomplutense.es\/nova\/documental-con-coloquio\/\" target=\"_blank\" rel=\"bookmark noopener noreferrer\"><\/a>\n\t\t\t\t\t\t\t<\/article>\n\t\t\t\t\t\t\t\t\t\t\t\t\t\t\t\t<article class=\"uagb-post__inner-wrap\">\t\t\t\t\t\t\t\t<h4 class=\"uagb-post__title uagb-post__text\">\n\t\t\t\t<a href=\"https:\/\/astrocomplutense.es\/nova\/astrocacharros\/\" target=\"_blank\" rel=\"bookmark noopener noreferrer\">Astrocacharros<\/a>\n\t\t\t<\/h4>\n\t\t\t\t\t\t<div class='uagb-post__text uagb-post-grid-byline'>\n\t\t\t\t\t\t\t\t<time datetime=\"2025-01-18T00:49:13+01:00\" class=\"uagb-post__date\">\n\t\t\t\t\t\t\t\t\t18 de enero de 2025\t\t\t\t<\/time>\n\t\t\t\t\t\t<\/div>\n\t\t\t\t\t\t\t<div class='uagb-post__text uagb-post__excerpt'>\n\t\t\t\t\t<p>Astrocacharros Por Kike Gonz\u00e1lez (18 enero 2025) El s\u00e1bado 18 de enero de 2025,&nbsp;por&nbsp;la&nbsp;ma\u00f1ana entre&#8230;\t\t\t\t<\/div>\n\t\t\t\t\t\t<div class=\"uagb-post__text uagb-post__cta wp-block-button\">\n\t\t\t\t<a class=\"wp-block-button__link uagb-text-link\" style=\"\" href=\"https:\/\/astrocomplutense.es\/nova\/astrocacharros\/\" target=\"_blank\" rel=\"bookmark noopener noreferrer\">Leer m\u00e1s<\/a>\n\t\t\t<\/div>\n\t\t\t\t\t\t<div class='uagb-post__image'>\n\t\t\t\t\t\t\t\t\t<a href=\"https:\/\/astrocomplutense.es\/nova\/astrocacharros\/\" target=\"_blank\" rel=\"bookmark noopener noreferrer\"><img loading=\"lazy\" decoding=\"async\" width=\"1683\" height=\"1187\" src=\"https:\/\/astrocomplutense.es\/nova\/wp-content\/uploads\/2025\/01\/astrocacharritosPeq.jpg\" class=\"attachment-full size-full\" alt=\"\" srcset=\"https:\/\/astrocomplutense.es\/nova\/wp-content\/uploads\/2025\/01\/astrocacharritosPeq.jpg 1683w, https:\/\/astrocomplutense.es\/nova\/wp-content\/uploads\/2025\/01\/astrocacharritosPeq-300x212.jpg 300w, https:\/\/astrocomplutense.es\/nova\/wp-content\/uploads\/2025\/01\/astrocacharritosPeq-1024x722.jpg 1024w, https:\/\/astrocomplutense.es\/nova\/wp-content\/uploads\/2025\/01\/astrocacharritosPeq-768x542.jpg 768w, https:\/\/astrocomplutense.es\/nova\/wp-content\/uploads\/2025\/01\/astrocacharritosPeq-1536x1083.jpg 1536w\" sizes=\"auto, (max-width: 1683px) 100vw, 1683px\" \/>\t\t\t\t\t<\/a>\n\t\t\t\t\t\t\t\t\t<\/div>\n\t\t\t\n\t\t\t\t\t\t\t\t<a class=\"uagb-post__link-complete-box\" href=\"https:\/\/astrocomplutense.es\/nova\/astrocacharros\/\" target=\"_blank\" rel=\"bookmark noopener noreferrer\"><\/a>\n\t\t\t\t\t\t\t<\/article>\n\t\t\t\t\t\t\t\t\t\t\t\t\t\t\t\t<article class=\"uagb-post__inner-wrap\">\t\t\t\t\t\t\t\t<h4 class=\"uagb-post__title uagb-post__text\">\n\t\t\t\t<a href=\"https:\/\/astrocomplutense.es\/nova\/efemerides-2025\/\" target=\"_blank\" rel=\"bookmark noopener noreferrer\">Efem\u00e9rides 2025<\/a>\n\t\t\t<\/h4>\n\t\t\t\t\t\t<div class='uagb-post__text uagb-post-grid-byline'>\n\t\t\t\t\t\t\t\t<time datetime=\"2025-01-08T09:46:00+01:00\" class=\"uagb-post__date\">\n\t\t\t\t\t\t\t\t\t8 de enero de 2025\t\t\t\t<\/time>\n\t\t\t\t\t\t<\/div>\n\t\t\t\t\t\t\t<div class='uagb-post__text uagb-post__excerpt'>\n\t\t\t\t\t<p>Efem\u00e9rides 2025 Por Fernando L. Garc\u00eda (8 enero 2025) Nuestro compa\u00f1ero Fernando, (Figarci entre nosotros)&#8230;\t\t\t\t<\/div>\n\t\t\t\t\t\t<div class=\"uagb-post__text uagb-post__cta wp-block-button\">\n\t\t\t\t<a class=\"wp-block-button__link uagb-text-link\" style=\"\" href=\"https:\/\/astrocomplutense.es\/nova\/efemerides-2025\/\" target=\"_blank\" rel=\"bookmark noopener noreferrer\">Leer m\u00e1s<\/a>\n\t\t\t<\/div>\n\t\t\t\t\t\t<div class='uagb-post__image'>\n\t\t\t\t\t\t\t\t\t<a href=\"https:\/\/astrocomplutense.es\/nova\/efemerides-2025\/\" target=\"_blank\" rel=\"bookmark noopener noreferrer\"><img loading=\"lazy\" decoding=\"async\" width=\"512\" height=\"512\" src=\"https:\/\/astrocomplutense.es\/nova\/wp-content\/uploads\/2024\/01\/Calendario.jpg\" class=\"attachment-full size-full\" alt=\"\" srcset=\"https:\/\/astrocomplutense.es\/nova\/wp-content\/uploads\/2024\/01\/Calendario.jpg 512w, https:\/\/astrocomplutense.es\/nova\/wp-content\/uploads\/2024\/01\/Calendario-300x300.jpg 300w, https:\/\/astrocomplutense.es\/nova\/wp-content\/uploads\/2024\/01\/Calendario-150x150.jpg 150w\" sizes=\"auto, (max-width: 512px) 100vw, 512px\" \/>\t\t\t\t\t<\/a>\n\t\t\t\t\t\t\t\t\t<\/div>\n\t\t\t\n\t\t\t\t\t\t\t\t<a class=\"uagb-post__link-complete-box\" href=\"https:\/\/astrocomplutense.es\/nova\/efemerides-2025\/\" target=\"_blank\" rel=\"bookmark noopener noreferrer\"><\/a>\n\t\t\t\t\t\t\t<\/article>\n\t\t\t\t\t\t\t\t\t\t\t<\/div>\n\t\t\t<\/div><\/div>\n\n\n\n<div style=\"height:31px\" aria-hidden=\"true\" class=\"wp-block-spacer\"><\/div>\n\n\n\n<div class=\"wp-block-uagb-container uagb-block-682473e0 alignfull uagb-is-root-container\"><div class=\"uagb-container-inner-blocks-wrap\">\n<div style=\"height:15px\" aria-hidden=\"true\" class=\"wp-block-spacer\"><\/div>\n\n\n\n<h2 class=\"wp-block-heading has-text-color\" style=\"color:#27272b;padding-top:0;padding-right:var(--wp--preset--spacing--70);padding-bottom:0;padding-left:var(--wp--preset--spacing--70);font-size:33px\">A\u00f1o 2024<\/h2>\n\n\n\n\t\t\t<div class=\"wp-block-uagb-post-carousel uagb-post-grid  uagb-post__image-position-background uagb-post__image-enabled uagb-block-dfea304d     uagb-post__arrow-outside uagb-slick-carousel uagb-post__items uagb-post__columns-4 is-carousel uagb-post__columns-tablet-2 uagb-post__columns-mobile-1 uagb-post__carousel_equal-height\" data-total=\"1\" style=\"\">\n\n\t\t\t\t\t\t\t\t\t\t\t\t<article class=\"uagb-post__inner-wrap\">\t\t\t\t\t\t\t\t<h4 class=\"uagb-post__title uagb-post__text\">\n\t\t\t\t<a href=\"https:\/\/astrocomplutense.es\/nova\/observacion-solar-en-el-c-c-galatea\/\" target=\"_blank\" rel=\"bookmark noopener noreferrer\">Observaci\u00f3n Solar en el C.C Galatea<\/a>\n\t\t\t<\/h4>\n\t\t\t\t\t\t<div class='uagb-post__text uagb-post-grid-byline'>\n\t\t\t\t\t\t\t\t<time datetime=\"2024-12-28T09:00:45+01:00\" class=\"uagb-post__date\">\n\t\t\t\t\t\t\t\t\t28 de diciembre de 2024\t\t\t\t<\/time>\n\t\t\t\t\t\t<\/div>\n\t\t\t\t\t\t\t<div class='uagb-post__text uagb-post__excerpt'>\n\t\t\t\t\t<p>Observaci\u00f3n Solar en el C.C Galatea Por AAC (28 diciembre 2024) Observaci\u00f3n solar desde el&#8230;\t\t\t\t<\/div>\n\t\t\t\t\t\t<div class=\"uagb-post__text uagb-post__cta wp-block-button\">\n\t\t\t\t<a class=\"wp-block-button__link uagb-text-link\" style=\"\" href=\"https:\/\/astrocomplutense.es\/nova\/observacion-solar-en-el-c-c-galatea\/\" target=\"_blank\" rel=\"bookmark noopener noreferrer\">Leer m\u00e1s<\/a>\n\t\t\t<\/div>\n\t\t\t\t\t\t<div class='uagb-post__image'>\n\t\t\t\t\t\t\t\t\t<a href=\"https:\/\/astrocomplutense.es\/nova\/observacion-solar-en-el-c-c-galatea\/\" target=\"_blank\" rel=\"bookmark noopener noreferrer\"><img loading=\"lazy\" decoding=\"async\" width=\"199\" height=\"281\" src=\"https:\/\/astrocomplutense.es\/nova\/wp-content\/uploads\/2025\/01\/ObservacionSolarPeq-1.jpg\" class=\"attachment-full size-full\" alt=\"\" \/>\t\t\t\t\t<\/a>\n\t\t\t\t\t\t\t\t\t<\/div>\n\t\t\t\n\t\t\t\t\t\t\t\t<a class=\"uagb-post__link-complete-box\" href=\"https:\/\/astrocomplutense.es\/nova\/observacion-solar-en-el-c-c-galatea\/\" target=\"_blank\" rel=\"bookmark noopener noreferrer\"><\/a>\n\t\t\t\t\t\t\t<\/article>\n\t\t\t\t\t\t\t\t\t\t\t\t\t\t\t\t<article class=\"uagb-post__inner-wrap\">\t\t\t\t\t\t\t\t<h4 class=\"uagb-post__title uagb-post__text\">\n\t\t\t\t<a href=\"https:\/\/astrocomplutense.es\/nova\/goto-sin-goto\/\" target=\"_blank\" rel=\"bookmark noopener noreferrer\">Goto sin goto<\/a>\n\t\t\t<\/h4>\n\t\t\t\t\t\t<div class='uagb-post__text uagb-post-grid-byline'>\n\t\t\t\t\t\t\t\t<time datetime=\"2024-12-14T09:07:21+01:00\" class=\"uagb-post__date\">\n\t\t\t\t\t\t\t\t\t14 de diciembre de 2024\t\t\t\t<\/time>\n\t\t\t\t\t\t<\/div>\n\t\t\t\t\t\t\t<div class='uagb-post__text uagb-post__excerpt'>\n\t\t\t\t\t<p>Goto sin goto Por Francisco Galv\u00e1n (11 diciembre 2024) Los actuales tel\u00e9fonos m\u00f3viles y tablets&#8230;\t\t\t\t<\/div>\n\t\t\t\t\t\t<div class=\"uagb-post__text uagb-post__cta wp-block-button\">\n\t\t\t\t<a class=\"wp-block-button__link uagb-text-link\" style=\"\" href=\"https:\/\/astrocomplutense.es\/nova\/goto-sin-goto\/\" target=\"_blank\" rel=\"bookmark noopener noreferrer\">Leer m\u00e1s<\/a>\n\t\t\t<\/div>\n\t\t\t\t\t\t<div class='uagb-post__image'>\n\t\t\t\t\t\t\t\t\t<a href=\"https:\/\/astrocomplutense.es\/nova\/goto-sin-goto\/\" target=\"_blank\" rel=\"bookmark noopener noreferrer\"><img loading=\"lazy\" decoding=\"async\" width=\"95\" height=\"103\" src=\"https:\/\/astrocomplutense.es\/nova\/wp-content\/uploads\/2024\/12\/Telesingoto.jpg\" class=\"attachment-full size-full\" alt=\"\" \/>\t\t\t\t\t<\/a>\n\t\t\t\t\t\t\t\t\t<\/div>\n\t\t\t\n\t\t\t\t\t\t\t\t<a class=\"uagb-post__link-complete-box\" href=\"https:\/\/astrocomplutense.es\/nova\/goto-sin-goto\/\" target=\"_blank\" rel=\"bookmark noopener noreferrer\"><\/a>\n\t\t\t\t\t\t\t<\/article>\n\t\t\t\t\t\t\t\t\t\t\t\t\t\t\t\t<article class=\"uagb-post__inner-wrap\">\t\t\t\t\t\t\t\t<h4 class=\"uagb-post__title uagb-post__text\">\n\t\t\t\t<a href=\"https:\/\/astrocomplutense.es\/nova\/el-olvidado-proyecto-messier\/\" target=\"_blank\" rel=\"bookmark noopener noreferrer\">El olvidado proyecto Messier<\/a>\n\t\t\t<\/h4>\n\t\t\t\t\t\t<div class='uagb-post__text uagb-post-grid-byline'>\n\t\t\t\t\t\t\t\t<time datetime=\"2024-12-04T21:48:59+01:00\" class=\"uagb-post__date\">\n\t\t\t\t\t\t\t\t\t4 de diciembre de 2024\t\t\t\t<\/time>\n\t\t\t\t\t\t<\/div>\n\t\t\t\t\t\t\t<div class='uagb-post__text uagb-post__excerpt'>\n\t\t\t\t\t<p>El olvidado proyecto Messier Por Manuel Talero y Marian Mart\u00ednez (4 diciembre 2024) Hace tiempo&#8230;\t\t\t\t<\/div>\n\t\t\t\t\t\t<div class=\"uagb-post__text uagb-post__cta wp-block-button\">\n\t\t\t\t<a class=\"wp-block-button__link uagb-text-link\" style=\"\" href=\"https:\/\/astrocomplutense.es\/nova\/el-olvidado-proyecto-messier\/\" target=\"_blank\" rel=\"bookmark noopener noreferrer\">Leer m\u00e1s<\/a>\n\t\t\t<\/div>\n\t\t\t\t\t\t<div class='uagb-post__image'>\n\t\t\t\t\t\t\t\t\t<a href=\"https:\/\/astrocomplutense.es\/nova\/el-olvidado-proyecto-messier\/\" target=\"_blank\" rel=\"bookmark noopener noreferrer\"><img loading=\"lazy\" decoding=\"async\" width=\"217\" height=\"283\" src=\"https:\/\/astrocomplutense.es\/nova\/wp-content\/uploads\/2024\/12\/ProMessier.jpg\" class=\"attachment-full size-full\" alt=\"\" \/>\t\t\t\t\t<\/a>\n\t\t\t\t\t\t\t\t\t<\/div>\n\t\t\t\n\t\t\t\t\t\t\t\t<a class=\"uagb-post__link-complete-box\" href=\"https:\/\/astrocomplutense.es\/nova\/el-olvidado-proyecto-messier\/\" target=\"_blank\" rel=\"bookmark noopener noreferrer\"><\/a>\n\t\t\t\t\t\t\t<\/article>\n\t\t\t\t\t\t\t\t\t\t\t\t\t\t\t\t<article class=\"uagb-post__inner-wrap\">\t\t\t\t\t\t\t\t<h4 class=\"uagb-post__title uagb-post__text\">\n\t\t\t\t<a href=\"https:\/\/astrocomplutense.es\/nova\/coloquio-sobre-marte\/\" target=\"_blank\" rel=\"bookmark noopener noreferrer\">Coloquio sobre Marte<\/a>\n\t\t\t<\/h4>\n\t\t\t\t\t\t<div class='uagb-post__text uagb-post-grid-byline'>\n\t\t\t\t\t\t\t\t<time datetime=\"2024-11-27T21:27:12+01:00\" class=\"uagb-post__date\">\n\t\t\t\t\t\t\t\t\t27 de noviembre de 2024\t\t\t\t<\/time>\n\t\t\t\t\t\t<\/div>\n\t\t\t\t\t\t\t<div class='uagb-post__text uagb-post__excerpt'>\n\t\t\t\t\t<p>Coloquio sobre Marte Moderado por Manuel Talero (27 de noviembre 2024) Coloquio sobre el planeta&#8230;\t\t\t\t<\/div>\n\t\t\t\t\t\t<div class=\"uagb-post__text uagb-post__cta wp-block-button\">\n\t\t\t\t<a class=\"wp-block-button__link uagb-text-link\" style=\"\" href=\"https:\/\/astrocomplutense.es\/nova\/coloquio-sobre-marte\/\" target=\"_blank\" rel=\"bookmark noopener noreferrer\">Leer m\u00e1s<\/a>\n\t\t\t<\/div>\n\t\t\t\t\t\t<div class='uagb-post__image'>\n\t\t\t\t\t\t\t\t\t<a href=\"https:\/\/astrocomplutense.es\/nova\/coloquio-sobre-marte\/\" target=\"_blank\" rel=\"bookmark noopener noreferrer\"><img loading=\"lazy\" decoding=\"async\" width=\"420\" height=\"420\" src=\"https:\/\/astrocomplutense.es\/nova\/wp-content\/uploads\/2024\/12\/Marte.jpg\" class=\"attachment-full size-full\" alt=\"\" srcset=\"https:\/\/astrocomplutense.es\/nova\/wp-content\/uploads\/2024\/12\/Marte.jpg 420w, https:\/\/astrocomplutense.es\/nova\/wp-content\/uploads\/2024\/12\/Marte-300x300.jpg 300w, https:\/\/astrocomplutense.es\/nova\/wp-content\/uploads\/2024\/12\/Marte-150x150.jpg 150w\" sizes=\"auto, (max-width: 420px) 100vw, 420px\" \/>\t\t\t\t\t<\/a>\n\t\t\t\t\t\t\t\t\t<\/div>\n\t\t\t\n\t\t\t\t\t\t\t\t<a class=\"uagb-post__link-complete-box\" href=\"https:\/\/astrocomplutense.es\/nova\/coloquio-sobre-marte\/\" target=\"_blank\" rel=\"bookmark noopener noreferrer\"><\/a>\n\t\t\t\t\t\t\t<\/article>\n\t\t\t\t\t\t\t\t\t\t\t\t\t\t\t\t<article class=\"uagb-post__inner-wrap\">\t\t\t\t\t\t\t\t<h4 class=\"uagb-post__title uagb-post__text\">\n\t\t\t\t<a href=\"https:\/\/astrocomplutense.es\/nova\/nebulosas-y-mas\/\" target=\"_blank\" rel=\"bookmark noopener noreferrer\">Nebulosas, y m\u00e1s<\/a>\n\t\t\t<\/h4>\n\t\t\t\t\t\t<div class='uagb-post__text uagb-post-grid-byline'>\n\t\t\t\t\t\t\t\t<time datetime=\"2024-11-20T11:22:21+01:00\" class=\"uagb-post__date\">\n\t\t\t\t\t\t\t\t\t20 de noviembre de 2024\t\t\t\t<\/time>\n\t\t\t\t\t\t<\/div>\n\t\t\t\t\t\t\t<div class='uagb-post__text uagb-post__excerpt'>\n\t\t\t\t\t<p>Evoluci\u00f3n y din\u00e1mica de las nebulosas Por Eduardo Serrano (20 noviembre 2024) Una interesante charla&#8230;\t\t\t\t<\/div>\n\t\t\t\t\t\t<div class=\"uagb-post__text uagb-post__cta wp-block-button\">\n\t\t\t\t<a class=\"wp-block-button__link uagb-text-link\" style=\"\" href=\"https:\/\/astrocomplutense.es\/nova\/nebulosas-y-mas\/\" target=\"_blank\" rel=\"bookmark noopener noreferrer\">Leer m\u00e1s<\/a>\n\t\t\t<\/div>\n\t\t\t\t\t\t<div class='uagb-post__image'>\n\t\t\t\t\t\t\t\t\t<a href=\"https:\/\/astrocomplutense.es\/nova\/nebulosas-y-mas\/\" target=\"_blank\" rel=\"bookmark noopener noreferrer\"><img loading=\"lazy\" decoding=\"async\" width=\"1041\" height=\"1052\" src=\"https:\/\/astrocomplutense.es\/nova\/wp-content\/uploads\/2024\/11\/nebulosa.jpg\" class=\"attachment-full size-full\" alt=\"\" srcset=\"https:\/\/astrocomplutense.es\/nova\/wp-content\/uploads\/2024\/11\/nebulosa.jpg 1041w, https:\/\/astrocomplutense.es\/nova\/wp-content\/uploads\/2024\/11\/nebulosa-297x300.jpg 297w, https:\/\/astrocomplutense.es\/nova\/wp-content\/uploads\/2024\/11\/nebulosa-1013x1024.jpg 1013w, https:\/\/astrocomplutense.es\/nova\/wp-content\/uploads\/2024\/11\/nebulosa-768x776.jpg 768w\" sizes=\"auto, (max-width: 1041px) 100vw, 1041px\" \/>\t\t\t\t\t<\/a>\n\t\t\t\t\t\t\t\t\t<\/div>\n\t\t\t\n\t\t\t\t\t\t\t\t<a class=\"uagb-post__link-complete-box\" href=\"https:\/\/astrocomplutense.es\/nova\/nebulosas-y-mas\/\" target=\"_blank\" rel=\"bookmark noopener noreferrer\"><\/a>\n\t\t\t\t\t\t\t<\/article>\n\t\t\t\t\t\t\t\t\t\t\t\t\t\t\t\t<article class=\"uagb-post__inner-wrap\">\t\t\t\t\t\t\t\t<h4 class=\"uagb-post__title uagb-post__text\">\n\t\t\t\t<a href=\"https:\/\/astrocomplutense.es\/nova\/contaminacion-luminica-estamos-perdiendo-la-noche\/\" target=\"_blank\" rel=\"bookmark noopener noreferrer\">Contaminaci\u00f3n lum\u00ednica, estamos perdiendo la noche<\/a>\n\t\t\t<\/h4>\n\t\t\t\t\t\t<div class='uagb-post__text uagb-post-grid-byline'>\n\t\t\t\t\t\t\t\t<time datetime=\"2024-11-13T10:51:36+01:00\" class=\"uagb-post__date\">\n\t\t\t\t\t\t\t\t\t13 de noviembre de 2024\t\t\t\t<\/time>\n\t\t\t\t\t\t<\/div>\n\t\t\t\t\t\t\t<div class='uagb-post__text uagb-post__excerpt'>\n\t\t\t\t\t<p>Contaminaci\u00f3n lum\u00ednica, estamos perdiendo la noche Por Fernando L. Garc\u00eda (13 noviembre 2024) \u00bfEstamos perdiendo&#8230;\t\t\t\t<\/div>\n\t\t\t\t\t\t<div class=\"uagb-post__text uagb-post__cta wp-block-button\">\n\t\t\t\t<a class=\"wp-block-button__link uagb-text-link\" style=\"\" href=\"https:\/\/astrocomplutense.es\/nova\/contaminacion-luminica-estamos-perdiendo-la-noche\/\" target=\"_blank\" rel=\"bookmark noopener noreferrer\">Leer m\u00e1s<\/a>\n\t\t\t<\/div>\n\t\t\t\t\t\t<div class='uagb-post__image'>\n\t\t\t\t\t\t\t\t\t<a href=\"https:\/\/astrocomplutense.es\/nova\/contaminacion-luminica-estamos-perdiendo-la-noche\/\" target=\"_blank\" rel=\"bookmark noopener noreferrer\"><img loading=\"lazy\" decoding=\"async\" width=\"281\" height=\"187\" src=\"https:\/\/astrocomplutense.es\/nova\/wp-content\/uploads\/2024\/11\/13Nov24.jpg\" class=\"attachment-full size-full\" alt=\"\" \/>\t\t\t\t\t<\/a>\n\t\t\t\t\t\t\t\t\t<\/div>\n\t\t\t\n\t\t\t\t\t\t\t\t<a class=\"uagb-post__link-complete-box\" href=\"https:\/\/astrocomplutense.es\/nova\/contaminacion-luminica-estamos-perdiendo-la-noche\/\" target=\"_blank\" rel=\"bookmark noopener noreferrer\"><\/a>\n\t\t\t\t\t\t\t<\/article>\n\t\t\t\t\t\t\t\t\t\t\t\t\t\t\t\t<article class=\"uagb-post__inner-wrap\">\t\t\t\t\t\t\t\t<h4 class=\"uagb-post__title uagb-post__text\">\n\t\t\t\t<a href=\"https:\/\/astrocomplutense.es\/nova\/asterismos-del-triangulo-en-el-cielo-mitologia\/\" target=\"_blank\" rel=\"bookmark noopener noreferrer\">Asterismos del Tri\u00e1ngulo en el cielo. Mitolog\u00eda<\/a>\n\t\t\t<\/h4>\n\t\t\t\t\t\t<div class='uagb-post__text uagb-post-grid-byline'>\n\t\t\t\t\t\t\t\t<time datetime=\"2024-10-16T12:16:16+02:00\" class=\"uagb-post__date\">\n\t\t\t\t\t\t\t\t\t16 de octubre de 2024\t\t\t\t<\/time>\n\t\t\t\t\t\t<\/div>\n\t\t\t\t\t\t\t<div class='uagb-post__text uagb-post__excerpt'>\n\t\t\t\t\t<p>Asterismos del Tri\u00e1ngulo en el cielo. Mitolog\u00eda Por Lourdes Cayado (16 octubre 2024) Un asterismo&#8230;\t\t\t\t<\/div>\n\t\t\t\t\t\t<div class=\"uagb-post__text uagb-post__cta wp-block-button\">\n\t\t\t\t<a class=\"wp-block-button__link uagb-text-link\" style=\"\" href=\"https:\/\/astrocomplutense.es\/nova\/asterismos-del-triangulo-en-el-cielo-mitologia\/\" target=\"_blank\" rel=\"bookmark noopener noreferrer\">Leer m\u00e1s<\/a>\n\t\t\t<\/div>\n\t\t\t\t\t\t<div class='uagb-post__image'>\n\t\t\t\t\t\t\t\t\t<a href=\"https:\/\/astrocomplutense.es\/nova\/asterismos-del-triangulo-en-el-cielo-mitologia\/\" target=\"_blank\" rel=\"bookmark noopener noreferrer\"><img loading=\"lazy\" decoding=\"async\" width=\"196\" height=\"154\" src=\"https:\/\/astrocomplutense.es\/nova\/wp-content\/uploads\/2024\/10\/asterismosTriangulos.png\" class=\"attachment-full size-full\" alt=\"\" \/>\t\t\t\t\t<\/a>\n\t\t\t\t\t\t\t\t\t<\/div>\n\t\t\t\n\t\t\t\t\t\t\t\t<a class=\"uagb-post__link-complete-box\" href=\"https:\/\/astrocomplutense.es\/nova\/asterismos-del-triangulo-en-el-cielo-mitologia\/\" target=\"_blank\" rel=\"bookmark noopener noreferrer\"><\/a>\n\t\t\t\t\t\t\t<\/article>\n\t\t\t\t\t\t\t\t\t\t\t\t\t\t\t\t<article class=\"uagb-post__inner-wrap\">\t\t\t\t\t\t\t\t<h4 class=\"uagb-post__title uagb-post__text\">\n\t\t\t\t<a href=\"https:\/\/astrocomplutense.es\/nova\/efemerides-2025-primer-semestre\/\" target=\"_blank\" rel=\"bookmark noopener noreferrer\">Efem\u00e9rides 2025 primer semestre<\/a>\n\t\t\t<\/h4>\n\t\t\t\t\t\t<div class='uagb-post__text uagb-post-grid-byline'>\n\t\t\t\t\t\t\t\t<time datetime=\"2024-10-02T09:21:38+02:00\" class=\"uagb-post__date\">\n\t\t\t\t\t\t\t\t\t2 de octubre de 2024\t\t\t\t<\/time>\n\t\t\t\t\t\t<\/div>\n\t\t\t\t\t\t\t<div class='uagb-post__text uagb-post__excerpt'>\n\t\t\t\t\t<p>Efem\u00e9rides 2025, primer semestre Por Fernando L. Garc\u00eda (2 Octubre 2024) Presentaci\u00f3n de los eventos&#8230;\t\t\t\t<\/div>\n\t\t\t\t\t\t<div class=\"uagb-post__text uagb-post__cta wp-block-button\">\n\t\t\t\t<a class=\"wp-block-button__link uagb-text-link\" style=\"\" href=\"https:\/\/astrocomplutense.es\/nova\/efemerides-2025-primer-semestre\/\" target=\"_blank\" rel=\"bookmark noopener noreferrer\">Leer m\u00e1s<\/a>\n\t\t\t<\/div>\n\t\t\t\t\t\t<div class='uagb-post__image'>\n\t\t\t\t\t\t\t\t\t<a href=\"https:\/\/astrocomplutense.es\/nova\/efemerides-2025-primer-semestre\/\" target=\"_blank\" rel=\"bookmark noopener noreferrer\"><img loading=\"lazy\" decoding=\"async\" width=\"410\" height=\"307\" src=\"https:\/\/astrocomplutense.es\/nova\/wp-content\/uploads\/2024\/10\/cartel.jpg\" class=\"attachment-full size-full\" alt=\"\" srcset=\"https:\/\/astrocomplutense.es\/nova\/wp-content\/uploads\/2024\/10\/cartel.jpg 410w, https:\/\/astrocomplutense.es\/nova\/wp-content\/uploads\/2024\/10\/cartel-300x225.jpg 300w\" sizes=\"auto, (max-width: 410px) 100vw, 410px\" \/>\t\t\t\t\t<\/a>\n\t\t\t\t\t\t\t\t\t<\/div>\n\t\t\t\n\t\t\t\t\t\t\t\t<a class=\"uagb-post__link-complete-box\" href=\"https:\/\/astrocomplutense.es\/nova\/efemerides-2025-primer-semestre\/\" target=\"_blank\" rel=\"bookmark noopener noreferrer\"><\/a>\n\t\t\t\t\t\t\t<\/article>\n\t\t\t\t\t\t\t\t\t\t\t\t\t\t\t\t<article class=\"uagb-post__inner-wrap\">\t\t\t\t\t\t\t\t<h4 class=\"uagb-post__title uagb-post__text\">\n\t\t\t\t<a href=\"https:\/\/astrocomplutense.es\/nova\/festiocio-2024-ofm\/\" target=\"_blank\" rel=\"bookmark noopener noreferrer\">Festiocio 2024 OFM<\/a>\n\t\t\t<\/h4>\n\t\t\t\t\t\t<div class='uagb-post__text uagb-post-grid-byline'>\n\t\t\t\t\t\t\t\t<time datetime=\"2024-09-28T08:03:51+02:00\" class=\"uagb-post__date\">\n\t\t\t\t\t\t\t\t\t28 de septiembre de 2024\t\t\t\t<\/time>\n\t\t\t\t\t\t<\/div>\n\t\t\t\t\t\t\t<div class='uagb-post__text uagb-post__excerpt'>\n\t\t\t\t\t<p>Festiocio 2024 OFM Por AAC (28 septiembre 2024) El s\u00e1bado 28 de septiembre de 2024&#8230;\t\t\t\t<\/div>\n\t\t\t\t\t\t<div class=\"uagb-post__text uagb-post__cta wp-block-button\">\n\t\t\t\t<a class=\"wp-block-button__link uagb-text-link\" style=\"\" href=\"https:\/\/astrocomplutense.es\/nova\/festiocio-2024-ofm\/\" target=\"_blank\" rel=\"bookmark noopener noreferrer\">Leer m\u00e1s<\/a>\n\t\t\t<\/div>\n\t\t\t\t\t\t<div class='uagb-post__image'>\n\t\t\t\t\t\t\t\t\t<a href=\"https:\/\/astrocomplutense.es\/nova\/festiocio-2024-ofm\/\" target=\"_blank\" rel=\"bookmark noopener noreferrer\"><img loading=\"lazy\" decoding=\"async\" width=\"554\" height=\"551\" src=\"https:\/\/astrocomplutense.es\/nova\/wp-content\/uploads\/2024\/10\/festiocio.jpg\" class=\"attachment-full size-full\" alt=\"\" srcset=\"https:\/\/astrocomplutense.es\/nova\/wp-content\/uploads\/2024\/10\/festiocio.jpg 554w, https:\/\/astrocomplutense.es\/nova\/wp-content\/uploads\/2024\/10\/festiocio-300x298.jpg 300w, https:\/\/astrocomplutense.es\/nova\/wp-content\/uploads\/2024\/10\/festiocio-150x150.jpg 150w\" sizes=\"auto, (max-width: 554px) 100vw, 554px\" \/>\t\t\t\t\t<\/a>\n\t\t\t\t\t\t\t\t\t<\/div>\n\t\t\t\n\t\t\t\t\t\t\t\t<a class=\"uagb-post__link-complete-box\" href=\"https:\/\/astrocomplutense.es\/nova\/festiocio-2024-ofm\/\" target=\"_blank\" rel=\"bookmark noopener noreferrer\"><\/a>\n\t\t\t\t\t\t\t<\/article>\n\t\t\t\t\t\t\t\t\t\t\t\t\t\t\t\t<article class=\"uagb-post__inner-wrap\">\t\t\t\t\t\t\t\t<h4 class=\"uagb-post__title uagb-post__text\">\n\t\t\t\t<a href=\"https:\/\/astrocomplutense.es\/nova\/documental-voyager-1-y-2\/\" target=\"_blank\" rel=\"bookmark noopener noreferrer\">Documental Voyager 1 y 2<\/a>\n\t\t\t<\/h4>\n\t\t\t\t\t\t<div class='uagb-post__text uagb-post-grid-byline'>\n\t\t\t\t\t\t\t\t<time datetime=\"2024-09-25T09:17:39+02:00\" class=\"uagb-post__date\">\n\t\t\t\t\t\t\t\t\t25 de septiembre de 2024\t\t\t\t<\/time>\n\t\t\t\t\t\t<\/div>\n\t\t\t\t\t\t\t<div class='uagb-post__text uagb-post__excerpt'>\n\t\t\t\t\t<p>Viaje al Sistema Solar y M\u00e1s all\u00e1, la Odisea de las Sondas Voyager 1 y&#8230;\t\t\t\t<\/div>\n\t\t\t\t\t\t<div class=\"uagb-post__text uagb-post__cta wp-block-button\">\n\t\t\t\t<a class=\"wp-block-button__link uagb-text-link\" style=\"\" href=\"https:\/\/astrocomplutense.es\/nova\/documental-voyager-1-y-2\/\" target=\"_blank\" rel=\"bookmark noopener noreferrer\">Leer m\u00e1s<\/a>\n\t\t\t<\/div>\n\t\t\t\t\t\t<div class='uagb-post__image'>\n\t\t\t\t\t\t\t\t\t<a href=\"https:\/\/astrocomplutense.es\/nova\/documental-voyager-1-y-2\/\" target=\"_blank\" rel=\"bookmark noopener noreferrer\"><img loading=\"lazy\" decoding=\"async\" width=\"519\" height=\"437\" src=\"https:\/\/astrocomplutense.es\/nova\/wp-content\/uploads\/2024\/09\/DocumVoyager1y2.jpg\" class=\"attachment-full size-full\" alt=\"\" srcset=\"https:\/\/astrocomplutense.es\/nova\/wp-content\/uploads\/2024\/09\/DocumVoyager1y2.jpg 519w, https:\/\/astrocomplutense.es\/nova\/wp-content\/uploads\/2024\/09\/DocumVoyager1y2-300x253.jpg 300w\" sizes=\"auto, (max-width: 519px) 100vw, 519px\" \/>\t\t\t\t\t<\/a>\n\t\t\t\t\t\t\t\t\t<\/div>\n\t\t\t\n\t\t\t\t\t\t\t\t<a class=\"uagb-post__link-complete-box\" href=\"https:\/\/astrocomplutense.es\/nova\/documental-voyager-1-y-2\/\" target=\"_blank\" rel=\"bookmark noopener noreferrer\"><\/a>\n\t\t\t\t\t\t\t<\/article>\n\t\t\t\t\t\t\t\t\t\t\t\t\t\t\t\t<article class=\"uagb-post__inner-wrap\">\t\t\t\t\t\t\t\t<h4 class=\"uagb-post__title uagb-post__text\">\n\t\t\t\t<a href=\"https:\/\/astrocomplutense.es\/nova\/shoemaker-levy-9-el-cometazo\/\" target=\"_blank\" rel=\"bookmark noopener noreferrer\">Shoemaker-Levy 9. El \u00abcometazo\u00bb<\/a>\n\t\t\t<\/h4>\n\t\t\t\t\t\t<div class='uagb-post__text uagb-post-grid-byline'>\n\t\t\t\t\t\t\t\t<time datetime=\"2024-09-18T09:11:34+02:00\" class=\"uagb-post__date\">\n\t\t\t\t\t\t\t\t\t18 de septiembre de 2024\t\t\t\t<\/time>\n\t\t\t\t\t\t<\/div>\n\t\t\t\t\t\t\t<div class='uagb-post__text uagb-post__excerpt'>\n\t\t\t\t\t<p>Shoemaker-Levy 9. El \u00abcometazo\u00bb 30\u00b0 aniversario del impacto del SL-9 contra J\u00fapiter Por Francisco Galv\u00e1n&#8230;\t\t\t\t<\/div>\n\t\t\t\t\t\t<div class=\"uagb-post__text uagb-post__cta wp-block-button\">\n\t\t\t\t<a class=\"wp-block-button__link uagb-text-link\" style=\"\" href=\"https:\/\/astrocomplutense.es\/nova\/shoemaker-levy-9-el-cometazo\/\" target=\"_blank\" rel=\"bookmark noopener noreferrer\">Leer m\u00e1s<\/a>\n\t\t\t<\/div>\n\t\t\t\t\t\t<div class='uagb-post__image'>\n\t\t\t\t\t\t\t\t\t<a href=\"https:\/\/astrocomplutense.es\/nova\/shoemaker-levy-9-el-cometazo\/\" target=\"_blank\" rel=\"bookmark noopener noreferrer\"><img loading=\"lazy\" decoding=\"async\" width=\"275\" height=\"275\" src=\"https:\/\/astrocomplutense.es\/nova\/wp-content\/uploads\/2024\/09\/31Jul24PGalvan.jpeg\" class=\"attachment-full size-full\" alt=\"\" srcset=\"https:\/\/astrocomplutense.es\/nova\/wp-content\/uploads\/2024\/09\/31Jul24PGalvan.jpeg 275w, https:\/\/astrocomplutense.es\/nova\/wp-content\/uploads\/2024\/09\/31Jul24PGalvan-150x150.jpeg 150w\" sizes=\"auto, (max-width: 275px) 100vw, 275px\" \/>\t\t\t\t\t<\/a>\n\t\t\t\t\t\t\t\t\t<\/div>\n\t\t\t\n\t\t\t\t\t\t\t\t<a class=\"uagb-post__link-complete-box\" href=\"https:\/\/astrocomplutense.es\/nova\/shoemaker-levy-9-el-cometazo\/\" target=\"_blank\" rel=\"bookmark noopener noreferrer\"><\/a>\n\t\t\t\t\t\t\t<\/article>\n\t\t\t\t\t\t\t\t\t\t\t\t\t\t\t\t<article class=\"uagb-post__inner-wrap\">\t\t\t\t\t\t\t\t<h4 class=\"uagb-post__title uagb-post__text\">\n\t\t\t\t<a href=\"https:\/\/astrocomplutense.es\/nova\/noche-internacional-de-observacion-de-la-luna\/\" target=\"_blank\" rel=\"bookmark noopener noreferrer\">Noche internacional de observaci\u00f3n de la Luna<\/a>\n\t\t\t<\/h4>\n\t\t\t\t\t\t<div class='uagb-post__text uagb-post-grid-byline'>\n\t\t\t\t\t\t\t\t<time datetime=\"2024-09-14T19:53:59+02:00\" class=\"uagb-post__date\">\n\t\t\t\t\t\t\t\t\t14 de septiembre de 2024\t\t\t\t<\/time>\n\t\t\t\t\t\t<\/div>\n\t\t\t\t\t\t\t<div class='uagb-post__text uagb-post__excerpt'>\n\t\t\t\t\t<p>Noche internacional de observaci\u00f3n de la Luna Por AAC (14 septiembre 2024) La Agrupa colabor\u00f3&#8230;\t\t\t\t<\/div>\n\t\t\t\t\t\t<div class=\"uagb-post__text uagb-post__cta wp-block-button\">\n\t\t\t\t<a class=\"wp-block-button__link uagb-text-link\" style=\"\" href=\"https:\/\/astrocomplutense.es\/nova\/noche-internacional-de-observacion-de-la-luna\/\" target=\"_blank\" rel=\"bookmark noopener noreferrer\">Leer m\u00e1s<\/a>\n\t\t\t<\/div>\n\t\t\t\t\t\t<div class='uagb-post__image'>\n\t\t\t\t\t\t\t\t\t<a href=\"https:\/\/astrocomplutense.es\/nova\/noche-internacional-de-observacion-de-la-luna\/\" target=\"_blank\" rel=\"bookmark noopener noreferrer\"><img loading=\"lazy\" decoding=\"async\" width=\"496\" height=\"702\" src=\"https:\/\/astrocomplutense.es\/nova\/wp-content\/uploads\/2024\/09\/cartelito.jpg\" class=\"attachment-full size-full\" alt=\"\" srcset=\"https:\/\/astrocomplutense.es\/nova\/wp-content\/uploads\/2024\/09\/cartelito.jpg 496w, https:\/\/astrocomplutense.es\/nova\/wp-content\/uploads\/2024\/09\/cartelito-212x300.jpg 212w\" sizes=\"auto, (max-width: 496px) 100vw, 496px\" \/>\t\t\t\t\t<\/a>\n\t\t\t\t\t\t\t\t\t<\/div>\n\t\t\t\n\t\t\t\t\t\t\t\t<a class=\"uagb-post__link-complete-box\" href=\"https:\/\/astrocomplutense.es\/nova\/noche-internacional-de-observacion-de-la-luna\/\" target=\"_blank\" rel=\"bookmark noopener noreferrer\"><\/a>\n\t\t\t\t\t\t\t<\/article>\n\t\t\t\t\t\t\t\t\t\t\t\t\t\t\t\t<article class=\"uagb-post__inner-wrap\">\t\t\t\t\t\t\t\t<h4 class=\"uagb-post__title uagb-post__text\">\n\t\t\t\t<a href=\"https:\/\/astrocomplutense.es\/nova\/el-sistema-solar-en-una-tabla\/\" target=\"_blank\" rel=\"bookmark noopener noreferrer\">El Sistema Solar en una tabla<\/a>\n\t\t\t<\/h4>\n\t\t\t\t\t\t<div class='uagb-post__text uagb-post-grid-byline'>\n\t\t\t\t\t\t\t\t<time datetime=\"2024-09-11T20:54:02+02:00\" class=\"uagb-post__date\">\n\t\t\t\t\t\t\t\t\t11 de septiembre de 2024\t\t\t\t<\/time>\n\t\t\t\t\t\t<\/div>\n\t\t\t\t\t\t\t<div class='uagb-post__text uagb-post__excerpt'>\n\t\t\t\t\t<p>El Sistema Solar en una tabla Por Miguel L. Pulido (11septiembre 2024) Herramienta para preparar&#8230;\t\t\t\t<\/div>\n\t\t\t\t\t\t<div class=\"uagb-post__text uagb-post__cta wp-block-button\">\n\t\t\t\t<a class=\"wp-block-button__link uagb-text-link\" style=\"\" href=\"https:\/\/astrocomplutense.es\/nova\/el-sistema-solar-en-una-tabla\/\" target=\"_blank\" rel=\"bookmark noopener noreferrer\">Leer m\u00e1s<\/a>\n\t\t\t<\/div>\n\t\t\t\t\t\t<div class='uagb-post__image'>\n\t\t\t\t\t\t\t\t\t<a href=\"https:\/\/astrocomplutense.es\/nova\/el-sistema-solar-en-una-tabla\/\" target=\"_blank\" rel=\"bookmark noopener noreferrer\"><img loading=\"lazy\" decoding=\"async\" width=\"308\" height=\"308\" src=\"https:\/\/astrocomplutense.es\/nova\/wp-content\/uploads\/2024\/09\/Imagen-del-sistema-solar-sobre-una-hoja-de-calculo-min.jpg\" class=\"attachment-full size-full\" alt=\"\" srcset=\"https:\/\/astrocomplutense.es\/nova\/wp-content\/uploads\/2024\/09\/Imagen-del-sistema-solar-sobre-una-hoja-de-calculo-min.jpg 308w, https:\/\/astrocomplutense.es\/nova\/wp-content\/uploads\/2024\/09\/Imagen-del-sistema-solar-sobre-una-hoja-de-calculo-min-300x300.jpg 300w, https:\/\/astrocomplutense.es\/nova\/wp-content\/uploads\/2024\/09\/Imagen-del-sistema-solar-sobre-una-hoja-de-calculo-min-150x150.jpg 150w\" sizes=\"auto, (max-width: 308px) 100vw, 308px\" \/>\t\t\t\t\t<\/a>\n\t\t\t\t\t\t\t\t\t<\/div>\n\t\t\t\n\t\t\t\t\t\t\t\t<a class=\"uagb-post__link-complete-box\" href=\"https:\/\/astrocomplutense.es\/nova\/el-sistema-solar-en-una-tabla\/\" target=\"_blank\" rel=\"bookmark noopener noreferrer\"><\/a>\n\t\t\t\t\t\t\t<\/article>\n\t\t\t\t\t\t\t\t\t\t\t\t\t\t\t\t<article class=\"uagb-post__inner-wrap\">\t\t\t\t\t\t\t\t<h4 class=\"uagb-post__title uagb-post__text\">\n\t\t\t\t<a href=\"https:\/\/astrocomplutense.es\/nova\/noche-de-barro-en-yela\/\" target=\"_blank\" rel=\"bookmark noopener noreferrer\">Noche de barro en Yela<\/a>\n\t\t\t<\/h4>\n\t\t\t\t\t\t<div class='uagb-post__text uagb-post-grid-byline'>\n\t\t\t\t\t\t\t\t<time datetime=\"2024-09-04T00:43:36+02:00\" class=\"uagb-post__date\">\n\t\t\t\t\t\t\t\t\t4 de septiembre de 2024\t\t\t\t<\/time>\n\t\t\t\t\t\t<\/div>\n\t\t\t\t\t\t\t<div class='uagb-post__text uagb-post__excerpt'>\n\t\t\t\t\t<p>Noche de barro en Yela Por AAC (4 septiembre 2024) Una noche de barro, nubes&#8230;\t\t\t\t<\/div>\n\t\t\t\t\t\t<div class=\"uagb-post__text uagb-post__cta wp-block-button\">\n\t\t\t\t<a class=\"wp-block-button__link uagb-text-link\" style=\"\" href=\"https:\/\/astrocomplutense.es\/nova\/noche-de-barro-en-yela\/\" target=\"_blank\" rel=\"bookmark noopener noreferrer\">Leer m\u00e1s<\/a>\n\t\t\t<\/div>\n\t\t\t\t\t\t<div class='uagb-post__image'>\n\t\t\t\t\t\t\t\t\t<a href=\"https:\/\/astrocomplutense.es\/nova\/noche-de-barro-en-yela\/\" target=\"_blank\" rel=\"bookmark noopener noreferrer\"><img loading=\"lazy\" decoding=\"async\" width=\"615\" height=\"346\" src=\"https:\/\/astrocomplutense.es\/nova\/wp-content\/uploads\/2024\/09\/4Sep24min-3.jpg\" class=\"attachment-full size-full\" alt=\"\" srcset=\"https:\/\/astrocomplutense.es\/nova\/wp-content\/uploads\/2024\/09\/4Sep24min-3.jpg 615w, https:\/\/astrocomplutense.es\/nova\/wp-content\/uploads\/2024\/09\/4Sep24min-3-300x169.jpg 300w\" sizes=\"auto, (max-width: 615px) 100vw, 615px\" \/>\t\t\t\t\t<\/a>\n\t\t\t\t\t\t\t\t\t<\/div>\n\t\t\t\n\t\t\t\t\t\t\t\t<a class=\"uagb-post__link-complete-box\" href=\"https:\/\/astrocomplutense.es\/nova\/noche-de-barro-en-yela\/\" target=\"_blank\" rel=\"bookmark noopener noreferrer\"><\/a>\n\t\t\t\t\t\t\t<\/article>\n\t\t\t\t\t\t\t\t\t\t\t\t\t\t\t\t<article class=\"uagb-post__inner-wrap\">\t\t\t\t\t\t\t\t<h4 class=\"uagb-post__title uagb-post__text\">\n\t\t\t\t<a href=\"https:\/\/astrocomplutense.es\/nova\/la-sexta-sesion-practica\/\" target=\"_blank\" rel=\"bookmark noopener noreferrer\">La sexta sesi\u00f3n, pr\u00e1ctica<\/a>\n\t\t\t<\/h4>\n\t\t\t\t\t\t<div class='uagb-post__text uagb-post-grid-byline'>\n\t\t\t\t\t\t\t\t<time datetime=\"2024-07-31T21:43:45+02:00\" class=\"uagb-post__date\">\n\t\t\t\t\t\t\t\t\t31 de julio de 2024\t\t\t\t<\/time>\n\t\t\t\t\t\t<\/div>\n\t\t\t\t\t\t\t<div class='uagb-post__text uagb-post__excerpt'>\n\t\t\t\t\t<p>La Sexta sesi\u00f3n. Pr\u00e1ctica Por AAC (31 julio 2024) Puesta en pr\u00e1ctica de la Sexta&#8230;\t\t\t\t<\/div>\n\t\t\t\t\t\t<div class=\"uagb-post__text uagb-post__cta wp-block-button\">\n\t\t\t\t<a class=\"wp-block-button__link uagb-text-link\" style=\"\" href=\"https:\/\/astrocomplutense.es\/nova\/la-sexta-sesion-practica\/\" target=\"_blank\" rel=\"bookmark noopener noreferrer\">Leer m\u00e1s<\/a>\n\t\t\t<\/div>\n\t\t\t\t\t\t<div class='uagb-post__image'>\n\t\t\t\t\t\t\t\t\t<a href=\"https:\/\/astrocomplutense.es\/nova\/la-sexta-sesion-practica\/\" target=\"_blank\" rel=\"bookmark noopener noreferrer\"><img loading=\"lazy\" decoding=\"async\" width=\"200\" height=\"113\" src=\"https:\/\/astrocomplutense.es\/nova\/wp-content\/uploads\/2024\/08\/LasextaSesionEnCampo.jpg\" class=\"attachment-full size-full\" alt=\"\" \/>\t\t\t\t\t<\/a>\n\t\t\t\t\t\t\t\t\t<\/div>\n\t\t\t\n\t\t\t\t\t\t\t\t<a class=\"uagb-post__link-complete-box\" href=\"https:\/\/astrocomplutense.es\/nova\/la-sexta-sesion-practica\/\" target=\"_blank\" rel=\"bookmark noopener noreferrer\"><\/a>\n\t\t\t\t\t\t\t<\/article>\n\t\t\t\t\t\t\t\t\t\t\t\t\t\t\t\t<article class=\"uagb-post__inner-wrap\">\t\t\t\t\t\t\t\t<h4 class=\"uagb-post__title uagb-post__text\">\n\t\t\t\t<a href=\"https:\/\/astrocomplutense.es\/nova\/perseo-constelacion-y-lluvia-de-las-perseidas\/\" target=\"_blank\" rel=\"bookmark noopener noreferrer\">Perseo. Constelaci\u00f3n y lluvia de las Perseidas<\/a>\n\t\t\t<\/h4>\n\t\t\t\t\t\t<div class='uagb-post__text uagb-post-grid-byline'>\n\t\t\t\t\t\t\t\t<time datetime=\"2024-07-24T17:13:21+02:00\" class=\"uagb-post__date\">\n\t\t\t\t\t\t\t\t\t24 de julio de 2024\t\t\t\t<\/time>\n\t\t\t\t\t\t<\/div>\n\t\t\t\t\t\t\t<div class='uagb-post__text uagb-post__excerpt'>\n\t\t\t\t\t<p>Perseo. Constelaci\u00f3n y lluvia de las Perseidas Por Lourdes Cayado (24 julio 2024) Como en&#8230;\t\t\t\t<\/div>\n\t\t\t\t\t\t<div class=\"uagb-post__text uagb-post__cta wp-block-button\">\n\t\t\t\t<a class=\"wp-block-button__link uagb-text-link\" style=\"\" href=\"https:\/\/astrocomplutense.es\/nova\/perseo-constelacion-y-lluvia-de-las-perseidas\/\" target=\"_blank\" rel=\"bookmark noopener noreferrer\">Leer m\u00e1s<\/a>\n\t\t\t<\/div>\n\t\t\t\t\t\t<div class='uagb-post__image'>\n\t\t\t\t\t\t\t\t\t<a href=\"https:\/\/astrocomplutense.es\/nova\/perseo-constelacion-y-lluvia-de-las-perseidas\/\" target=\"_blank\" rel=\"bookmark noopener noreferrer\"><img loading=\"lazy\" decoding=\"async\" width=\"667\" height=\"377\" src=\"https:\/\/astrocomplutense.es\/nova\/wp-content\/uploads\/2024\/08\/perseoidas.jpg\" class=\"attachment-full size-full\" alt=\"\" srcset=\"https:\/\/astrocomplutense.es\/nova\/wp-content\/uploads\/2024\/08\/perseoidas.jpg 667w, https:\/\/astrocomplutense.es\/nova\/wp-content\/uploads\/2024\/08\/perseoidas-300x170.jpg 300w\" sizes=\"auto, (max-width: 667px) 100vw, 667px\" \/>\t\t\t\t\t<\/a>\n\t\t\t\t\t\t\t\t\t<\/div>\n\t\t\t\n\t\t\t\t\t\t\t\t<a class=\"uagb-post__link-complete-box\" href=\"https:\/\/astrocomplutense.es\/nova\/perseo-constelacion-y-lluvia-de-las-perseidas\/\" target=\"_blank\" rel=\"bookmark noopener noreferrer\"><\/a>\n\t\t\t\t\t\t\t<\/article>\n\t\t\t\t\t\t\t\t\t\t\t\t\t\t\t\t<article class=\"uagb-post__inner-wrap\">\t\t\t\t\t\t\t\t<h4 class=\"uagb-post__title uagb-post__text\">\n\t\t\t\t<a href=\"https:\/\/astrocomplutense.es\/nova\/el-ciclo-de-saros\/\" target=\"_blank\" rel=\"bookmark noopener noreferrer\">El Ciclo de Saros<\/a>\n\t\t\t<\/h4>\n\t\t\t\t\t\t<div class='uagb-post__text uagb-post-grid-byline'>\n\t\t\t\t\t\t\t\t<time datetime=\"2024-07-17T12:38:55+02:00\" class=\"uagb-post__date\">\n\t\t\t\t\t\t\t\t\t17 de julio de 2024\t\t\t\t<\/time>\n\t\t\t\t\t\t<\/div>\n\t\t\t\t\t\t\t<div class='uagb-post__text uagb-post__excerpt'>\n\t\t\t\t\t<p>El Ciclo de Saros Por Juan Pedro Fern\u00e1ndez Larraya (17 de julio 2024) Un\u00a0saros\u00a0(o un\u00a0ciclo&#8230;\t\t\t\t<\/div>\n\t\t\t\t\t\t<div class=\"uagb-post__text uagb-post__cta wp-block-button\">\n\t\t\t\t<a class=\"wp-block-button__link uagb-text-link\" style=\"\" href=\"https:\/\/astrocomplutense.es\/nova\/el-ciclo-de-saros\/\" target=\"_blank\" rel=\"bookmark noopener noreferrer\">Leer m\u00e1s<\/a>\n\t\t\t<\/div>\n\t\t\t\t\t\t<div class='uagb-post__image'>\n\t\t\t\t\t\t\t\t\t<a href=\"https:\/\/astrocomplutense.es\/nova\/el-ciclo-de-saros\/\" target=\"_blank\" rel=\"bookmark noopener noreferrer\"><img loading=\"lazy\" decoding=\"async\" width=\"410\" height=\"410\" src=\"https:\/\/astrocomplutense.es\/nova\/wp-content\/uploads\/2024\/07\/cicloSaros.jpg\" class=\"attachment-full size-full\" alt=\"\" srcset=\"https:\/\/astrocomplutense.es\/nova\/wp-content\/uploads\/2024\/07\/cicloSaros.jpg 410w, https:\/\/astrocomplutense.es\/nova\/wp-content\/uploads\/2024\/07\/cicloSaros-300x300.jpg 300w, https:\/\/astrocomplutense.es\/nova\/wp-content\/uploads\/2024\/07\/cicloSaros-150x150.jpg 150w\" sizes=\"auto, (max-width: 410px) 100vw, 410px\" \/>\t\t\t\t\t<\/a>\n\t\t\t\t\t\t\t\t\t<\/div>\n\t\t\t\n\t\t\t\t\t\t\t\t<a class=\"uagb-post__link-complete-box\" href=\"https:\/\/astrocomplutense.es\/nova\/el-ciclo-de-saros\/\" target=\"_blank\" rel=\"bookmark noopener noreferrer\"><\/a>\n\t\t\t\t\t\t\t<\/article>\n\t\t\t\t\t\t\t\t\t\t\t\t\t\t\t\t<article class=\"uagb-post__inner-wrap\">\t\t\t\t\t\t\t\t<h4 class=\"uagb-post__title uagb-post__text\">\n\t\t\t\t<a href=\"https:\/\/astrocomplutense.es\/nova\/observacion-publica-en-ambite-2\/\" target=\"_blank\" rel=\"bookmark noopener noreferrer\">Observaci\u00f3n p\u00fablica en Ambite<\/a>\n\t\t\t<\/h4>\n\t\t\t\t\t\t<div class='uagb-post__text uagb-post-grid-byline'>\n\t\t\t\t\t\t\t\t<time datetime=\"2024-07-12T22:50:11+02:00\" class=\"uagb-post__date\">\n\t\t\t\t\t\t\t\t\t12 de julio de 2024\t\t\t\t<\/time>\n\t\t\t\t\t\t<\/div>\n\t\t\t\t\t\t\t<div class='uagb-post__text uagb-post__excerpt'>\n\t\t\t\t\t<p>Observaci\u00f3n p\u00fablica en Ambite por AAC (12 julio 2024) Un a\u00f1o m\u00e1s fuimos invitados por&#8230;\t\t\t\t<\/div>\n\t\t\t\t\t\t<div class=\"uagb-post__text uagb-post__cta wp-block-button\">\n\t\t\t\t<a class=\"wp-block-button__link uagb-text-link\" style=\"\" href=\"https:\/\/astrocomplutense.es\/nova\/observacion-publica-en-ambite-2\/\" target=\"_blank\" rel=\"bookmark noopener noreferrer\">Leer m\u00e1s<\/a>\n\t\t\t<\/div>\n\t\t\t\t\t\t<div class='uagb-post__image'>\n\t\t\t\t\t\t\t\t\t<a href=\"https:\/\/astrocomplutense.es\/nova\/observacion-publica-en-ambite-2\/\" target=\"_blank\" rel=\"bookmark noopener noreferrer\"><img loading=\"lazy\" decoding=\"async\" width=\"754\" height=\"941\" src=\"https:\/\/astrocomplutense.es\/nova\/wp-content\/uploads\/2024\/07\/vegadeltajuna.jpg\" class=\"attachment-full size-full\" alt=\"\" srcset=\"https:\/\/astrocomplutense.es\/nova\/wp-content\/uploads\/2024\/07\/vegadeltajuna.jpg 754w, https:\/\/astrocomplutense.es\/nova\/wp-content\/uploads\/2024\/07\/vegadeltajuna-240x300.jpg 240w\" sizes=\"auto, (max-width: 754px) 100vw, 754px\" \/>\t\t\t\t\t<\/a>\n\t\t\t\t\t\t\t\t\t<\/div>\n\t\t\t\n\t\t\t\t\t\t\t\t<a class=\"uagb-post__link-complete-box\" href=\"https:\/\/astrocomplutense.es\/nova\/observacion-publica-en-ambite-2\/\" target=\"_blank\" rel=\"bookmark noopener noreferrer\"><\/a>\n\t\t\t\t\t\t\t<\/article>\n\t\t\t\t\t\t\t\t\t\t\t\t\t\t\t\t<article class=\"uagb-post__inner-wrap\">\t\t\t\t\t\t\t\t<h4 class=\"uagb-post__title uagb-post__text\">\n\t\t\t\t<a href=\"https:\/\/astrocomplutense.es\/nova\/la-sexta-sesion\/\" target=\"_blank\" rel=\"bookmark noopener noreferrer\">La sexta sesi\u00f3n<\/a>\n\t\t\t<\/h4>\n\t\t\t\t\t\t<div class='uagb-post__text uagb-post-grid-byline'>\n\t\t\t\t\t\t\t\t<time datetime=\"2024-07-10T22:23:26+02:00\" class=\"uagb-post__date\">\n\t\t\t\t\t\t\t\t\t10 de julio de 2024\t\t\t\t<\/time>\n\t\t\t\t\t\t<\/div>\n\t\t\t\t\t\t\t<div class='uagb-post__text uagb-post__excerpt'>\n\t\t\t\t\t<p>La sexta sesi\u00f3n Por Marian Mart\u00ednez (10 julio 2024) Peque\u00f1a cr\u00f3nica matinal de una m\u00e1s&#8230;\t\t\t\t<\/div>\n\t\t\t\t\t\t<div class=\"uagb-post__text uagb-post__cta wp-block-button\">\n\t\t\t\t<a class=\"wp-block-button__link uagb-text-link\" style=\"\" href=\"https:\/\/astrocomplutense.es\/nova\/la-sexta-sesion\/\" target=\"_blank\" rel=\"bookmark noopener noreferrer\">Leer m\u00e1s<\/a>\n\t\t\t<\/div>\n\t\t\t\t\t\t<div class='uagb-post__image'>\n\t\t\t\t\t\t\t\t\t<a href=\"https:\/\/astrocomplutense.es\/nova\/la-sexta-sesion\/\" target=\"_blank\" rel=\"bookmark noopener noreferrer\"><img loading=\"lazy\" decoding=\"async\" width=\"1280\" height=\"720\" src=\"https:\/\/astrocomplutense.es\/nova\/wp-content\/uploads\/2024\/07\/LasextaSesion-2.jpg\" class=\"attachment-full size-full\" alt=\"\" srcset=\"https:\/\/astrocomplutense.es\/nova\/wp-content\/uploads\/2024\/07\/LasextaSesion-2.jpg 1280w, https:\/\/astrocomplutense.es\/nova\/wp-content\/uploads\/2024\/07\/LasextaSesion-2-300x169.jpg 300w, https:\/\/astrocomplutense.es\/nova\/wp-content\/uploads\/2024\/07\/LasextaSesion-2-1024x576.jpg 1024w, https:\/\/astrocomplutense.es\/nova\/wp-content\/uploads\/2024\/07\/LasextaSesion-2-768x432.jpg 768w\" sizes=\"auto, (max-width: 1280px) 100vw, 1280px\" \/>\t\t\t\t\t<\/a>\n\t\t\t\t\t\t\t\t\t<\/div>\n\t\t\t\n\t\t\t\t\t\t\t\t<a class=\"uagb-post__link-complete-box\" href=\"https:\/\/astrocomplutense.es\/nova\/la-sexta-sesion\/\" target=\"_blank\" rel=\"bookmark noopener noreferrer\"><\/a>\n\t\t\t\t\t\t\t<\/article>\n\t\t\t\t\t\t\t\t\t\t\t\t\t\t\t\t<article class=\"uagb-post__inner-wrap\">\t\t\t\t\t\t\t\t<h4 class=\"uagb-post__title uagb-post__text\">\n\t\t\t\t<a href=\"https:\/\/astrocomplutense.es\/nova\/observacion-publica-en-torres\/\" target=\"_blank\" rel=\"bookmark noopener noreferrer\">Observaci\u00f3n p\u00fablica en Torres<\/a>\n\t\t\t<\/h4>\n\t\t\t\t\t\t<div class='uagb-post__text uagb-post-grid-byline'>\n\t\t\t\t\t\t\t\t<time datetime=\"2024-06-29T18:20:24+02:00\" class=\"uagb-post__date\">\n\t\t\t\t\t\t\t\t\t29 de junio de 2024\t\t\t\t<\/time>\n\t\t\t\t\t\t<\/div>\n\t\t\t\t\t\t\t<div class='uagb-post__text uagb-post__excerpt'>\n\t\t\t\t\t<p>Observaci\u00f3n p\u00fablica en Torres de la Alameda Por AAC Como el a\u00f1o pasado hemos estado&#8230;\t\t\t\t<\/div>\n\t\t\t\t\t\t<div class=\"uagb-post__text uagb-post__cta wp-block-button\">\n\t\t\t\t<a class=\"wp-block-button__link uagb-text-link\" style=\"\" href=\"https:\/\/astrocomplutense.es\/nova\/observacion-publica-en-torres\/\" target=\"_blank\" rel=\"bookmark noopener noreferrer\">Leer m\u00e1s<\/a>\n\t\t\t<\/div>\n\t\t\t\t\t\t<div class='uagb-post__image'>\n\t\t\t\t\t\t\t\t\t<a href=\"https:\/\/astrocomplutense.es\/nova\/observacion-publica-en-torres\/\" target=\"_blank\" rel=\"bookmark noopener noreferrer\"><img loading=\"lazy\" decoding=\"async\" width=\"477\" height=\"418\" src=\"https:\/\/astrocomplutense.es\/nova\/wp-content\/uploads\/2024\/06\/peqTorres29Jun24.jpg\" class=\"attachment-full size-full\" alt=\"\" srcset=\"https:\/\/astrocomplutense.es\/nova\/wp-content\/uploads\/2024\/06\/peqTorres29Jun24.jpg 477w, https:\/\/astrocomplutense.es\/nova\/wp-content\/uploads\/2024\/06\/peqTorres29Jun24-300x263.jpg 300w\" sizes=\"auto, (max-width: 477px) 100vw, 477px\" \/>\t\t\t\t\t<\/a>\n\t\t\t\t\t\t\t\t\t<\/div>\n\t\t\t\n\t\t\t\t\t\t\t\t<a class=\"uagb-post__link-complete-box\" href=\"https:\/\/astrocomplutense.es\/nova\/observacion-publica-en-torres\/\" target=\"_blank\" rel=\"bookmark noopener noreferrer\"><\/a>\n\t\t\t\t\t\t\t<\/article>\n\t\t\t\t\t\t\t\t\t\t\t\t\t\t\t\t<article class=\"uagb-post__inner-wrap\">\t\t\t\t\t\t\t\t<h4 class=\"uagb-post__title uagb-post__text\">\n\t\t\t\t<a href=\"https:\/\/astrocomplutense.es\/nova\/historia-de-la-agrupa\/\" target=\"_blank\" rel=\"bookmark noopener noreferrer\">Historia de la Agrupa<\/a>\n\t\t\t<\/h4>\n\t\t\t\t\t\t<div class='uagb-post__text uagb-post-grid-byline'>\n\t\t\t\t\t\t\t\t<time datetime=\"2024-06-24T11:15:22+02:00\" class=\"uagb-post__date\">\n\t\t\t\t\t\t\t\t\t24 de junio de 2024\t\t\t\t<\/time>\n\t\t\t\t\t\t<\/div>\n\t\t\t\t\t\t\t<div class='uagb-post__text uagb-post__excerpt'>\n\t\t\t\t\t<p>Historia de la Agrupa Por Manuel Talero (19 de junio 2024) Manuel Talero figura como&#8230;\t\t\t\t<\/div>\n\t\t\t\t\t\t<div class=\"uagb-post__text uagb-post__cta wp-block-button\">\n\t\t\t\t<a class=\"wp-block-button__link uagb-text-link\" style=\"\" href=\"https:\/\/astrocomplutense.es\/nova\/historia-de-la-agrupa\/\" target=\"_blank\" rel=\"bookmark noopener noreferrer\">Leer m\u00e1s<\/a>\n\t\t\t<\/div>\n\t\t\t\t\t\t<div class='uagb-post__image'>\n\t\t\t\t\t\t\t\t\t<a href=\"https:\/\/astrocomplutense.es\/nova\/historia-de-la-agrupa\/\" target=\"_blank\" rel=\"bookmark noopener noreferrer\"><img loading=\"lazy\" decoding=\"async\" width=\"329\" height=\"241\" src=\"https:\/\/astrocomplutense.es\/nova\/wp-content\/uploads\/2024\/06\/HistoriaAGrupa_19Jun-1.jpg\" class=\"attachment-full size-full\" alt=\"\" srcset=\"https:\/\/astrocomplutense.es\/nova\/wp-content\/uploads\/2024\/06\/HistoriaAGrupa_19Jun-1.jpg 329w, https:\/\/astrocomplutense.es\/nova\/wp-content\/uploads\/2024\/06\/HistoriaAGrupa_19Jun-1-300x220.jpg 300w\" sizes=\"auto, (max-width: 329px) 100vw, 329px\" \/>\t\t\t\t\t<\/a>\n\t\t\t\t\t\t\t\t\t<\/div>\n\t\t\t\n\t\t\t\t\t\t\t\t<a class=\"uagb-post__link-complete-box\" href=\"https:\/\/astrocomplutense.es\/nova\/historia-de-la-agrupa\/\" target=\"_blank\" rel=\"bookmark noopener noreferrer\"><\/a>\n\t\t\t\t\t\t\t<\/article>\n\t\t\t\t\t\t\t\t\t\t\t\t\t\t\t\t<article class=\"uagb-post__inner-wrap\">\t\t\t\t\t\t\t\t<h4 class=\"uagb-post__title uagb-post__text\">\n\t\t\t\t<a href=\"https:\/\/astrocomplutense.es\/nova\/taller-de-telescopios\/\" target=\"_blank\" rel=\"bookmark noopener noreferrer\">Taller de telescopios<\/a>\n\t\t\t<\/h4>\n\t\t\t\t\t\t<div class='uagb-post__text uagb-post-grid-byline'>\n\t\t\t\t\t\t\t\t<time datetime=\"2024-06-16T09:49:58+02:00\" class=\"uagb-post__date\">\n\t\t\t\t\t\t\t\t\t16 de junio de 2024\t\t\t\t<\/time>\n\t\t\t\t\t\t<\/div>\n\t\t\t\t\t\t\t<div class='uagb-post__text uagb-post__excerpt'>\n\t\t\t\t\t<p>Taller de telescopios Por AAC (12 junio 2024) Este mi\u00e9rcoles montamos un denominado \u00abtaller de&#8230;\t\t\t\t<\/div>\n\t\t\t\t\t\t<div class=\"uagb-post__text uagb-post__cta wp-block-button\">\n\t\t\t\t<a class=\"wp-block-button__link uagb-text-link\" style=\"\" href=\"https:\/\/astrocomplutense.es\/nova\/taller-de-telescopios\/\" target=\"_blank\" rel=\"bookmark noopener noreferrer\">Leer m\u00e1s<\/a>\n\t\t\t<\/div>\n\t\t\t\t\t\t<div class='uagb-post__image'>\n\t\t\t\t\t\t\t\t\t<a href=\"https:\/\/astrocomplutense.es\/nova\/taller-de-telescopios\/\" target=\"_blank\" rel=\"bookmark noopener noreferrer\"><img loading=\"lazy\" decoding=\"async\" width=\"436\" height=\"403\" src=\"https:\/\/astrocomplutense.es\/nova\/wp-content\/uploads\/2024\/06\/tallertelescopios.jpg\" class=\"attachment-full size-full\" alt=\"\" srcset=\"https:\/\/astrocomplutense.es\/nova\/wp-content\/uploads\/2024\/06\/tallertelescopios.jpg 436w, https:\/\/astrocomplutense.es\/nova\/wp-content\/uploads\/2024\/06\/tallertelescopios-300x277.jpg 300w\" sizes=\"auto, (max-width: 436px) 100vw, 436px\" \/>\t\t\t\t\t<\/a>\n\t\t\t\t\t\t\t\t\t<\/div>\n\t\t\t\n\t\t\t\t\t\t\t\t<a class=\"uagb-post__link-complete-box\" href=\"https:\/\/astrocomplutense.es\/nova\/taller-de-telescopios\/\" target=\"_blank\" rel=\"bookmark noopener noreferrer\"><\/a>\n\t\t\t\t\t\t\t<\/article>\n\t\t\t\t\t\t\t\t\t\t\t\t\t\t\t\t<article class=\"uagb-post__inner-wrap\">\t\t\t\t\t\t\t\t<h4 class=\"uagb-post__title uagb-post__text\">\n\t\t\t\t<a href=\"https:\/\/astrocomplutense.es\/nova\/taller-de-astronomia-con-ofm\/\" target=\"_blank\" rel=\"bookmark noopener noreferrer\">Taller de Astronom\u00eda con OFM<\/a>\n\t\t\t<\/h4>\n\t\t\t\t\t\t<div class='uagb-post__text uagb-post-grid-byline'>\n\t\t\t\t\t\t\t\t<time datetime=\"2024-06-03T20:11:13+02:00\" class=\"uagb-post__date\">\n\t\t\t\t\t\t\t\t\t3 de junio de 2024\t\t\t\t<\/time>\n\t\t\t\t\t\t<\/div>\n\t\t\t\t\t\t\t<div class='uagb-post__text uagb-post__excerpt'>\n\t\t\t\t\t<p>Taller de Astronom\u00eda con OFM Por la AAC Otra Forma de Moverte (OFM) es un&#8230;\t\t\t\t<\/div>\n\t\t\t\t\t\t<div class=\"uagb-post__text uagb-post__cta wp-block-button\">\n\t\t\t\t<a class=\"wp-block-button__link uagb-text-link\" style=\"\" href=\"https:\/\/astrocomplutense.es\/nova\/taller-de-astronomia-con-ofm\/\" target=\"_blank\" rel=\"bookmark noopener noreferrer\">Leer m\u00e1s<\/a>\n\t\t\t<\/div>\n\t\t\t\t\t\t<div class='uagb-post__image'>\n\t\t\t\t\t\t\t\t\t<a href=\"https:\/\/astrocomplutense.es\/nova\/taller-de-astronomia-con-ofm\/\" target=\"_blank\" rel=\"bookmark noopener noreferrer\"><img loading=\"lazy\" decoding=\"async\" width=\"180\" height=\"320\" src=\"https:\/\/astrocomplutense.es\/nova\/wp-content\/uploads\/2024\/06\/ofmJun24peq.jpg\" class=\"attachment-full size-full\" alt=\"\" srcset=\"https:\/\/astrocomplutense.es\/nova\/wp-content\/uploads\/2024\/06\/ofmJun24peq.jpg 180w, https:\/\/astrocomplutense.es\/nova\/wp-content\/uploads\/2024\/06\/ofmJun24peq-169x300.jpg 169w\" sizes=\"auto, (max-width: 180px) 100vw, 180px\" \/>\t\t\t\t\t<\/a>\n\t\t\t\t\t\t\t\t\t<\/div>\n\t\t\t\n\t\t\t\t\t\t\t\t<a class=\"uagb-post__link-complete-box\" href=\"https:\/\/astrocomplutense.es\/nova\/taller-de-astronomia-con-ofm\/\" target=\"_blank\" rel=\"bookmark noopener noreferrer\"><\/a>\n\t\t\t\t\t\t\t<\/article>\n\t\t\t\t\t\t\t\t\t\t\t\t\t\t\t\t<article class=\"uagb-post__inner-wrap\">\t\t\t\t\t\t\t\t<h4 class=\"uagb-post__title uagb-post__text\">\n\t\t\t\t<a href=\"https:\/\/astrocomplutense.es\/nova\/como-se-miden-las-distancias-en-astronomia\/\" target=\"_blank\" rel=\"bookmark noopener noreferrer\">C\u00f3mo se miden las distancias en Astronom\u00eda<\/a>\n\t\t\t<\/h4>\n\t\t\t\t\t\t<div class='uagb-post__text uagb-post-grid-byline'>\n\t\t\t\t\t\t\t\t<time datetime=\"2024-05-28T00:51:55+02:00\" class=\"uagb-post__date\">\n\t\t\t\t\t\t\t\t\t28 de mayo de 2024\t\t\t\t<\/time>\n\t\t\t\t\t\t<\/div>\n\t\t\t\t\t\t\t<div class='uagb-post__text uagb-post__excerpt'>\n\t\t\t\t\t<p>C\u00f3mo se miden las distancias en Astronom\u00eda Por Juan Pedro Fern\u00e1ndez (22 mayo 2024) Las&#8230;\t\t\t\t<\/div>\n\t\t\t\t\t\t<div class=\"uagb-post__text uagb-post__cta wp-block-button\">\n\t\t\t\t<a class=\"wp-block-button__link uagb-text-link\" style=\"\" href=\"https:\/\/astrocomplutense.es\/nova\/como-se-miden-las-distancias-en-astronomia\/\" target=\"_blank\" rel=\"bookmark noopener noreferrer\">Leer m\u00e1s<\/a>\n\t\t\t<\/div>\n\t\t\t\t\t\t<div class='uagb-post__image'>\n\t\t\t\t\t\t\t\t\t<a href=\"https:\/\/astrocomplutense.es\/nova\/como-se-miden-las-distancias-en-astronomia\/\" target=\"_blank\" rel=\"bookmark noopener noreferrer\"><img loading=\"lazy\" decoding=\"async\" width=\"410\" height=\"410\" src=\"https:\/\/astrocomplutense.es\/nova\/wp-content\/uploads\/2024\/05\/ReglaMedirUniversoPeq.jpg\" class=\"attachment-full size-full\" alt=\"\" srcset=\"https:\/\/astrocomplutense.es\/nova\/wp-content\/uploads\/2024\/05\/ReglaMedirUniversoPeq.jpg 410w, https:\/\/astrocomplutense.es\/nova\/wp-content\/uploads\/2024\/05\/ReglaMedirUniversoPeq-300x300.jpg 300w, https:\/\/astrocomplutense.es\/nova\/wp-content\/uploads\/2024\/05\/ReglaMedirUniversoPeq-150x150.jpg 150w\" sizes=\"auto, (max-width: 410px) 100vw, 410px\" \/>\t\t\t\t\t<\/a>\n\t\t\t\t\t\t\t\t\t<\/div>\n\t\t\t\n\t\t\t\t\t\t\t\t<a class=\"uagb-post__link-complete-box\" href=\"https:\/\/astrocomplutense.es\/nova\/como-se-miden-las-distancias-en-astronomia\/\" target=\"_blank\" rel=\"bookmark noopener noreferrer\"><\/a>\n\t\t\t\t\t\t\t<\/article>\n\t\t\t\t\t\t\t\t\t\t\t\t\t\t\t\t<article class=\"uagb-post__inner-wrap\">\t\t\t\t\t\t\t\t<h4 class=\"uagb-post__title uagb-post__text\">\n\t\t\t\t<a href=\"https:\/\/astrocomplutense.es\/nova\/la-noche-en-blanco\/\" target=\"_blank\" rel=\"bookmark noopener noreferrer\">La noche en Blanco<\/a>\n\t\t\t<\/h4>\n\t\t\t\t\t\t<div class='uagb-post__text uagb-post-grid-byline'>\n\t\t\t\t\t\t\t\t<time datetime=\"2024-05-21T12:24:21+02:00\" class=\"uagb-post__date\">\n\t\t\t\t\t\t\t\t\t21 de mayo de 2024\t\t\t\t<\/time>\n\t\t\t\t\t\t<\/div>\n\t\t\t\t\t\t\t<div class='uagb-post__text uagb-post__excerpt'>\n\t\t\t\t\t<p>La Noche en Blanco Por AAC (18 mayo 2024) La Noche en Blanco es un&#8230;\t\t\t\t<\/div>\n\t\t\t\t\t\t<div class=\"uagb-post__text uagb-post__cta wp-block-button\">\n\t\t\t\t<a class=\"wp-block-button__link uagb-text-link\" style=\"\" href=\"https:\/\/astrocomplutense.es\/nova\/la-noche-en-blanco\/\" target=\"_blank\" rel=\"bookmark noopener noreferrer\">Leer m\u00e1s<\/a>\n\t\t\t<\/div>\n\t\t\t\t\t\t<div class='uagb-post__image'>\n\t\t\t\t\t\t\t\t\t<a href=\"https:\/\/astrocomplutense.es\/nova\/la-noche-en-blanco\/\" target=\"_blank\" rel=\"bookmark noopener noreferrer\"><img loading=\"lazy\" decoding=\"async\" width=\"432\" height=\"432\" src=\"https:\/\/astrocomplutense.es\/nova\/wp-content\/uploads\/2024\/05\/cartel-telescopiopeq.jpg\" class=\"attachment-full size-full\" alt=\"\" srcset=\"https:\/\/astrocomplutense.es\/nova\/wp-content\/uploads\/2024\/05\/cartel-telescopiopeq.jpg 432w, https:\/\/astrocomplutense.es\/nova\/wp-content\/uploads\/2024\/05\/cartel-telescopiopeq-300x300.jpg 300w, https:\/\/astrocomplutense.es\/nova\/wp-content\/uploads\/2024\/05\/cartel-telescopiopeq-150x150.jpg 150w\" sizes=\"auto, (max-width: 432px) 100vw, 432px\" \/>\t\t\t\t\t<\/a>\n\t\t\t\t\t\t\t\t\t<\/div>\n\t\t\t\n\t\t\t\t\t\t\t\t<a class=\"uagb-post__link-complete-box\" href=\"https:\/\/astrocomplutense.es\/nova\/la-noche-en-blanco\/\" target=\"_blank\" rel=\"bookmark noopener noreferrer\"><\/a>\n\t\t\t\t\t\t\t<\/article>\n\t\t\t\t\t\t\t\t\t\t\t\t\t\t\t\t<article class=\"uagb-post__inner-wrap\">\t\t\t\t\t\t\t\t<h4 class=\"uagb-post__title uagb-post__text\">\n\t\t\t\t<a href=\"https:\/\/astrocomplutense.es\/nova\/optica-en-telescopios\/\" target=\"_blank\" rel=\"bookmark noopener noreferrer\">\u00d3ptica en telescopios<\/a>\n\t\t\t<\/h4>\n\t\t\t\t\t\t<div class='uagb-post__text uagb-post-grid-byline'>\n\t\t\t\t\t\t\t\t<time datetime=\"2024-05-21T10:46:42+02:00\" class=\"uagb-post__date\">\n\t\t\t\t\t\t\t\t\t21 de mayo de 2024\t\t\t\t<\/time>\n\t\t\t\t\t\t<\/div>\n\t\t\t\t\t\t\t<div class='uagb-post__text uagb-post__excerpt'>\n\t\t\t\t\t<p>\u00d3ptica en telescopios Por Jose Luis del Horno (15 mayo 2024) Una sesi\u00f3n orientada fundamentalmente&#8230;\t\t\t\t<\/div>\n\t\t\t\t\t\t<div class=\"uagb-post__text uagb-post__cta wp-block-button\">\n\t\t\t\t<a class=\"wp-block-button__link uagb-text-link\" style=\"\" href=\"https:\/\/astrocomplutense.es\/nova\/optica-en-telescopios\/\" target=\"_blank\" rel=\"bookmark noopener noreferrer\">Leer m\u00e1s<\/a>\n\t\t\t<\/div>\n\t\t\t\t\t\t<div class='uagb-post__image'>\n\t\t\t\t\t\t\t\t\t<a href=\"https:\/\/astrocomplutense.es\/nova\/optica-en-telescopios\/\" target=\"_blank\" rel=\"bookmark noopener noreferrer\"><img loading=\"lazy\" decoding=\"async\" width=\"1024\" height=\"1024\" src=\"https:\/\/astrocomplutense.es\/nova\/wp-content\/uploads\/2024\/05\/ocular-telescopio.jpg\" class=\"attachment-full size-full\" alt=\"\" srcset=\"https:\/\/astrocomplutense.es\/nova\/wp-content\/uploads\/2024\/05\/ocular-telescopio.jpg 1024w, https:\/\/astrocomplutense.es\/nova\/wp-content\/uploads\/2024\/05\/ocular-telescopio-300x300.jpg 300w, https:\/\/astrocomplutense.es\/nova\/wp-content\/uploads\/2024\/05\/ocular-telescopio-150x150.jpg 150w, https:\/\/astrocomplutense.es\/nova\/wp-content\/uploads\/2024\/05\/ocular-telescopio-768x768.jpg 768w\" sizes=\"auto, (max-width: 1024px) 100vw, 1024px\" \/>\t\t\t\t\t<\/a>\n\t\t\t\t\t\t\t\t\t<\/div>\n\t\t\t\n\t\t\t\t\t\t\t\t<a class=\"uagb-post__link-complete-box\" href=\"https:\/\/astrocomplutense.es\/nova\/optica-en-telescopios\/\" target=\"_blank\" rel=\"bookmark noopener noreferrer\"><\/a>\n\t\t\t\t\t\t\t<\/article>\n\t\t\t\t\t\t\t\t\t\t\t\t\t\t\t\t<article class=\"uagb-post__inner-wrap\">\t\t\t\t\t\t\t\t<h4 class=\"uagb-post__title uagb-post__text\">\n\t\t\t\t<a href=\"https:\/\/astrocomplutense.es\/nova\/la-aac-en-cosmos-uah\/\" target=\"_blank\" rel=\"bookmark noopener noreferrer\">La AAC en COSMOS UAH<\/a>\n\t\t\t<\/h4>\n\t\t\t\t\t\t<div class='uagb-post__text uagb-post-grid-byline'>\n\t\t\t\t\t\t\t\t<time datetime=\"2024-05-15T18:25:52+02:00\" class=\"uagb-post__date\">\n\t\t\t\t\t\t\t\t\t15 de mayo de 2024\t\t\t\t<\/time>\n\t\t\t\t\t\t<\/div>\n\t\t\t\t\t\t\t<div class='uagb-post__text uagb-post__excerpt'>\n\t\t\t\t\t<p>La AAC en COSMOS UAH Por AAC (15 de mayo 2024) Cosmos UAH es un&#8230;\t\t\t\t<\/div>\n\t\t\t\t\t\t<div class=\"uagb-post__text uagb-post__cta wp-block-button\">\n\t\t\t\t<a class=\"wp-block-button__link uagb-text-link\" style=\"\" href=\"https:\/\/astrocomplutense.es\/nova\/la-aac-en-cosmos-uah\/\" target=\"_blank\" rel=\"bookmark noopener noreferrer\">Leer m\u00e1s<\/a>\n\t\t\t<\/div>\n\t\t\t\t\t\t<div class='uagb-post__image'>\n\t\t\t\t\t\t\t\t\t<a href=\"https:\/\/astrocomplutense.es\/nova\/la-aac-en-cosmos-uah\/\" target=\"_blank\" rel=\"bookmark noopener noreferrer\"><img loading=\"lazy\" decoding=\"async\" width=\"413\" height=\"313\" src=\"https:\/\/astrocomplutense.es\/nova\/wp-content\/uploads\/2024\/05\/peq_cosmosuah.jpg\" class=\"attachment-full size-full\" alt=\"\" srcset=\"https:\/\/astrocomplutense.es\/nova\/wp-content\/uploads\/2024\/05\/peq_cosmosuah.jpg 413w, https:\/\/astrocomplutense.es\/nova\/wp-content\/uploads\/2024\/05\/peq_cosmosuah-300x227.jpg 300w\" sizes=\"auto, (max-width: 413px) 100vw, 413px\" \/>\t\t\t\t\t<\/a>\n\t\t\t\t\t\t\t\t\t<\/div>\n\t\t\t\n\t\t\t\t\t\t\t\t<a class=\"uagb-post__link-complete-box\" href=\"https:\/\/astrocomplutense.es\/nova\/la-aac-en-cosmos-uah\/\" target=\"_blank\" rel=\"bookmark noopener noreferrer\"><\/a>\n\t\t\t\t\t\t\t<\/article>\n\t\t\t\t\t\t\t\t\t\t\t\t\t\t\t\t<article class=\"uagb-post__inner-wrap\">\t\t\t\t\t\t\t\t<h4 class=\"uagb-post__title uagb-post__text\">\n\t\t\t\t<a href=\"https:\/\/astrocomplutense.es\/nova\/leo-socia-de-honor\/\" target=\"_blank\" rel=\"bookmark noopener noreferrer\">Leo Socia de Honor<\/a>\n\t\t\t<\/h4>\n\t\t\t\t\t\t<div class='uagb-post__text uagb-post-grid-byline'>\n\t\t\t\t\t\t\t\t<time datetime=\"2024-05-14T11:46:00+02:00\" class=\"uagb-post__date\">\n\t\t\t\t\t\t\t\t\t14 de mayo de 2024\t\t\t\t<\/time>\n\t\t\t\t\t\t<\/div>\n\t\t\t\t\t\t\t<div class='uagb-post__text uagb-post__excerpt'>\n\t\t\t\t\t<p>Leo Socia de Honor Por AAC (14 mayo 2024) Por fin lleg\u00f3 el d\u00eda de&#8230;\t\t\t\t<\/div>\n\t\t\t\t\t\t<div class=\"uagb-post__text uagb-post__cta wp-block-button\">\n\t\t\t\t<a class=\"wp-block-button__link uagb-text-link\" style=\"\" href=\"https:\/\/astrocomplutense.es\/nova\/leo-socia-de-honor\/\" target=\"_blank\" rel=\"bookmark noopener noreferrer\">Leer m\u00e1s<\/a>\n\t\t\t<\/div>\n\t\t\t\t\t\t<div class='uagb-post__image'>\n\t\t\t\t\t\t\t\t\t<a href=\"https:\/\/astrocomplutense.es\/nova\/leo-socia-de-honor\/\" target=\"_blank\" rel=\"bookmark noopener noreferrer\"><img loading=\"lazy\" decoding=\"async\" width=\"400\" height=\"300\" src=\"https:\/\/astrocomplutense.es\/nova\/wp-content\/uploads\/2024\/05\/leoSociaDeHonor.jpg\" class=\"attachment-full size-full\" alt=\"\" srcset=\"https:\/\/astrocomplutense.es\/nova\/wp-content\/uploads\/2024\/05\/leoSociaDeHonor.jpg 400w, https:\/\/astrocomplutense.es\/nova\/wp-content\/uploads\/2024\/05\/leoSociaDeHonor-300x225.jpg 300w\" sizes=\"auto, (max-width: 400px) 100vw, 400px\" \/>\t\t\t\t\t<\/a>\n\t\t\t\t\t\t\t\t\t<\/div>\n\t\t\t\n\t\t\t\t\t\t\t\t<a class=\"uagb-post__link-complete-box\" href=\"https:\/\/astrocomplutense.es\/nova\/leo-socia-de-honor\/\" target=\"_blank\" rel=\"bookmark noopener noreferrer\"><\/a>\n\t\t\t\t\t\t\t<\/article>\n\t\t\t\t\t\t\t\t\t\t\t\t\t\t\t\t<article class=\"uagb-post__inner-wrap\">\t\t\t\t\t\t\t\t<h4 class=\"uagb-post__title uagb-post__text\">\n\t\t\t\t<a href=\"https:\/\/astrocomplutense.es\/nova\/solar-en-la-uah\/\" target=\"_blank\" rel=\"bookmark noopener noreferrer\">Solar en la UAH<\/a>\n\t\t\t<\/h4>\n\t\t\t\t\t\t<div class='uagb-post__text uagb-post-grid-byline'>\n\t\t\t\t\t\t\t\t<time datetime=\"2024-04-27T11:23:19+02:00\" class=\"uagb-post__date\">\n\t\t\t\t\t\t\t\t\t27 de abril de 2024\t\t\t\t<\/time>\n\t\t\t\t\t\t<\/div>\n\t\t\t\t\t\t\t<div class='uagb-post__text uagb-post__excerpt'>\n\t\t\t\t\t<p>Solar en la UAH Por la AAC (27 abril 2024) Una \u00abemocionante\u00bb charla de Jose&#8230;\t\t\t\t<\/div>\n\t\t\t\t\t\t<div class=\"uagb-post__text uagb-post__cta wp-block-button\">\n\t\t\t\t<a class=\"wp-block-button__link uagb-text-link\" style=\"\" href=\"https:\/\/astrocomplutense.es\/nova\/solar-en-la-uah\/\" target=\"_blank\" rel=\"bookmark noopener noreferrer\">Leer m\u00e1s<\/a>\n\t\t\t<\/div>\n\t\t\t\t\t\t<div class='uagb-post__image'>\n\t\t\t\t\t\t\t\t\t<a href=\"https:\/\/astrocomplutense.es\/nova\/solar-en-la-uah\/\" target=\"_blank\" rel=\"bookmark noopener noreferrer\"><img loading=\"lazy\" decoding=\"async\" width=\"600\" height=\"400\" src=\"https:\/\/astrocomplutense.es\/nova\/wp-content\/uploads\/2024\/04\/solaruah.jpg\" class=\"attachment-full size-full\" alt=\"\" srcset=\"https:\/\/astrocomplutense.es\/nova\/wp-content\/uploads\/2024\/04\/solaruah.jpg 600w, https:\/\/astrocomplutense.es\/nova\/wp-content\/uploads\/2024\/04\/solaruah-300x200.jpg 300w\" sizes=\"auto, (max-width: 600px) 100vw, 600px\" \/>\t\t\t\t\t<\/a>\n\t\t\t\t\t\t\t\t\t<\/div>\n\t\t\t\n\t\t\t\t\t\t\t\t<a class=\"uagb-post__link-complete-box\" href=\"https:\/\/astrocomplutense.es\/nova\/solar-en-la-uah\/\" target=\"_blank\" rel=\"bookmark noopener noreferrer\"><\/a>\n\t\t\t\t\t\t\t<\/article>\n\t\t\t\t\t\t\t\t\t\t\t\t\t\t\t\t<article class=\"uagb-post__inner-wrap\">\t\t\t\t\t\t\t\t<h4 class=\"uagb-post__title uagb-post__text\">\n\t\t\t\t<a href=\"https:\/\/astrocomplutense.es\/nova\/visita-rdm-la-palma\/\" target=\"_blank\" rel=\"bookmark noopener noreferrer\">Visita RDM La  Palma<\/a>\n\t\t\t<\/h4>\n\t\t\t\t\t\t<div class='uagb-post__text uagb-post-grid-byline'>\n\t\t\t\t\t\t\t\t<time datetime=\"2024-04-22T17:42:56+02:00\" class=\"uagb-post__date\">\n\t\t\t\t\t\t\t\t\t22 de abril de 2024\t\t\t\t<\/time>\n\t\t\t\t\t\t<\/div>\n\t\t\t\t\t\t\t<div class='uagb-post__text uagb-post__excerpt'>\n\t\t\t\t\t<p>Visita RDM La Palma Por Versicolor (17 abril 2024) Con algo m\u00e1s de 700km2 La&#8230;\t\t\t\t<\/div>\n\t\t\t\t\t\t<div class=\"uagb-post__text uagb-post__cta wp-block-button\">\n\t\t\t\t<a class=\"wp-block-button__link uagb-text-link\" style=\"\" href=\"https:\/\/astrocomplutense.es\/nova\/visita-rdm-la-palma\/\" target=\"_blank\" rel=\"bookmark noopener noreferrer\">Leer m\u00e1s<\/a>\n\t\t\t<\/div>\n\t\t\t\t\t\t<div class='uagb-post__image'>\n\t\t\t\t\t\t\t\t\t<a href=\"https:\/\/astrocomplutense.es\/nova\/visita-rdm-la-palma\/\" target=\"_blank\" rel=\"bookmark noopener noreferrer\"><img loading=\"lazy\" decoding=\"async\" width=\"809\" height=\"587\" src=\"https:\/\/astrocomplutense.es\/nova\/wp-content\/uploads\/2024\/04\/JasoneCharla.jpg\" class=\"attachment-full size-full\" alt=\"\" srcset=\"https:\/\/astrocomplutense.es\/nova\/wp-content\/uploads\/2024\/04\/JasoneCharla.jpg 809w, https:\/\/astrocomplutense.es\/nova\/wp-content\/uploads\/2024\/04\/JasoneCharla-300x218.jpg 300w, https:\/\/astrocomplutense.es\/nova\/wp-content\/uploads\/2024\/04\/JasoneCharla-768x557.jpg 768w\" sizes=\"auto, (max-width: 809px) 100vw, 809px\" \/>\t\t\t\t\t<\/a>\n\t\t\t\t\t\t\t\t\t<\/div>\n\t\t\t\n\t\t\t\t\t\t\t\t<a class=\"uagb-post__link-complete-box\" href=\"https:\/\/astrocomplutense.es\/nova\/visita-rdm-la-palma\/\" target=\"_blank\" rel=\"bookmark noopener noreferrer\"><\/a>\n\t\t\t\t\t\t\t<\/article>\n\t\t\t\t\t\t\t\t\t\t\t\t\t\t\t\t<article class=\"uagb-post__inner-wrap\">\t\t\t\t\t\t\t\t<h4 class=\"uagb-post__title uagb-post__text\">\n\t\t\t\t<a href=\"https:\/\/astrocomplutense.es\/nova\/m1-la-nebulosa-plerion\/\" target=\"_blank\" rel=\"bookmark noopener noreferrer\">M1, la nebulosa pleri\u00f3n<\/a>\n\t\t\t<\/h4>\n\t\t\t\t\t\t<div class='uagb-post__text uagb-post-grid-byline'>\n\t\t\t\t\t\t\t\t<time datetime=\"2024-04-10T17:19:51+02:00\" class=\"uagb-post__date\">\n\t\t\t\t\t\t\t\t\t10 de abril de 2024\t\t\t\t<\/time>\n\t\t\t\t\t\t<\/div>\n\t\t\t\t\t\t\t<div class='uagb-post__text uagb-post__excerpt'>\n\t\t\t\t\t<p>M1 la nebulosa pleri\u00f3n Por Jose Luis del Horno (10 abril 2024) El Ecce Homo&#8230;\t\t\t\t<\/div>\n\t\t\t\t\t\t<div class=\"uagb-post__text uagb-post__cta wp-block-button\">\n\t\t\t\t<a class=\"wp-block-button__link uagb-text-link\" style=\"\" href=\"https:\/\/astrocomplutense.es\/nova\/m1-la-nebulosa-plerion\/\" target=\"_blank\" rel=\"bookmark noopener noreferrer\">Leer m\u00e1s<\/a>\n\t\t\t<\/div>\n\t\t\t\t\t\t<div class='uagb-post__image'>\n\t\t\t\t\t\t\t\t\t<a href=\"https:\/\/astrocomplutense.es\/nova\/m1-la-nebulosa-plerion\/\" target=\"_blank\" rel=\"bookmark noopener noreferrer\"><img loading=\"lazy\" decoding=\"async\" width=\"384\" height=\"384\" src=\"https:\/\/astrocomplutense.es\/nova\/wp-content\/uploads\/2024\/04\/M1-peque.jpg\" class=\"attachment-full size-full\" alt=\"\" srcset=\"https:\/\/astrocomplutense.es\/nova\/wp-content\/uploads\/2024\/04\/M1-peque.jpg 384w, https:\/\/astrocomplutense.es\/nova\/wp-content\/uploads\/2024\/04\/M1-peque-300x300.jpg 300w, https:\/\/astrocomplutense.es\/nova\/wp-content\/uploads\/2024\/04\/M1-peque-150x150.jpg 150w\" sizes=\"auto, (max-width: 384px) 100vw, 384px\" \/>\t\t\t\t\t<\/a>\n\t\t\t\t\t\t\t\t\t<\/div>\n\t\t\t\n\t\t\t\t\t\t\t\t<a class=\"uagb-post__link-complete-box\" href=\"https:\/\/astrocomplutense.es\/nova\/m1-la-nebulosa-plerion\/\" target=\"_blank\" rel=\"bookmark noopener noreferrer\"><\/a>\n\t\t\t\t\t\t\t<\/article>\n\t\t\t\t\t\t\t\t\t\t\t\t\t\t\t\t<article class=\"uagb-post__inner-wrap\">\t\t\t\t\t\t\t\t<h4 class=\"uagb-post__title uagb-post__text\">\n\t\t\t\t<a href=\"https:\/\/astrocomplutense.es\/nova\/dioses-y-planetas\/\" target=\"_blank\" rel=\"bookmark noopener noreferrer\">Dioses y Planetas<\/a>\n\t\t\t<\/h4>\n\t\t\t\t\t\t<div class='uagb-post__text uagb-post-grid-byline'>\n\t\t\t\t\t\t\t\t<time datetime=\"2024-04-03T13:13:50+02:00\" class=\"uagb-post__date\">\n\t\t\t\t\t\t\t\t\t3 de abril de 2024\t\t\t\t<\/time>\n\t\t\t\t\t\t<\/div>\n\t\t\t\t\t\t\t<div class='uagb-post__text uagb-post__excerpt'>\n\t\t\t\t\t<p>Dioses y Planetas Por Lourdes Cayado (3 Abril 2024) La astronom\u00eda antigua y la mitolog\u00eda,&#8230;\t\t\t\t<\/div>\n\t\t\t\t\t\t<div class=\"uagb-post__text uagb-post__cta wp-block-button\">\n\t\t\t\t<a class=\"wp-block-button__link uagb-text-link\" style=\"\" href=\"https:\/\/astrocomplutense.es\/nova\/dioses-y-planetas\/\" target=\"_blank\" rel=\"bookmark noopener noreferrer\">Leer m\u00e1s<\/a>\n\t\t\t<\/div>\n\t\t\t\t\t\t<div class='uagb-post__image'>\n\t\t\t\t\t\t\t\t\t<a href=\"https:\/\/astrocomplutense.es\/nova\/dioses-y-planetas\/\" target=\"_blank\" rel=\"bookmark noopener noreferrer\"><img loading=\"lazy\" decoding=\"async\" width=\"640\" height=\"360\" src=\"https:\/\/astrocomplutense.es\/nova\/wp-content\/uploads\/2024\/04\/diosesyplanetas.jpg\" class=\"attachment-full size-full\" alt=\"\" srcset=\"https:\/\/astrocomplutense.es\/nova\/wp-content\/uploads\/2024\/04\/diosesyplanetas.jpg 640w, https:\/\/astrocomplutense.es\/nova\/wp-content\/uploads\/2024\/04\/diosesyplanetas-300x169.jpg 300w\" sizes=\"auto, (max-width: 640px) 100vw, 640px\" \/>\t\t\t\t\t<\/a>\n\t\t\t\t\t\t\t\t\t<\/div>\n\t\t\t\n\t\t\t\t\t\t\t\t<a class=\"uagb-post__link-complete-box\" href=\"https:\/\/astrocomplutense.es\/nova\/dioses-y-planetas\/\" target=\"_blank\" rel=\"bookmark noopener noreferrer\"><\/a>\n\t\t\t\t\t\t\t<\/article>\n\t\t\t\t\t\t\t\t\t\t\t\t\t\t\t\t<article class=\"uagb-post__inner-wrap\">\t\t\t\t\t\t\t\t<h4 class=\"uagb-post__title uagb-post__text\">\n\t\t\t\t<a href=\"https:\/\/astrocomplutense.es\/nova\/la-temperie-o-meteorologia\/\" target=\"_blank\" rel=\"bookmark noopener noreferrer\">La temperie o meteorolog\u00eda<\/a>\n\t\t\t<\/h4>\n\t\t\t\t\t\t<div class='uagb-post__text uagb-post-grid-byline'>\n\t\t\t\t\t\t\t\t<time datetime=\"2024-03-22T12:29:01+01:00\" class=\"uagb-post__date\">\n\t\t\t\t\t\t\t\t\t22 de marzo de 2024\t\t\t\t<\/time>\n\t\t\t\t\t\t<\/div>\n\t\t\t\t\t\t\t<div class='uagb-post__text uagb-post__excerpt'>\n\t\t\t\t\t<p>La temperie o meteorolog\u00eda Por Fernando L. Garc\u00eda (20 de marzo 2024) Antes de salir&#8230;\t\t\t\t<\/div>\n\t\t\t\t\t\t<div class=\"uagb-post__text uagb-post__cta wp-block-button\">\n\t\t\t\t<a class=\"wp-block-button__link uagb-text-link\" style=\"\" href=\"https:\/\/astrocomplutense.es\/nova\/la-temperie-o-meteorologia\/\" target=\"_blank\" rel=\"bookmark noopener noreferrer\">Leer m\u00e1s<\/a>\n\t\t\t<\/div>\n\t\t\t\t\t\t<div class='uagb-post__image'>\n\t\t\t\t\t\t\t\t\t<a href=\"https:\/\/astrocomplutense.es\/nova\/la-temperie-o-meteorologia\/\" target=\"_blank\" rel=\"bookmark noopener noreferrer\"><img loading=\"lazy\" decoding=\"async\" width=\"208\" height=\"165\" src=\"https:\/\/astrocomplutense.es\/nova\/wp-content\/uploads\/2024\/03\/latemperie20Mar24.jpg\" class=\"attachment-full size-full\" alt=\"\" \/>\t\t\t\t\t<\/a>\n\t\t\t\t\t\t\t\t\t<\/div>\n\t\t\t\n\t\t\t\t\t\t\t\t<a class=\"uagb-post__link-complete-box\" href=\"https:\/\/astrocomplutense.es\/nova\/la-temperie-o-meteorologia\/\" target=\"_blank\" rel=\"bookmark noopener noreferrer\"><\/a>\n\t\t\t\t\t\t\t<\/article>\n\t\t\t\t\t\t\t\t\t\t\t\t\t\t\t\t<article class=\"uagb-post__inner-wrap\">\t\t\t\t\t\t\t\t<h4 class=\"uagb-post__title uagb-post__text\">\n\t\t\t\t<a href=\"https:\/\/astrocomplutense.es\/nova\/observacion-solar-en-el-ies-atenea\/\" target=\"_blank\" rel=\"bookmark noopener noreferrer\">Observaci\u00f3n solar en el IES Atenea<\/a>\n\t\t\t<\/h4>\n\t\t\t\t\t\t<div class='uagb-post__text uagb-post-grid-byline'>\n\t\t\t\t\t\t\t\t<time datetime=\"2024-03-20T11:32:30+01:00\" class=\"uagb-post__date\">\n\t\t\t\t\t\t\t\t\t20 de marzo de 2024\t\t\t\t<\/time>\n\t\t\t\t\t\t<\/div>\n\t\t\t\t\t\t\t<div class='uagb-post__text uagb-post__excerpt'>\n\t\t\t\t\t<p>Observaci\u00f3n solar en el IES Atenea AAC 20 marzo 2024 Un a\u00f1o m\u00e1s nos invitan&#8230;\t\t\t\t<\/div>\n\t\t\t\t\t\t<div class=\"uagb-post__text uagb-post__cta wp-block-button\">\n\t\t\t\t<a class=\"wp-block-button__link uagb-text-link\" style=\"\" href=\"https:\/\/astrocomplutense.es\/nova\/observacion-solar-en-el-ies-atenea\/\" target=\"_blank\" rel=\"bookmark noopener noreferrer\">Leer m\u00e1s<\/a>\n\t\t\t<\/div>\n\t\t\t\t\t\t<div class='uagb-post__image'>\n\t\t\t\t\t\t\t\t\t<a href=\"https:\/\/astrocomplutense.es\/nova\/observacion-solar-en-el-ies-atenea\/\" target=\"_blank\" rel=\"bookmark noopener noreferrer\"><img loading=\"lazy\" decoding=\"async\" width=\"240\" height=\"328\" src=\"https:\/\/astrocomplutense.es\/nova\/wp-content\/uploads\/2024\/03\/OsolarAtenea20Mar24.jpg\" class=\"attachment-full size-full\" alt=\"\" srcset=\"https:\/\/astrocomplutense.es\/nova\/wp-content\/uploads\/2024\/03\/OsolarAtenea20Mar24.jpg 240w, https:\/\/astrocomplutense.es\/nova\/wp-content\/uploads\/2024\/03\/OsolarAtenea20Mar24-220x300.jpg 220w\" sizes=\"auto, (max-width: 240px) 100vw, 240px\" \/>\t\t\t\t\t<\/a>\n\t\t\t\t\t\t\t\t\t<\/div>\n\t\t\t\n\t\t\t\t\t\t\t\t<a class=\"uagb-post__link-complete-box\" href=\"https:\/\/astrocomplutense.es\/nova\/observacion-solar-en-el-ies-atenea\/\" target=\"_blank\" rel=\"bookmark noopener noreferrer\"><\/a>\n\t\t\t\t\t\t\t<\/article>\n\t\t\t\t\t\t\t\t\t\t\t\t\t\t\t\t<article class=\"uagb-post__inner-wrap\">\t\t\t\t\t\t\t\t<h4 class=\"uagb-post__title uagb-post__text\">\n\t\t\t\t<a href=\"https:\/\/astrocomplutense.es\/nova\/telescopios-remotos\/\" target=\"_blank\" rel=\"bookmark noopener noreferrer\">Telescopios remotos<\/a>\n\t\t\t<\/h4>\n\t\t\t\t\t\t<div class='uagb-post__text uagb-post-grid-byline'>\n\t\t\t\t\t\t\t\t<time datetime=\"2024-03-13T12:10:19+01:00\" class=\"uagb-post__date\">\n\t\t\t\t\t\t\t\t\t13 de marzo de 2024\t\t\t\t<\/time>\n\t\t\t\t\t\t<\/div>\n\t\t\t\t\t\t\t<div class='uagb-post__text uagb-post__excerpt'>\n\t\t\t\t\t<p>Telescopios remotos Por Jose Luis del Horno (13 marzo 2024) \u00bfCu\u00e1ndo empec\u00e9 a interesarme por&#8230;\t\t\t\t<\/div>\n\t\t\t\t\t\t<div class=\"uagb-post__text uagb-post__cta wp-block-button\">\n\t\t\t\t<a class=\"wp-block-button__link uagb-text-link\" style=\"\" href=\"https:\/\/astrocomplutense.es\/nova\/telescopios-remotos\/\" target=\"_blank\" rel=\"bookmark noopener noreferrer\">Leer m\u00e1s<\/a>\n\t\t\t<\/div>\n\t\t\t\t\t\t<div class='uagb-post__image'>\n\t\t\t\t\t\t\t\t\t<a href=\"https:\/\/astrocomplutense.es\/nova\/telescopios-remotos\/\" target=\"_blank\" rel=\"bookmark noopener noreferrer\"><img loading=\"lazy\" decoding=\"async\" width=\"607\" height=\"586\" src=\"https:\/\/astrocomplutense.es\/nova\/wp-content\/uploads\/2024\/03\/telescopiosremotos.jpg\" class=\"attachment-full size-full\" alt=\"\" srcset=\"https:\/\/astrocomplutense.es\/nova\/wp-content\/uploads\/2024\/03\/telescopiosremotos.jpg 607w, https:\/\/astrocomplutense.es\/nova\/wp-content\/uploads\/2024\/03\/telescopiosremotos-300x290.jpg 300w\" sizes=\"auto, (max-width: 607px) 100vw, 607px\" \/>\t\t\t\t\t<\/a>\n\t\t\t\t\t\t\t\t\t<\/div>\n\t\t\t\n\t\t\t\t\t\t\t\t<a class=\"uagb-post__link-complete-box\" href=\"https:\/\/astrocomplutense.es\/nova\/telescopios-remotos\/\" target=\"_blank\" rel=\"bookmark noopener noreferrer\"><\/a>\n\t\t\t\t\t\t\t<\/article>\n\t\t\t\t\t\t\t\t\t\t\t\t\t\t\t\t<article class=\"uagb-post__inner-wrap\">\t\t\t\t\t\t\t\t<h4 class=\"uagb-post__title uagb-post__text\">\n\t\t\t\t<a href=\"https:\/\/astrocomplutense.es\/nova\/noche-de-observacion-en-guadalajara\/\" target=\"_blank\" rel=\"bookmark noopener noreferrer\">Noche de observaci\u00f3n en Guadalajara<\/a>\n\t\t\t<\/h4>\n\t\t\t\t\t\t<div class='uagb-post__text uagb-post-grid-byline'>\n\t\t\t\t\t\t\t\t<time datetime=\"2024-03-13T08:10:47+01:00\" class=\"uagb-post__date\">\n\t\t\t\t\t\t\t\t\t13 de marzo de 2024\t\t\t\t<\/time>\n\t\t\t\t\t\t<\/div>\n\t\t\t\t\t\t\t<div class='uagb-post__text uagb-post__excerpt'>\n\t\t\t\t\t<p>Noche de observaci\u00f3n en Guadalajara Agrupaci\u00f3n Astron\u00f3mica Complutense (12-13 marzo 2024) Una noche de observaci\u00f3n&#8230;\t\t\t\t<\/div>\n\t\t\t\t\t\t<div class=\"uagb-post__text uagb-post__cta wp-block-button\">\n\t\t\t\t<a class=\"wp-block-button__link uagb-text-link\" style=\"\" href=\"https:\/\/astrocomplutense.es\/nova\/noche-de-observacion-en-guadalajara\/\" target=\"_blank\" rel=\"bookmark noopener noreferrer\">Leer m\u00e1s<\/a>\n\t\t\t<\/div>\n\t\t\t\t\t\t<div class='uagb-post__image'>\n\t\t\t\t\t\t\t\t\t<a href=\"https:\/\/astrocomplutense.es\/nova\/noche-de-observacion-en-guadalajara\/\" target=\"_blank\" rel=\"bookmark noopener noreferrer\"><img loading=\"lazy\" decoding=\"async\" width=\"492\" height=\"369\" src=\"https:\/\/astrocomplutense.es\/nova\/wp-content\/uploads\/2024\/03\/Yela-12Mar24-23-1.jpg\" class=\"attachment-full size-full\" alt=\"\" srcset=\"https:\/\/astrocomplutense.es\/nova\/wp-content\/uploads\/2024\/03\/Yela-12Mar24-23-1.jpg 492w, https:\/\/astrocomplutense.es\/nova\/wp-content\/uploads\/2024\/03\/Yela-12Mar24-23-1-300x225.jpg 300w\" sizes=\"auto, (max-width: 492px) 100vw, 492px\" \/>\t\t\t\t\t<\/a>\n\t\t\t\t\t\t\t\t\t<\/div>\n\t\t\t\n\t\t\t\t\t\t\t\t<a class=\"uagb-post__link-complete-box\" href=\"https:\/\/astrocomplutense.es\/nova\/noche-de-observacion-en-guadalajara\/\" target=\"_blank\" rel=\"bookmark noopener noreferrer\"><\/a>\n\t\t\t\t\t\t\t<\/article>\n\t\t\t\t\t\t\t\t\t\t\t\t\t\t\t\t<article class=\"uagb-post__inner-wrap\">\t\t\t\t\t\t\t\t<h4 class=\"uagb-post__title uagb-post__text\">\n\t\t\t\t<a href=\"https:\/\/astrocomplutense.es\/nova\/una-noche-en-pioz\/\" target=\"_blank\" rel=\"bookmark noopener noreferrer\">Una noche en Pioz<\/a>\n\t\t\t<\/h4>\n\t\t\t\t\t\t<div class='uagb-post__text uagb-post-grid-byline'>\n\t\t\t\t\t\t\t\t<time datetime=\"2024-03-07T12:02:55+01:00\" class=\"uagb-post__date\">\n\t\t\t\t\t\t\t\t\t7 de marzo de 2024\t\t\t\t<\/time>\n\t\t\t\t\t\t<\/div>\n\t\t\t\t\t\t\t<div class='uagb-post__text uagb-post__excerpt'>\n\t\t\t\t\t<p>Una noche en Pioz AAC (5-6 de marzo 2024) Todo comenz\u00f3 tras una preciosa puesta&#8230;\t\t\t\t<\/div>\n\t\t\t\t\t\t<div class=\"uagb-post__text uagb-post__cta wp-block-button\">\n\t\t\t\t<a class=\"wp-block-button__link uagb-text-link\" style=\"\" href=\"https:\/\/astrocomplutense.es\/nova\/una-noche-en-pioz\/\" target=\"_blank\" rel=\"bookmark noopener noreferrer\">Leer m\u00e1s<\/a>\n\t\t\t<\/div>\n\t\t\t\t\t\t<div class='uagb-post__image'>\n\t\t\t\t\t\t\t\t\t<a href=\"https:\/\/astrocomplutense.es\/nova\/una-noche-en-pioz\/\" target=\"_blank\" rel=\"bookmark noopener noreferrer\"><img loading=\"lazy\" decoding=\"async\" width=\"410\" height=\"308\" src=\"https:\/\/astrocomplutense.es\/nova\/wp-content\/uploads\/2024\/03\/Pioz05Mar24-9-1.jpg\" class=\"attachment-full size-full\" alt=\"\" srcset=\"https:\/\/astrocomplutense.es\/nova\/wp-content\/uploads\/2024\/03\/Pioz05Mar24-9-1.jpg 410w, https:\/\/astrocomplutense.es\/nova\/wp-content\/uploads\/2024\/03\/Pioz05Mar24-9-1-300x225.jpg 300w\" sizes=\"auto, (max-width: 410px) 100vw, 410px\" \/>\t\t\t\t\t<\/a>\n\t\t\t\t\t\t\t\t\t<\/div>\n\t\t\t\n\t\t\t\t\t\t\t\t<a class=\"uagb-post__link-complete-box\" href=\"https:\/\/astrocomplutense.es\/nova\/una-noche-en-pioz\/\" target=\"_blank\" rel=\"bookmark noopener noreferrer\"><\/a>\n\t\t\t\t\t\t\t<\/article>\n\t\t\t\t\t\t\t\t\t\t\t\t\t\t\t\t<article class=\"uagb-post__inner-wrap\">\t\t\t\t\t\t\t\t<h4 class=\"uagb-post__title uagb-post__text\">\n\t\t\t\t<a href=\"https:\/\/astrocomplutense.es\/nova\/preparacion-del-maraton-messier-2024\/\" target=\"_blank\" rel=\"bookmark noopener noreferrer\">Preparaci\u00f3n del Marat\u00f3n Messier 2024<\/a>\n\t\t\t<\/h4>\n\t\t\t\t\t\t<div class='uagb-post__text uagb-post-grid-byline'>\n\t\t\t\t\t\t\t\t<time datetime=\"2024-03-06T11:11:15+01:00\" class=\"uagb-post__date\">\n\t\t\t\t\t\t\t\t\t6 de marzo de 2024\t\t\t\t<\/time>\n\t\t\t\t\t\t<\/div>\n\t\t\t\t\t\t\t<div class='uagb-post__text uagb-post__excerpt'>\n\t\t\t\t\t<p>Preparaci\u00f3n del Marat\u00f3n Messier 2024 Por Marian Mart\u00ednez (06 marzo 2024) Este a\u00f1o no va&#8230;\t\t\t\t<\/div>\n\t\t\t\t\t\t<div class=\"uagb-post__text uagb-post__cta wp-block-button\">\n\t\t\t\t<a class=\"wp-block-button__link uagb-text-link\" style=\"\" href=\"https:\/\/astrocomplutense.es\/nova\/preparacion-del-maraton-messier-2024\/\" target=\"_blank\" rel=\"bookmark noopener noreferrer\">Leer m\u00e1s<\/a>\n\t\t\t<\/div>\n\t\t\t\t\t\t<div class='uagb-post__image'>\n\t\t\t\t\t\t\t\t\t<a href=\"https:\/\/astrocomplutense.es\/nova\/preparacion-del-maraton-messier-2024\/\" target=\"_blank\" rel=\"bookmark noopener noreferrer\"><img loading=\"lazy\" decoding=\"async\" width=\"1280\" height=\"720\" src=\"https:\/\/astrocomplutense.es\/nova\/wp-content\/uploads\/2024\/03\/Maraton24.jpeg\" class=\"attachment-full size-full\" alt=\"\" srcset=\"https:\/\/astrocomplutense.es\/nova\/wp-content\/uploads\/2024\/03\/Maraton24.jpeg 1280w, https:\/\/astrocomplutense.es\/nova\/wp-content\/uploads\/2024\/03\/Maraton24-300x169.jpeg 300w, https:\/\/astrocomplutense.es\/nova\/wp-content\/uploads\/2024\/03\/Maraton24-1024x576.jpeg 1024w, https:\/\/astrocomplutense.es\/nova\/wp-content\/uploads\/2024\/03\/Maraton24-768x432.jpeg 768w\" sizes=\"auto, (max-width: 1280px) 100vw, 1280px\" \/>\t\t\t\t\t<\/a>\n\t\t\t\t\t\t\t\t\t<\/div>\n\t\t\t\n\t\t\t\t\t\t\t\t<a class=\"uagb-post__link-complete-box\" href=\"https:\/\/astrocomplutense.es\/nova\/preparacion-del-maraton-messier-2024\/\" target=\"_blank\" rel=\"bookmark noopener noreferrer\"><\/a>\n\t\t\t\t\t\t\t<\/article>\n\t\t\t\t\t\t\t\t\t\t\t\t\t\t\t\t<article class=\"uagb-post__inner-wrap\">\t\t\t\t\t\t\t\t<h4 class=\"uagb-post__title uagb-post__text\">\n\t\t\t\t<a href=\"https:\/\/astrocomplutense.es\/nova\/navegacion-astronomica-parte-ii\/\" target=\"_blank\" rel=\"bookmark noopener noreferrer\">Navegaci\u00f3n Astron\u00f3mica parte II<\/a>\n\t\t\t<\/h4>\n\t\t\t\t\t\t<div class='uagb-post__text uagb-post-grid-byline'>\n\t\t\t\t\t\t\t\t<time datetime=\"2024-02-28T01:03:39+01:00\" class=\"uagb-post__date\">\n\t\t\t\t\t\t\t\t\t28 de febrero de 2024\t\t\t\t<\/time>\n\t\t\t\t\t\t<\/div>\n\t\t\t\t\t\t\t<div class='uagb-post__text uagb-post__excerpt'>\n\t\t\t\t\t<p>Navegaci\u00f3n Astron\u00f3mica Parte II Por Javier Cabrero Rico (28 de feb 2024) En una de&#8230;\t\t\t\t<\/div>\n\t\t\t\t\t\t<div class=\"uagb-post__text uagb-post__cta wp-block-button\">\n\t\t\t\t<a class=\"wp-block-button__link uagb-text-link\" style=\"\" href=\"https:\/\/astrocomplutense.es\/nova\/navegacion-astronomica-parte-ii\/\" target=\"_blank\" rel=\"bookmark noopener noreferrer\">Leer m\u00e1s<\/a>\n\t\t\t<\/div>\n\t\t\t\t\t\t<div class='uagb-post__image'>\n\t\t\t\t\t\t\t\t\t<a href=\"https:\/\/astrocomplutense.es\/nova\/navegacion-astronomica-parte-ii\/\" target=\"_blank\" rel=\"bookmark noopener noreferrer\"><img loading=\"lazy\" decoding=\"async\" width=\"688\" height=\"688\" src=\"https:\/\/astrocomplutense.es\/nova\/wp-content\/uploads\/2024\/01\/brujula.jpg\" class=\"attachment-full size-full\" alt=\"\" srcset=\"https:\/\/astrocomplutense.es\/nova\/wp-content\/uploads\/2024\/01\/brujula.jpg 688w, https:\/\/astrocomplutense.es\/nova\/wp-content\/uploads\/2024\/01\/brujula-300x300.jpg 300w, https:\/\/astrocomplutense.es\/nova\/wp-content\/uploads\/2024\/01\/brujula-150x150.jpg 150w\" sizes=\"auto, (max-width: 688px) 100vw, 688px\" \/>\t\t\t\t\t<\/a>\n\t\t\t\t\t\t\t\t\t<\/div>\n\t\t\t\n\t\t\t\t\t\t\t\t<a class=\"uagb-post__link-complete-box\" href=\"https:\/\/astrocomplutense.es\/nova\/navegacion-astronomica-parte-ii\/\" target=\"_blank\" rel=\"bookmark noopener noreferrer\"><\/a>\n\t\t\t\t\t\t\t<\/article>\n\t\t\t\t\t\t\t\t\t\t\t\t\t\t\t\t<article class=\"uagb-post__inner-wrap\">\t\t\t\t\t\t\t\t<h4 class=\"uagb-post__title uagb-post__text\">\n\t\t\t\t<a href=\"https:\/\/astrocomplutense.es\/nova\/astrofotografia-desde-cinco-puntos-de-vista\/\" target=\"_blank\" rel=\"bookmark noopener noreferrer\">Astrofotograf\u00eda desde cinco puntos de vista<\/a>\n\t\t\t<\/h4>\n\t\t\t\t\t\t<div class='uagb-post__text uagb-post-grid-byline'>\n\t\t\t\t\t\t\t\t<time datetime=\"2024-02-14T20:35:27+01:00\" class=\"uagb-post__date\">\n\t\t\t\t\t\t\t\t\t14 de febrero de 2024\t\t\t\t<\/time>\n\t\t\t\t\t\t<\/div>\n\t\t\t\t\t\t\t<div class='uagb-post__text uagb-post__excerpt'>\n\t\t\t\t\t<p>Astrofotograf\u00eda desde cinco puntos de vista 14 de febrero 2024 Presentado por Fernando L. Garc\u00eda&#8230;.\t\t\t\t<\/div>\n\t\t\t\t\t\t<div class=\"uagb-post__text uagb-post__cta wp-block-button\">\n\t\t\t\t<a class=\"wp-block-button__link uagb-text-link\" style=\"\" href=\"https:\/\/astrocomplutense.es\/nova\/astrofotografia-desde-cinco-puntos-de-vista\/\" target=\"_blank\" rel=\"bookmark noopener noreferrer\">Leer m\u00e1s<\/a>\n\t\t\t<\/div>\n\t\t\t\t\t\t<div class='uagb-post__image'>\n\t\t\t\t\t\t\t\t\t<a href=\"https:\/\/astrocomplutense.es\/nova\/astrofotografia-desde-cinco-puntos-de-vista\/\" target=\"_blank\" rel=\"bookmark noopener noreferrer\"><img loading=\"lazy\" decoding=\"async\" width=\"1024\" height=\"1024\" src=\"https:\/\/astrocomplutense.es\/nova\/wp-content\/uploads\/2024\/01\/52802048361_0e7288041a_b.jpg\" class=\"attachment-full size-full\" alt=\"\" srcset=\"https:\/\/astrocomplutense.es\/nova\/wp-content\/uploads\/2024\/01\/52802048361_0e7288041a_b.jpg 1024w, https:\/\/astrocomplutense.es\/nova\/wp-content\/uploads\/2024\/01\/52802048361_0e7288041a_b-300x300.jpg 300w, https:\/\/astrocomplutense.es\/nova\/wp-content\/uploads\/2024\/01\/52802048361_0e7288041a_b-150x150.jpg 150w, https:\/\/astrocomplutense.es\/nova\/wp-content\/uploads\/2024\/01\/52802048361_0e7288041a_b-768x768.jpg 768w\" sizes=\"auto, (max-width: 1024px) 100vw, 1024px\" \/>\t\t\t\t\t<\/a>\n\t\t\t\t\t\t\t\t\t<\/div>\n\t\t\t\n\t\t\t\t\t\t\t\t<a class=\"uagb-post__link-complete-box\" href=\"https:\/\/astrocomplutense.es\/nova\/astrofotografia-desde-cinco-puntos-de-vista\/\" target=\"_blank\" rel=\"bookmark noopener noreferrer\"><\/a>\n\t\t\t\t\t\t\t<\/article>\n\t\t\t\t\t\t\t\t\t\t\t\t\t\t\t\t<article class=\"uagb-post__inner-wrap\">\t\t\t\t\t\t\t\t<h4 class=\"uagb-post__title uagb-post__text\">\n\t\t\t\t<a href=\"https:\/\/astrocomplutense.es\/nova\/las-estrellas-variables-2\/\" target=\"_blank\" rel=\"bookmark noopener noreferrer\">Las estrellas variables<\/a>\n\t\t\t<\/h4>\n\t\t\t\t\t\t<div class='uagb-post__text uagb-post-grid-byline'>\n\t\t\t\t\t\t\t\t<time datetime=\"2024-02-07T08:18:47+01:00\" class=\"uagb-post__date\">\n\t\t\t\t\t\t\t\t\t7 de febrero de 2024\t\t\t\t<\/time>\n\t\t\t\t\t\t<\/div>\n\t\t\t\t\t\t\t<div class='uagb-post__text uagb-post__excerpt'>\n\t\t\t\t\t<p>Las estrellas variables Por Manuel Talero (7 de febrero 2024) Egipto, a\u00f1o 1180 ac, el&#8230;\t\t\t\t<\/div>\n\t\t\t\t\t\t<div class=\"uagb-post__text uagb-post__cta wp-block-button\">\n\t\t\t\t<a class=\"wp-block-button__link uagb-text-link\" style=\"\" href=\"https:\/\/astrocomplutense.es\/nova\/las-estrellas-variables-2\/\" target=\"_blank\" rel=\"bookmark noopener noreferrer\">Leer m\u00e1s<\/a>\n\t\t\t<\/div>\n\t\t\t\t\t\t<div class='uagb-post__image'>\n\t\t\t\t\t\t\t\t\t<a href=\"https:\/\/astrocomplutense.es\/nova\/las-estrellas-variables-2\/\" target=\"_blank\" rel=\"bookmark noopener noreferrer\"><img loading=\"lazy\" decoding=\"async\" width=\"381\" height=\"381\" src=\"https:\/\/astrocomplutense.es\/nova\/wp-content\/uploads\/2023\/04\/T_Tauri-1.jpg\" class=\"attachment-full size-full\" alt=\"\" srcset=\"https:\/\/astrocomplutense.es\/nova\/wp-content\/uploads\/2023\/04\/T_Tauri-1.jpg 381w, https:\/\/astrocomplutense.es\/nova\/wp-content\/uploads\/2023\/04\/T_Tauri-1-300x300.jpg 300w, https:\/\/astrocomplutense.es\/nova\/wp-content\/uploads\/2023\/04\/T_Tauri-1-150x150.jpg 150w\" sizes=\"auto, (max-width: 381px) 100vw, 381px\" \/>\t\t\t\t\t<\/a>\n\t\t\t\t\t\t\t\t\t<\/div>\n\t\t\t\n\t\t\t\t\t\t\t\t<a class=\"uagb-post__link-complete-box\" href=\"https:\/\/astrocomplutense.es\/nova\/las-estrellas-variables-2\/\" target=\"_blank\" rel=\"bookmark noopener noreferrer\"><\/a>\n\t\t\t\t\t\t\t<\/article>\n\t\t\t\t\t\t\t\t\t\t\t\t\t\t\t\t<article class=\"uagb-post__inner-wrap\">\t\t\t\t\t\t\t\t<h4 class=\"uagb-post__title uagb-post__text\">\n\t\t\t\t<a href=\"https:\/\/astrocomplutense.es\/nova\/resumen-del-seminario-de-navegacion-astronomica-de-la-armada\/\" target=\"_blank\" rel=\"bookmark noopener noreferrer\">Resumen del Seminario de Navegaci\u00f3n Astron\u00f3mica de la Armada<\/a>\n\t\t\t<\/h4>\n\t\t\t\t\t\t<div class='uagb-post__text uagb-post-grid-byline'>\n\t\t\t\t\t\t\t\t<time datetime=\"2024-01-24T08:34:30+01:00\" class=\"uagb-post__date\">\n\t\t\t\t\t\t\t\t\t24 de enero de 2024\t\t\t\t<\/time>\n\t\t\t\t\t\t<\/div>\n\t\t\t\t\t\t\t<div class='uagb-post__text uagb-post__excerpt'>\n\t\t\t\t\t<p>Resumen del Seminario de Navegaci\u00f3n Astron\u00f3mica de la Armada Por Javier Cabrero (24 de enero&#8230;\t\t\t\t<\/div>\n\t\t\t\t\t\t<div class=\"uagb-post__text uagb-post__cta wp-block-button\">\n\t\t\t\t<a class=\"wp-block-button__link uagb-text-link\" style=\"\" href=\"https:\/\/astrocomplutense.es\/nova\/resumen-del-seminario-de-navegacion-astronomica-de-la-armada\/\" target=\"_blank\" rel=\"bookmark noopener noreferrer\">Leer m\u00e1s<\/a>\n\t\t\t<\/div>\n\t\t\t\t\t\t<div class='uagb-post__image'>\n\t\t\t\t\t\t\t\t\t<a href=\"https:\/\/astrocomplutense.es\/nova\/resumen-del-seminario-de-navegacion-astronomica-de-la-armada\/\" target=\"_blank\" rel=\"bookmark noopener noreferrer\"><img loading=\"lazy\" decoding=\"async\" width=\"688\" height=\"688\" src=\"https:\/\/astrocomplutense.es\/nova\/wp-content\/uploads\/2024\/01\/brujula.jpg\" class=\"attachment-full size-full\" alt=\"\" srcset=\"https:\/\/astrocomplutense.es\/nova\/wp-content\/uploads\/2024\/01\/brujula.jpg 688w, https:\/\/astrocomplutense.es\/nova\/wp-content\/uploads\/2024\/01\/brujula-300x300.jpg 300w, https:\/\/astrocomplutense.es\/nova\/wp-content\/uploads\/2024\/01\/brujula-150x150.jpg 150w\" sizes=\"auto, (max-width: 688px) 100vw, 688px\" \/>\t\t\t\t\t<\/a>\n\t\t\t\t\t\t\t\t\t<\/div>\n\t\t\t\n\t\t\t\t\t\t\t\t<a class=\"uagb-post__link-complete-box\" href=\"https:\/\/astrocomplutense.es\/nova\/resumen-del-seminario-de-navegacion-astronomica-de-la-armada\/\" target=\"_blank\" rel=\"bookmark noopener noreferrer\"><\/a>\n\t\t\t\t\t\t\t<\/article>\n\t\t\t\t\t\t\t\t\t\t\t\t\t\t\t\t<article class=\"uagb-post__inner-wrap\">\t\t\t\t\t\t\t\t<h4 class=\"uagb-post__title uagb-post__text\">\n\t\t\t\t<a href=\"https:\/\/astrocomplutense.es\/nova\/efemerides-2024\/\" target=\"_blank\" rel=\"bookmark noopener noreferrer\">Efem\u00e9rides 2024<\/a>\n\t\t\t<\/h4>\n\t\t\t\t\t\t<div class='uagb-post__text uagb-post-grid-byline'>\n\t\t\t\t\t\t\t\t<time datetime=\"2024-01-16T11:47:20+01:00\" class=\"uagb-post__date\">\n\t\t\t\t\t\t\t\t\t16 de enero de 2024\t\t\t\t<\/time>\n\t\t\t\t\t\t<\/div>\n\t\t\t\t\t\t\t<div class='uagb-post__text uagb-post__excerpt'>\n\t\t\t\t\t<p>Efem\u00e9rides 2024 Fernando L. Garc\u00eda (10 enero 2024) \u00abHay que sacar petr\u00f3leo bajo las piedras\u00bb,&#8230;\t\t\t\t<\/div>\n\t\t\t\t\t\t<div class=\"uagb-post__text uagb-post__cta wp-block-button\">\n\t\t\t\t<a class=\"wp-block-button__link uagb-text-link\" style=\"\" href=\"https:\/\/astrocomplutense.es\/nova\/efemerides-2024\/\" target=\"_blank\" rel=\"bookmark noopener noreferrer\">Leer m\u00e1s<\/a>\n\t\t\t<\/div>\n\t\t\t\t\t\t<div class='uagb-post__image'>\n\t\t\t\t\t\t\t\t\t<a href=\"https:\/\/astrocomplutense.es\/nova\/efemerides-2024\/\" target=\"_blank\" rel=\"bookmark noopener noreferrer\"><img loading=\"lazy\" decoding=\"async\" width=\"1600\" height=\"1066\" src=\"https:\/\/astrocomplutense.es\/nova\/wp-content\/uploads\/2024\/01\/efemerides2024_figarci.jpg\" class=\"attachment-full size-full\" alt=\"\" srcset=\"https:\/\/astrocomplutense.es\/nova\/wp-content\/uploads\/2024\/01\/efemerides2024_figarci.jpg 1600w, https:\/\/astrocomplutense.es\/nova\/wp-content\/uploads\/2024\/01\/efemerides2024_figarci-300x200.jpg 300w, https:\/\/astrocomplutense.es\/nova\/wp-content\/uploads\/2024\/01\/efemerides2024_figarci-1024x682.jpg 1024w, https:\/\/astrocomplutense.es\/nova\/wp-content\/uploads\/2024\/01\/efemerides2024_figarci-768x512.jpg 768w, https:\/\/astrocomplutense.es\/nova\/wp-content\/uploads\/2024\/01\/efemerides2024_figarci-1536x1023.jpg 1536w\" sizes=\"auto, (max-width: 1600px) 100vw, 1600px\" \/>\t\t\t\t\t<\/a>\n\t\t\t\t\t\t\t\t\t<\/div>\n\t\t\t\n\t\t\t\t\t\t\t\t<a class=\"uagb-post__link-complete-box\" href=\"https:\/\/astrocomplutense.es\/nova\/efemerides-2024\/\" target=\"_blank\" rel=\"bookmark noopener noreferrer\"><\/a>\n\t\t\t\t\t\t\t<\/article>\n\t\t\t\t\t\t\t\t\t\t\t<\/div>\n\t\t\t<\/div><\/div>\n\n\n\n<p><\/p>\n\n\n\n<div class=\"wp-block-uagb-container uagb-block-f5ee410d alignfull uagb-is-root-container\"><div class=\"uagb-container-inner-blocks-wrap\">\n<div style=\"height:15px\" aria-hidden=\"true\" class=\"wp-block-spacer\"><\/div>\n\n\n\n<h2 class=\"wp-block-heading has-text-color\" style=\"color:#27272b;padding-top:0;padding-right:var(--wp--preset--spacing--70);padding-bottom:0;padding-left:var(--wp--preset--spacing--70);font-size:33px\">A\u00f1o 2023<\/h2>\n\n\n\n\t\t\t<div class=\"wp-block-uagb-post-carousel uagb-post-grid  uagb-post__image-position-background uagb-post__image-enabled uagb-block-4f502691     uagb-post__arrow-outside uagb-slick-carousel uagb-post__items uagb-post__columns-4 is-carousel uagb-post__columns-tablet-2 uagb-post__columns-mobile-1 uagb-post__carousel_equal-height\" data-total=\"1\" style=\"\">\n\n\t\t\t\t\t\t\t\t\t\t\t\t<article class=\"uagb-post__inner-wrap\">\t\t\t\t\t\t\t\t<h4 class=\"uagb-post__title uagb-post__text\">\n\t\t\t\t<a href=\"https:\/\/astrocomplutense.es\/nova\/la-x-en-la-luna-3\/\" target=\"_blank\" rel=\"bookmark noopener noreferrer\">La X en la Luna<\/a>\n\t\t\t<\/h4>\n\t\t\t\t\t\t<div class='uagb-post__text uagb-post-grid-byline'>\n\t\t\t\t\t\t\t\t<time datetime=\"2023-12-19T11:45:28+01:00\" class=\"uagb-post__date\">\n\t\t\t\t\t\t\t\t\t19 de diciembre de 2023\t\t\t\t<\/time>\n\t\t\t\t\t\t<\/div>\n\t\t\t\t\t\t\t<div class='uagb-post__text uagb-post__excerpt'>\n\t\t\t\t\tEste a\u00f1o ha sido la primera vez que hemos visto el fen\u00f3meno \u00f3ptico de la&#8230;\t\t\t\t<\/div>\n\t\t\t\t\t\t<div class=\"uagb-post__text uagb-post__cta wp-block-button\">\n\t\t\t\t<a class=\"wp-block-button__link uagb-text-link\" style=\"\" href=\"https:\/\/astrocomplutense.es\/nova\/la-x-en-la-luna-3\/\" target=\"_blank\" rel=\"bookmark noopener noreferrer\">Leer m\u00e1s<\/a>\n\t\t\t<\/div>\n\t\t\t\t\t\t<div class='uagb-post__image'>\n\t\t\t\t\t\t\t\t\t<a href=\"https:\/\/astrocomplutense.es\/nova\/la-x-en-la-luna-3\/\" target=\"_blank\" rel=\"bookmark noopener noreferrer\"><img loading=\"lazy\" decoding=\"async\" width=\"720\" height=\"720\" src=\"https:\/\/astrocomplutense.es\/nova\/wp-content\/uploads\/2023\/12\/IMG-20231219-WA0010.jpg\" class=\"attachment-full size-full\" alt=\"\" srcset=\"https:\/\/astrocomplutense.es\/nova\/wp-content\/uploads\/2023\/12\/IMG-20231219-WA0010.jpg 720w, https:\/\/astrocomplutense.es\/nova\/wp-content\/uploads\/2023\/12\/IMG-20231219-WA0010-300x300.jpg 300w, https:\/\/astrocomplutense.es\/nova\/wp-content\/uploads\/2023\/12\/IMG-20231219-WA0010-150x150.jpg 150w\" sizes=\"auto, (max-width: 720px) 100vw, 720px\" \/>\t\t\t\t\t<\/a>\n\t\t\t\t\t\t\t\t\t<\/div>\n\t\t\t\n\t\t\t\t\t\t\t\t<a class=\"uagb-post__link-complete-box\" href=\"https:\/\/astrocomplutense.es\/nova\/la-x-en-la-luna-3\/\" target=\"_blank\" rel=\"bookmark noopener noreferrer\"><\/a>\n\t\t\t\t\t\t\t<\/article>\n\t\t\t\t\t\t\t\t\t\t\t\t\t\t\t\t<article class=\"uagb-post__inner-wrap\">\t\t\t\t\t\t\t\t<h4 class=\"uagb-post__title uagb-post__text\">\n\t\t\t\t<a href=\"https:\/\/astrocomplutense.es\/nova\/geminidas\/\" target=\"_blank\" rel=\"bookmark noopener noreferrer\">Gem\u00ednidas<\/a>\n\t\t\t<\/h4>\n\t\t\t\t\t\t<div class='uagb-post__text uagb-post-grid-byline'>\n\t\t\t\t\t\t\t\t<time datetime=\"2023-12-15T00:44:19+01:00\" class=\"uagb-post__date\">\n\t\t\t\t\t\t\t\t\t15 de diciembre de 2023\t\t\t\t<\/time>\n\t\t\t\t\t\t<\/div>\n\t\t\t\t\t\t\t<div class='uagb-post__text uagb-post__excerpt'>\n\t\t\t\t\t<p>Gem\u00ednidas Salida Gem\u00ednidas Pioz 2023. Cr\u00f3nica de Susana Abella Con la ilusi\u00f3n de los ni\u00f1os&#8230;\t\t\t\t<\/div>\n\t\t\t\t\t\t<div class=\"uagb-post__text uagb-post__cta wp-block-button\">\n\t\t\t\t<a class=\"wp-block-button__link uagb-text-link\" style=\"\" href=\"https:\/\/astrocomplutense.es\/nova\/geminidas\/\" target=\"_blank\" rel=\"bookmark noopener noreferrer\">Leer m\u00e1s<\/a>\n\t\t\t<\/div>\n\t\t\t\t\t\t<div class='uagb-post__image'>\n\t\t\t\t\t\t\t\t\t<a href=\"https:\/\/astrocomplutense.es\/nova\/geminidas\/\" target=\"_blank\" rel=\"bookmark noopener noreferrer\"><img loading=\"lazy\" decoding=\"async\" width=\"2048\" height=\"1152\" src=\"https:\/\/astrocomplutense.es\/nova\/wp-content\/uploads\/2023\/12\/IMG-20231215-WA0006.jpg\" class=\"attachment-full size-full\" alt=\"\" srcset=\"https:\/\/astrocomplutense.es\/nova\/wp-content\/uploads\/2023\/12\/IMG-20231215-WA0006.jpg 2048w, https:\/\/astrocomplutense.es\/nova\/wp-content\/uploads\/2023\/12\/IMG-20231215-WA0006-300x169.jpg 300w, https:\/\/astrocomplutense.es\/nova\/wp-content\/uploads\/2023\/12\/IMG-20231215-WA0006-1024x576.jpg 1024w, https:\/\/astrocomplutense.es\/nova\/wp-content\/uploads\/2023\/12\/IMG-20231215-WA0006-768x432.jpg 768w, https:\/\/astrocomplutense.es\/nova\/wp-content\/uploads\/2023\/12\/IMG-20231215-WA0006-1536x864.jpg 1536w\" sizes=\"auto, (max-width: 2048px) 100vw, 2048px\" \/>\t\t\t\t\t<\/a>\n\t\t\t\t\t\t\t\t\t<\/div>\n\t\t\t\n\t\t\t\t\t\t\t\t<a class=\"uagb-post__link-complete-box\" href=\"https:\/\/astrocomplutense.es\/nova\/geminidas\/\" target=\"_blank\" rel=\"bookmark noopener noreferrer\"><\/a>\n\t\t\t\t\t\t\t<\/article>\n\t\t\t\t\t\t\t\t\t\t\t\t\t\t\t\t<article class=\"uagb-post__inner-wrap\">\t\t\t\t\t\t\t\t<h4 class=\"uagb-post__title uagb-post__text\">\n\t\t\t\t<a href=\"https:\/\/astrocomplutense.es\/nova\/stellarium-un-paseo-por-las-opciones-menos-conocidas\/\" target=\"_blank\" rel=\"bookmark noopener noreferrer\">Stellarium, un paseo por las opciones menos conocidas<\/a>\n\t\t\t<\/h4>\n\t\t\t\t\t\t<div class='uagb-post__text uagb-post-grid-byline'>\n\t\t\t\t\t\t\t\t<time datetime=\"2023-11-29T10:35:53+01:00\" class=\"uagb-post__date\">\n\t\t\t\t\t\t\t\t\t29 de noviembre de 2023\t\t\t\t<\/time>\n\t\t\t\t\t\t<\/div>\n\t\t\t\t\t\t\t<div class='uagb-post__text uagb-post__excerpt'>\n\t\t\t\t\t<p>Stellarium, un paseo por las opciones menos conocidas Por Jose Luis del Horno Jose Luis&#8230;\t\t\t\t<\/div>\n\t\t\t\t\t\t<div class=\"uagb-post__text uagb-post__cta wp-block-button\">\n\t\t\t\t<a class=\"wp-block-button__link uagb-text-link\" style=\"\" href=\"https:\/\/astrocomplutense.es\/nova\/stellarium-un-paseo-por-las-opciones-menos-conocidas\/\" target=\"_blank\" rel=\"bookmark noopener noreferrer\">Leer m\u00e1s<\/a>\n\t\t\t<\/div>\n\t\t\t\t\t\t<div class='uagb-post__image'>\n\t\t\t\t\t\t\t\t\t<a href=\"https:\/\/astrocomplutense.es\/nova\/stellarium-un-paseo-por-las-opciones-menos-conocidas\/\" target=\"_blank\" rel=\"bookmark noopener noreferrer\"><img loading=\"lazy\" decoding=\"async\" width=\"200\" height=\"270\" src=\"https:\/\/astrocomplutense.es\/nova\/wp-content\/uploads\/2023\/11\/stellarium-labs-logo-reduced.png\" class=\"attachment-full size-full\" alt=\"\" \/>\t\t\t\t\t<\/a>\n\t\t\t\t\t\t\t\t\t<\/div>\n\t\t\t\n\t\t\t\t\t\t\t\t<a class=\"uagb-post__link-complete-box\" href=\"https:\/\/astrocomplutense.es\/nova\/stellarium-un-paseo-por-las-opciones-menos-conocidas\/\" target=\"_blank\" rel=\"bookmark noopener noreferrer\"><\/a>\n\t\t\t\t\t\t\t<\/article>\n\t\t\t\t\t\t\t\t\t\t\t\t\t\t\t\t<article class=\"uagb-post__inner-wrap\">\t\t\t\t\t\t\t\t<h4 class=\"uagb-post__title uagb-post__text\">\n\t\t\t\t<a href=\"https:\/\/astrocomplutense.es\/nova\/eclipses\/\" target=\"_blank\" rel=\"bookmark noopener noreferrer\">Eclipses<\/a>\n\t\t\t<\/h4>\n\t\t\t\t\t\t<div class='uagb-post__text uagb-post-grid-byline'>\n\t\t\t\t\t\t\t\t<time datetime=\"2023-11-22T09:46:58+01:00\" class=\"uagb-post__date\">\n\t\t\t\t\t\t\t\t\t22 de noviembre de 2023\t\t\t\t<\/time>\n\t\t\t\t\t\t<\/div>\n\t\t\t\t\t\t\t<div class='uagb-post__text uagb-post__excerpt'>\n\t\t\t\t\t<p>Eclipses Por Manuel Talero Este mi\u00e9rcoles nuestro compa\u00f1ero Manuel Talero nos present\u00f3 una interesante charla&#8230;\t\t\t\t<\/div>\n\t\t\t\t\t\t<div class=\"uagb-post__text uagb-post__cta wp-block-button\">\n\t\t\t\t<a class=\"wp-block-button__link uagb-text-link\" style=\"\" href=\"https:\/\/astrocomplutense.es\/nova\/eclipses\/\" target=\"_blank\" rel=\"bookmark noopener noreferrer\">Leer m\u00e1s<\/a>\n\t\t\t<\/div>\n\t\t\t\t\t\t<div class='uagb-post__image'>\n\t\t\t\t\t\t\t\t\t<a href=\"https:\/\/astrocomplutense.es\/nova\/eclipses\/\" target=\"_blank\" rel=\"bookmark noopener noreferrer\"><img loading=\"lazy\" decoding=\"async\" width=\"858\" height=\"601\" src=\"https:\/\/astrocomplutense.es\/nova\/wp-content\/uploads\/2023\/11\/coronapeq.jpg\" class=\"attachment-full size-full\" alt=\"\" srcset=\"https:\/\/astrocomplutense.es\/nova\/wp-content\/uploads\/2023\/11\/coronapeq.jpg 858w, https:\/\/astrocomplutense.es\/nova\/wp-content\/uploads\/2023\/11\/coronapeq-300x210.jpg 300w, https:\/\/astrocomplutense.es\/nova\/wp-content\/uploads\/2023\/11\/coronapeq-768x538.jpg 768w\" sizes=\"auto, (max-width: 858px) 100vw, 858px\" \/>\t\t\t\t\t<\/a>\n\t\t\t\t\t\t\t\t\t<\/div>\n\t\t\t\n\t\t\t\t\t\t\t\t<a class=\"uagb-post__link-complete-box\" href=\"https:\/\/astrocomplutense.es\/nova\/eclipses\/\" target=\"_blank\" rel=\"bookmark noopener noreferrer\"><\/a>\n\t\t\t\t\t\t\t<\/article>\n\t\t\t\t\t\t\t\t\t\t\t\t\t\t\t\t<article class=\"uagb-post__inner-wrap\">\t\t\t\t\t\t\t\t<h4 class=\"uagb-post__title uagb-post__text\">\n\t\t\t\t<a href=\"https:\/\/astrocomplutense.es\/nova\/la-rasante-de-venus\/\" target=\"_blank\" rel=\"bookmark noopener noreferrer\">La rasante de Venus<\/a>\n\t\t\t<\/h4>\n\t\t\t\t\t\t<div class='uagb-post__text uagb-post-grid-byline'>\n\t\t\t\t\t\t\t\t<time datetime=\"2023-11-10T21:30:55+01:00\" class=\"uagb-post__date\">\n\t\t\t\t\t\t\t\t\t10 de noviembre de 2023\t\t\t\t<\/time>\n\t\t\t\t\t\t<\/div>\n\t\t\t\t\t\t\t<div class='uagb-post__text uagb-post__excerpt'>\n\t\t\t\t\t<p>La rasante de Venus AAC Este d\u00eda 10 de noviembre, estaba prevista la observaci\u00f3n de&#8230;\t\t\t\t<\/div>\n\t\t\t\t\t\t<div class=\"uagb-post__text uagb-post__cta wp-block-button\">\n\t\t\t\t<a class=\"wp-block-button__link uagb-text-link\" style=\"\" href=\"https:\/\/astrocomplutense.es\/nova\/la-rasante-de-venus\/\" target=\"_blank\" rel=\"bookmark noopener noreferrer\">Leer m\u00e1s<\/a>\n\t\t\t<\/div>\n\t\t\t\t\t\t<div class='uagb-post__image'>\n\t\t\t\t\t\t\t\t\t<a href=\"https:\/\/astrocomplutense.es\/nova\/la-rasante-de-venus\/\" target=\"_blank\" rel=\"bookmark noopener noreferrer\"><img loading=\"lazy\" decoding=\"async\" width=\"1600\" height=\"1239\" src=\"https:\/\/astrocomplutense.es\/nova\/wp-content\/uploads\/2023\/11\/IMG-20231109-WA0008.jpg\" class=\"attachment-full size-full\" alt=\"\" srcset=\"https:\/\/astrocomplutense.es\/nova\/wp-content\/uploads\/2023\/11\/IMG-20231109-WA0008.jpg 1600w, https:\/\/astrocomplutense.es\/nova\/wp-content\/uploads\/2023\/11\/IMG-20231109-WA0008-300x232.jpg 300w, https:\/\/astrocomplutense.es\/nova\/wp-content\/uploads\/2023\/11\/IMG-20231109-WA0008-1024x793.jpg 1024w, https:\/\/astrocomplutense.es\/nova\/wp-content\/uploads\/2023\/11\/IMG-20231109-WA0008-768x595.jpg 768w, https:\/\/astrocomplutense.es\/nova\/wp-content\/uploads\/2023\/11\/IMG-20231109-WA0008-1536x1189.jpg 1536w\" sizes=\"auto, (max-width: 1600px) 100vw, 1600px\" \/>\t\t\t\t\t<\/a>\n\t\t\t\t\t\t\t\t\t<\/div>\n\t\t\t\n\t\t\t\t\t\t\t\t<a class=\"uagb-post__link-complete-box\" href=\"https:\/\/astrocomplutense.es\/nova\/la-rasante-de-venus\/\" target=\"_blank\" rel=\"bookmark noopener noreferrer\"><\/a>\n\t\t\t\t\t\t\t<\/article>\n\t\t\t\t\t\t\t\t\t\t\t\t\t\t\t\t<article class=\"uagb-post__inner-wrap\">\t\t\t\t\t\t\t\t<h4 class=\"uagb-post__title uagb-post__text\">\n\t\t\t\t<a href=\"https:\/\/astrocomplutense.es\/nova\/los-mares-de-la-luna\/\" target=\"_blank\" rel=\"bookmark noopener noreferrer\">Los Mares de la Luna<\/a>\n\t\t\t<\/h4>\n\t\t\t\t\t\t<div class='uagb-post__text uagb-post-grid-byline'>\n\t\t\t\t\t\t\t\t<time datetime=\"2023-10-25T20:29:00+02:00\" class=\"uagb-post__date\">\n\t\t\t\t\t\t\t\t\t25 de octubre de 2023\t\t\t\t<\/time>\n\t\t\t\t\t\t<\/div>\n\t\t\t\t\t\t\t<div class='uagb-post__text uagb-post__excerpt'>\n\t\t\t\t\t<p>Los Mares de la Luna Por Marian Mart\u00ednez Una vez m\u00e1s Marian nos hizo un&#8230;\t\t\t\t<\/div>\n\t\t\t\t\t\t<div class=\"uagb-post__text uagb-post__cta wp-block-button\">\n\t\t\t\t<a class=\"wp-block-button__link uagb-text-link\" style=\"\" href=\"https:\/\/astrocomplutense.es\/nova\/los-mares-de-la-luna\/\" target=\"_blank\" rel=\"bookmark noopener noreferrer\">Leer m\u00e1s<\/a>\n\t\t\t<\/div>\n\t\t\t\t\t\t<div class='uagb-post__image'>\n\t\t\t\t\t\t\t\t\t<a href=\"https:\/\/astrocomplutense.es\/nova\/los-mares-de-la-luna\/\" target=\"_blank\" rel=\"bookmark noopener noreferrer\"><img loading=\"lazy\" decoding=\"async\" width=\"1280\" height=\"720\" src=\"https:\/\/astrocomplutense.es\/nova\/wp-content\/uploads\/2023\/10\/IMG-20231003-WA0010.jpg\" class=\"attachment-full size-full\" alt=\"\" srcset=\"https:\/\/astrocomplutense.es\/nova\/wp-content\/uploads\/2023\/10\/IMG-20231003-WA0010.jpg 1280w, https:\/\/astrocomplutense.es\/nova\/wp-content\/uploads\/2023\/10\/IMG-20231003-WA0010-300x169.jpg 300w, https:\/\/astrocomplutense.es\/nova\/wp-content\/uploads\/2023\/10\/IMG-20231003-WA0010-1024x576.jpg 1024w, https:\/\/astrocomplutense.es\/nova\/wp-content\/uploads\/2023\/10\/IMG-20231003-WA0010-768x432.jpg 768w\" sizes=\"auto, (max-width: 1280px) 100vw, 1280px\" \/>\t\t\t\t\t<\/a>\n\t\t\t\t\t\t\t\t\t<\/div>\n\t\t\t\n\t\t\t\t\t\t\t\t<a class=\"uagb-post__link-complete-box\" href=\"https:\/\/astrocomplutense.es\/nova\/los-mares-de-la-luna\/\" target=\"_blank\" rel=\"bookmark noopener noreferrer\"><\/a>\n\t\t\t\t\t\t\t<\/article>\n\t\t\t\t\t\t\t\t\t\t\t\t\t\t\t\t<article class=\"uagb-post__inner-wrap\">\t\t\t\t\t\t\t\t<h4 class=\"uagb-post__title uagb-post__text\">\n\t\t\t\t<a href=\"https:\/\/astrocomplutense.es\/nova\/preparacion-de-la-observacion-de-la-x-en-la-luna-y-otros-fenomenos\/\" target=\"_blank\" rel=\"bookmark noopener noreferrer\">Preparaci\u00f3n de la observaci\u00f3n de la \u00abX\u00bb en la Luna y otros fen\u00f3menos<\/a>\n\t\t\t<\/h4>\n\t\t\t\t\t\t<div class='uagb-post__text uagb-post-grid-byline'>\n\t\t\t\t\t\t\t\t<time datetime=\"2023-10-18T19:19:47+02:00\" class=\"uagb-post__date\">\n\t\t\t\t\t\t\t\t\t18 de octubre de 2023\t\t\t\t<\/time>\n\t\t\t\t\t\t<\/div>\n\t\t\t\t\t\t\t<div class='uagb-post__text uagb-post__excerpt'>\n\t\t\t\t\t<p>Preparaci\u00f3n de la observaci\u00f3n de la \u00abX\u00bb en la Luna y otros fen\u00f3menos Por Marian&#8230;\t\t\t\t<\/div>\n\t\t\t\t\t\t<div class=\"uagb-post__text uagb-post__cta wp-block-button\">\n\t\t\t\t<a class=\"wp-block-button__link uagb-text-link\" style=\"\" href=\"https:\/\/astrocomplutense.es\/nova\/preparacion-de-la-observacion-de-la-x-en-la-luna-y-otros-fenomenos\/\" target=\"_blank\" rel=\"bookmark noopener noreferrer\">Leer m\u00e1s<\/a>\n\t\t\t<\/div>\n\t\t\t\t\t\t<div class='uagb-post__image'>\n\t\t\t\t\t\t\t\t\t<a href=\"https:\/\/astrocomplutense.es\/nova\/preparacion-de-la-observacion-de-la-x-en-la-luna-y-otros-fenomenos\/\" target=\"_blank\" rel=\"bookmark noopener noreferrer\"><img loading=\"lazy\" decoding=\"async\" width=\"1024\" height=\"800\" src=\"https:\/\/astrocomplutense.es\/nova\/wp-content\/uploads\/2023\/10\/IMG-20231003-WA0009.jpg\" class=\"attachment-full size-full\" alt=\"\" srcset=\"https:\/\/astrocomplutense.es\/nova\/wp-content\/uploads\/2023\/10\/IMG-20231003-WA0009.jpg 1024w, https:\/\/astrocomplutense.es\/nova\/wp-content\/uploads\/2023\/10\/IMG-20231003-WA0009-300x234.jpg 300w, https:\/\/astrocomplutense.es\/nova\/wp-content\/uploads\/2023\/10\/IMG-20231003-WA0009-768x600.jpg 768w\" sizes=\"auto, (max-width: 1024px) 100vw, 1024px\" \/>\t\t\t\t\t<\/a>\n\t\t\t\t\t\t\t\t\t<\/div>\n\t\t\t\n\t\t\t\t\t\t\t\t<a class=\"uagb-post__link-complete-box\" href=\"https:\/\/astrocomplutense.es\/nova\/preparacion-de-la-observacion-de-la-x-en-la-luna-y-otros-fenomenos\/\" target=\"_blank\" rel=\"bookmark noopener noreferrer\"><\/a>\n\t\t\t\t\t\t\t<\/article>\n\t\t\t\t\t\t\t\t\t\t\t\t\t\t\t\t<article class=\"uagb-post__inner-wrap\">\t\t\t\t\t\t\t\t<h4 class=\"uagb-post__title uagb-post__text\">\n\t\t\t\t<a href=\"https:\/\/astrocomplutense.es\/nova\/relatividad-para-profanos\/\" target=\"_blank\" rel=\"bookmark noopener noreferrer\">Relatividad para profanos<\/a>\n\t\t\t<\/h4>\n\t\t\t\t\t\t<div class='uagb-post__text uagb-post-grid-byline'>\n\t\t\t\t\t\t\t\t<time datetime=\"2023-10-04T01:20:58+02:00\" class=\"uagb-post__date\">\n\t\t\t\t\t\t\t\t\t4 de octubre de 2023\t\t\t\t<\/time>\n\t\t\t\t\t\t<\/div>\n\t\t\t\t\t\t\t<div class='uagb-post__text uagb-post__excerpt'>\n\t\t\t\t\tMi\u00e9rcoles 4 de octubre de 2023.\nEn aproximadamente una hora y media nuestro compa\u00f1ero Juan Pedro&#8230;\t\t\t\t<\/div>\n\t\t\t\t\t\t<div class=\"uagb-post__text uagb-post__cta wp-block-button\">\n\t\t\t\t<a class=\"wp-block-button__link uagb-text-link\" style=\"\" href=\"https:\/\/astrocomplutense.es\/nova\/relatividad-para-profanos\/\" target=\"_blank\" rel=\"bookmark noopener noreferrer\">Leer m\u00e1s<\/a>\n\t\t\t<\/div>\n\t\t\t\t\t\t<div class='uagb-post__image'>\n\t\t\t\t\t\t\t\t\t<a href=\"https:\/\/astrocomplutense.es\/nova\/relatividad-para-profanos\/\" target=\"_blank\" rel=\"bookmark noopener noreferrer\"><img loading=\"lazy\" decoding=\"async\" width=\"409\" height=\"356\" src=\"https:\/\/astrocomplutense.es\/nova\/wp-content\/uploads\/2023\/10\/einstein.jpg\" class=\"attachment-full size-full\" alt=\"\" srcset=\"https:\/\/astrocomplutense.es\/nova\/wp-content\/uploads\/2023\/10\/einstein.jpg 409w, https:\/\/astrocomplutense.es\/nova\/wp-content\/uploads\/2023\/10\/einstein-300x261.jpg 300w\" sizes=\"auto, (max-width: 409px) 100vw, 409px\" \/>\t\t\t\t\t<\/a>\n\t\t\t\t\t\t\t\t\t<\/div>\n\t\t\t\n\t\t\t\t\t\t\t\t<a class=\"uagb-post__link-complete-box\" href=\"https:\/\/astrocomplutense.es\/nova\/relatividad-para-profanos\/\" target=\"_blank\" rel=\"bookmark noopener noreferrer\"><\/a>\n\t\t\t\t\t\t\t<\/article>\n\t\t\t\t\t\t\t\t\t\t\t\t\t\t\t\t<article class=\"uagb-post__inner-wrap\">\t\t\t\t\t\t\t\t<h4 class=\"uagb-post__title uagb-post__text\">\n\t\t\t\t<a href=\"https:\/\/astrocomplutense.es\/nova\/de-lo-diminuto-a-lo-mas-grande-2\/\" target=\"_blank\" rel=\"bookmark noopener noreferrer\">De lo diminuto a lo m\u00e1s grande<\/a>\n\t\t\t<\/h4>\n\t\t\t\t\t\t<div class='uagb-post__text uagb-post-grid-byline'>\n\t\t\t\t\t\t\t\t<time datetime=\"2023-09-27T23:34:25+02:00\" class=\"uagb-post__date\">\n\t\t\t\t\t\t\t\t\t27 de septiembre de 2023\t\t\t\t<\/time>\n\t\t\t\t\t\t<\/div>\n\t\t\t\t\t\t\t<div class='uagb-post__text uagb-post__excerpt'>\n\t\t\t\t\t<p>De lo diminuto a lo m\u00e1s grande (Por Eduardo Serrano) Nuestro compa\u00f1ero Eduardo Serrano (Licenciado&#8230;\t\t\t\t<\/div>\n\t\t\t\t\t\t<div class=\"uagb-post__text uagb-post__cta wp-block-button\">\n\t\t\t\t<a class=\"wp-block-button__link uagb-text-link\" style=\"\" href=\"https:\/\/astrocomplutense.es\/nova\/de-lo-diminuto-a-lo-mas-grande-2\/\" target=\"_blank\" rel=\"bookmark noopener noreferrer\">Leer m\u00e1s<\/a>\n\t\t\t<\/div>\n\t\t\t\t\t\t<div class='uagb-post__image'>\n\t\t\t\t\t\t\t\t\t<a href=\"https:\/\/astrocomplutense.es\/nova\/de-lo-diminuto-a-lo-mas-grande-2\/\" target=\"_blank\" rel=\"bookmark noopener noreferrer\"><img loading=\"lazy\" decoding=\"async\" width=\"1024\" height=\"1024\" src=\"https:\/\/astrocomplutense.es\/nova\/wp-content\/uploads\/2023\/10\/De-lo-diminuto-a-lo-mas-grande-3.jpeg\" class=\"attachment-full size-full\" alt=\"\" srcset=\"https:\/\/astrocomplutense.es\/nova\/wp-content\/uploads\/2023\/10\/De-lo-diminuto-a-lo-mas-grande-3.jpeg 1024w, https:\/\/astrocomplutense.es\/nova\/wp-content\/uploads\/2023\/10\/De-lo-diminuto-a-lo-mas-grande-3-300x300.jpeg 300w, https:\/\/astrocomplutense.es\/nova\/wp-content\/uploads\/2023\/10\/De-lo-diminuto-a-lo-mas-grande-3-150x150.jpeg 150w, https:\/\/astrocomplutense.es\/nova\/wp-content\/uploads\/2023\/10\/De-lo-diminuto-a-lo-mas-grande-3-768x768.jpeg 768w\" sizes=\"auto, (max-width: 1024px) 100vw, 1024px\" \/>\t\t\t\t\t<\/a>\n\t\t\t\t\t\t\t\t\t<\/div>\n\t\t\t\n\t\t\t\t\t\t\t\t<a class=\"uagb-post__link-complete-box\" href=\"https:\/\/astrocomplutense.es\/nova\/de-lo-diminuto-a-lo-mas-grande-2\/\" target=\"_blank\" rel=\"bookmark noopener noreferrer\"><\/a>\n\t\t\t\t\t\t\t<\/article>\n\t\t\t\t\t\t\t\t\t\t\t\t\t\t\t\t<article class=\"uagb-post__inner-wrap\">\t\t\t\t\t\t\t\t<h4 class=\"uagb-post__title uagb-post__text\">\n\t\t\t\t<a href=\"https:\/\/astrocomplutense.es\/nova\/taller-de-construccion-de-telescopios\/\" target=\"_blank\" rel=\"bookmark noopener noreferrer\">Taller de construcci\u00f3n de telescopios<\/a>\n\t\t\t<\/h4>\n\t\t\t\t\t\t<div class='uagb-post__text uagb-post-grid-byline'>\n\t\t\t\t\t\t\t\t<time datetime=\"2023-09-20T17:41:39+02:00\" class=\"uagb-post__date\">\n\t\t\t\t\t\t\t\t\t20 de septiembre de 2023\t\t\t\t<\/time>\n\t\t\t\t\t\t<\/div>\n\t\t\t\t\t\t\t<div class='uagb-post__text uagb-post__excerpt'>\n\t\t\t\t\tMi\u00e9rcoles 20 de septiembre 2023.\nCharla de Susana Abella sobre el taller de construcci\u00f3n de telescopios&#8230;\t\t\t\t<\/div>\n\t\t\t\t\t\t<div class=\"uagb-post__text uagb-post__cta wp-block-button\">\n\t\t\t\t<a class=\"wp-block-button__link uagb-text-link\" style=\"\" href=\"https:\/\/astrocomplutense.es\/nova\/taller-de-construccion-de-telescopios\/\" target=\"_blank\" rel=\"bookmark noopener noreferrer\">Leer m\u00e1s<\/a>\n\t\t\t<\/div>\n\t\t\t\t\t\t<div class='uagb-post__image'>\n\t\t\t\t\t\t\t\t\t<a href=\"https:\/\/astrocomplutense.es\/nova\/taller-de-construccion-de-telescopios\/\" target=\"_blank\" rel=\"bookmark noopener noreferrer\"><img loading=\"lazy\" decoding=\"async\" width=\"1080\" height=\"1140\" src=\"https:\/\/astrocomplutense.es\/nova\/wp-content\/uploads\/2023\/09\/Dobson-artesanal.jpg\" class=\"attachment-full size-full\" alt=\"\" srcset=\"https:\/\/astrocomplutense.es\/nova\/wp-content\/uploads\/2023\/09\/Dobson-artesanal.jpg 1080w, https:\/\/astrocomplutense.es\/nova\/wp-content\/uploads\/2023\/09\/Dobson-artesanal-284x300.jpg 284w, https:\/\/astrocomplutense.es\/nova\/wp-content\/uploads\/2023\/09\/Dobson-artesanal-970x1024.jpg 970w, https:\/\/astrocomplutense.es\/nova\/wp-content\/uploads\/2023\/09\/Dobson-artesanal-768x811.jpg 768w\" sizes=\"auto, (max-width: 1080px) 100vw, 1080px\" \/>\t\t\t\t\t<\/a>\n\t\t\t\t\t\t\t\t\t<\/div>\n\t\t\t\n\t\t\t\t\t\t\t\t<a class=\"uagb-post__link-complete-box\" href=\"https:\/\/astrocomplutense.es\/nova\/taller-de-construccion-de-telescopios\/\" target=\"_blank\" rel=\"bookmark noopener noreferrer\"><\/a>\n\t\t\t\t\t\t\t<\/article>\n\t\t\t\t\t\t\t\t\t\t\t\t\t\t\t\t<article class=\"uagb-post__inner-wrap\">\t\t\t\t\t\t\t\t<h4 class=\"uagb-post__title uagb-post__text\">\n\t\t\t\t<a href=\"https:\/\/astrocomplutense.es\/nova\/observacion-del-cielo-desde-argecilla\/\" target=\"_blank\" rel=\"bookmark noopener noreferrer\">Observaci\u00f3n del cielo desde Argecilla<\/a>\n\t\t\t<\/h4>\n\t\t\t\t\t\t<div class='uagb-post__text uagb-post-grid-byline'>\n\t\t\t\t\t\t\t\t<time datetime=\"2023-09-03T11:43:45+02:00\" class=\"uagb-post__date\">\n\t\t\t\t\t\t\t\t\t3 de septiembre de 2023\t\t\t\t<\/time>\n\t\t\t\t\t\t<\/div>\n\t\t\t\t\t\t\t<div class='uagb-post__text uagb-post__excerpt'>\n\t\t\t\t\t26-27 de agosto 2023.\nObservaci\u00f3n del Cielo con telescopios desde Argecilla (Guadalajara)\t\t\t\t<\/div>\n\t\t\t\t\t\t<div class=\"uagb-post__text uagb-post__cta wp-block-button\">\n\t\t\t\t<a class=\"wp-block-button__link uagb-text-link\" style=\"\" href=\"https:\/\/astrocomplutense.es\/nova\/observacion-del-cielo-desde-argecilla\/\" target=\"_blank\" rel=\"bookmark noopener noreferrer\">Leer m\u00e1s<\/a>\n\t\t\t<\/div>\n\t\t\t\t\t\t<div class='uagb-post__image'>\n\t\t\t\t\t\t\t\t\t<a href=\"https:\/\/astrocomplutense.es\/nova\/observacion-del-cielo-desde-argecilla\/\" target=\"_blank\" rel=\"bookmark noopener noreferrer\"><img loading=\"lazy\" decoding=\"async\" width=\"1600\" height=\"720\" src=\"https:\/\/astrocomplutense.es\/nova\/wp-content\/uploads\/2023\/08\/ArgecillaAgo23.jpg\" class=\"attachment-full size-full\" alt=\"\" srcset=\"https:\/\/astrocomplutense.es\/nova\/wp-content\/uploads\/2023\/08\/ArgecillaAgo23.jpg 1600w, https:\/\/astrocomplutense.es\/nova\/wp-content\/uploads\/2023\/08\/ArgecillaAgo23-300x135.jpg 300w, https:\/\/astrocomplutense.es\/nova\/wp-content\/uploads\/2023\/08\/ArgecillaAgo23-1024x461.jpg 1024w, https:\/\/astrocomplutense.es\/nova\/wp-content\/uploads\/2023\/08\/ArgecillaAgo23-768x346.jpg 768w, https:\/\/astrocomplutense.es\/nova\/wp-content\/uploads\/2023\/08\/ArgecillaAgo23-1536x691.jpg 1536w\" sizes=\"auto, (max-width: 1600px) 100vw, 1600px\" \/>\t\t\t\t\t<\/a>\n\t\t\t\t\t\t\t\t\t<\/div>\n\t\t\t\n\t\t\t\t\t\t\t\t<a class=\"uagb-post__link-complete-box\" href=\"https:\/\/astrocomplutense.es\/nova\/observacion-del-cielo-desde-argecilla\/\" target=\"_blank\" rel=\"bookmark noopener noreferrer\"><\/a>\n\t\t\t\t\t\t\t<\/article>\n\t\t\t\t\t\t\t\t\t\t\t\t\t\t\t\t<article class=\"uagb-post__inner-wrap\">\t\t\t\t\t\t\t\t<h4 class=\"uagb-post__title uagb-post__text\">\n\t\t\t\t<a href=\"https:\/\/astrocomplutense.es\/nova\/observacion-nocturna-en-ambite\/\" target=\"_blank\" rel=\"bookmark noopener noreferrer\">Observaci\u00f3n nocturna en Ambite<\/a>\n\t\t\t<\/h4>\n\t\t\t\t\t\t<div class='uagb-post__text uagb-post-grid-byline'>\n\t\t\t\t\t\t\t\t<time datetime=\"2023-07-21T23:43:54+02:00\" class=\"uagb-post__date\">\n\t\t\t\t\t\t\t\t\t21 de julio de 2023\t\t\t\t<\/time>\n\t\t\t\t\t\t<\/div>\n\t\t\t\t\t\t\t<div class='uagb-post__text uagb-post__excerpt'>\n\t\t\t\t\t21 de julio 2023. Observaci\u00f3n nocturna en Ambite patrocinado por el ayuntamiento y el Centro&#8230;\t\t\t\t<\/div>\n\t\t\t\t\t\t<div class=\"uagb-post__text uagb-post__cta wp-block-button\">\n\t\t\t\t<a class=\"wp-block-button__link uagb-text-link\" style=\"\" href=\"https:\/\/astrocomplutense.es\/nova\/observacion-nocturna-en-ambite\/\" target=\"_blank\" rel=\"bookmark noopener noreferrer\">Leer m\u00e1s<\/a>\n\t\t\t<\/div>\n\t\t\t\t\t\t<div class='uagb-post__image'>\n\t\t\t\t\t\t\t\t\t<a href=\"https:\/\/astrocomplutense.es\/nova\/observacion-nocturna-en-ambite\/\" target=\"_blank\" rel=\"bookmark noopener noreferrer\"><img loading=\"lazy\" decoding=\"async\" width=\"446\" height=\"716\" src=\"https:\/\/astrocomplutense.es\/nova\/wp-content\/uploads\/2023\/07\/vegaTajuna.jpg\" class=\"attachment-full size-full\" alt=\"\" srcset=\"https:\/\/astrocomplutense.es\/nova\/wp-content\/uploads\/2023\/07\/vegaTajuna.jpg 446w, https:\/\/astrocomplutense.es\/nova\/wp-content\/uploads\/2023\/07\/vegaTajuna-187x300.jpg 187w\" sizes=\"auto, (max-width: 446px) 100vw, 446px\" \/>\t\t\t\t\t<\/a>\n\t\t\t\t\t\t\t\t\t<\/div>\n\t\t\t\n\t\t\t\t\t\t\t\t<a class=\"uagb-post__link-complete-box\" href=\"https:\/\/astrocomplutense.es\/nova\/observacion-nocturna-en-ambite\/\" target=\"_blank\" rel=\"bookmark noopener noreferrer\"><\/a>\n\t\t\t\t\t\t\t<\/article>\n\t\t\t\t\t\t\t\t\t\t\t\t\t\t\t\t<article class=\"uagb-post__inner-wrap\">\t\t\t\t\t\t\t\t<h4 class=\"uagb-post__title uagb-post__text\">\n\t\t\t\t<a href=\"https:\/\/astrocomplutense.es\/nova\/noche-de-observacion-en-pioz\/\" target=\"_blank\" rel=\"bookmark noopener noreferrer\">Noche de Observaci\u00f3n en Pioz<\/a>\n\t\t\t<\/h4>\n\t\t\t\t\t\t<div class='uagb-post__text uagb-post-grid-byline'>\n\t\t\t\t\t\t\t\t<time datetime=\"2023-07-19T00:05:03+02:00\" class=\"uagb-post__date\">\n\t\t\t\t\t\t\t\t\t19 de julio de 2023\t\t\t\t<\/time>\n\t\t\t\t\t\t<\/div>\n\t\t\t\t\t\t\t<div class='uagb-post__text uagb-post__excerpt'>\n\t\t\t\t\t19 de julio 2023: noche de observaci\u00f3n en Pioz. La AAC salio a observar Con&#8230;\t\t\t\t<\/div>\n\t\t\t\t\t\t<div class=\"uagb-post__text uagb-post__cta wp-block-button\">\n\t\t\t\t<a class=\"wp-block-button__link uagb-text-link\" style=\"\" href=\"https:\/\/astrocomplutense.es\/nova\/noche-de-observacion-en-pioz\/\" target=\"_blank\" rel=\"bookmark noopener noreferrer\">Leer m\u00e1s<\/a>\n\t\t\t<\/div>\n\t\t\t\t\t\t<div class='uagb-post__image'>\n\t\t\t\t\t\t\t\t\t<a href=\"https:\/\/astrocomplutense.es\/nova\/noche-de-observacion-en-pioz\/\" target=\"_blank\" rel=\"bookmark noopener noreferrer\"><img loading=\"lazy\" decoding=\"async\" width=\"922\" height=\"519\" src=\"https:\/\/astrocomplutense.es\/nova\/wp-content\/uploads\/2023\/07\/peq_PiozJul23.jpg\" class=\"attachment-full size-full\" alt=\"\" srcset=\"https:\/\/astrocomplutense.es\/nova\/wp-content\/uploads\/2023\/07\/peq_PiozJul23.jpg 922w, https:\/\/astrocomplutense.es\/nova\/wp-content\/uploads\/2023\/07\/peq_PiozJul23-300x169.jpg 300w, https:\/\/astrocomplutense.es\/nova\/wp-content\/uploads\/2023\/07\/peq_PiozJul23-768x432.jpg 768w\" sizes=\"auto, (max-width: 922px) 100vw, 922px\" \/>\t\t\t\t\t<\/a>\n\t\t\t\t\t\t\t\t\t<\/div>\n\t\t\t\n\t\t\t\t\t\t\t\t<a class=\"uagb-post__link-complete-box\" href=\"https:\/\/astrocomplutense.es\/nova\/noche-de-observacion-en-pioz\/\" target=\"_blank\" rel=\"bookmark noopener noreferrer\"><\/a>\n\t\t\t\t\t\t\t<\/article>\n\t\t\t\t\t\t\t\t\t\t\t\t\t\t\t\t<article class=\"uagb-post__inner-wrap\">\t\t\t\t\t\t\t\t<h4 class=\"uagb-post__title uagb-post__text\">\n\t\t\t\t<a href=\"https:\/\/astrocomplutense.es\/nova\/observacion-en-profundidad-2\/\" target=\"_blank\" rel=\"bookmark noopener noreferrer\">Observaci\u00f3n en profundidad<\/a>\n\t\t\t<\/h4>\n\t\t\t\t\t\t<div class='uagb-post__text uagb-post-grid-byline'>\n\t\t\t\t\t\t\t\t<time datetime=\"2023-07-05T00:10:16+02:00\" class=\"uagb-post__date\">\n\t\t\t\t\t\t\t\t\t5 de julio de 2023\t\t\t\t<\/time>\n\t\t\t\t\t\t<\/div>\n\t\t\t\t\t\t\t<div class='uagb-post__text uagb-post__excerpt'>\n\t\t\t\t\tMi\u00e9rcoles 5 de julio 2023. Jose Luis de Horno nos mostr\u00f3 una visi\u00f3n distinta de&#8230;\t\t\t\t<\/div>\n\t\t\t\t\t\t<div class=\"uagb-post__text uagb-post__cta wp-block-button\">\n\t\t\t\t<a class=\"wp-block-button__link uagb-text-link\" style=\"\" href=\"https:\/\/astrocomplutense.es\/nova\/observacion-en-profundidad-2\/\" target=\"_blank\" rel=\"bookmark noopener noreferrer\">Leer m\u00e1s<\/a>\n\t\t\t<\/div>\n\t\t\t\t\t\t<div class='uagb-post__image'>\n\t\t\t\t\t\t\t\t\t<a href=\"https:\/\/astrocomplutense.es\/nova\/observacion-en-profundidad-2\/\" target=\"_blank\" rel=\"bookmark noopener noreferrer\"><img loading=\"lazy\" decoding=\"async\" width=\"2500\" height=\"1794\" src=\"https:\/\/astrocomplutense.es\/nova\/wp-content\/uploads\/2023\/07\/pexels-pixabay-2150.jpg\" class=\"attachment-full size-full\" alt=\"\" srcset=\"https:\/\/astrocomplutense.es\/nova\/wp-content\/uploads\/2023\/07\/pexels-pixabay-2150.jpg 2500w, https:\/\/astrocomplutense.es\/nova\/wp-content\/uploads\/2023\/07\/pexels-pixabay-2150-300x215.jpg 300w, https:\/\/astrocomplutense.es\/nova\/wp-content\/uploads\/2023\/07\/pexels-pixabay-2150-1024x735.jpg 1024w, https:\/\/astrocomplutense.es\/nova\/wp-content\/uploads\/2023\/07\/pexels-pixabay-2150-768x551.jpg 768w, https:\/\/astrocomplutense.es\/nova\/wp-content\/uploads\/2023\/07\/pexels-pixabay-2150-1536x1102.jpg 1536w, https:\/\/astrocomplutense.es\/nova\/wp-content\/uploads\/2023\/07\/pexels-pixabay-2150-2048x1470.jpg 2048w\" sizes=\"auto, (max-width: 2500px) 100vw, 2500px\" \/>\t\t\t\t\t<\/a>\n\t\t\t\t\t\t\t\t\t<\/div>\n\t\t\t\n\t\t\t\t\t\t\t\t<a class=\"uagb-post__link-complete-box\" href=\"https:\/\/astrocomplutense.es\/nova\/observacion-en-profundidad-2\/\" target=\"_blank\" rel=\"bookmark noopener noreferrer\"><\/a>\n\t\t\t\t\t\t\t<\/article>\n\t\t\t\t\t\t\t\t\t\t\t\t\t\t\t\t<article class=\"uagb-post__inner-wrap\">\t\t\t\t\t\t\t\t<h4 class=\"uagb-post__title uagb-post__text\">\n\t\t\t\t<a href=\"https:\/\/astrocomplutense.es\/nova\/ii-encuentro-astronomico-practico-villa-de-cogolludo\/\" target=\"_blank\" rel=\"bookmark noopener noreferrer\">II Encuentro astron\u00f3mico pr\u00e1ctico Villa de Cogolludo<\/a>\n\t\t\t<\/h4>\n\t\t\t\t\t\t<div class='uagb-post__text uagb-post-grid-byline'>\n\t\t\t\t\t\t\t\t<time datetime=\"2023-06-26T16:21:26+02:00\" class=\"uagb-post__date\">\n\t\t\t\t\t\t\t\t\t26 de junio de 2023\t\t\t\t<\/time>\n\t\t\t\t\t\t<\/div>\n\t\t\t\t\t\t\t<div class='uagb-post__text uagb-post__excerpt'>\n\t\t\t\t\t23, 24, 25 de junio 2023. Nuestra Agrupaci\u00f3n particip\u00f3 en estas jornadas con varios miembros&#8230;\t\t\t\t<\/div>\n\t\t\t\t\t\t<div class=\"uagb-post__text uagb-post__cta wp-block-button\">\n\t\t\t\t<a class=\"wp-block-button__link uagb-text-link\" style=\"\" href=\"https:\/\/astrocomplutense.es\/nova\/ii-encuentro-astronomico-practico-villa-de-cogolludo\/\" target=\"_blank\" rel=\"bookmark noopener noreferrer\">Leer m\u00e1s<\/a>\n\t\t\t<\/div>\n\t\t\t\t\t\t<div class='uagb-post__image'>\n\t\t\t\t\t\t\t\t\t<a href=\"https:\/\/astrocomplutense.es\/nova\/ii-encuentro-astronomico-practico-villa-de-cogolludo\/\" target=\"_blank\" rel=\"bookmark noopener noreferrer\"><img loading=\"lazy\" decoding=\"async\" width=\"296\" height=\"418\" src=\"https:\/\/astrocomplutense.es\/nova\/wp-content\/uploads\/2023\/06\/VillaCogolludoII2.jpg\" class=\"attachment-full size-full\" alt=\"\" srcset=\"https:\/\/astrocomplutense.es\/nova\/wp-content\/uploads\/2023\/06\/VillaCogolludoII2.jpg 296w, https:\/\/astrocomplutense.es\/nova\/wp-content\/uploads\/2023\/06\/VillaCogolludoII2-212x300.jpg 212w\" sizes=\"auto, (max-width: 296px) 100vw, 296px\" \/>\t\t\t\t\t<\/a>\n\t\t\t\t\t\t\t\t\t<\/div>\n\t\t\t\n\t\t\t\t\t\t\t\t<a class=\"uagb-post__link-complete-box\" href=\"https:\/\/astrocomplutense.es\/nova\/ii-encuentro-astronomico-practico-villa-de-cogolludo\/\" target=\"_blank\" rel=\"bookmark noopener noreferrer\"><\/a>\n\t\t\t\t\t\t\t<\/article>\n\t\t\t\t\t\t\t\t\t\t\t\t\t\t\t\t<article class=\"uagb-post__inner-wrap\">\t\t\t\t\t\t\t\t<h4 class=\"uagb-post__title uagb-post__text\">\n\t\t\t\t<a href=\"https:\/\/astrocomplutense.es\/nova\/arqueo-astronomia-planetaria\/\" target=\"_blank\" rel=\"bookmark noopener noreferrer\">Arqueo Astronom\u00eda Planetaria<\/a>\n\t\t\t<\/h4>\n\t\t\t\t\t\t<div class='uagb-post__text uagb-post-grid-byline'>\n\t\t\t\t\t\t\t\t<time datetime=\"2023-06-21T23:32:57+02:00\" class=\"uagb-post__date\">\n\t\t\t\t\t\t\t\t\t21 de junio de 2023\t\t\t\t<\/time>\n\t\t\t\t\t\t<\/div>\n\t\t\t\t\t\t\t<div class='uagb-post__text uagb-post__excerpt'>\n\t\t\t\t\t21 Junio 2023. Juan Pedro Fern\u00e1ndez hizo un resumen de las investigaciones realizadas junto con&#8230;\t\t\t\t<\/div>\n\t\t\t\t\t\t<div class=\"uagb-post__text uagb-post__cta wp-block-button\">\n\t\t\t\t<a class=\"wp-block-button__link uagb-text-link\" style=\"\" href=\"https:\/\/astrocomplutense.es\/nova\/arqueo-astronomia-planetaria\/\" target=\"_blank\" rel=\"bookmark noopener noreferrer\">Leer m\u00e1s<\/a>\n\t\t\t<\/div>\n\t\t\t\t\t\t<div class='uagb-post__image'>\n\t\t\t\t\t\t\t\t\t<a href=\"https:\/\/astrocomplutense.es\/nova\/arqueo-astronomia-planetaria\/\" target=\"_blank\" rel=\"bookmark noopener noreferrer\"><img loading=\"lazy\" decoding=\"async\" width=\"400\" height=\"286\" src=\"https:\/\/astrocomplutense.es\/nova\/wp-content\/uploads\/2023\/06\/arqueoAPla-e1687213960318.jpg\" class=\"attachment-full size-full\" alt=\"\" srcset=\"https:\/\/astrocomplutense.es\/nova\/wp-content\/uploads\/2023\/06\/arqueoAPla-e1687213960318.jpg 400w, https:\/\/astrocomplutense.es\/nova\/wp-content\/uploads\/2023\/06\/arqueoAPla-e1687213960318-300x215.jpg 300w\" sizes=\"auto, (max-width: 400px) 100vw, 400px\" \/>\t\t\t\t\t<\/a>\n\t\t\t\t\t\t\t\t\t<\/div>\n\t\t\t\n\t\t\t\t\t\t\t\t<a class=\"uagb-post__link-complete-box\" href=\"https:\/\/astrocomplutense.es\/nova\/arqueo-astronomia-planetaria\/\" target=\"_blank\" rel=\"bookmark noopener noreferrer\"><\/a>\n\t\t\t\t\t\t\t<\/article>\n\t\t\t\t\t\t\t\t\t\t\t\t\t\t\t\t<article class=\"uagb-post__inner-wrap\">\t\t\t\t\t\t\t\t<h4 class=\"uagb-post__title uagb-post__text\">\n\t\t\t\t<a href=\"https:\/\/astrocomplutense.es\/nova\/observacion-nocturna-en-torres-de-la-alameda\/\" target=\"_blank\" rel=\"bookmark noopener noreferrer\">Observaci\u00f3n nocturna en Torres de la Alameda<\/a>\n\t\t\t<\/h4>\n\t\t\t\t\t\t<div class='uagb-post__text uagb-post-grid-byline'>\n\t\t\t\t\t\t\t\t<time datetime=\"2023-06-17T13:33:31+02:00\" class=\"uagb-post__date\">\n\t\t\t\t\t\t\t\t\t17 de junio de 2023\t\t\t\t<\/time>\n\t\t\t\t\t\t<\/div>\n\t\t\t\t\t\t\t<div class='uagb-post__text uagb-post__excerpt'>\n\t\t\t\t\t17 de junio 2023. Nuestra agrupaci\u00f3n estuvo en Torres de la Alameda, municipio cercano a&#8230;\t\t\t\t<\/div>\n\t\t\t\t\t\t<div class=\"uagb-post__text uagb-post__cta wp-block-button\">\n\t\t\t\t<a class=\"wp-block-button__link uagb-text-link\" style=\"\" href=\"https:\/\/astrocomplutense.es\/nova\/observacion-nocturna-en-torres-de-la-alameda\/\" target=\"_blank\" rel=\"bookmark noopener noreferrer\">Leer m\u00e1s<\/a>\n\t\t\t<\/div>\n\t\t\t\t\t\t<div class='uagb-post__image'>\n\t\t\t\t\t\t\t\t\t<a href=\"https:\/\/astrocomplutense.es\/nova\/observacion-nocturna-en-torres-de-la-alameda\/\" target=\"_blank\" rel=\"bookmark noopener noreferrer\"><img loading=\"lazy\" decoding=\"async\" width=\"720\" height=\"1600\" src=\"https:\/\/astrocomplutense.es\/nova\/wp-content\/uploads\/2023\/06\/IMG-20230618-WA0007.jpg\" class=\"attachment-full size-full\" alt=\"\" srcset=\"https:\/\/astrocomplutense.es\/nova\/wp-content\/uploads\/2023\/06\/IMG-20230618-WA0007.jpg 720w, https:\/\/astrocomplutense.es\/nova\/wp-content\/uploads\/2023\/06\/IMG-20230618-WA0007-135x300.jpg 135w, https:\/\/astrocomplutense.es\/nova\/wp-content\/uploads\/2023\/06\/IMG-20230618-WA0007-461x1024.jpg 461w, https:\/\/astrocomplutense.es\/nova\/wp-content\/uploads\/2023\/06\/IMG-20230618-WA0007-691x1536.jpg 691w\" sizes=\"auto, (max-width: 720px) 100vw, 720px\" \/>\t\t\t\t\t<\/a>\n\t\t\t\t\t\t\t\t\t<\/div>\n\t\t\t\n\t\t\t\t\t\t\t\t<a class=\"uagb-post__link-complete-box\" href=\"https:\/\/astrocomplutense.es\/nova\/observacion-nocturna-en-torres-de-la-alameda\/\" target=\"_blank\" rel=\"bookmark noopener noreferrer\"><\/a>\n\t\t\t\t\t\t\t<\/article>\n\t\t\t\t\t\t\t\t\t\t\t\t\t\t\t\t<article class=\"uagb-post__inner-wrap\">\t\t\t\t\t\t\t\t<h4 class=\"uagb-post__title uagb-post__text\">\n\t\t\t\t<a href=\"https:\/\/astrocomplutense.es\/nova\/la-sonda-solar-orbiter\/\" target=\"_blank\" rel=\"bookmark noopener noreferrer\">La Sonda Solar Orbiter<\/a>\n\t\t\t<\/h4>\n\t\t\t\t\t\t<div class='uagb-post__text uagb-post-grid-byline'>\n\t\t\t\t\t\t\t\t<time datetime=\"2023-06-14T23:04:59+02:00\" class=\"uagb-post__date\">\n\t\t\t\t\t\t\t\t\t14 de junio de 2023\t\t\t\t<\/time>\n\t\t\t\t\t\t<\/div>\n\t\t\t\t\t\t\t<div class='uagb-post__text uagb-post__excerpt'>\n\t\t\t\t\t14 de junio de 2023. Nuestro compa\u00f1ero Javier Cabrero nos present\u00f3 una interesante charla sobre&#8230;\t\t\t\t<\/div>\n\t\t\t\t\t\t<div class=\"uagb-post__text uagb-post__cta wp-block-button\">\n\t\t\t\t<a class=\"wp-block-button__link uagb-text-link\" style=\"\" href=\"https:\/\/astrocomplutense.es\/nova\/la-sonda-solar-orbiter\/\" target=\"_blank\" rel=\"bookmark noopener noreferrer\">Leer m\u00e1s<\/a>\n\t\t\t<\/div>\n\t\t\t\t\t\t<div class='uagb-post__image'>\n\t\t\t\t\t\t\t\t\t<a href=\"https:\/\/astrocomplutense.es\/nova\/la-sonda-solar-orbiter\/\" target=\"_blank\" rel=\"bookmark noopener noreferrer\"><img loading=\"lazy\" decoding=\"async\" width=\"1200\" height=\"630\" src=\"https:\/\/astrocomplutense.es\/nova\/wp-content\/uploads\/2023\/06\/IMG-20230613-WA0015.jpg\" class=\"attachment-full size-full\" alt=\"\" srcset=\"https:\/\/astrocomplutense.es\/nova\/wp-content\/uploads\/2023\/06\/IMG-20230613-WA0015.jpg 1200w, https:\/\/astrocomplutense.es\/nova\/wp-content\/uploads\/2023\/06\/IMG-20230613-WA0015-300x158.jpg 300w, https:\/\/astrocomplutense.es\/nova\/wp-content\/uploads\/2023\/06\/IMG-20230613-WA0015-1024x538.jpg 1024w, https:\/\/astrocomplutense.es\/nova\/wp-content\/uploads\/2023\/06\/IMG-20230613-WA0015-768x403.jpg 768w\" sizes=\"auto, (max-width: 1200px) 100vw, 1200px\" \/>\t\t\t\t\t<\/a>\n\t\t\t\t\t\t\t\t\t<\/div>\n\t\t\t\n\t\t\t\t\t\t\t\t<a class=\"uagb-post__link-complete-box\" href=\"https:\/\/astrocomplutense.es\/nova\/la-sonda-solar-orbiter\/\" target=\"_blank\" rel=\"bookmark noopener noreferrer\"><\/a>\n\t\t\t\t\t\t\t<\/article>\n\t\t\t\t\t\t\t\t\t\t\t\t\t\t\t\t<article class=\"uagb-post__inner-wrap\">\t\t\t\t\t\t\t\t<h4 class=\"uagb-post__title uagb-post__text\">\n\t\t\t\t<a href=\"https:\/\/astrocomplutense.es\/nova\/taller-de-fotografia-via-lactea\/\" target=\"_blank\" rel=\"bookmark noopener noreferrer\">Taller de fotograf\u00eda V\u00eda L\u00e1ctea<\/a>\n\t\t\t<\/h4>\n\t\t\t\t\t\t<div class='uagb-post__text uagb-post-grid-byline'>\n\t\t\t\t\t\t\t\t<time datetime=\"2023-06-07T23:56:48+02:00\" class=\"uagb-post__date\">\n\t\t\t\t\t\t\t\t\t7 de junio de 2023\t\t\t\t<\/time>\n\t\t\t\t\t\t<\/div>\n\t\t\t\t\t\t\t<div class='uagb-post__text uagb-post__excerpt'>\n\t\t\t\t\tMi\u00e9rcoles 7 de junio 2023: Taller de Fotograf\u00eda de la V\u00eda L\u00e1ctea, por Fernando L&#8230;.\t\t\t\t<\/div>\n\t\t\t\t\t\t<div class=\"uagb-post__text uagb-post__cta wp-block-button\">\n\t\t\t\t<a class=\"wp-block-button__link uagb-text-link\" style=\"\" href=\"https:\/\/astrocomplutense.es\/nova\/taller-de-fotografia-via-lactea\/\" target=\"_blank\" rel=\"bookmark noopener noreferrer\">Leer m\u00e1s<\/a>\n\t\t\t<\/div>\n\t\t\t\t\t\t<div class='uagb-post__image'>\n\t\t\t\t\t\t\t\t\t<a href=\"https:\/\/astrocomplutense.es\/nova\/taller-de-fotografia-via-lactea\/\" target=\"_blank\" rel=\"bookmark noopener noreferrer\"><img loading=\"lazy\" decoding=\"async\" width=\"399\" height=\"162\" src=\"https:\/\/astrocomplutense.es\/nova\/wp-content\/uploads\/2023\/06\/52907539512_b3029086f8_w.jpg\" class=\"attachment-full size-full\" alt=\"\" srcset=\"https:\/\/astrocomplutense.es\/nova\/wp-content\/uploads\/2023\/06\/52907539512_b3029086f8_w.jpg 399w, https:\/\/astrocomplutense.es\/nova\/wp-content\/uploads\/2023\/06\/52907539512_b3029086f8_w-300x122.jpg 300w\" sizes=\"auto, (max-width: 399px) 100vw, 399px\" \/>\t\t\t\t\t<\/a>\n\t\t\t\t\t\t\t\t\t<\/div>\n\t\t\t\n\t\t\t\t\t\t\t\t<a class=\"uagb-post__link-complete-box\" href=\"https:\/\/astrocomplutense.es\/nova\/taller-de-fotografia-via-lactea\/\" target=\"_blank\" rel=\"bookmark noopener noreferrer\"><\/a>\n\t\t\t\t\t\t\t<\/article>\n\t\t\t\t\t\t\t\t\t\t\t\t\t\t\t\t<article class=\"uagb-post__inner-wrap\">\t\t\t\t\t\t\t\t<h4 class=\"uagb-post__title uagb-post__text\">\n\t\t\t\t<a href=\"https:\/\/astrocomplutense.es\/nova\/evolucion-del-conocimiento-estelar\/\" target=\"_blank\" rel=\"bookmark noopener noreferrer\">Evoluci\u00f3n del conocimiento estelar<\/a>\n\t\t\t<\/h4>\n\t\t\t\t\t\t<div class='uagb-post__text uagb-post-grid-byline'>\n\t\t\t\t\t\t\t\t<time datetime=\"2023-05-31T23:31:29+02:00\" class=\"uagb-post__date\">\n\t\t\t\t\t\t\t\t\t31 de mayo de 2023\t\t\t\t<\/time>\n\t\t\t\t\t\t<\/div>\n\t\t\t\t\t\t\t<div class='uagb-post__text uagb-post__excerpt'>\n\t\t\t\t\tMi\u00e9rcoles 31 mayo 2023. Manuel Talero. nos hizo un viaje por el conocimiento del Ser&#8230;\t\t\t\t<\/div>\n\t\t\t\t\t\t<div class=\"uagb-post__text uagb-post__cta wp-block-button\">\n\t\t\t\t<a class=\"wp-block-button__link uagb-text-link\" style=\"\" href=\"https:\/\/astrocomplutense.es\/nova\/evolucion-del-conocimiento-estelar\/\" target=\"_blank\" rel=\"bookmark noopener noreferrer\">Leer m\u00e1s<\/a>\n\t\t\t<\/div>\n\t\t\t\t\t\t<div class='uagb-post__image'>\n\t\t\t\t\t\t\t\t\t<a href=\"https:\/\/astrocomplutense.es\/nova\/evolucion-del-conocimiento-estelar\/\" target=\"_blank\" rel=\"bookmark noopener noreferrer\"><img loading=\"lazy\" decoding=\"async\" width=\"768\" height=\"432\" src=\"https:\/\/astrocomplutense.es\/nova\/wp-content\/uploads\/2023\/05\/evolucionConocimientoCielo.jpg\" class=\"attachment-full size-full\" alt=\"\" srcset=\"https:\/\/astrocomplutense.es\/nova\/wp-content\/uploads\/2023\/05\/evolucionConocimientoCielo.jpg 768w, https:\/\/astrocomplutense.es\/nova\/wp-content\/uploads\/2023\/05\/evolucionConocimientoCielo-300x169.jpg 300w\" sizes=\"auto, (max-width: 768px) 100vw, 768px\" \/>\t\t\t\t\t<\/a>\n\t\t\t\t\t\t\t\t\t<\/div>\n\t\t\t\n\t\t\t\t\t\t\t\t<a class=\"uagb-post__link-complete-box\" href=\"https:\/\/astrocomplutense.es\/nova\/evolucion-del-conocimiento-estelar\/\" target=\"_blank\" rel=\"bookmark noopener noreferrer\"><\/a>\n\t\t\t\t\t\t\t<\/article>\n\t\t\t\t\t\t\t\t\t\t\t\t\t\t\t\t<article class=\"uagb-post__inner-wrap\">\t\t\t\t\t\t\t\t<h4 class=\"uagb-post__title uagb-post__text\">\n\t\t\t\t<a href=\"https:\/\/astrocomplutense.es\/nova\/mitologia-constelaciones-zodiacales\/\" target=\"_blank\" rel=\"bookmark noopener noreferrer\">Mitolog\u00eda, Constelaciones zodiacales<\/a>\n\t\t\t<\/h4>\n\t\t\t\t\t\t<div class='uagb-post__text uagb-post-grid-byline'>\n\t\t\t\t\t\t\t\t<time datetime=\"2023-05-24T23:55:56+02:00\" class=\"uagb-post__date\">\n\t\t\t\t\t\t\t\t\t24 de mayo de 2023\t\t\t\t<\/time>\n\t\t\t\t\t\t<\/div>\n\t\t\t\t\t\t\t<div class='uagb-post__text uagb-post__excerpt'>\n\t\t\t\t\tMi\u00e9rcoles 24 de mayo 2023. Un paseo por las constelaciones zodiacales y su mitolog\u00eda de&#8230;\t\t\t\t<\/div>\n\t\t\t\t\t\t<div class=\"uagb-post__text uagb-post__cta wp-block-button\">\n\t\t\t\t<a class=\"wp-block-button__link uagb-text-link\" style=\"\" href=\"https:\/\/astrocomplutense.es\/nova\/mitologia-constelaciones-zodiacales\/\" target=\"_blank\" rel=\"bookmark noopener noreferrer\">Leer m\u00e1s<\/a>\n\t\t\t<\/div>\n\t\t\t\t\t\t<div class='uagb-post__image'>\n\t\t\t\t\t\t\t\t\t<a href=\"https:\/\/astrocomplutense.es\/nova\/mitologia-constelaciones-zodiacales\/\" target=\"_blank\" rel=\"bookmark noopener noreferrer\"><img loading=\"lazy\" decoding=\"async\" width=\"512\" height=\"322\" src=\"https:\/\/astrocomplutense.es\/nova\/wp-content\/uploads\/2023\/04\/Botticelli.jpg\" class=\"attachment-full size-full\" alt=\"\" srcset=\"https:\/\/astrocomplutense.es\/nova\/wp-content\/uploads\/2023\/04\/Botticelli.jpg 512w, https:\/\/astrocomplutense.es\/nova\/wp-content\/uploads\/2023\/04\/Botticelli-300x189.jpg 300w\" sizes=\"auto, (max-width: 512px) 100vw, 512px\" \/>\t\t\t\t\t<\/a>\n\t\t\t\t\t\t\t\t\t<\/div>\n\t\t\t\n\t\t\t\t\t\t\t\t<a class=\"uagb-post__link-complete-box\" href=\"https:\/\/astrocomplutense.es\/nova\/mitologia-constelaciones-zodiacales\/\" target=\"_blank\" rel=\"bookmark noopener noreferrer\"><\/a>\n\t\t\t\t\t\t\t<\/article>\n\t\t\t\t\t\t\t\t\t\t\t\t\t\t\t\t<article class=\"uagb-post__inner-wrap\">\t\t\t\t\t\t\t\t<h4 class=\"uagb-post__title uagb-post__text\">\n\t\t\t\t<a href=\"https:\/\/astrocomplutense.es\/nova\/observacion-nocturna-en-el-ies-doctor-maranon\/\" target=\"_blank\" rel=\"bookmark noopener noreferrer\">Observaci\u00f3n nocturna en el IES Doctor Mara\u00f1\u00f3n<\/a>\n\t\t\t<\/h4>\n\t\t\t\t\t\t<div class='uagb-post__text uagb-post-grid-byline'>\n\t\t\t\t\t\t\t\t<time datetime=\"2023-05-12T09:22:57+02:00\" class=\"uagb-post__date\">\n\t\t\t\t\t\t\t\t\t12 de mayo de 2023\t\t\t\t<\/time>\n\t\t\t\t\t\t<\/div>\n\t\t\t\t\t\t\t<div class='uagb-post__text uagb-post__excerpt'>\n\t\t\t\t\tViernes 12 de mayo 2023. Al fin se pudo hacer la observaci\u00f3n, retrasada por mal&#8230;\t\t\t\t<\/div>\n\t\t\t\t\t\t<div class=\"uagb-post__text uagb-post__cta wp-block-button\">\n\t\t\t\t<a class=\"wp-block-button__link uagb-text-link\" style=\"\" href=\"https:\/\/astrocomplutense.es\/nova\/observacion-nocturna-en-el-ies-doctor-maranon\/\" target=\"_blank\" rel=\"bookmark noopener noreferrer\">Leer m\u00e1s<\/a>\n\t\t\t<\/div>\n\t\t\t\t\t\t<div class='uagb-post__image'>\n\t\t\t\t\t\t\t\t\t<a href=\"https:\/\/astrocomplutense.es\/nova\/observacion-nocturna-en-el-ies-doctor-maranon\/\" target=\"_blank\" rel=\"bookmark noopener noreferrer\"><img loading=\"lazy\" decoding=\"async\" width=\"900\" height=\"600\" src=\"https:\/\/astrocomplutense.es\/nova\/wp-content\/uploads\/2023\/05\/peq-AAC_12May23.jpg\" class=\"attachment-full size-full\" alt=\"\" srcset=\"https:\/\/astrocomplutense.es\/nova\/wp-content\/uploads\/2023\/05\/peq-AAC_12May23.jpg 900w, https:\/\/astrocomplutense.es\/nova\/wp-content\/uploads\/2023\/05\/peq-AAC_12May23-300x200.jpg 300w, https:\/\/astrocomplutense.es\/nova\/wp-content\/uploads\/2023\/05\/peq-AAC_12May23-768x512.jpg 768w\" sizes=\"auto, (max-width: 900px) 100vw, 900px\" \/>\t\t\t\t\t<\/a>\n\t\t\t\t\t\t\t\t\t<\/div>\n\t\t\t\n\t\t\t\t\t\t\t\t<a class=\"uagb-post__link-complete-box\" href=\"https:\/\/astrocomplutense.es\/nova\/observacion-nocturna-en-el-ies-doctor-maranon\/\" target=\"_blank\" rel=\"bookmark noopener noreferrer\"><\/a>\n\t\t\t\t\t\t\t<\/article>\n\t\t\t\t\t\t\t\t\t\t\t\t\t\t\t\t<article class=\"uagb-post__inner-wrap\">\t\t\t\t\t\t\t\t<h4 class=\"uagb-post__title uagb-post__text\">\n\t\t\t\t<a href=\"https:\/\/astrocomplutense.es\/nova\/preparacion-proximas-actividades\/\" target=\"_blank\" rel=\"bookmark noopener noreferrer\">Preparaci\u00f3n pr\u00f3ximas actividades<\/a>\n\t\t\t<\/h4>\n\t\t\t\t\t\t<div class='uagb-post__text uagb-post-grid-byline'>\n\t\t\t\t\t\t\t\t<time datetime=\"2023-05-11T17:03:40+02:00\" class=\"uagb-post__date\">\n\t\t\t\t\t\t\t\t\t11 de mayo de 2023\t\t\t\t<\/time>\n\t\t\t\t\t\t<\/div>\n\t\t\t\t\t\t\t<div class='uagb-post__text uagb-post__excerpt'>\n\t\t\t\t\tMi\u00e9rcoles 10 de mayo 2023.\nLo dedicamos a la preparaci\u00f3n de las pr\u00f3ximas actividades\t\t\t\t<\/div>\n\t\t\t\t\t\t<div class=\"uagb-post__text uagb-post__cta wp-block-button\">\n\t\t\t\t<a class=\"wp-block-button__link uagb-text-link\" style=\"\" href=\"https:\/\/astrocomplutense.es\/nova\/preparacion-proximas-actividades\/\" target=\"_blank\" rel=\"bookmark noopener noreferrer\">Leer m\u00e1s<\/a>\n\t\t\t<\/div>\n\t\t\t\t\t\t<div class='uagb-post__image'>\n\t\t\t\t\t\t\t\t\t<a href=\"https:\/\/astrocomplutense.es\/nova\/preparacion-proximas-actividades\/\" target=\"_blank\" rel=\"bookmark noopener noreferrer\"><img loading=\"lazy\" decoding=\"async\" width=\"229\" height=\"157\" src=\"https:\/\/astrocomplutense.es\/nova\/wp-content\/uploads\/2022\/09\/May17aprende.jpg\" class=\"attachment-full size-full\" alt=\"\" \/>\t\t\t\t\t<\/a>\n\t\t\t\t\t\t\t\t\t<\/div>\n\t\t\t\n\t\t\t\t\t\t\t\t<a class=\"uagb-post__link-complete-box\" href=\"https:\/\/astrocomplutense.es\/nova\/preparacion-proximas-actividades\/\" target=\"_blank\" rel=\"bookmark noopener noreferrer\"><\/a>\n\t\t\t\t\t\t\t<\/article>\n\t\t\t\t\t\t\t\t\t\t\t\t\t\t\t\t<article class=\"uagb-post__inner-wrap\">\t\t\t\t\t\t\t\t<h4 class=\"uagb-post__title uagb-post__text\">\n\t\t\t\t<a href=\"https:\/\/astrocomplutense.es\/nova\/de-lo-diminuto-a-lo-mas-grande\/\" target=\"_blank\" rel=\"bookmark noopener noreferrer\">De lo diminuto a lo m\u00e1s grande<\/a>\n\t\t\t<\/h4>\n\t\t\t\t\t\t<div class='uagb-post__text uagb-post-grid-byline'>\n\t\t\t\t\t\t\t\t<time datetime=\"2023-05-03T10:40:20+02:00\" class=\"uagb-post__date\">\n\t\t\t\t\t\t\t\t\t3 de mayo de 2023\t\t\t\t<\/time>\n\t\t\t\t\t\t<\/div>\n\t\t\t\t\t\t\t<div class='uagb-post__text uagb-post__excerpt'>\n\t\t\t\t\tMi\u00e9rcoles 3 de mayo 2023. Eduardo Serrano present\u00f3 su exposici\u00f3n sobre la diferencia entre los&#8230;\t\t\t\t<\/div>\n\t\t\t\t\t\t<div class=\"uagb-post__text uagb-post__cta wp-block-button\">\n\t\t\t\t<a class=\"wp-block-button__link uagb-text-link\" style=\"\" href=\"https:\/\/astrocomplutense.es\/nova\/de-lo-diminuto-a-lo-mas-grande\/\" target=\"_blank\" rel=\"bookmark noopener noreferrer\">Leer m\u00e1s<\/a>\n\t\t\t<\/div>\n\t\t\t\t\t\t<div class='uagb-post__image'>\n\t\t\t\t\t\t\t\t\t<a href=\"https:\/\/astrocomplutense.es\/nova\/de-lo-diminuto-a-lo-mas-grande\/\" target=\"_blank\" rel=\"bookmark noopener noreferrer\"><img loading=\"lazy\" decoding=\"async\" width=\"650\" height=\"406\" src=\"https:\/\/astrocomplutense.es\/nova\/wp-content\/uploads\/2023\/04\/atoxia.jpg\" class=\"attachment-full size-full\" alt=\"\" srcset=\"https:\/\/astrocomplutense.es\/nova\/wp-content\/uploads\/2023\/04\/atoxia.jpg 650w, https:\/\/astrocomplutense.es\/nova\/wp-content\/uploads\/2023\/04\/atoxia-300x187.jpg 300w\" sizes=\"auto, (max-width: 650px) 100vw, 650px\" \/>\t\t\t\t\t<\/a>\n\t\t\t\t\t\t\t\t\t<\/div>\n\t\t\t\n\t\t\t\t\t\t\t\t<a class=\"uagb-post__link-complete-box\" href=\"https:\/\/astrocomplutense.es\/nova\/de-lo-diminuto-a-lo-mas-grande\/\" target=\"_blank\" rel=\"bookmark noopener noreferrer\"><\/a>\n\t\t\t\t\t\t\t<\/article>\n\t\t\t\t\t\t\t\t\t\t\t\t\t\t\t\t<article class=\"uagb-post__inner-wrap\">\t\t\t\t\t\t\t\t<h4 class=\"uagb-post__title uagb-post__text\">\n\t\t\t\t<a href=\"https:\/\/astrocomplutense.es\/nova\/material-de-observacion-de-la-agrupa\/\" target=\"_blank\" rel=\"bookmark noopener noreferrer\">Material de observaci\u00f3n de la Agrupa<\/a>\n\t\t\t<\/h4>\n\t\t\t\t\t\t<div class='uagb-post__text uagb-post-grid-byline'>\n\t\t\t\t\t\t\t\t<time datetime=\"2023-04-26T23:30:06+02:00\" class=\"uagb-post__date\">\n\t\t\t\t\t\t\t\t\t26 de abril de 2023\t\t\t\t<\/time>\n\t\t\t\t\t\t<\/div>\n\t\t\t\t\t\t\t<div class='uagb-post__text uagb-post__excerpt'>\n\t\t\t\t\tmiercoles 26 de abril 2023.\nUn taller en el que se expusieron parte de los telescopios&#8230;\t\t\t\t<\/div>\n\t\t\t\t\t\t<div class=\"uagb-post__text uagb-post__cta wp-block-button\">\n\t\t\t\t<a class=\"wp-block-button__link uagb-text-link\" style=\"\" href=\"https:\/\/astrocomplutense.es\/nova\/material-de-observacion-de-la-agrupa\/\" target=\"_blank\" rel=\"bookmark noopener noreferrer\">Leer m\u00e1s<\/a>\n\t\t\t<\/div>\n\t\t\t\t\t\t<div class='uagb-post__image'>\n\t\t\t\t\t\t\t\t\t<a href=\"https:\/\/astrocomplutense.es\/nova\/material-de-observacion-de-la-agrupa\/\" target=\"_blank\" rel=\"bookmark noopener noreferrer\"><img loading=\"lazy\" decoding=\"async\" width=\"200\" height=\"269\" src=\"https:\/\/astrocomplutense.es\/nova\/wp-content\/uploads\/2022\/09\/Meade-LXD75-1142x1536-2-e1682764393939.jpg\" class=\"attachment-full size-full\" alt=\"\" \/>\t\t\t\t\t<\/a>\n\t\t\t\t\t\t\t\t\t<\/div>\n\t\t\t\n\t\t\t\t\t\t\t\t<a class=\"uagb-post__link-complete-box\" href=\"https:\/\/astrocomplutense.es\/nova\/material-de-observacion-de-la-agrupa\/\" target=\"_blank\" rel=\"bookmark noopener noreferrer\"><\/a>\n\t\t\t\t\t\t\t<\/article>\n\t\t\t\t\t\t\t\t\t\t\t\t\t\t\t\t<article class=\"uagb-post__inner-wrap\">\t\t\t\t\t\t\t\t<h4 class=\"uagb-post__title uagb-post__text\">\n\t\t\t\t<a href=\"https:\/\/astrocomplutense.es\/nova\/variables-y-otros-trabajos-fotograficos-sencillos\/\" target=\"_blank\" rel=\"bookmark noopener noreferrer\">Variables y otros trabajos fotogr\u00e1ficos sencillos<\/a>\n\t\t\t<\/h4>\n\t\t\t\t\t\t<div class='uagb-post__text uagb-post-grid-byline'>\n\t\t\t\t\t\t\t\t<time datetime=\"2023-04-19T23:59:39+02:00\" class=\"uagb-post__date\">\n\t\t\t\t\t\t\t\t\t19 de abril de 2023\t\t\t\t<\/time>\n\t\t\t\t\t\t<\/div>\n\t\t\t\t\t\t\t<div class='uagb-post__text uagb-post__excerpt'>\n\t\t\t\t\tMi\u00e9rcoles 19 de abril 2023. Como no se pudo salir a observar improvisamos unas charla&#8230;\t\t\t\t<\/div>\n\t\t\t\t\t\t<div class=\"uagb-post__text uagb-post__cta wp-block-button\">\n\t\t\t\t<a class=\"wp-block-button__link uagb-text-link\" style=\"\" href=\"https:\/\/astrocomplutense.es\/nova\/variables-y-otros-trabajos-fotograficos-sencillos\/\" target=\"_blank\" rel=\"bookmark noopener noreferrer\">Leer m\u00e1s<\/a>\n\t\t\t<\/div>\n\t\t\t\t\t\t<div class='uagb-post__image'>\n\t\t\t\t\t\t\t\t\t<a href=\"https:\/\/astrocomplutense.es\/nova\/variables-y-otros-trabajos-fotograficos-sencillos\/\" target=\"_blank\" rel=\"bookmark noopener noreferrer\"><img loading=\"lazy\" decoding=\"async\" width=\"381\" height=\"381\" src=\"https:\/\/astrocomplutense.es\/nova\/wp-content\/uploads\/2023\/04\/T_Tauri.jpg\" class=\"attachment-full size-full\" alt=\"\" srcset=\"https:\/\/astrocomplutense.es\/nova\/wp-content\/uploads\/2023\/04\/T_Tauri.jpg 381w, https:\/\/astrocomplutense.es\/nova\/wp-content\/uploads\/2023\/04\/T_Tauri-300x300.jpg 300w, https:\/\/astrocomplutense.es\/nova\/wp-content\/uploads\/2023\/04\/T_Tauri-150x150.jpg 150w\" sizes=\"auto, (max-width: 381px) 100vw, 381px\" \/>\t\t\t\t\t<\/a>\n\t\t\t\t\t\t\t\t\t<\/div>\n\t\t\t\n\t\t\t\t\t\t\t\t<a class=\"uagb-post__link-complete-box\" href=\"https:\/\/astrocomplutense.es\/nova\/variables-y-otros-trabajos-fotograficos-sencillos\/\" target=\"_blank\" rel=\"bookmark noopener noreferrer\"><\/a>\n\t\t\t\t\t\t\t<\/article>\n\t\t\t\t\t\t\t\t\t\t\t\t\t\t\t\t<article class=\"uagb-post__inner-wrap\">\t\t\t\t\t\t\t\t<h4 class=\"uagb-post__title uagb-post__text\">\n\t\t\t\t<a href=\"https:\/\/astrocomplutense.es\/nova\/stellarium-sesion-3\/\" target=\"_blank\" rel=\"bookmark noopener noreferrer\">Stellarium Sesi\u00f3n 3<\/a>\n\t\t\t<\/h4>\n\t\t\t\t\t\t<div class='uagb-post__text uagb-post-grid-byline'>\n\t\t\t\t\t\t\t\t<time datetime=\"2023-04-12T23:50:48+02:00\" class=\"uagb-post__date\">\n\t\t\t\t\t\t\t\t\t12 de abril de 2023\t\t\t\t<\/time>\n\t\t\t\t\t\t<\/div>\n\t\t\t\t\t\t\t<div class='uagb-post__text uagb-post__excerpt'>\n\t\t\t\t\tMi\u00e9rcoles 12 de abril 2023.\nTercera sesi\u00f3n de Stellarium  por Jose Luis de l Horno\t\t\t\t<\/div>\n\t\t\t\t\t\t<div class=\"uagb-post__text uagb-post__cta wp-block-button\">\n\t\t\t\t<a class=\"wp-block-button__link uagb-text-link\" style=\"\" href=\"https:\/\/astrocomplutense.es\/nova\/stellarium-sesion-3\/\" target=\"_blank\" rel=\"bookmark noopener noreferrer\">Leer m\u00e1s<\/a>\n\t\t\t<\/div>\n\t\t\t\t\t\t<div class='uagb-post__image'>\n\t\t\t\t\t\t\t\t\t<a href=\"https:\/\/astrocomplutense.es\/nova\/stellarium-sesion-3\/\" target=\"_blank\" rel=\"bookmark noopener noreferrer\"><img loading=\"lazy\" decoding=\"async\" width=\"350\" height=\"350\" src=\"https:\/\/astrocomplutense.es\/nova\/wp-content\/uploads\/2022\/12\/Stellarium.jpg\" class=\"attachment-full size-full\" alt=\"\" srcset=\"https:\/\/astrocomplutense.es\/nova\/wp-content\/uploads\/2022\/12\/Stellarium.jpg 350w, https:\/\/astrocomplutense.es\/nova\/wp-content\/uploads\/2022\/12\/Stellarium-300x300.jpg 300w, https:\/\/astrocomplutense.es\/nova\/wp-content\/uploads\/2022\/12\/Stellarium-150x150.jpg 150w\" sizes=\"auto, (max-width: 350px) 100vw, 350px\" \/>\t\t\t\t\t<\/a>\n\t\t\t\t\t\t\t\t\t<\/div>\n\t\t\t\n\t\t\t\t\t\t\t\t<a class=\"uagb-post__link-complete-box\" href=\"https:\/\/astrocomplutense.es\/nova\/stellarium-sesion-3\/\" target=\"_blank\" rel=\"bookmark noopener noreferrer\"><\/a>\n\t\t\t\t\t\t\t<\/article>\n\t\t\t\t\t\t\t\t\t\t\t\t\t\t\t\t<article class=\"uagb-post__inner-wrap\">\t\t\t\t\t\t\t\t<h4 class=\"uagb-post__title uagb-post__text\">\n\t\t\t\t<a href=\"https:\/\/astrocomplutense.es\/nova\/curiosidades-de-la-gravedad\/\" target=\"_blank\" rel=\"bookmark noopener noreferrer\">Curiosidades de la gravedad<\/a>\n\t\t\t<\/h4>\n\t\t\t\t\t\t<div class='uagb-post__text uagb-post-grid-byline'>\n\t\t\t\t\t\t\t\t<time datetime=\"2023-03-29T00:55:21+02:00\" class=\"uagb-post__date\">\n\t\t\t\t\t\t\t\t\t29 de marzo de 2023\t\t\t\t<\/time>\n\t\t\t\t\t\t<\/div>\n\t\t\t\t\t\t\t<div class='uagb-post__text uagb-post__excerpt'>\n\t\t\t\t\tmi\u00e9rcoles 29 de marzo 2023:\nCharla de Juan Pedro Fern\u00e1ndez con algunas de las \\\u00bban\u00e9cdotas\\\u00bb relacionadas&#8230;\t\t\t\t<\/div>\n\t\t\t\t\t\t<div class=\"uagb-post__text uagb-post__cta wp-block-button\">\n\t\t\t\t<a class=\"wp-block-button__link uagb-text-link\" style=\"\" href=\"https:\/\/astrocomplutense.es\/nova\/curiosidades-de-la-gravedad\/\" target=\"_blank\" rel=\"bookmark noopener noreferrer\">Leer m\u00e1s<\/a>\n\t\t\t<\/div>\n\t\t\t\t\t\t<div class='uagb-post__image'>\n\t\t\t\t\t\t\t\t\t<a href=\"https:\/\/astrocomplutense.es\/nova\/curiosidades-de-la-gravedad\/\" target=\"_blank\" rel=\"bookmark noopener noreferrer\"><img loading=\"lazy\" decoding=\"async\" width=\"1208\" height=\"711\" src=\"https:\/\/astrocomplutense.es\/nova\/wp-content\/uploads\/2023\/03\/gravedad.jpg\" class=\"attachment-full size-full\" alt=\"\" srcset=\"https:\/\/astrocomplutense.es\/nova\/wp-content\/uploads\/2023\/03\/gravedad.jpg 1208w, https:\/\/astrocomplutense.es\/nova\/wp-content\/uploads\/2023\/03\/gravedad-300x177.jpg 300w, https:\/\/astrocomplutense.es\/nova\/wp-content\/uploads\/2023\/03\/gravedad-1024x603.jpg 1024w, https:\/\/astrocomplutense.es\/nova\/wp-content\/uploads\/2023\/03\/gravedad-768x452.jpg 768w\" sizes=\"auto, (max-width: 1208px) 100vw, 1208px\" \/>\t\t\t\t\t<\/a>\n\t\t\t\t\t\t\t\t\t<\/div>\n\t\t\t\n\t\t\t\t\t\t\t\t<a class=\"uagb-post__link-complete-box\" href=\"https:\/\/astrocomplutense.es\/nova\/curiosidades-de-la-gravedad\/\" target=\"_blank\" rel=\"bookmark noopener noreferrer\"><\/a>\n\t\t\t\t\t\t\t<\/article>\n\t\t\t\t\t\t\t\t\t\t\t\t\t\t\t\t<article class=\"uagb-post__inner-wrap\">\t\t\t\t\t\t\t\t<h4 class=\"uagb-post__title uagb-post__text\">\n\t\t\t\t<a href=\"https:\/\/astrocomplutense.es\/nova\/observacion-solar-en-el-ies-athenea-de-a-de-henares\/\" target=\"_blank\" rel=\"bookmark noopener noreferrer\">Observaci\u00f3n solar en el IES Athenea de A. de Henares<\/a>\n\t\t\t<\/h4>\n\t\t\t\t\t\t<div class='uagb-post__text uagb-post-grid-byline'>\n\t\t\t\t\t\t\t\t<time datetime=\"2023-03-29T00:24:33+02:00\" class=\"uagb-post__date\">\n\t\t\t\t\t\t\t\t\t29 de marzo de 2023\t\t\t\t<\/time>\n\t\t\t\t\t\t<\/div>\n\t\t\t\t\t\t\t<div class='uagb-post__text uagb-post__excerpt'>\n\t\t\t\t\tMi\u00e9rcoles 29 marzo 2023.\nJos\u00e9 Luis del Horno, nuestro presidente, mont\u00f3 en una de las aulas&#8230;\t\t\t\t<\/div>\n\t\t\t\t\t\t<div class=\"uagb-post__text uagb-post__cta wp-block-button\">\n\t\t\t\t<a class=\"wp-block-button__link uagb-text-link\" style=\"\" href=\"https:\/\/astrocomplutense.es\/nova\/observacion-solar-en-el-ies-athenea-de-a-de-henares\/\" target=\"_blank\" rel=\"bookmark noopener noreferrer\">Leer m\u00e1s<\/a>\n\t\t\t<\/div>\n\t\t\t\t\t\t<div class='uagb-post__image'>\n\t\t\t\t\t\t\t\t\t<a href=\"https:\/\/astrocomplutense.es\/nova\/observacion-solar-en-el-ies-athenea-de-a-de-henares\/\" target=\"_blank\" rel=\"bookmark noopener noreferrer\"><img loading=\"lazy\" decoding=\"async\" width=\"640\" height=\"480\" src=\"https:\/\/astrocomplutense.es\/nova\/wp-content\/uploads\/2023\/04\/image5.jpeg\" class=\"attachment-full size-full\" alt=\"\" srcset=\"https:\/\/astrocomplutense.es\/nova\/wp-content\/uploads\/2023\/04\/image5.jpeg 640w, https:\/\/astrocomplutense.es\/nova\/wp-content\/uploads\/2023\/04\/image5-300x225.jpeg 300w\" sizes=\"auto, (max-width: 640px) 100vw, 640px\" \/>\t\t\t\t\t<\/a>\n\t\t\t\t\t\t\t\t\t<\/div>\n\t\t\t\n\t\t\t\t\t\t\t\t<a class=\"uagb-post__link-complete-box\" href=\"https:\/\/astrocomplutense.es\/nova\/observacion-solar-en-el-ies-athenea-de-a-de-henares\/\" target=\"_blank\" rel=\"bookmark noopener noreferrer\"><\/a>\n\t\t\t\t\t\t\t<\/article>\n\t\t\t\t\t\t\t\t\t\t\t\t\t\t\t\t<article class=\"uagb-post__inner-wrap\">\t\t\t\t\t\t\t\t<h4 class=\"uagb-post__title uagb-post__text\">\n\t\t\t\t<a href=\"https:\/\/astrocomplutense.es\/nova\/maraton-messier-2023\/\" target=\"_blank\" rel=\"bookmark noopener noreferrer\">Marat\u00f3n Messier 2023<\/a>\n\t\t\t<\/h4>\n\t\t\t\t\t\t<div class='uagb-post__text uagb-post-grid-byline'>\n\t\t\t\t\t\t\t\t<time datetime=\"2023-03-25T08:54:54+01:00\" class=\"uagb-post__date\">\n\t\t\t\t\t\t\t\t\t25 de marzo de 2023\t\t\t\t<\/time>\n\t\t\t\t\t\t<\/div>\n\t\t\t\t\t\t\t<div class='uagb-post__text uagb-post__excerpt'>\n\t\t\t\t\tS\u00e1bado 25 marzo 2023. Una noche excepcional y un \u00e9xito de afluencia a nuestro marat\u00f3n&#8230;\t\t\t\t<\/div>\n\t\t\t\t\t\t<div class=\"uagb-post__text uagb-post__cta wp-block-button\">\n\t\t\t\t<a class=\"wp-block-button__link uagb-text-link\" style=\"\" href=\"https:\/\/astrocomplutense.es\/nova\/maraton-messier-2023\/\" target=\"_blank\" rel=\"bookmark noopener noreferrer\">Leer m\u00e1s<\/a>\n\t\t\t<\/div>\n\t\t\t\t\t\t<div class='uagb-post__image'>\n\t\t\t\t\t\t\t\t\t<a href=\"https:\/\/astrocomplutense.es\/nova\/maraton-messier-2023\/\" target=\"_blank\" rel=\"bookmark noopener noreferrer\"><img loading=\"lazy\" decoding=\"async\" width=\"799\" height=\"533\" src=\"https:\/\/astrocomplutense.es\/nova\/wp-content\/uploads\/2023\/03\/maratonM2023.jpg\" class=\"attachment-full size-full\" alt=\"\" srcset=\"https:\/\/astrocomplutense.es\/nova\/wp-content\/uploads\/2023\/03\/maratonM2023.jpg 799w, https:\/\/astrocomplutense.es\/nova\/wp-content\/uploads\/2023\/03\/maratonM2023-300x200.jpg 300w, https:\/\/astrocomplutense.es\/nova\/wp-content\/uploads\/2023\/03\/maratonM2023-768x512.jpg 768w\" sizes=\"auto, (max-width: 799px) 100vw, 799px\" \/>\t\t\t\t\t<\/a>\n\t\t\t\t\t\t\t\t\t<\/div>\n\t\t\t\n\t\t\t\t\t\t\t\t<a class=\"uagb-post__link-complete-box\" href=\"https:\/\/astrocomplutense.es\/nova\/maraton-messier-2023\/\" target=\"_blank\" rel=\"bookmark noopener noreferrer\"><\/a>\n\t\t\t\t\t\t\t<\/article>\n\t\t\t\t\t\t\t\t\t\t\t\t\t\t\t\t<article class=\"uagb-post__inner-wrap\">\t\t\t\t\t\t\t\t<h4 class=\"uagb-post__title uagb-post__text\">\n\t\t\t\t<a href=\"https:\/\/astrocomplutense.es\/nova\/preparacion-del-maraton-messier-del-sabado-25\/\" target=\"_blank\" rel=\"bookmark noopener noreferrer\">Preparaci\u00f3n del pr\u00f3ximo marat\u00f3n\u00a0Messier<\/a>\n\t\t\t<\/h4>\n\t\t\t\t\t\t<div class='uagb-post__text uagb-post-grid-byline'>\n\t\t\t\t\t\t\t\t<time datetime=\"2023-03-22T00:50:59+01:00\" class=\"uagb-post__date\">\n\t\t\t\t\t\t\t\t\t22 de marzo de 2023\t\t\t\t<\/time>\n\t\t\t\t\t\t<\/div>\n\t\t\t\t\t\t\t<div class='uagb-post__text uagb-post__excerpt'>\n\t\t\t\t\tMi\u00e9rcoles 22 marzo 2023. Marian Mart\u00ednez nos present\u00f3 una charla con los preparativos del pr\u00f3ximo&#8230;\t\t\t\t<\/div>\n\t\t\t\t\t\t<div class=\"uagb-post__text uagb-post__cta wp-block-button\">\n\t\t\t\t<a class=\"wp-block-button__link uagb-text-link\" style=\"\" href=\"https:\/\/astrocomplutense.es\/nova\/preparacion-del-maraton-messier-del-sabado-25\/\" target=\"_blank\" rel=\"bookmark noopener noreferrer\">Leer m\u00e1s<\/a>\n\t\t\t<\/div>\n\t\t\t\t\t\t<div class='uagb-post__image'>\n\t\t\t\t\t\t\t\t\t<a href=\"https:\/\/astrocomplutense.es\/nova\/preparacion-del-maraton-messier-del-sabado-25\/\" target=\"_blank\" rel=\"bookmark noopener noreferrer\"><img loading=\"lazy\" decoding=\"async\" width=\"1540\" height=\"863\" src=\"https:\/\/astrocomplutense.es\/nova\/wp-content\/uploads\/2023\/03\/MMessier23.jpg\" class=\"attachment-full size-full\" alt=\"\" srcset=\"https:\/\/astrocomplutense.es\/nova\/wp-content\/uploads\/2023\/03\/MMessier23.jpg 1540w, https:\/\/astrocomplutense.es\/nova\/wp-content\/uploads\/2023\/03\/MMessier23-300x168.jpg 300w, https:\/\/astrocomplutense.es\/nova\/wp-content\/uploads\/2023\/03\/MMessier23-1024x574.jpg 1024w, https:\/\/astrocomplutense.es\/nova\/wp-content\/uploads\/2023\/03\/MMessier23-768x430.jpg 768w, https:\/\/astrocomplutense.es\/nova\/wp-content\/uploads\/2023\/03\/MMessier23-1536x861.jpg 1536w\" sizes=\"auto, (max-width: 1540px) 100vw, 1540px\" \/>\t\t\t\t\t<\/a>\n\t\t\t\t\t\t\t\t\t<\/div>\n\t\t\t\n\t\t\t\t\t\t\t\t<a class=\"uagb-post__link-complete-box\" href=\"https:\/\/astrocomplutense.es\/nova\/preparacion-del-maraton-messier-del-sabado-25\/\" target=\"_blank\" rel=\"bookmark noopener noreferrer\"><\/a>\n\t\t\t\t\t\t\t<\/article>\n\t\t\t\t\t\t\t\t\t\t\t\t\t\t\t\t<article class=\"uagb-post__inner-wrap\">\t\t\t\t\t\t\t\t<h4 class=\"uagb-post__title uagb-post__text\">\n\t\t\t\t<a href=\"https:\/\/astrocomplutense.es\/nova\/taller-de-introduccion-a-la-fotografia-de-trazos-de-estrellas-y-time-lapse-procesado-de-imagenes\/\" target=\"_blank\" rel=\"bookmark noopener noreferrer\">Taller de introducci\u00f3n a la fotograf\u00eda de trazos de estrellas y Time-Lapse. Procesado de im\u00e1genes<\/a>\n\t\t\t<\/h4>\n\t\t\t\t\t\t<div class='uagb-post__text uagb-post-grid-byline'>\n\t\t\t\t\t\t\t\t<time datetime=\"2023-03-18T12:01:37+01:00\" class=\"uagb-post__date\">\n\t\t\t\t\t\t\t\t\t18 de marzo de 2023\t\t\t\t<\/time>\n\t\t\t\t\t\t<\/div>\n\t\t\t\t\t\t\t<div class='uagb-post__text uagb-post__excerpt'>\n\t\t\t\t\tS\u00e1bado 18 marzo 2023. Con Fernando L. Garc\u00eda se explicaron los pasos para el procesado&#8230;\t\t\t\t<\/div>\n\t\t\t\t\t\t<div class=\"uagb-post__text uagb-post__cta wp-block-button\">\n\t\t\t\t<a class=\"wp-block-button__link uagb-text-link\" style=\"\" href=\"https:\/\/astrocomplutense.es\/nova\/taller-de-introduccion-a-la-fotografia-de-trazos-de-estrellas-y-time-lapse-procesado-de-imagenes\/\" target=\"_blank\" rel=\"bookmark noopener noreferrer\">Leer m\u00e1s<\/a>\n\t\t\t<\/div>\n\t\t\t\t\t\t<div class='uagb-post__image'>\n\t\t\t\t\t\t\t\t\t<a href=\"https:\/\/astrocomplutense.es\/nova\/taller-de-introduccion-a-la-fotografia-de-trazos-de-estrellas-y-time-lapse-procesado-de-imagenes\/\" target=\"_blank\" rel=\"bookmark noopener noreferrer\"><img loading=\"lazy\" decoding=\"async\" width=\"216\" height=\"324\" src=\"https:\/\/astrocomplutense.es\/nova\/wp-content\/uploads\/2023\/03\/trazos18Mar23.jpg\" class=\"attachment-full size-full\" alt=\"\" srcset=\"https:\/\/astrocomplutense.es\/nova\/wp-content\/uploads\/2023\/03\/trazos18Mar23.jpg 216w, https:\/\/astrocomplutense.es\/nova\/wp-content\/uploads\/2023\/03\/trazos18Mar23-200x300.jpg 200w\" sizes=\"auto, (max-width: 216px) 100vw, 216px\" \/>\t\t\t\t\t<\/a>\n\t\t\t\t\t\t\t\t\t<\/div>\n\t\t\t\n\t\t\t\t\t\t\t\t<a class=\"uagb-post__link-complete-box\" href=\"https:\/\/astrocomplutense.es\/nova\/taller-de-introduccion-a-la-fotografia-de-trazos-de-estrellas-y-time-lapse-procesado-de-imagenes\/\" target=\"_blank\" rel=\"bookmark noopener noreferrer\"><\/a>\n\t\t\t\t\t\t\t<\/article>\n\t\t\t\t\t\t\t\t\t\t\t\t\t\t\t\t<article class=\"uagb-post__inner-wrap\">\t\t\t\t\t\t\t\t<h4 class=\"uagb-post__title uagb-post__text\">\n\t\t\t\t<a href=\"https:\/\/astrocomplutense.es\/nova\/observacion-nocturna-en-yela-2\/\" target=\"_blank\" rel=\"bookmark noopener noreferrer\">Observaci\u00f3n nocturna en Yela<\/a>\n\t\t\t<\/h4>\n\t\t\t\t\t\t<div class='uagb-post__text uagb-post-grid-byline'>\n\t\t\t\t\t\t\t\t<time datetime=\"2023-03-15T22:32:32+01:00\" class=\"uagb-post__date\">\n\t\t\t\t\t\t\t\t\t15 de marzo de 2023\t\t\t\t<\/time>\n\t\t\t\t\t\t<\/div>\n\t\t\t\t\t\t\t<div class='uagb-post__text uagb-post__excerpt'>\n\t\t\t\t\tMi\u00e9rcoles 15 de marzo 2023. Una noche de observaci\u00f3n espectacular. Con un cielo magn\u00edfico y&#8230;\t\t\t\t<\/div>\n\t\t\t\t\t\t<div class=\"uagb-post__text uagb-post__cta wp-block-button\">\n\t\t\t\t<a class=\"wp-block-button__link uagb-text-link\" style=\"\" href=\"https:\/\/astrocomplutense.es\/nova\/observacion-nocturna-en-yela-2\/\" target=\"_blank\" rel=\"bookmark noopener noreferrer\">Leer m\u00e1s<\/a>\n\t\t\t<\/div>\n\t\t\t\t\t\t<div class='uagb-post__image'>\n\t\t\t\t\t\t\t\t\t<a href=\"https:\/\/astrocomplutense.es\/nova\/observacion-nocturna-en-yela-2\/\" target=\"_blank\" rel=\"bookmark noopener noreferrer\"><img loading=\"lazy\" decoding=\"async\" width=\"320\" height=\"480\" src=\"https:\/\/astrocomplutense.es\/nova\/wp-content\/uploads\/2023\/03\/Yela15Mar23peq.jpg\" class=\"attachment-full size-full\" alt=\"\" srcset=\"https:\/\/astrocomplutense.es\/nova\/wp-content\/uploads\/2023\/03\/Yela15Mar23peq.jpg 320w, https:\/\/astrocomplutense.es\/nova\/wp-content\/uploads\/2023\/03\/Yela15Mar23peq-200x300.jpg 200w\" sizes=\"auto, (max-width: 320px) 100vw, 320px\" \/>\t\t\t\t\t<\/a>\n\t\t\t\t\t\t\t\t\t<\/div>\n\t\t\t\n\t\t\t\t\t\t\t\t<a class=\"uagb-post__link-complete-box\" href=\"https:\/\/astrocomplutense.es\/nova\/observacion-nocturna-en-yela-2\/\" target=\"_blank\" rel=\"bookmark noopener noreferrer\"><\/a>\n\t\t\t\t\t\t\t<\/article>\n\t\t\t\t\t\t\t\t\t\t\t\t\t\t\t\t<article class=\"uagb-post__inner-wrap\">\t\t\t\t\t\t\t\t<h4 class=\"uagb-post__title uagb-post__text\">\n\t\t\t\t<a href=\"https:\/\/astrocomplutense.es\/nova\/introduccion-a-la-astrobiologia-2\/\" target=\"_blank\" rel=\"bookmark noopener noreferrer\">Introducci\u00f3n a la Astrobiolog\u00eda<\/a>\n\t\t\t<\/h4>\n\t\t\t\t\t\t<div class='uagb-post__text uagb-post-grid-byline'>\n\t\t\t\t\t\t\t\t<time datetime=\"2023-03-08T11:02:56+01:00\" class=\"uagb-post__date\">\n\t\t\t\t\t\t\t\t\t8 de marzo de 2023\t\t\t\t<\/time>\n\t\t\t\t\t\t<\/div>\n\t\t\t\t\t\t\t<div class='uagb-post__text uagb-post__excerpt'>\n\t\t\t\t\tmi\u00e9rcoles 8 de marzo 2023.\nIntroducci\u00f3n a la Astrobiolog\u00eda. Una charla presentada por nuestra compa\u00f1era Carmen&#8230;\t\t\t\t<\/div>\n\t\t\t\t\t\t<div class=\"uagb-post__text uagb-post__cta wp-block-button\">\n\t\t\t\t<a class=\"wp-block-button__link uagb-text-link\" style=\"\" href=\"https:\/\/astrocomplutense.es\/nova\/introduccion-a-la-astrobiologia-2\/\" target=\"_blank\" rel=\"bookmark noopener noreferrer\">Leer m\u00e1s<\/a>\n\t\t\t<\/div>\n\t\t\t\t\t\t<div class='uagb-post__image'>\n\t\t\t\t\t\t\t\t\t<a href=\"https:\/\/astrocomplutense.es\/nova\/introduccion-a-la-astrobiologia-2\/\" target=\"_blank\" rel=\"bookmark noopener noreferrer\"><img loading=\"lazy\" decoding=\"async\" width=\"738\" height=\"477\" src=\"https:\/\/astrocomplutense.es\/nova\/wp-content\/uploads\/2023\/03\/PequeCartel-Calu.jpg\" class=\"attachment-full size-full\" alt=\"\" srcset=\"https:\/\/astrocomplutense.es\/nova\/wp-content\/uploads\/2023\/03\/PequeCartel-Calu.jpg 738w, https:\/\/astrocomplutense.es\/nova\/wp-content\/uploads\/2023\/03\/PequeCartel-Calu-300x194.jpg 300w\" sizes=\"auto, (max-width: 738px) 100vw, 738px\" \/>\t\t\t\t\t<\/a>\n\t\t\t\t\t\t\t\t\t<\/div>\n\t\t\t\n\t\t\t\t\t\t\t\t<a class=\"uagb-post__link-complete-box\" href=\"https:\/\/astrocomplutense.es\/nova\/introduccion-a-la-astrobiologia-2\/\" target=\"_blank\" rel=\"bookmark noopener noreferrer\"><\/a>\n\t\t\t\t\t\t\t<\/article>\n\t\t\t\t\t\t\t\t\t\t\t\t\t\t\t\t<article class=\"uagb-post__inner-wrap\">\t\t\t\t\t\t\t\t<h4 class=\"uagb-post__title uagb-post__text\">\n\t\t\t\t<a href=\"https:\/\/astrocomplutense.es\/nova\/taller-de-introduccion-a-la-fotografia-de-trazas-de-estrellas-y-time-lapse\/\" target=\"_blank\" rel=\"bookmark noopener noreferrer\">Taller de introducci\u00f3n a la fotograf\u00eda de trazas de estrellas y time-lapse<\/a>\n\t\t\t<\/h4>\n\t\t\t\t\t\t<div class='uagb-post__text uagb-post-grid-byline'>\n\t\t\t\t\t\t\t\t<time datetime=\"2023-03-01T09:35:25+01:00\" class=\"uagb-post__date\">\n\t\t\t\t\t\t\t\t\t1 de marzo de 2023\t\t\t\t<\/time>\n\t\t\t\t\t\t<\/div>\n\t\t\t\t\t\t\t<div class='uagb-post__text uagb-post__excerpt'>\n\t\t\t\t\tMi\u00e9rcoles 1 de marzo 2023. Fernando L. Garc\u00eda nos present\u00f3 su introducci\u00f3n a la fotograf\u00eda&#8230;\t\t\t\t<\/div>\n\t\t\t\t\t\t<div class=\"uagb-post__text uagb-post__cta wp-block-button\">\n\t\t\t\t<a class=\"wp-block-button__link uagb-text-link\" style=\"\" href=\"https:\/\/astrocomplutense.es\/nova\/taller-de-introduccion-a-la-fotografia-de-trazas-de-estrellas-y-time-lapse\/\" target=\"_blank\" rel=\"bookmark noopener noreferrer\">Leer m\u00e1s<\/a>\n\t\t\t<\/div>\n\t\t\t\t\t\t<div class='uagb-post__image'>\n\t\t\t\t\t\t\t\t\t<a href=\"https:\/\/astrocomplutense.es\/nova\/taller-de-introduccion-a-la-fotografia-de-trazas-de-estrellas-y-time-lapse\/\" target=\"_blank\" rel=\"bookmark noopener noreferrer\"><img loading=\"lazy\" decoding=\"async\" width=\"396\" height=\"509\" src=\"https:\/\/astrocomplutense.es\/nova\/wp-content\/uploads\/2023\/03\/Taller-de-trazas-de-estrellas.jpg\" class=\"attachment-full size-full\" alt=\"\" srcset=\"https:\/\/astrocomplutense.es\/nova\/wp-content\/uploads\/2023\/03\/Taller-de-trazas-de-estrellas.jpg 396w, https:\/\/astrocomplutense.es\/nova\/wp-content\/uploads\/2023\/03\/Taller-de-trazas-de-estrellas-233x300.jpg 233w\" sizes=\"auto, (max-width: 396px) 100vw, 396px\" \/>\t\t\t\t\t<\/a>\n\t\t\t\t\t\t\t\t\t<\/div>\n\t\t\t\n\t\t\t\t\t\t\t\t<a class=\"uagb-post__link-complete-box\" href=\"https:\/\/astrocomplutense.es\/nova\/taller-de-introduccion-a-la-fotografia-de-trazas-de-estrellas-y-time-lapse\/\" target=\"_blank\" rel=\"bookmark noopener noreferrer\"><\/a>\n\t\t\t\t\t\t\t<\/article>\n\t\t\t\t\t\t\t\t\t\t\t\t\t\t\t\t<article class=\"uagb-post__inner-wrap\">\t\t\t\t\t\t\t\t<h4 class=\"uagb-post__title uagb-post__text\">\n\t\t\t\t<a href=\"https:\/\/astrocomplutense.es\/nova\/taller-de-filtros-solares-2\/\" target=\"_blank\" rel=\"bookmark noopener noreferrer\">Taller de filtros solares<\/a>\n\t\t\t<\/h4>\n\t\t\t\t\t\t<div class='uagb-post__text uagb-post-grid-byline'>\n\t\t\t\t\t\t\t\t<time datetime=\"2023-02-25T09:12:00+01:00\" class=\"uagb-post__date\">\n\t\t\t\t\t\t\t\t\t25 de febrero de 2023\t\t\t\t<\/time>\n\t\t\t\t\t\t<\/div>\n\t\t\t\t\t\t\t<div class='uagb-post__text uagb-post__excerpt'>\n\t\t\t\t\tS\u00e1bado 25 de febrero 2023.\nEduardo Serrano y Susana Abella montaron un nuevo taller de construcci\u00f3n&#8230;\t\t\t\t<\/div>\n\t\t\t\t\t\t<div class=\"uagb-post__text uagb-post__cta wp-block-button\">\n\t\t\t\t<a class=\"wp-block-button__link uagb-text-link\" style=\"\" href=\"https:\/\/astrocomplutense.es\/nova\/taller-de-filtros-solares-2\/\" target=\"_blank\" rel=\"bookmark noopener noreferrer\">Leer m\u00e1s<\/a>\n\t\t\t<\/div>\n\t\t\t\t\t\t<div class='uagb-post__image'>\n\t\t\t\t\t\t\t\t\t<a href=\"https:\/\/astrocomplutense.es\/nova\/taller-de-filtros-solares-2\/\" target=\"_blank\" rel=\"bookmark noopener noreferrer\"><img loading=\"lazy\" decoding=\"async\" width=\"562\" height=\"513\" src=\"https:\/\/astrocomplutense.es\/nova\/wp-content\/uploads\/2022\/11\/IMG-20221127-WA0001.jpg\" class=\"attachment-full size-full\" alt=\"\" srcset=\"https:\/\/astrocomplutense.es\/nova\/wp-content\/uploads\/2022\/11\/IMG-20221127-WA0001.jpg 562w, https:\/\/astrocomplutense.es\/nova\/wp-content\/uploads\/2022\/11\/IMG-20221127-WA0001-300x274.jpg 300w\" sizes=\"auto, (max-width: 562px) 100vw, 562px\" \/>\t\t\t\t\t<\/a>\n\t\t\t\t\t\t\t\t\t<\/div>\n\t\t\t\n\t\t\t\t\t\t\t\t<a class=\"uagb-post__link-complete-box\" href=\"https:\/\/astrocomplutense.es\/nova\/taller-de-filtros-solares-2\/\" target=\"_blank\" rel=\"bookmark noopener noreferrer\"><\/a>\n\t\t\t\t\t\t\t<\/article>\n\t\t\t\t\t\t\t\t\t\t\t\t\t\t\t\t<article class=\"uagb-post__inner-wrap\">\t\t\t\t\t\t\t\t<h4 class=\"uagb-post__title uagb-post__text\">\n\t\t\t\t<a href=\"https:\/\/astrocomplutense.es\/nova\/actividad-sustitutoria-a-la-observacion-prevista\/\" target=\"_blank\" rel=\"bookmark noopener noreferrer\">actividad sustitutoria a la observaci\u00f3n prevista<\/a>\n\t\t\t<\/h4>\n\t\t\t\t\t\t<div class='uagb-post__text uagb-post-grid-byline'>\n\t\t\t\t\t\t\t\t<time datetime=\"2023-02-24T00:47:08+01:00\" class=\"uagb-post__date\">\n\t\t\t\t\t\t\t\t\t24 de febrero de 2023\t\t\t\t<\/time>\n\t\t\t\t\t\t<\/div>\n\t\t\t\t\t\t\t<div class='uagb-post__text uagb-post__excerpt'>\n\t\t\t\t\t22 febrero 2023. Debido al mal estado del cielo se pospuso la observaci\u00f3n prevista \t\t\t\t<\/div>\n\t\t\t\t\t\t<div class=\"uagb-post__text uagb-post__cta wp-block-button\">\n\t\t\t\t<a class=\"wp-block-button__link uagb-text-link\" style=\"\" href=\"https:\/\/astrocomplutense.es\/nova\/actividad-sustitutoria-a-la-observacion-prevista\/\" target=\"_blank\" rel=\"bookmark noopener noreferrer\">Leer m\u00e1s<\/a>\n\t\t\t<\/div>\n\t\t\t\t\t\t<div class='uagb-post__image'>\n\t\t\t\t\t\t\t\t\t<a href=\"https:\/\/astrocomplutense.es\/nova\/actividad-sustitutoria-a-la-observacion-prevista\/\" target=\"_blank\" rel=\"bookmark noopener noreferrer\"><img loading=\"lazy\" decoding=\"async\" width=\"640\" height=\"480\" src=\"https:\/\/astrocomplutense.es\/nova\/wp-content\/uploads\/2023\/02\/22Feb23.jpg\" class=\"attachment-full size-full\" alt=\"\" srcset=\"https:\/\/astrocomplutense.es\/nova\/wp-content\/uploads\/2023\/02\/22Feb23.jpg 640w, https:\/\/astrocomplutense.es\/nova\/wp-content\/uploads\/2023\/02\/22Feb23-300x225.jpg 300w\" sizes=\"auto, (max-width: 640px) 100vw, 640px\" \/>\t\t\t\t\t<\/a>\n\t\t\t\t\t\t\t\t\t<\/div>\n\t\t\t\n\t\t\t\t\t\t\t\t<a class=\"uagb-post__link-complete-box\" href=\"https:\/\/astrocomplutense.es\/nova\/actividad-sustitutoria-a-la-observacion-prevista\/\" target=\"_blank\" rel=\"bookmark noopener noreferrer\"><\/a>\n\t\t\t\t\t\t\t<\/article>\n\t\t\t\t\t\t\t\t\t\t\t\t\t\t\t\t<article class=\"uagb-post__inner-wrap\">\t\t\t\t\t\t\t\t<h4 class=\"uagb-post__title uagb-post__text\">\n\t\t\t\t<a href=\"https:\/\/astrocomplutense.es\/nova\/asamblea-general-ordinaria\/\" target=\"_blank\" rel=\"bookmark noopener noreferrer\">Asamblea general ordinaria<\/a>\n\t\t\t<\/h4>\n\t\t\t\t\t\t<div class='uagb-post__text uagb-post-grid-byline'>\n\t\t\t\t\t\t\t\t<time datetime=\"2023-02-15T00:40:55+01:00\" class=\"uagb-post__date\">\n\t\t\t\t\t\t\t\t\t15 de febrero de 2023\t\t\t\t<\/time>\n\t\t\t\t\t\t<\/div>\n\t\t\t\t\t\t\t<div class='uagb-post__text uagb-post__excerpt'>\n\t\t\t\t\t15 de febrero 2023. Asamblea general ordinaria\t\t\t\t<\/div>\n\t\t\t\t\t\t<div class=\"uagb-post__text uagb-post__cta wp-block-button\">\n\t\t\t\t<a class=\"wp-block-button__link uagb-text-link\" style=\"\" href=\"https:\/\/astrocomplutense.es\/nova\/asamblea-general-ordinaria\/\" target=\"_blank\" rel=\"bookmark noopener noreferrer\">Leer m\u00e1s<\/a>\n\t\t\t<\/div>\n\t\t\t\t\t\t<div class='uagb-post__image'>\n\t\t\t\t\t\t\t\t\t<a href=\"https:\/\/astrocomplutense.es\/nova\/asamblea-general-ordinaria\/\" target=\"_blank\" rel=\"bookmark noopener noreferrer\"><img loading=\"lazy\" decoding=\"async\" width=\"100\" height=\"99\" src=\"https:\/\/astrocomplutense.es\/nova\/wp-content\/uploads\/2021\/12\/miniLogoAACt.png\" class=\"attachment-full size-full\" alt=\"\" \/>\t\t\t\t\t<\/a>\n\t\t\t\t\t\t\t\t\t<\/div>\n\t\t\t\n\t\t\t\t\t\t\t\t<a class=\"uagb-post__link-complete-box\" href=\"https:\/\/astrocomplutense.es\/nova\/asamblea-general-ordinaria\/\" target=\"_blank\" rel=\"bookmark noopener noreferrer\"><\/a>\n\t\t\t\t\t\t\t<\/article>\n\t\t\t\t\t\t\t\t\t\t\t\t\t\t\t\t<article class=\"uagb-post__inner-wrap\">\t\t\t\t\t\t\t\t<h4 class=\"uagb-post__title uagb-post__text\">\n\t\t\t\t<a href=\"https:\/\/astrocomplutense.es\/nova\/veo-veo-curiosidades-en-la-luna\/\" target=\"_blank\" rel=\"bookmark noopener noreferrer\">Veo, veo, curiosidades en la Luna<\/a>\n\t\t\t<\/h4>\n\t\t\t\t\t\t<div class='uagb-post__text uagb-post-grid-byline'>\n\t\t\t\t\t\t\t\t<time datetime=\"2023-02-08T23:34:19+01:00\" class=\"uagb-post__date\">\n\t\t\t\t\t\t\t\t\t8 de febrero de 2023\t\t\t\t<\/time>\n\t\t\t\t\t\t<\/div>\n\t\t\t\t\t\t\t<div class='uagb-post__text uagb-post__excerpt'>\n\t\t\t\t\tMi\u00e9rcoles 8 de febrero 2023. Nuestra compa\u00f1era Marian hizo una exposici\u00f3n de objetos y formas&#8230;\t\t\t\t<\/div>\n\t\t\t\t\t\t<div class=\"uagb-post__text uagb-post__cta wp-block-button\">\n\t\t\t\t<a class=\"wp-block-button__link uagb-text-link\" style=\"\" href=\"https:\/\/astrocomplutense.es\/nova\/veo-veo-curiosidades-en-la-luna\/\" target=\"_blank\" rel=\"bookmark noopener noreferrer\">Leer m\u00e1s<\/a>\n\t\t\t<\/div>\n\t\t\t\t\t\t<div class='uagb-post__image'>\n\t\t\t\t\t\t\t\t\t<a href=\"https:\/\/astrocomplutense.es\/nova\/veo-veo-curiosidades-en-la-luna\/\" target=\"_blank\" rel=\"bookmark noopener noreferrer\"><img loading=\"lazy\" decoding=\"async\" width=\"1280\" height=\"720\" src=\"https:\/\/astrocomplutense.es\/nova\/wp-content\/uploads\/2023\/01\/VEO-VEO-CURIOSIDADES-EN-LA-LUNA.jpg\" class=\"attachment-full size-full\" alt=\"\" srcset=\"https:\/\/astrocomplutense.es\/nova\/wp-content\/uploads\/2023\/01\/VEO-VEO-CURIOSIDADES-EN-LA-LUNA.jpg 1280w, https:\/\/astrocomplutense.es\/nova\/wp-content\/uploads\/2023\/01\/VEO-VEO-CURIOSIDADES-EN-LA-LUNA-300x169.jpg 300w, https:\/\/astrocomplutense.es\/nova\/wp-content\/uploads\/2023\/01\/VEO-VEO-CURIOSIDADES-EN-LA-LUNA-1024x576.jpg 1024w, https:\/\/astrocomplutense.es\/nova\/wp-content\/uploads\/2023\/01\/VEO-VEO-CURIOSIDADES-EN-LA-LUNA-768x432.jpg 768w\" sizes=\"auto, (max-width: 1280px) 100vw, 1280px\" \/>\t\t\t\t\t<\/a>\n\t\t\t\t\t\t\t\t\t<\/div>\n\t\t\t\n\t\t\t\t\t\t\t\t<a class=\"uagb-post__link-complete-box\" href=\"https:\/\/astrocomplutense.es\/nova\/veo-veo-curiosidades-en-la-luna\/\" target=\"_blank\" rel=\"bookmark noopener noreferrer\"><\/a>\n\t\t\t\t\t\t\t<\/article>\n\t\t\t\t\t\t\t\t\t\t\t\t\t\t\t\t<article class=\"uagb-post__inner-wrap\">\t\t\t\t\t\t\t\t<h4 class=\"uagb-post__title uagb-post__text\">\n\t\t\t\t<a href=\"https:\/\/astrocomplutense.es\/nova\/el-mundo-nuevo-cartesiano-un-nuevo-paradigma\/\" target=\"_blank\" rel=\"bookmark noopener noreferrer\">El Mundo nuevo Cartesiano: Un nuevo paradigma<\/a>\n\t\t\t<\/h4>\n\t\t\t\t\t\t<div class='uagb-post__text uagb-post-grid-byline'>\n\t\t\t\t\t\t\t\t<time datetime=\"2023-02-01T23:32:33+01:00\" class=\"uagb-post__date\">\n\t\t\t\t\t\t\t\t\t1 de febrero de 2023\t\t\t\t<\/time>\n\t\t\t\t\t\t<\/div>\n\t\t\t\t\t\t\t<div class='uagb-post__text uagb-post__excerpt'>\n\t\t\t\t\tMi\u00e9rcoles 1 de febrero 2023. Jose Antonio Ju\u00e1rez hizo una exposici\u00f3n muy interesante acerca de&#8230;\t\t\t\t<\/div>\n\t\t\t\t\t\t<div class=\"uagb-post__text uagb-post__cta wp-block-button\">\n\t\t\t\t<a class=\"wp-block-button__link uagb-text-link\" style=\"\" href=\"https:\/\/astrocomplutense.es\/nova\/el-mundo-nuevo-cartesiano-un-nuevo-paradigma\/\" target=\"_blank\" rel=\"bookmark noopener noreferrer\">Leer m\u00e1s<\/a>\n\t\t\t<\/div>\n\t\t\t\t\t\t<div class='uagb-post__image'>\n\t\t\t\t\t\t\t\t\t<a href=\"https:\/\/astrocomplutense.es\/nova\/el-mundo-nuevo-cartesiano-un-nuevo-paradigma\/\" target=\"_blank\" rel=\"bookmark noopener noreferrer\"><img loading=\"lazy\" decoding=\"async\" width=\"327\" height=\"400\" src=\"https:\/\/astrocomplutense.es\/nova\/wp-content\/uploads\/2023\/02\/2Frans_Hals_-_Portret_van_Rene_Descartes.jpg\" class=\"attachment-full size-full\" alt=\"\" srcset=\"https:\/\/astrocomplutense.es\/nova\/wp-content\/uploads\/2023\/02\/2Frans_Hals_-_Portret_van_Rene_Descartes.jpg 327w, https:\/\/astrocomplutense.es\/nova\/wp-content\/uploads\/2023\/02\/2Frans_Hals_-_Portret_van_Rene_Descartes-245x300.jpg 245w\" sizes=\"auto, (max-width: 327px) 100vw, 327px\" \/>\t\t\t\t\t<\/a>\n\t\t\t\t\t\t\t\t\t<\/div>\n\t\t\t\n\t\t\t\t\t\t\t\t<a class=\"uagb-post__link-complete-box\" href=\"https:\/\/astrocomplutense.es\/nova\/el-mundo-nuevo-cartesiano-un-nuevo-paradigma\/\" target=\"_blank\" rel=\"bookmark noopener noreferrer\"><\/a>\n\t\t\t\t\t\t\t<\/article>\n\t\t\t\t\t\t\t\t\t\t\t\t\t\t\t\t<article class=\"uagb-post__inner-wrap\">\t\t\t\t\t\t\t\t<h4 class=\"uagb-post__title uagb-post__text\">\n\t\t\t\t<a href=\"https:\/\/astrocomplutense.es\/nova\/observacion-publica-en-el-ies-alonso-quijano\/\" target=\"_blank\" rel=\"bookmark noopener noreferrer\">Observaci\u00f3n p\u00fablica en el IES Alonso Quijano<\/a>\n\t\t\t<\/h4>\n\t\t\t\t\t\t<div class='uagb-post__text uagb-post-grid-byline'>\n\t\t\t\t\t\t\t\t<time datetime=\"2023-01-30T17:06:03+01:00\" class=\"uagb-post__date\">\n\t\t\t\t\t\t\t\t\t30 de enero de 2023\t\t\t\t<\/time>\n\t\t\t\t\t\t<\/div>\n\t\t\t\t\t\t\t<div class='uagb-post__text uagb-post__excerpt'>\n\t\t\t\t\t30 enero 2023. En el Instituto Alonso Quijano de Alcal\u00e1 de Henares llevamos los telescopios&#8230;\t\t\t\t<\/div>\n\t\t\t\t\t\t<div class=\"uagb-post__text uagb-post__cta wp-block-button\">\n\t\t\t\t<a class=\"wp-block-button__link uagb-text-link\" style=\"\" href=\"https:\/\/astrocomplutense.es\/nova\/observacion-publica-en-el-ies-alonso-quijano\/\" target=\"_blank\" rel=\"bookmark noopener noreferrer\">Leer m\u00e1s<\/a>\n\t\t\t<\/div>\n\t\t\t\t\t\t<div class='uagb-post__image'>\n\t\t\t\t\t\t\t\t\t<a href=\"https:\/\/astrocomplutense.es\/nova\/observacion-publica-en-el-ies-alonso-quijano\/\" target=\"_blank\" rel=\"bookmark noopener noreferrer\"><img loading=\"lazy\" decoding=\"async\" width=\"404\" height=\"303\" src=\"https:\/\/astrocomplutense.es\/nova\/wp-content\/uploads\/2023\/01\/004-AlonsoQuijano_Ene23.jpg\" class=\"attachment-full size-full\" alt=\"\" srcset=\"https:\/\/astrocomplutense.es\/nova\/wp-content\/uploads\/2023\/01\/004-AlonsoQuijano_Ene23.jpg 404w, https:\/\/astrocomplutense.es\/nova\/wp-content\/uploads\/2023\/01\/004-AlonsoQuijano_Ene23-300x225.jpg 300w\" sizes=\"auto, (max-width: 404px) 100vw, 404px\" \/>\t\t\t\t\t<\/a>\n\t\t\t\t\t\t\t\t\t<\/div>\n\t\t\t\n\t\t\t\t\t\t\t\t<a class=\"uagb-post__link-complete-box\" href=\"https:\/\/astrocomplutense.es\/nova\/observacion-publica-en-el-ies-alonso-quijano\/\" target=\"_blank\" rel=\"bookmark noopener noreferrer\"><\/a>\n\t\t\t\t\t\t\t<\/article>\n\t\t\t\t\t\t\t\t\t\t\t\t\t\t\t\t<article class=\"uagb-post__inner-wrap\">\t\t\t\t\t\t\t\t<h4 class=\"uagb-post__title uagb-post__text\">\n\t\t\t\t<a href=\"https:\/\/astrocomplutense.es\/nova\/sitios-de-internet-dedicados-a-la-astronomia\/\" target=\"_blank\" rel=\"bookmark noopener noreferrer\">Sitios de Internet dedicados a la Astronom\u00eda<\/a>\n\t\t\t<\/h4>\n\t\t\t\t\t\t<div class='uagb-post__text uagb-post-grid-byline'>\n\t\t\t\t\t\t\t\t<time datetime=\"2023-01-25T23:29:40+01:00\" class=\"uagb-post__date\">\n\t\t\t\t\t\t\t\t\t25 de enero de 2023\t\t\t\t<\/time>\n\t\t\t\t\t\t<\/div>\n\t\t\t\t\t\t\t<div class='uagb-post__text uagb-post__excerpt'>\n\t\t\t\t\tMi\u00e9rcoles 25 de enero 2023. Sesi\u00f3n dedicada a mostrar sitios en Internet dedicados a la&#8230;\t\t\t\t<\/div>\n\t\t\t\t\t\t<div class=\"uagb-post__text uagb-post__cta wp-block-button\">\n\t\t\t\t<a class=\"wp-block-button__link uagb-text-link\" style=\"\" href=\"https:\/\/astrocomplutense.es\/nova\/sitios-de-internet-dedicados-a-la-astronomia\/\" target=\"_blank\" rel=\"bookmark noopener noreferrer\">Leer m\u00e1s<\/a>\n\t\t\t<\/div>\n\t\t\t\t\t\t<div class='uagb-post__image'>\n\t\t\t\t\t\t\t\t\t<a href=\"https:\/\/astrocomplutense.es\/nova\/sitios-de-internet-dedicados-a-la-astronomia\/\" target=\"_blank\" rel=\"bookmark noopener noreferrer\"><img loading=\"lazy\" decoding=\"async\" width=\"384\" height=\"272\" src=\"https:\/\/astrocomplutense.es\/nova\/wp-content\/uploads\/2023\/01\/internet-1.png\" class=\"attachment-full size-full\" alt=\"\" srcset=\"https:\/\/astrocomplutense.es\/nova\/wp-content\/uploads\/2023\/01\/internet-1.png 384w, https:\/\/astrocomplutense.es\/nova\/wp-content\/uploads\/2023\/01\/internet-1-300x213.png 300w\" sizes=\"auto, (max-width: 384px) 100vw, 384px\" \/>\t\t\t\t\t<\/a>\n\t\t\t\t\t\t\t\t\t<\/div>\n\t\t\t\n\t\t\t\t\t\t\t\t<a class=\"uagb-post__link-complete-box\" href=\"https:\/\/astrocomplutense.es\/nova\/sitios-de-internet-dedicados-a-la-astronomia\/\" target=\"_blank\" rel=\"bookmark noopener noreferrer\"><\/a>\n\t\t\t\t\t\t\t<\/article>\n\t\t\t\t\t\t\t\t\t\t\t\t\t\t\t\t<article class=\"uagb-post__inner-wrap\">\t\t\t\t\t\t\t\t<h4 class=\"uagb-post__title uagb-post__text\">\n\t\t\t\t<a href=\"https:\/\/astrocomplutense.es\/nova\/observacion-solar-desde-la-ventana\/\" target=\"_blank\" rel=\"bookmark noopener noreferrer\">Observaci\u00f3n solar desde la ventana<\/a>\n\t\t\t<\/h4>\n\t\t\t\t\t\t<div class='uagb-post__text uagb-post-grid-byline'>\n\t\t\t\t\t\t\t\t<time datetime=\"2023-01-21T22:48:43+01:00\" class=\"uagb-post__date\">\n\t\t\t\t\t\t\t\t\t21 de enero de 2023\t\t\t\t<\/time>\n\t\t\t\t\t\t<\/div>\n\t\t\t\t\t\t\t<div class='uagb-post__text uagb-post__excerpt'>\n\t\t\t\t\tS\u00e1bado 21 de enero 2023. Observaci\u00f3n desde el local de la AAC\t\t\t\t<\/div>\n\t\t\t\t\t\t<div class=\"uagb-post__text uagb-post__cta wp-block-button\">\n\t\t\t\t<a class=\"wp-block-button__link uagb-text-link\" style=\"\" href=\"https:\/\/astrocomplutense.es\/nova\/observacion-solar-desde-la-ventana\/\" target=\"_blank\" rel=\"bookmark noopener noreferrer\">Leer m\u00e1s<\/a>\n\t\t\t<\/div>\n\t\t\t\t\t\t<div class='uagb-post__image'>\n\t\t\t\t\t\t\t\t\t<a href=\"https:\/\/astrocomplutense.es\/nova\/observacion-solar-desde-la-ventana\/\" target=\"_blank\" rel=\"bookmark noopener noreferrer\"><img loading=\"lazy\" decoding=\"async\" width=\"470\" height=\"302\" src=\"https:\/\/astrocomplutense.es\/nova\/wp-content\/uploads\/2022\/12\/ISS.jpg\" class=\"attachment-full size-full\" alt=\"\" srcset=\"https:\/\/astrocomplutense.es\/nova\/wp-content\/uploads\/2022\/12\/ISS.jpg 470w, https:\/\/astrocomplutense.es\/nova\/wp-content\/uploads\/2022\/12\/ISS-300x193.jpg 300w\" sizes=\"auto, (max-width: 470px) 100vw, 470px\" \/>\t\t\t\t\t<\/a>\n\t\t\t\t\t\t\t\t\t<\/div>\n\t\t\t\n\t\t\t\t\t\t\t\t<a class=\"uagb-post__link-complete-box\" href=\"https:\/\/astrocomplutense.es\/nova\/observacion-solar-desde-la-ventana\/\" target=\"_blank\" rel=\"bookmark noopener noreferrer\"><\/a>\n\t\t\t\t\t\t\t<\/article>\n\t\t\t\t\t\t\t\t\t\t\t\t\t\t\t\t<article class=\"uagb-post__inner-wrap\">\t\t\t\t\t\t\t\t<h4 class=\"uagb-post__title uagb-post__text\">\n\t\t\t\t<a href=\"https:\/\/astrocomplutense.es\/nova\/stellarium-sesion-2-repeticion\/\" target=\"_blank\" rel=\"bookmark noopener noreferrer\">Stellarium sesi\u00f3n 2 (Repetici\u00f3n)<\/a>\n\t\t\t<\/h4>\n\t\t\t\t\t\t<div class='uagb-post__text uagb-post-grid-byline'>\n\t\t\t\t\t\t\t\t<time datetime=\"2023-01-21T22:42:22+01:00\" class=\"uagb-post__date\">\n\t\t\t\t\t\t\t\t\t21 de enero de 2023\t\t\t\t<\/time>\n\t\t\t\t\t\t<\/div>\n\t\t\t\t\t\t\t<div class='uagb-post__text uagb-post__excerpt'>\n\t\t\t\t\tS\u00e1bado 21 de enero 2023. Repetici\u00f3n de la segunda sesi\u00f3n del curso de Stellarium\t\t\t\t<\/div>\n\t\t\t\t\t\t<div class=\"uagb-post__text uagb-post__cta wp-block-button\">\n\t\t\t\t<a class=\"wp-block-button__link uagb-text-link\" style=\"\" href=\"https:\/\/astrocomplutense.es\/nova\/stellarium-sesion-2-repeticion\/\" target=\"_blank\" rel=\"bookmark noopener noreferrer\">Leer m\u00e1s<\/a>\n\t\t\t<\/div>\n\t\t\t\t\t\t<div class='uagb-post__image'>\n\t\t\t\t\t\t\t\t\t<a href=\"https:\/\/astrocomplutense.es\/nova\/stellarium-sesion-2-repeticion\/\" target=\"_blank\" rel=\"bookmark noopener noreferrer\"><img loading=\"lazy\" decoding=\"async\" width=\"350\" height=\"350\" src=\"https:\/\/astrocomplutense.es\/nova\/wp-content\/uploads\/2022\/12\/Stellarium.jpg\" class=\"attachment-full size-full\" alt=\"\" srcset=\"https:\/\/astrocomplutense.es\/nova\/wp-content\/uploads\/2022\/12\/Stellarium.jpg 350w, https:\/\/astrocomplutense.es\/nova\/wp-content\/uploads\/2022\/12\/Stellarium-300x300.jpg 300w, https:\/\/astrocomplutense.es\/nova\/wp-content\/uploads\/2022\/12\/Stellarium-150x150.jpg 150w\" sizes=\"auto, (max-width: 350px) 100vw, 350px\" \/>\t\t\t\t\t<\/a>\n\t\t\t\t\t\t\t\t\t<\/div>\n\t\t\t\n\t\t\t\t\t\t\t\t<a class=\"uagb-post__link-complete-box\" href=\"https:\/\/astrocomplutense.es\/nova\/stellarium-sesion-2-repeticion\/\" target=\"_blank\" rel=\"bookmark noopener noreferrer\"><\/a>\n\t\t\t\t\t\t\t<\/article>\n\t\t\t\t\t\t\t\t\t\t\t\t\t\t\t\t<article class=\"uagb-post__inner-wrap\">\t\t\t\t\t\t\t\t<h4 class=\"uagb-post__title uagb-post__text\">\n\t\t\t\t<a href=\"https:\/\/astrocomplutense.es\/nova\/como-fotografiar-el-cometa-2022-e3-ztf\/\" target=\"_blank\" rel=\"bookmark noopener noreferrer\">C\u00f3mo fotografiar el cometa 2022 E3 ZTF<\/a>\n\t\t\t<\/h4>\n\t\t\t\t\t\t<div class='uagb-post__text uagb-post-grid-byline'>\n\t\t\t\t\t\t\t\t<time datetime=\"2023-01-18T23:07:55+01:00\" class=\"uagb-post__date\">\n\t\t\t\t\t\t\t\t\t18 de enero de 2023\t\t\t\t<\/time>\n\t\t\t\t\t\t<\/div>\n\t\t\t\t\t\t\t<div class='uagb-post__text uagb-post__excerpt'>\n\t\t\t\t\tMi\u00e9rcoles 18 enero 2023\nFernando L Garc\u00eda nos expuso sus ideas para realizar una foto a&#8230;\t\t\t\t<\/div>\n\t\t\t\t\t\t<div class=\"uagb-post__text uagb-post__cta wp-block-button\">\n\t\t\t\t<a class=\"wp-block-button__link uagb-text-link\" style=\"\" href=\"https:\/\/astrocomplutense.es\/nova\/como-fotografiar-el-cometa-2022-e3-ztf\/\" target=\"_blank\" rel=\"bookmark noopener noreferrer\">Leer m\u00e1s<\/a>\n\t\t\t<\/div>\n\t\t\t\t\t\t<div class='uagb-post__image'>\n\t\t\t\t\t\t\t\t\t<a href=\"https:\/\/astrocomplutense.es\/nova\/como-fotografiar-el-cometa-2022-e3-ztf\/\" target=\"_blank\" rel=\"bookmark noopener noreferrer\"><img loading=\"lazy\" decoding=\"async\" width=\"231\" height=\"339\" src=\"https:\/\/astrocomplutense.es\/nova\/wp-content\/uploads\/2023\/01\/reducido_C-2022-E3-ZTF.jpg\" class=\"attachment-full size-full\" alt=\"\" srcset=\"https:\/\/astrocomplutense.es\/nova\/wp-content\/uploads\/2023\/01\/reducido_C-2022-E3-ZTF.jpg 231w, https:\/\/astrocomplutense.es\/nova\/wp-content\/uploads\/2023\/01\/reducido_C-2022-E3-ZTF-204x300.jpg 204w\" sizes=\"auto, (max-width: 231px) 100vw, 231px\" \/>\t\t\t\t\t<\/a>\n\t\t\t\t\t\t\t\t\t<\/div>\n\t\t\t\n\t\t\t\t\t\t\t\t<a class=\"uagb-post__link-complete-box\" href=\"https:\/\/astrocomplutense.es\/nova\/como-fotografiar-el-cometa-2022-e3-ztf\/\" target=\"_blank\" rel=\"bookmark noopener noreferrer\"><\/a>\n\t\t\t\t\t\t\t<\/article>\n\t\t\t\t\t\t\t\t\t\t\t\t\t\t\t\t<article class=\"uagb-post__inner-wrap\">\t\t\t\t\t\t\t\t<h4 class=\"uagb-post__title uagb-post__text\">\n\t\t\t\t<a href=\"https:\/\/astrocomplutense.es\/nova\/segunda-sesion-curso-stellarium\/\" target=\"_blank\" rel=\"bookmark noopener noreferrer\">Segunda sesi\u00f3n curso Stellarium<\/a>\n\t\t\t<\/h4>\n\t\t\t\t\t\t<div class='uagb-post__text uagb-post-grid-byline'>\n\t\t\t\t\t\t\t\t<time datetime=\"2023-01-11T23:00:01+01:00\" class=\"uagb-post__date\">\n\t\t\t\t\t\t\t\t\t11 de enero de 2023\t\t\t\t<\/time>\n\t\t\t\t\t\t<\/div>\n\t\t\t\t\t\t\t<div class='uagb-post__text uagb-post__excerpt'>\n\t\t\t\t\tMi\u00e9rcoles 11 enero 2023. Segunda sesi\u00f3n del curso de Stellarium, impartido por Jose Luis del&#8230;\t\t\t\t<\/div>\n\t\t\t\t\t\t<div class=\"uagb-post__text uagb-post__cta wp-block-button\">\n\t\t\t\t<a class=\"wp-block-button__link uagb-text-link\" style=\"\" href=\"https:\/\/astrocomplutense.es\/nova\/segunda-sesion-curso-stellarium\/\" target=\"_blank\" rel=\"bookmark noopener noreferrer\">Leer m\u00e1s<\/a>\n\t\t\t<\/div>\n\t\t\t\t\t\t<div class='uagb-post__image'>\n\t\t\t\t\t\t\t\t\t<a href=\"https:\/\/astrocomplutense.es\/nova\/segunda-sesion-curso-stellarium\/\" target=\"_blank\" rel=\"bookmark noopener noreferrer\"><img loading=\"lazy\" decoding=\"async\" width=\"350\" height=\"350\" src=\"https:\/\/astrocomplutense.es\/nova\/wp-content\/uploads\/2022\/12\/Stellarium.jpg\" class=\"attachment-full size-full\" alt=\"\" srcset=\"https:\/\/astrocomplutense.es\/nova\/wp-content\/uploads\/2022\/12\/Stellarium.jpg 350w, https:\/\/astrocomplutense.es\/nova\/wp-content\/uploads\/2022\/12\/Stellarium-300x300.jpg 300w, https:\/\/astrocomplutense.es\/nova\/wp-content\/uploads\/2022\/12\/Stellarium-150x150.jpg 150w\" sizes=\"auto, (max-width: 350px) 100vw, 350px\" \/>\t\t\t\t\t<\/a>\n\t\t\t\t\t\t\t\t\t<\/div>\n\t\t\t\n\t\t\t\t\t\t\t\t<a class=\"uagb-post__link-complete-box\" href=\"https:\/\/astrocomplutense.es\/nova\/segunda-sesion-curso-stellarium\/\" target=\"_blank\" rel=\"bookmark noopener noreferrer\"><\/a>\n\t\t\t\t\t\t\t<\/article>\n\t\t\t\t\t\t\t\t\t\t\t<\/div>\n\t\t\t<\/div><\/div>\n\n\n\n<div style=\"height:40px\" aria-hidden=\"true\" class=\"wp-block-spacer\"><\/div>\n\n\n\n<div class=\"wp-block-uagb-container uagb-block-63cd1642 alignfull uagb-is-root-container\"><div class=\"uagb-container-inner-blocks-wrap\">\n<div style=\"height:15px\" aria-hidden=\"true\" class=\"wp-block-spacer\"><\/div>\n\n\n\n<h2 class=\"wp-block-heading has-text-color\" style=\"color:#b9c2ca;padding-top:0;padding-right:var(--wp--preset--spacing--70);padding-bottom:0;padding-left:var(--wp--preset--spacing--70);font-size:33px\">a\u00f1o 2022<\/h2>\n\n\n\n\t\t\t<div class=\"wp-block-uagb-post-carousel uagb-post-grid  uagb-post__image-position-background uagb-post__image-enabled uagb-block-644f8378     uagb-post__arrow-outside uagb-slick-carousel uagb-post__items uagb-post__columns-4 is-carousel uagb-post__columns-tablet-2 uagb-post__columns-mobile-1 uagb-post__carousel_equal-height\" data-total=\"1\" style=\"\">\n\n\t\t\t\t\t\t\t\t\t\t\t\t<article class=\"uagb-post__inner-wrap\">\t\t\t\t\t\t\t\t<h4 class=\"uagb-post__title uagb-post__text\">\n\t\t\t\t<a href=\"https:\/\/astrocomplutense.es\/nova\/efemerides-2023\/\" target=\"_blank\" rel=\"bookmark noopener noreferrer\">Efem\u00e9rides 2023<\/a>\n\t\t\t<\/h4>\n\t\t\t\t\t\t<div class='uagb-post__text uagb-post-grid-byline'>\n\t\t\t\t\t\t\t\t<time datetime=\"2022-12-28T10:25:58+01:00\" class=\"uagb-post__date\">\n\t\t\t\t<span class=\"dashicons-calendar dashicons\"><\/span>\t\t\t\t\t28 de diciembre de 2022\t\t\t\t<\/time>\n\t\t\t\t\t\t<\/div>\n\t\t\t\t\t\t\t<div class='uagb-post__text uagb-post__excerpt'>\n\t\t\t\t\t28 de diciembre 2022. Fernando I Garc\u00eda y Marian Mart\u00ednez nos mostraron las efem\u00e9rides m\u00e1s&#8230;\t\t\t\t<\/div>\n\t\t\t\t\t\t<div class=\"uagb-post__text uagb-post__cta wp-block-button\">\n\t\t\t\t<a class=\"wp-block-button__link uagb-text-link\" style=\"\" href=\"https:\/\/astrocomplutense.es\/nova\/efemerides-2023\/\" target=\"_blank\" rel=\"bookmark noopener noreferrer\">Leer m\u00e1s<\/a>\n\t\t\t<\/div>\n\t\t\t\t\t\t<div class='uagb-post__image'>\n\t\t\t\t\t\t\t\t\t<a href=\"https:\/\/astrocomplutense.es\/nova\/efemerides-2023\/\" target=\"_blank\" rel=\"bookmark noopener noreferrer\"><img loading=\"lazy\" decoding=\"async\" width=\"360\" height=\"240\" src=\"https:\/\/astrocomplutense.es\/nova\/wp-content\/uploads\/2022\/12\/019-RealObservatorio_Jun16_peq.jpg\" class=\"attachment-full size-full\" alt=\"\" srcset=\"https:\/\/astrocomplutense.es\/nova\/wp-content\/uploads\/2022\/12\/019-RealObservatorio_Jun16_peq.jpg 360w, https:\/\/astrocomplutense.es\/nova\/wp-content\/uploads\/2022\/12\/019-RealObservatorio_Jun16_peq-300x200.jpg 300w\" sizes=\"auto, (max-width: 360px) 100vw, 360px\" \/>\t\t\t\t\t<\/a>\n\t\t\t\t\t\t\t\t\t<\/div>\n\t\t\t\n\t\t\t\t\t\t\t\t\t<\/article>\n\t\t\t\t\t\t\t\t\t\t\t\t\t\t\t\t<article class=\"uagb-post__inner-wrap\">\t\t\t\t\t\t\t\t<h4 class=\"uagb-post__title uagb-post__text\">\n\t\t\t\t<a href=\"https:\/\/astrocomplutense.es\/nova\/la-fotografia-quimica-en-astronomia-2\/\" target=\"_blank\" rel=\"bookmark noopener noreferrer\">La fotograf\u00eda qu\u00edmica en Astronom\u00eda<\/a>\n\t\t\t<\/h4>\n\t\t\t\t\t\t<div class='uagb-post__text uagb-post-grid-byline'>\n\t\t\t\t\t\t\t\t<time datetime=\"2022-12-14T17:09:10+01:00\" class=\"uagb-post__date\">\n\t\t\t\t<span class=\"dashicons-calendar dashicons\"><\/span>\t\t\t\t\t14 de diciembre de 2022\t\t\t\t<\/time>\n\t\t\t\t\t\t<\/div>\n\t\t\t\t\t\t\t<div class='uagb-post__text uagb-post__excerpt'>\n\t\t\t\t\t14 de diciembre 2022. Manuel Talero continu\u00f3 con su charla sobre la fotograf\u00eda tradicional\t\t\t\t<\/div>\n\t\t\t\t\t\t<div class=\"uagb-post__text uagb-post__cta wp-block-button\">\n\t\t\t\t<a class=\"wp-block-button__link uagb-text-link\" style=\"\" href=\"https:\/\/astrocomplutense.es\/nova\/la-fotografia-quimica-en-astronomia-2\/\" target=\"_blank\" rel=\"bookmark noopener noreferrer\">Leer m\u00e1s<\/a>\n\t\t\t<\/div>\n\t\t\t\t\t\t<div class='uagb-post__image'>\n\t\t\t\t\t\t\t\t\t<a href=\"https:\/\/astrocomplutense.es\/nova\/la-fotografia-quimica-en-astronomia-2\/\" target=\"_blank\" rel=\"bookmark noopener noreferrer\"><img loading=\"lazy\" decoding=\"async\" width=\"810\" height=\"521\" src=\"https:\/\/astrocomplutense.es\/nova\/wp-content\/uploads\/2022\/11\/celuloide.jpg\" class=\"attachment-full size-full\" alt=\"\" srcset=\"https:\/\/astrocomplutense.es\/nova\/wp-content\/uploads\/2022\/11\/celuloide.jpg 810w, https:\/\/astrocomplutense.es\/nova\/wp-content\/uploads\/2022\/11\/celuloide-300x193.jpg 300w, https:\/\/astrocomplutense.es\/nova\/wp-content\/uploads\/2022\/11\/celuloide-768x494.jpg 768w\" sizes=\"auto, (max-width: 810px) 100vw, 810px\" \/>\t\t\t\t\t<\/a>\n\t\t\t\t\t\t\t\t\t<\/div>\n\t\t\t\n\t\t\t\t\t\t\t\t\t<\/article>\n\t\t\t\t\t\t\t\t\t\t\t\t\t\t\t\t<article class=\"uagb-post__inner-wrap\">\t\t\t\t\t\t\t\t<h4 class=\"uagb-post__title uagb-post__text\">\n\t\t\t\t<a href=\"https:\/\/astrocomplutense.es\/nova\/taller-de-filtros-solares\/\" target=\"_blank\" rel=\"bookmark noopener noreferrer\">Taller de filtros solares<\/a>\n\t\t\t<\/h4>\n\t\t\t\t\t\t<div class='uagb-post__text uagb-post-grid-byline'>\n\t\t\t\t\t\t\t\t<time datetime=\"2022-12-07T11:24:18+01:00\" class=\"uagb-post__date\">\n\t\t\t\t<span class=\"dashicons-calendar dashicons\"><\/span>\t\t\t\t\t7 de diciembre de 2022\t\t\t\t<\/time>\n\t\t\t\t\t\t<\/div>\n\t\t\t\t\t\t\t<div class='uagb-post__text uagb-post__excerpt'>\n\t\t\t\t\tMi\u00e9rcoles 7 de diciembre de 2022. \nEduardo Serrano nos ense\u00f1\u00f3 a construir  filtros solares&#8230;\t\t\t\t<\/div>\n\t\t\t\t\t\t<div class=\"uagb-post__text uagb-post__cta wp-block-button\">\n\t\t\t\t<a class=\"wp-block-button__link uagb-text-link\" style=\"\" href=\"https:\/\/astrocomplutense.es\/nova\/taller-de-filtros-solares\/\" target=\"_blank\" rel=\"bookmark noopener noreferrer\">Leer m\u00e1s<\/a>\n\t\t\t<\/div>\n\t\t\t\t\t\t<div class='uagb-post__image'>\n\t\t\t\t\t\t\t\t\t<a href=\"https:\/\/astrocomplutense.es\/nova\/taller-de-filtros-solares\/\" target=\"_blank\" rel=\"bookmark noopener noreferrer\"><img loading=\"lazy\" decoding=\"async\" width=\"562\" height=\"513\" src=\"https:\/\/astrocomplutense.es\/nova\/wp-content\/uploads\/2022\/11\/IMG-20221127-WA0001.jpg\" class=\"attachment-full size-full\" alt=\"\" srcset=\"https:\/\/astrocomplutense.es\/nova\/wp-content\/uploads\/2022\/11\/IMG-20221127-WA0001.jpg 562w, https:\/\/astrocomplutense.es\/nova\/wp-content\/uploads\/2022\/11\/IMG-20221127-WA0001-300x274.jpg 300w\" sizes=\"auto, (max-width: 562px) 100vw, 562px\" \/>\t\t\t\t\t<\/a>\n\t\t\t\t\t\t\t\t\t<\/div>\n\t\t\t\n\t\t\t\t\t\t\t\t\t<\/article>\n\t\t\t\t\t\t\t\t\t\t\t\t\t\t\t\t<article class=\"uagb-post__inner-wrap\">\t\t\t\t\t\t\t\t<h4 class=\"uagb-post__title uagb-post__text\">\n\t\t\t\t<a href=\"https:\/\/astrocomplutense.es\/nova\/curso-de-stellarium-primera-sesion\/\" target=\"_blank\" rel=\"bookmark noopener noreferrer\">Curso de Stellarium, Primera sesi\u00f3n<\/a>\n\t\t\t<\/h4>\n\t\t\t\t\t\t<div class='uagb-post__text uagb-post-grid-byline'>\n\t\t\t\t\t\t\t\t<time datetime=\"2022-12-03T19:05:33+01:00\" class=\"uagb-post__date\">\n\t\t\t\t<span class=\"dashicons-calendar dashicons\"><\/span>\t\t\t\t\t3 de diciembre de 2022\t\t\t\t<\/time>\n\t\t\t\t\t\t<\/div>\n\t\t\t\t\t\t\t<div class='uagb-post__text uagb-post__excerpt'>\n\t\t\t\t\tS\u00e1bado 3 de diciembre de 2022. Se repite la primera sesi\u00f3n del curso de Stellarium,&#8230;\t\t\t\t<\/div>\n\t\t\t\t\t\t<div class=\"uagb-post__text uagb-post__cta wp-block-button\">\n\t\t\t\t<a class=\"wp-block-button__link uagb-text-link\" style=\"\" href=\"https:\/\/astrocomplutense.es\/nova\/curso-de-stellarium-primera-sesion\/\" target=\"_blank\" rel=\"bookmark noopener noreferrer\">Leer m\u00e1s<\/a>\n\t\t\t<\/div>\n\t\t\t\t\t\t<div class='uagb-post__image'>\n\t\t\t\t\t\t\t\t\t<a href=\"https:\/\/astrocomplutense.es\/nova\/curso-de-stellarium-primera-sesion\/\" target=\"_blank\" rel=\"bookmark noopener noreferrer\"><img loading=\"lazy\" decoding=\"async\" width=\"75\" height=\"84\" src=\"https:\/\/astrocomplutense.es\/nova\/wp-content\/uploads\/2022\/11\/stellarium-logo-peq.png\" class=\"attachment-full size-full\" alt=\"\" \/>\t\t\t\t\t<\/a>\n\t\t\t\t\t\t\t\t\t<\/div>\n\t\t\t\n\t\t\t\t\t\t\t\t\t<\/article>\n\t\t\t\t\t\t\t\t\t\t\t\t\t\t\t\t<article class=\"uagb-post__inner-wrap\">\t\t\t\t\t\t\t\t<h4 class=\"uagb-post__title uagb-post__text\">\n\t\t\t\t<a href=\"https:\/\/astrocomplutense.es\/nova\/la-fotografia-quimica-en-astronomia\/\" target=\"_blank\" rel=\"bookmark noopener noreferrer\">La fotograf\u00eda qu\u00edmica en Astronom\u00eda<\/a>\n\t\t\t<\/h4>\n\t\t\t\t\t\t<div class='uagb-post__text uagb-post-grid-byline'>\n\t\t\t\t\t\t\t\t<time datetime=\"2022-11-30T17:03:49+01:00\" class=\"uagb-post__date\">\n\t\t\t\t<span class=\"dashicons-calendar dashicons\"><\/span>\t\t\t\t\t30 de noviembre de 2022\t\t\t\t<\/time>\n\t\t\t\t\t\t<\/div>\n\t\t\t\t\t\t\t<div class='uagb-post__text uagb-post__excerpt'>\n\t\t\t\t\tmi\u00e9rcoles 30 de noviembre 2022. LA fotograf\u00eda qu\u00edmica en Astronom\u00eda.\t\t\t\t<\/div>\n\t\t\t\t\t\t<div class=\"uagb-post__text uagb-post__cta wp-block-button\">\n\t\t\t\t<a class=\"wp-block-button__link uagb-text-link\" style=\"\" href=\"https:\/\/astrocomplutense.es\/nova\/la-fotografia-quimica-en-astronomia\/\" target=\"_blank\" rel=\"bookmark noopener noreferrer\">Leer m\u00e1s<\/a>\n\t\t\t<\/div>\n\t\t\t\t\t\t<div class='uagb-post__image'>\n\t\t\t\t\t\t\t\t\t<a href=\"https:\/\/astrocomplutense.es\/nova\/la-fotografia-quimica-en-astronomia\/\" target=\"_blank\" rel=\"bookmark noopener noreferrer\"><img loading=\"lazy\" decoding=\"async\" width=\"810\" height=\"521\" src=\"https:\/\/astrocomplutense.es\/nova\/wp-content\/uploads\/2022\/11\/celuloide.jpg\" class=\"attachment-full size-full\" alt=\"\" srcset=\"https:\/\/astrocomplutense.es\/nova\/wp-content\/uploads\/2022\/11\/celuloide.jpg 810w, https:\/\/astrocomplutense.es\/nova\/wp-content\/uploads\/2022\/11\/celuloide-300x193.jpg 300w, https:\/\/astrocomplutense.es\/nova\/wp-content\/uploads\/2022\/11\/celuloide-768x494.jpg 768w\" sizes=\"auto, (max-width: 810px) 100vw, 810px\" \/>\t\t\t\t\t<\/a>\n\t\t\t\t\t\t\t\t\t<\/div>\n\t\t\t\n\t\t\t\t\t\t\t\t\t<\/article>\n\t\t\t\t\t\t\t\t\t\t\t\t\t\t\t\t<article class=\"uagb-post__inner-wrap\">\t\t\t\t\t\t\t\t<h4 class=\"uagb-post__title uagb-post__text\">\n\t\t\t\t<a href=\"https:\/\/astrocomplutense.es\/nova\/el-espectro-electromagnetico\/\" target=\"_blank\" rel=\"bookmark noopener noreferrer\">El espectro electromagn\u00e9tico<\/a>\n\t\t\t<\/h4>\n\t\t\t\t\t\t<div class='uagb-post__text uagb-post-grid-byline'>\n\t\t\t\t\t\t\t\t<time datetime=\"2022-11-23T19:20:46+01:00\" class=\"uagb-post__date\">\n\t\t\t\t<span class=\"dashicons-calendar dashicons\"><\/span>\t\t\t\t\t23 de noviembre de 2022\t\t\t\t<\/time>\n\t\t\t\t\t\t<\/div>\n\t\t\t\t\t\t\t<div class='uagb-post__text uagb-post__excerpt'>\n\t\t\t\t\tMi\u00e9rcoles 23 de noviembre 2022. El espectro electromagn\u00e9tico y su relaci\u00f3n con el aficionado a&#8230;\t\t\t\t<\/div>\n\t\t\t\t\t\t<div class=\"uagb-post__text uagb-post__cta wp-block-button\">\n\t\t\t\t<a class=\"wp-block-button__link uagb-text-link\" style=\"\" href=\"https:\/\/astrocomplutense.es\/nova\/el-espectro-electromagnetico\/\" target=\"_blank\" rel=\"bookmark noopener noreferrer\">Leer m\u00e1s<\/a>\n\t\t\t<\/div>\n\t\t\t\t\t\t<div class='uagb-post__image'>\n\t\t\t\t\t\t\t\t\t<a href=\"https:\/\/astrocomplutense.es\/nova\/el-espectro-electromagnetico\/\" target=\"_blank\" rel=\"bookmark noopener noreferrer\"><img loading=\"lazy\" decoding=\"async\" width=\"690\" height=\"397\" src=\"https:\/\/astrocomplutense.es\/nova\/wp-content\/uploads\/2022\/11\/Captura.jpg\" class=\"attachment-full size-full\" alt=\"\" srcset=\"https:\/\/astrocomplutense.es\/nova\/wp-content\/uploads\/2022\/11\/Captura.jpg 690w, https:\/\/astrocomplutense.es\/nova\/wp-content\/uploads\/2022\/11\/Captura-300x173.jpg 300w\" sizes=\"auto, (max-width: 690px) 100vw, 690px\" \/>\t\t\t\t\t<\/a>\n\t\t\t\t\t\t\t\t\t<\/div>\n\t\t\t\n\t\t\t\t\t\t\t\t\t<\/article>\n\t\t\t\t\t\t\t\t\t\t\t\t\t\t\t\t<article class=\"uagb-post__inner-wrap\">\t\t\t\t\t\t\t\t<h4 class=\"uagb-post__title uagb-post__text\">\n\t\t\t\t<a href=\"https:\/\/astrocomplutense.es\/nova\/stellarium-sesion-1\/\" target=\"_blank\" rel=\"bookmark noopener noreferrer\">Stellarium, Sesi\u00f3n 1<\/a>\n\t\t\t<\/h4>\n\t\t\t\t\t\t<div class='uagb-post__text uagb-post-grid-byline'>\n\t\t\t\t\t\t\t\t<time datetime=\"2022-11-16T17:39:16+01:00\" class=\"uagb-post__date\">\n\t\t\t\t<span class=\"dashicons-calendar dashicons\"><\/span>\t\t\t\t\t16 de noviembre de 2022\t\t\t\t<\/time>\n\t\t\t\t\t\t<\/div>\n\t\t\t\t\t\t\t<div class='uagb-post__text uagb-post__excerpt'>\n\t\t\t\t\t16 de noviembre 2022. Primera sesi\u00f3n del curso de uso y manejo de Stellarium\t\t\t\t<\/div>\n\t\t\t\t\t\t<div class=\"uagb-post__text uagb-post__cta wp-block-button\">\n\t\t\t\t<a class=\"wp-block-button__link uagb-text-link\" style=\"\" href=\"https:\/\/astrocomplutense.es\/nova\/stellarium-sesion-1\/\" target=\"_blank\" rel=\"bookmark noopener noreferrer\">Leer m\u00e1s<\/a>\n\t\t\t<\/div>\n\t\t\t\t\t\t<div class='uagb-post__image'>\n\t\t\t\t\t\t\t\t\t<a href=\"https:\/\/astrocomplutense.es\/nova\/stellarium-sesion-1\/\" target=\"_blank\" rel=\"bookmark noopener noreferrer\"><img loading=\"lazy\" decoding=\"async\" width=\"2000\" height=\"900\" src=\"https:\/\/astrocomplutense.es\/nova\/wp-content\/uploads\/2022\/11\/IMG-20221123-WA0014.jpg\" class=\"attachment-full size-full\" alt=\"\" srcset=\"https:\/\/astrocomplutense.es\/nova\/wp-content\/uploads\/2022\/11\/IMG-20221123-WA0014.jpg 2000w, https:\/\/astrocomplutense.es\/nova\/wp-content\/uploads\/2022\/11\/IMG-20221123-WA0014-300x135.jpg 300w, https:\/\/astrocomplutense.es\/nova\/wp-content\/uploads\/2022\/11\/IMG-20221123-WA0014-1024x461.jpg 1024w, https:\/\/astrocomplutense.es\/nova\/wp-content\/uploads\/2022\/11\/IMG-20221123-WA0014-768x346.jpg 768w, https:\/\/astrocomplutense.es\/nova\/wp-content\/uploads\/2022\/11\/IMG-20221123-WA0014-1536x691.jpg 1536w\" sizes=\"auto, (max-width: 2000px) 100vw, 2000px\" \/>\t\t\t\t\t<\/a>\n\t\t\t\t\t\t\t\t\t<\/div>\n\t\t\t\n\t\t\t\t\t\t\t\t\t<\/article>\n\t\t\t\t\t\t\t\t\t\t\t\t\t\t\t\t<article class=\"uagb-post__inner-wrap\">\t\t\t\t\t\t\t\t<h4 class=\"uagb-post__title uagb-post__text\">\n\t\t\t\t<a href=\"https:\/\/astrocomplutense.es\/nova\/observacion-solar-en-el-patio-del-centro-zulema\/\" target=\"_blank\" rel=\"bookmark noopener noreferrer\">Observaci\u00f3n solar en el patio del Centro Zulema<\/a>\n\t\t\t<\/h4>\n\t\t\t\t\t\t<div class='uagb-post__text uagb-post-grid-byline'>\n\t\t\t\t\t\t\t\t<time datetime=\"2022-11-12T20:08:19+01:00\" class=\"uagb-post__date\">\n\t\t\t\t<span class=\"dashicons-calendar dashicons\"><\/span>\t\t\t\t\t12 de noviembre de 2022\t\t\t\t<\/time>\n\t\t\t\t\t\t<\/div>\n\t\t\t\t\t\t\t<div class='uagb-post__text uagb-post__excerpt'>\n\t\t\t\t\tS\u00e1bado 12 noviembre 2022. Aunque la ma\u00f1ana estuvo nublada y con algo de lluvia. Pudimos&#8230;\t\t\t\t<\/div>\n\t\t\t\t\t\t<div class=\"uagb-post__text uagb-post__cta wp-block-button\">\n\t\t\t\t<a class=\"wp-block-button__link uagb-text-link\" style=\"\" href=\"https:\/\/astrocomplutense.es\/nova\/observacion-solar-en-el-patio-del-centro-zulema\/\" target=\"_blank\" rel=\"bookmark noopener noreferrer\">Leer m\u00e1s<\/a>\n\t\t\t<\/div>\n\t\t\t\t\t\t<div class='uagb-post__image'>\n\t\t\t\t\t\t\t\t\t<a href=\"https:\/\/astrocomplutense.es\/nova\/observacion-solar-en-el-patio-del-centro-zulema\/\" target=\"_blank\" rel=\"bookmark noopener noreferrer\"><img loading=\"lazy\" decoding=\"async\" width=\"410\" height=\"308\" src=\"https:\/\/astrocomplutense.es\/nova\/wp-content\/uploads\/2022\/11\/003-Zulema_12Nov22.jpg\" class=\"attachment-full size-full\" alt=\"\" srcset=\"https:\/\/astrocomplutense.es\/nova\/wp-content\/uploads\/2022\/11\/003-Zulema_12Nov22.jpg 410w, https:\/\/astrocomplutense.es\/nova\/wp-content\/uploads\/2022\/11\/003-Zulema_12Nov22-300x225.jpg 300w\" sizes=\"auto, (max-width: 410px) 100vw, 410px\" \/>\t\t\t\t\t<\/a>\n\t\t\t\t\t\t\t\t\t<\/div>\n\t\t\t\n\t\t\t\t\t\t\t\t\t<\/article>\n\t\t\t\t\t\t\t\t\t\t\t\t\t\t\t\t<article class=\"uagb-post__inner-wrap\">\t\t\t\t\t\t\t\t<h4 class=\"uagb-post__title uagb-post__text\">\n\t\t\t\t<a href=\"https:\/\/astrocomplutense.es\/nova\/charla-coloquio-sobre-la-actividad-solar\/\" target=\"_blank\" rel=\"bookmark noopener noreferrer\">Charla Coloquio sobre la actividad solar<\/a>\n\t\t\t<\/h4>\n\t\t\t\t\t\t<div class='uagb-post__text uagb-post-grid-byline'>\n\t\t\t\t\t\t\t\t<time datetime=\"2022-11-09T00:12:58+01:00\" class=\"uagb-post__date\">\n\t\t\t\t<span class=\"dashicons-calendar dashicons\"><\/span>\t\t\t\t\t9 de noviembre de 2022\t\t\t\t<\/time>\n\t\t\t\t\t\t<\/div>\n\t\t\t\t\t\t\t<div class='uagb-post__text uagb-post__excerpt'>\n\t\t\t\t\tMi\u00e9rcoles 9 de noviembre 2022. Moderado por Jose Luis del Horno. charla-coloquio sobre la actividad&#8230;\t\t\t\t<\/div>\n\t\t\t\t\t\t<div class=\"uagb-post__text uagb-post__cta wp-block-button\">\n\t\t\t\t<a class=\"wp-block-button__link uagb-text-link\" style=\"\" href=\"https:\/\/astrocomplutense.es\/nova\/charla-coloquio-sobre-la-actividad-solar\/\" target=\"_blank\" rel=\"bookmark noopener noreferrer\">Leer m\u00e1s<\/a>\n\t\t\t<\/div>\n\t\t\t\t\t\t<div class='uagb-post__image'>\n\t\t\t\t\t\t\t\t\t<a href=\"https:\/\/astrocomplutense.es\/nova\/charla-coloquio-sobre-la-actividad-solar\/\" target=\"_blank\" rel=\"bookmark noopener noreferrer\"><img loading=\"lazy\" decoding=\"async\" width=\"262\" height=\"258\" src=\"https:\/\/astrocomplutense.es\/nova\/wp-content\/uploads\/2022\/11\/09Nov22Sol-2.jpg\" class=\"attachment-full size-full\" alt=\"\" \/>\t\t\t\t\t<\/a>\n\t\t\t\t\t\t\t\t\t<\/div>\n\t\t\t\n\t\t\t\t\t\t\t\t\t<\/article>\n\t\t\t\t\t\t\t\t\t\t\t\t\t\t\t\t<article class=\"uagb-post__inner-wrap\">\t\t\t\t\t\t\t\t<h4 class=\"uagb-post__title uagb-post__text\">\n\t\t\t\t<a href=\"https:\/\/astrocomplutense.es\/nova\/propuestas-para-seguir-el-movimiento-retrogrado-de-marte\/\" target=\"_blank\" rel=\"bookmark noopener noreferrer\">Propuestas para seguir el movimiento retr\u00f3grado de Marte<\/a>\n\t\t\t<\/h4>\n\t\t\t\t\t\t<div class='uagb-post__text uagb-post-grid-byline'>\n\t\t\t\t\t\t\t\t<time datetime=\"2022-10-26T08:38:27+02:00\" class=\"uagb-post__date\">\n\t\t\t\t<span class=\"dashicons-calendar dashicons\"><\/span>\t\t\t\t\t26 de octubre de 2022\t\t\t\t<\/time>\n\t\t\t\t\t\t<\/div>\n\t\t\t\t\t\t\t<div class='uagb-post__text uagb-post__excerpt'>\n\t\t\t\t\t<p>Propuestas para seguir el movimiento retr\u00f3gado de Marte Por Fernando . Garc\u00eda (26 octubre 2022)&#8230;\t\t\t\t<\/div>\n\t\t\t\t\t\t<div class=\"uagb-post__text uagb-post__cta wp-block-button\">\n\t\t\t\t<a class=\"wp-block-button__link uagb-text-link\" style=\"\" href=\"https:\/\/astrocomplutense.es\/nova\/propuestas-para-seguir-el-movimiento-retrogrado-de-marte\/\" target=\"_blank\" rel=\"bookmark noopener noreferrer\">Leer m\u00e1s<\/a>\n\t\t\t<\/div>\n\t\t\t\t\t\t<div class='uagb-post__image'>\n\t\t\t\t\t\t\t\t\t<a href=\"https:\/\/astrocomplutense.es\/nova\/propuestas-para-seguir-el-movimiento-retrogrado-de-marte\/\" target=\"_blank\" rel=\"bookmark noopener noreferrer\"><img loading=\"lazy\" decoding=\"async\" width=\"480\" height=\"480\" src=\"https:\/\/astrocomplutense.es\/nova\/wp-content\/uploads\/2022\/10\/pequemarte.jpg\" class=\"attachment-full size-full\" alt=\"\" srcset=\"https:\/\/astrocomplutense.es\/nova\/wp-content\/uploads\/2022\/10\/pequemarte.jpg 480w, https:\/\/astrocomplutense.es\/nova\/wp-content\/uploads\/2022\/10\/pequemarte-300x300.jpg 300w, https:\/\/astrocomplutense.es\/nova\/wp-content\/uploads\/2022\/10\/pequemarte-150x150.jpg 150w\" sizes=\"auto, (max-width: 480px) 100vw, 480px\" \/>\t\t\t\t\t<\/a>\n\t\t\t\t\t\t\t\t\t<\/div>\n\t\t\t\n\t\t\t\t\t\t\t\t\t<\/article>\n\t\t\t\t\t\t\t\t\t\t\t\t\t\t\t\t<article class=\"uagb-post__inner-wrap\">\t\t\t\t\t\t\t\t<h4 class=\"uagb-post__title uagb-post__text\">\n\t\t\t\t<a href=\"https:\/\/astrocomplutense.es\/nova\/historia-de-la-astrofografia\/\" target=\"_blank\" rel=\"bookmark noopener noreferrer\">Historia de la Astrofograf\u00eda<\/a>\n\t\t\t<\/h4>\n\t\t\t\t\t\t<div class='uagb-post__text uagb-post-grid-byline'>\n\t\t\t\t\t\t\t\t<time datetime=\"2022-10-19T00:55:38+02:00\" class=\"uagb-post__date\">\n\t\t\t\t<span class=\"dashicons-calendar dashicons\"><\/span>\t\t\t\t\t19 de octubre de 2022\t\t\t\t<\/time>\n\t\t\t\t\t\t<\/div>\n\t\t\t\t\t\t\t<div class='uagb-post__text uagb-post__excerpt'>\n\t\t\t\t\t<p>Historia de la Astrofotograf\u00eda Por Jose Luis del Horno (19 octubre 2022) Jose Luis de&#8230;\t\t\t\t<\/div>\n\t\t\t\t\t\t<div class=\"uagb-post__text uagb-post__cta wp-block-button\">\n\t\t\t\t<a class=\"wp-block-button__link uagb-text-link\" style=\"\" href=\"https:\/\/astrocomplutense.es\/nova\/historia-de-la-astrofografia\/\" target=\"_blank\" rel=\"bookmark noopener noreferrer\">Leer m\u00e1s<\/a>\n\t\t\t<\/div>\n\t\t\t\t\t\t<div class='uagb-post__image'>\n\t\t\t\t\t\t\t\t\t<a href=\"https:\/\/astrocomplutense.es\/nova\/historia-de-la-astrofografia\/\" target=\"_blank\" rel=\"bookmark noopener noreferrer\"><img loading=\"lazy\" decoding=\"async\" width=\"800\" height=\"399\" src=\"https:\/\/astrocomplutense.es\/nova\/wp-content\/uploads\/2022\/10\/IMG-20221017-WA0000-1.jpg\" class=\"attachment-full size-full\" alt=\"\" srcset=\"https:\/\/astrocomplutense.es\/nova\/wp-content\/uploads\/2022\/10\/IMG-20221017-WA0000-1.jpg 800w, https:\/\/astrocomplutense.es\/nova\/wp-content\/uploads\/2022\/10\/IMG-20221017-WA0000-1-300x150.jpg 300w, https:\/\/astrocomplutense.es\/nova\/wp-content\/uploads\/2022\/10\/IMG-20221017-WA0000-1-768x383.jpg 768w\" sizes=\"auto, (max-width: 800px) 100vw, 800px\" \/>\t\t\t\t\t<\/a>\n\t\t\t\t\t\t\t\t\t<\/div>\n\t\t\t\n\t\t\t\t\t\t\t\t\t<\/article>\n\t\t\t\t\t\t\t\t\t\t\t\t\t\t\t\t<article class=\"uagb-post__inner-wrap\">\t\t\t\t\t\t\t\t<h4 class=\"uagb-post__title uagb-post__text\">\n\t\t\t\t<a href=\"https:\/\/astrocomplutense.es\/nova\/coloquio-sobre-agujeros-negros\/\" target=\"_blank\" rel=\"bookmark noopener noreferrer\">Coloquio sobre Agujeros negros<\/a>\n\t\t\t<\/h4>\n\t\t\t\t\t\t<div class='uagb-post__text uagb-post-grid-byline'>\n\t\t\t\t\t\t\t\t<time datetime=\"2022-10-05T16:49:54+02:00\" class=\"uagb-post__date\">\n\t\t\t\t<span class=\"dashicons-calendar dashicons\"><\/span>\t\t\t\t\t5 de octubre de 2022\t\t\t\t<\/time>\n\t\t\t\t\t\t<\/div>\n\t\t\t\t\t\t\t<div class='uagb-post__text uagb-post__excerpt'>\n\t\t\t\t\t<p>Coloquio sobre agujeros negros Moderado por Fernando L. Garc\u00eda (5 octubre 2022) Fernando moder\u00f3 un&#8230;\t\t\t\t<\/div>\n\t\t\t\t\t\t<div class=\"uagb-post__text uagb-post__cta wp-block-button\">\n\t\t\t\t<a class=\"wp-block-button__link uagb-text-link\" style=\"\" href=\"https:\/\/astrocomplutense.es\/nova\/coloquio-sobre-agujeros-negros\/\" target=\"_blank\" rel=\"bookmark noopener noreferrer\">Leer m\u00e1s<\/a>\n\t\t\t<\/div>\n\t\t\t\t\t\t<div class='uagb-post__image'>\n\t\t\t\t\t\t\t\t\t<a href=\"https:\/\/astrocomplutense.es\/nova\/coloquio-sobre-agujeros-negros\/\" target=\"_blank\" rel=\"bookmark noopener noreferrer\"><img loading=\"lazy\" decoding=\"async\" width=\"417\" height=\"417\" src=\"https:\/\/astrocomplutense.es\/nova\/wp-content\/uploads\/2022\/10\/Black_hole_-_Messier_87_crop_max_res.jpg\" class=\"attachment-full size-full\" alt=\"\" srcset=\"https:\/\/astrocomplutense.es\/nova\/wp-content\/uploads\/2022\/10\/Black_hole_-_Messier_87_crop_max_res.jpg 417w, https:\/\/astrocomplutense.es\/nova\/wp-content\/uploads\/2022\/10\/Black_hole_-_Messier_87_crop_max_res-300x300.jpg 300w, https:\/\/astrocomplutense.es\/nova\/wp-content\/uploads\/2022\/10\/Black_hole_-_Messier_87_crop_max_res-150x150.jpg 150w\" sizes=\"auto, (max-width: 417px) 100vw, 417px\" \/>\t\t\t\t\t<\/a>\n\t\t\t\t\t\t\t\t\t<\/div>\n\t\t\t\n\t\t\t\t\t\t\t\t\t<\/article>\n\t\t\t\t\t\t\t\t\t\t\t\t\t\t\t\t<article class=\"uagb-post__inner-wrap\">\t\t\t\t\t\t\t\t<h4 class=\"uagb-post__title uagb-post__text\">\n\t\t\t\t<a href=\"https:\/\/astrocomplutense.es\/nova\/a-capella\/\" target=\"_blank\" rel=\"bookmark noopener noreferrer\">A capella<\/a>\n\t\t\t<\/h4>\n\t\t\t\t\t\t<div class='uagb-post__text uagb-post-grid-byline'>\n\t\t\t\t\t\t\t\t<time datetime=\"2022-09-28T16:14:47+02:00\" class=\"uagb-post__date\">\n\t\t\t\t<span class=\"dashicons-calendar dashicons\"><\/span>\t\t\t\t\t28 de septiembre de 2022\t\t\t\t<\/time>\n\t\t\t\t\t\t<\/div>\n\t\t\t\t\t\t\t<div class='uagb-post__text uagb-post__excerpt'>\n\t\t\t\t\t<p>A Capela Por Jose Luis del Horno (28 septiembre 2022) Una charla sobre las cosas&#8230;\t\t\t\t<\/div>\n\t\t\t\t\t\t<div class=\"uagb-post__text uagb-post__cta wp-block-button\">\n\t\t\t\t<a class=\"wp-block-button__link uagb-text-link\" style=\"\" href=\"https:\/\/astrocomplutense.es\/nova\/a-capella\/\" target=\"_blank\" rel=\"bookmark noopener noreferrer\">Leer m\u00e1s<\/a>\n\t\t\t<\/div>\n\t\t\t\t\t\t<div class='uagb-post__image'>\n\t\t\t\t\t\t\t\t\t<a href=\"https:\/\/astrocomplutense.es\/nova\/a-capella\/\" target=\"_blank\" rel=\"bookmark noopener noreferrer\"><img loading=\"lazy\" decoding=\"async\" width=\"1920\" height=\"1080\" src=\"https:\/\/astrocomplutense.es\/nova\/wp-content\/uploads\/2022\/09\/persona-mirando-el-cielo-estrellado-de-noche.jpg\" class=\"attachment-full size-full\" alt=\"\" srcset=\"https:\/\/astrocomplutense.es\/nova\/wp-content\/uploads\/2022\/09\/persona-mirando-el-cielo-estrellado-de-noche.jpg 1920w, https:\/\/astrocomplutense.es\/nova\/wp-content\/uploads\/2022\/09\/persona-mirando-el-cielo-estrellado-de-noche-300x169.jpg 300w, https:\/\/astrocomplutense.es\/nova\/wp-content\/uploads\/2022\/09\/persona-mirando-el-cielo-estrellado-de-noche-1024x576.jpg 1024w, https:\/\/astrocomplutense.es\/nova\/wp-content\/uploads\/2022\/09\/persona-mirando-el-cielo-estrellado-de-noche-768x432.jpg 768w, https:\/\/astrocomplutense.es\/nova\/wp-content\/uploads\/2022\/09\/persona-mirando-el-cielo-estrellado-de-noche-1536x864.jpg 1536w\" sizes=\"auto, (max-width: 1920px) 100vw, 1920px\" \/>\t\t\t\t\t<\/a>\n\t\t\t\t\t\t\t\t\t<\/div>\n\t\t\t\n\t\t\t\t\t\t\t\t\t<\/article>\n\t\t\t\t\t\t\t\t\t\t\t\t\t\t\t\t<article class=\"uagb-post__inner-wrap\">\t\t\t\t\t\t\t\t<h4 class=\"uagb-post__title uagb-post__text\">\n\t\t\t\t<a href=\"https:\/\/astrocomplutense.es\/nova\/un-paseo-por-el-cielo-de-otono\/\" target=\"_blank\" rel=\"bookmark noopener noreferrer\">Un paseo por el cielo de Oto\u00f1o<\/a>\n\t\t\t<\/h4>\n\t\t\t\t\t\t<div class='uagb-post__text uagb-post-grid-byline'>\n\t\t\t\t\t\t\t\t<time datetime=\"2022-09-21T18:21:04+02:00\" class=\"uagb-post__date\">\n\t\t\t\t<span class=\"dashicons-calendar dashicons\"><\/span>\t\t\t\t\t21 de septiembre de 2022\t\t\t\t<\/time>\n\t\t\t\t\t\t<\/div>\n\t\t\t\t\t\t\t<div class='uagb-post__text uagb-post__excerpt'>\n\t\t\t\t\t<p>Un paseo por el cielo de oto\u00f1o Por Mari\u00e1n Mart\u00ednez (21 septiembre 2022) Con una&#8230;\t\t\t\t<\/div>\n\t\t\t\t\t\t<div class=\"uagb-post__text uagb-post__cta wp-block-button\">\n\t\t\t\t<a class=\"wp-block-button__link uagb-text-link\" style=\"\" href=\"https:\/\/astrocomplutense.es\/nova\/un-paseo-por-el-cielo-de-otono\/\" target=\"_blank\" rel=\"bookmark noopener noreferrer\">Leer m\u00e1s<\/a>\n\t\t\t<\/div>\n\t\t\t\t\t\t<div class='uagb-post__image'>\n\t\t\t\t\t\t\t\t\t<a href=\"https:\/\/astrocomplutense.es\/nova\/un-paseo-por-el-cielo-de-otono\/\" target=\"_blank\" rel=\"bookmark noopener noreferrer\"><img loading=\"lazy\" decoding=\"async\" width=\"1600\" height=\"1066\" src=\"https:\/\/astrocomplutense.es\/nova\/wp-content\/uploads\/2022\/09\/IMG-20220918-WA0001.jpg\" class=\"attachment-full size-full\" alt=\"\" srcset=\"https:\/\/astrocomplutense.es\/nova\/wp-content\/uploads\/2022\/09\/IMG-20220918-WA0001.jpg 1600w, https:\/\/astrocomplutense.es\/nova\/wp-content\/uploads\/2022\/09\/IMG-20220918-WA0001-300x200.jpg 300w, https:\/\/astrocomplutense.es\/nova\/wp-content\/uploads\/2022\/09\/IMG-20220918-WA0001-1024x682.jpg 1024w, https:\/\/astrocomplutense.es\/nova\/wp-content\/uploads\/2022\/09\/IMG-20220918-WA0001-768x512.jpg 768w, https:\/\/astrocomplutense.es\/nova\/wp-content\/uploads\/2022\/09\/IMG-20220918-WA0001-1536x1023.jpg 1536w\" sizes=\"auto, (max-width: 1600px) 100vw, 1600px\" \/>\t\t\t\t\t<\/a>\n\t\t\t\t\t\t\t\t\t<\/div>\n\t\t\t\n\t\t\t\t\t\t\t\t\t<\/article>\n\t\t\t\t\t\t\t\t\t\t\t\t\t\t\t\t<article class=\"uagb-post__inner-wrap\">\t\t\t\t\t\t\t\t<h4 class=\"uagb-post__title uagb-post__text\">\n\t\t\t\t<a href=\"https:\/\/astrocomplutense.es\/nova\/telescopios-de-aficionado\/\" target=\"_blank\" rel=\"bookmark noopener noreferrer\">Telescopios de aficionado<\/a>\n\t\t\t<\/h4>\n\t\t\t\t\t\t<div class='uagb-post__text uagb-post-grid-byline'>\n\t\t\t\t\t\t\t\t<time datetime=\"2022-09-14T17:17:51+02:00\" class=\"uagb-post__date\">\n\t\t\t\t<span class=\"dashicons-calendar dashicons\"><\/span>\t\t\t\t\t14 de septiembre de 2022\t\t\t\t<\/time>\n\t\t\t\t\t\t<\/div>\n\t\t\t\t\t\t\t<div class='uagb-post__text uagb-post__excerpt'>\n\t\t\t\t\t<p>Telescopios de aficionado Por Jose Luis del Horno y Manuel Talero (14 septiembre 2022) Manuel&#8230;\t\t\t\t<\/div>\n\t\t\t\t\t\t<div class=\"uagb-post__text uagb-post__cta wp-block-button\">\n\t\t\t\t<a class=\"wp-block-button__link uagb-text-link\" style=\"\" href=\"https:\/\/astrocomplutense.es\/nova\/telescopios-de-aficionado\/\" target=\"_blank\" rel=\"bookmark noopener noreferrer\">Leer m\u00e1s<\/a>\n\t\t\t<\/div>\n\t\t\t\t\t\t<div class='uagb-post__image'>\n\t\t\t\t\t\t\t\t\t<a href=\"https:\/\/astrocomplutense.es\/nova\/telescopios-de-aficionado\/\" target=\"_blank\" rel=\"bookmark noopener noreferrer\"><img loading=\"lazy\" decoding=\"async\" width=\"200\" height=\"269\" src=\"https:\/\/astrocomplutense.es\/nova\/wp-content\/uploads\/2022\/09\/Meade-LXD75-1142x1536-2-e1682764393939.jpg\" class=\"attachment-full size-full\" alt=\"\" \/>\t\t\t\t\t<\/a>\n\t\t\t\t\t\t\t\t\t<\/div>\n\t\t\t\n\t\t\t\t\t\t\t\t\t<\/article>\n\t\t\t\t\t\t\t\t\t\t\t\t\t\t\t\t<article class=\"uagb-post__inner-wrap\">\t\t\t\t\t\t\t\t<h4 class=\"uagb-post__title uagb-post__text\">\n\t\t\t\t<a href=\"https:\/\/astrocomplutense.es\/nova\/discusion-sobre-nuevas-actividades\/\" target=\"_blank\" rel=\"bookmark noopener noreferrer\">Discusi\u00f3n sobre nuevas actividades<\/a>\n\t\t\t<\/h4>\n\t\t\t\t\t\t<div class='uagb-post__text uagb-post-grid-byline'>\n\t\t\t\t\t\t\t\t<time datetime=\"2022-09-07T16:32:51+02:00\" class=\"uagb-post__date\">\n\t\t\t\t<span class=\"dashicons-calendar dashicons\"><\/span>\t\t\t\t\t7 de septiembre de 2022\t\t\t\t<\/time>\n\t\t\t\t\t\t<\/div>\n\t\t\t\t\t\t\t<div class='uagb-post__text uagb-post__excerpt'>\n\t\t\t\t\t<p>Discusi\u00f3n sobre nuevas actividades Por AAC (7 septiembre 2022) Como\u00a0 no fue posible realizar la&#8230;\t\t\t\t<\/div>\n\t\t\t\t\t\t<div class=\"uagb-post__text uagb-post__cta wp-block-button\">\n\t\t\t\t<a class=\"wp-block-button__link uagb-text-link\" style=\"\" href=\"https:\/\/astrocomplutense.es\/nova\/discusion-sobre-nuevas-actividades\/\" target=\"_blank\" rel=\"bookmark noopener noreferrer\">Leer m\u00e1s<\/a>\n\t\t\t<\/div>\n\t\t\t\t\t\t<div class='uagb-post__image'>\n\t\t\t\t\t\t\t\t\t<a href=\"https:\/\/astrocomplutense.es\/nova\/discusion-sobre-nuevas-actividades\/\" target=\"_blank\" rel=\"bookmark noopener noreferrer\"><img loading=\"lazy\" decoding=\"async\" width=\"375\" height=\"258\" src=\"https:\/\/astrocomplutense.es\/nova\/wp-content\/uploads\/2022\/08\/IMG-20220809-WA0003.jpg\" class=\"attachment-full size-full\" alt=\"\" srcset=\"https:\/\/astrocomplutense.es\/nova\/wp-content\/uploads\/2022\/08\/IMG-20220809-WA0003.jpg 375w, https:\/\/astrocomplutense.es\/nova\/wp-content\/uploads\/2022\/08\/IMG-20220809-WA0003-300x206.jpg 300w\" sizes=\"auto, (max-width: 375px) 100vw, 375px\" \/>\t\t\t\t\t<\/a>\n\t\t\t\t\t\t\t\t\t<\/div>\n\t\t\t\n\t\t\t\t\t\t\t\t\t<\/article>\n\t\t\t\t\t\t\t\t\t\t\t\t\t\t\t\t<article class=\"uagb-post__inner-wrap\">\t\t\t\t\t\t\t\t<h4 class=\"uagb-post__title uagb-post__text\">\n\t\t\t\t<a href=\"https:\/\/astrocomplutense.es\/nova\/la-mision-artemis\/\" target=\"_blank\" rel=\"bookmark noopener noreferrer\">La misi\u00f3n Artemis<\/a>\n\t\t\t<\/h4>\n\t\t\t\t\t\t<div class='uagb-post__text uagb-post-grid-byline'>\n\t\t\t\t\t\t\t\t<time datetime=\"2022-08-29T11:01:29+02:00\" class=\"uagb-post__date\">\n\t\t\t\t<span class=\"dashicons-calendar dashicons\"><\/span>\t\t\t\t\t29 de agosto de 2022\t\t\t\t<\/time>\n\t\t\t\t\t\t<\/div>\n\t\t\t\t\t\t\t<div class='uagb-post__text uagb-post__excerpt'>\n\t\t\t\t\t<p>La misi\u00f3n Artemis Por Miguel L\u00f3pez Pulido (29 agosto 2022) Nuestro compa\u00f1ero Miguel L\u00f3pez desarroll\u00f3&#8230;\t\t\t\t<\/div>\n\t\t\t\t\t\t<div class=\"uagb-post__text uagb-post__cta wp-block-button\">\n\t\t\t\t<a class=\"wp-block-button__link uagb-text-link\" style=\"\" href=\"https:\/\/astrocomplutense.es\/nova\/la-mision-artemis\/\" target=\"_blank\" rel=\"bookmark noopener noreferrer\">Leer m\u00e1s<\/a>\n\t\t\t<\/div>\n\t\t\t\t\t\t<div class='uagb-post__image'>\n\t\t\t\t\t\t\t\t\t<a href=\"https:\/\/astrocomplutense.es\/nova\/la-mision-artemis\/\" target=\"_blank\" rel=\"bookmark noopener noreferrer\"><img loading=\"lazy\" decoding=\"async\" width=\"353\" height=\"310\" src=\"https:\/\/astrocomplutense.es\/nova\/wp-content\/uploads\/2022\/09\/logo-rocket.png\" class=\"attachment-full size-full\" alt=\"\" srcset=\"https:\/\/astrocomplutense.es\/nova\/wp-content\/uploads\/2022\/09\/logo-rocket.png 353w, https:\/\/astrocomplutense.es\/nova\/wp-content\/uploads\/2022\/09\/logo-rocket-300x263.png 300w\" sizes=\"auto, (max-width: 353px) 100vw, 353px\" \/>\t\t\t\t\t<\/a>\n\t\t\t\t\t\t\t\t\t<\/div>\n\t\t\t\n\t\t\t\t\t\t\t\t\t<\/article>\n\t\t\t\t\t\t\t\t\t\t\t\t\t\t\t\t<article class=\"uagb-post__inner-wrap\">\t\t\t\t\t\t\t\t<h4 class=\"uagb-post__title uagb-post__text\">\n\t\t\t\t<a href=\"https:\/\/astrocomplutense.es\/nova\/planetaria-desde-los-altos-de-iriepal\/\" target=\"_blank\" rel=\"bookmark noopener noreferrer\">Planetaria desde los Altos de Iriepal<\/a>\n\t\t\t<\/h4>\n\t\t\t\t\t\t<div class='uagb-post__text uagb-post-grid-byline'>\n\t\t\t\t\t\t\t\t<time datetime=\"2022-08-09T14:23:12+02:00\" class=\"uagb-post__date\">\n\t\t\t\t<span class=\"dashicons-calendar dashicons\"><\/span>\t\t\t\t\t9 de agosto de 2022\t\t\t\t<\/time>\n\t\t\t\t\t\t<\/div>\n\t\t\t\t\t\t\t<div class='uagb-post__text uagb-post__excerpt'>\n\t\t\t\t\t\u00fapiter para fotografiar sus sombras.\t\t\t\t<\/div>\n\t\t\t\t\t\t<div class=\"uagb-post__text uagb-post__cta wp-block-button\">\n\t\t\t\t<a class=\"wp-block-button__link uagb-text-link\" style=\"\" href=\"https:\/\/astrocomplutense.es\/nova\/planetaria-desde-los-altos-de-iriepal\/\" target=\"_blank\" rel=\"bookmark noopener noreferrer\">Leer m\u00e1s<\/a>\n\t\t\t<\/div>\n\t\t\t\t\t\t<div class='uagb-post__image'>\n\t\t\t\t\t\t\t\t\t<a href=\"https:\/\/astrocomplutense.es\/nova\/planetaria-desde-los-altos-de-iriepal\/\" target=\"_blank\" rel=\"bookmark noopener noreferrer\"><img loading=\"lazy\" decoding=\"async\" width=\"2048\" height=\"1150\" src=\"https:\/\/astrocomplutense.es\/nova\/wp-content\/uploads\/2022\/08\/IMG-20220809-WA0000.jpg\" class=\"attachment-full size-full\" alt=\"\" srcset=\"https:\/\/astrocomplutense.es\/nova\/wp-content\/uploads\/2022\/08\/IMG-20220809-WA0000.jpg 2048w, https:\/\/astrocomplutense.es\/nova\/wp-content\/uploads\/2022\/08\/IMG-20220809-WA0000-300x168.jpg 300w, https:\/\/astrocomplutense.es\/nova\/wp-content\/uploads\/2022\/08\/IMG-20220809-WA0000-1024x575.jpg 1024w, https:\/\/astrocomplutense.es\/nova\/wp-content\/uploads\/2022\/08\/IMG-20220809-WA0000-768x431.jpg 768w, https:\/\/astrocomplutense.es\/nova\/wp-content\/uploads\/2022\/08\/IMG-20220809-WA0000-1536x863.jpg 1536w\" sizes=\"auto, (max-width: 2048px) 100vw, 2048px\" \/>\t\t\t\t\t<\/a>\n\t\t\t\t\t\t\t\t\t<\/div>\n\t\t\t\n\t\t\t\t\t\t\t\t\t<\/article>\n\t\t\t\t\t\t\t\t\t\t\t\t\t\t\t\t<article class=\"uagb-post__inner-wrap\">\t\t\t\t\t\t\t\t<h4 class=\"uagb-post__title uagb-post__text\">\n\t\t\t\t<a href=\"https:\/\/astrocomplutense.es\/nova\/fiesta-de-las-estrellas-perseidas-2022\/\" target=\"_blank\" rel=\"bookmark noopener noreferrer\">Fiesta de las estrellas Perseidas 2022<\/a>\n\t\t\t<\/h4>\n\t\t\t\t\t\t<div class='uagb-post__text uagb-post-grid-byline'>\n\t\t\t\t\t\t\t\t<time datetime=\"2022-08-06T13:54:50+02:00\" class=\"uagb-post__date\">\n\t\t\t\t<span class=\"dashicons-calendar dashicons\"><\/span>\t\t\t\t\t6 de agosto de 2022\t\t\t\t<\/time>\n\t\t\t\t\t\t<\/div>\n\t\t\t\t\t\t\t<div class='uagb-post__text uagb-post__excerpt'>\n\t\t\t\t\t<p>Fiesta de las estrellas Perseidas 2022 Por AAC (6 agosto 2022) Nuestra compa\u00f1era Magel y&#8230;\t\t\t\t<\/div>\n\t\t\t\t\t\t<div class=\"uagb-post__text uagb-post__cta wp-block-button\">\n\t\t\t\t<a class=\"wp-block-button__link uagb-text-link\" style=\"\" href=\"https:\/\/astrocomplutense.es\/nova\/fiesta-de-las-estrellas-perseidas-2022\/\" target=\"_blank\" rel=\"bookmark noopener noreferrer\">Leer m\u00e1s<\/a>\n\t\t\t<\/div>\n\t\t\t\t\t\t<div class='uagb-post__image'>\n\t\t\t\t\t\t\t\t\t<a href=\"https:\/\/astrocomplutense.es\/nova\/fiesta-de-las-estrellas-perseidas-2022\/\" target=\"_blank\" rel=\"bookmark noopener noreferrer\"><img loading=\"lazy\" decoding=\"async\" width=\"750\" height=\"1125\" src=\"https:\/\/astrocomplutense.es\/nova\/wp-content\/uploads\/2022\/08\/cartel-Perseidas-22.jpg\" class=\"attachment-full size-full\" alt=\"\" srcset=\"https:\/\/astrocomplutense.es\/nova\/wp-content\/uploads\/2022\/08\/cartel-Perseidas-22.jpg 750w, https:\/\/astrocomplutense.es\/nova\/wp-content\/uploads\/2022\/08\/cartel-Perseidas-22-200x300.jpg 200w, https:\/\/astrocomplutense.es\/nova\/wp-content\/uploads\/2022\/08\/cartel-Perseidas-22-683x1024.jpg 683w\" sizes=\"auto, (max-width: 750px) 100vw, 750px\" \/>\t\t\t\t\t<\/a>\n\t\t\t\t\t\t\t\t\t<\/div>\n\t\t\t\n\t\t\t\t\t\t\t\t\t<\/article>\n\t\t\t\t\t\t\t\t\t\t\t\t\t\t\t\t<article class=\"uagb-post__inner-wrap\">\t\t\t\t\t\t\t\t<h4 class=\"uagb-post__title uagb-post__text\">\n\t\t\t\t<a href=\"https:\/\/astrocomplutense.es\/nova\/noche-de-observacion-y-lavanda\/\" target=\"_blank\" rel=\"bookmark noopener noreferrer\">Noche de Observaci\u00f3n y Lavanda<\/a>\n\t\t\t<\/h4>\n\t\t\t\t\t\t<div class='uagb-post__text uagb-post-grid-byline'>\n\t\t\t\t\t\t\t\t<time datetime=\"2022-07-20T22:13:02+02:00\" class=\"uagb-post__date\">\n\t\t\t\t<span class=\"dashicons-calendar dashicons\"><\/span>\t\t\t\t\t20 de julio de 2022\t\t\t\t<\/time>\n\t\t\t\t\t\t<\/div>\n\t\t\t\t\t\t\t<div class='uagb-post__text uagb-post__excerpt'>\n\t\t\t\t\t<p>Noche de Observaci\u00f3n y Lavanda Por AAC (20 julio 2022) Este mi\u00e9rcoles socios y amigos&#8230;\t\t\t\t<\/div>\n\t\t\t\t\t\t<div class=\"uagb-post__text uagb-post__cta wp-block-button\">\n\t\t\t\t<a class=\"wp-block-button__link uagb-text-link\" style=\"\" href=\"https:\/\/astrocomplutense.es\/nova\/noche-de-observacion-y-lavanda\/\" target=\"_blank\" rel=\"bookmark noopener noreferrer\">Leer m\u00e1s<\/a>\n\t\t\t<\/div>\n\t\t\t\t\t\t<div class='uagb-post__image'>\n\t\t\t\t\t\t\t\t\t<a href=\"https:\/\/astrocomplutense.es\/nova\/noche-de-observacion-y-lavanda\/\" target=\"_blank\" rel=\"bookmark noopener noreferrer\"><img loading=\"lazy\" decoding=\"async\" width=\"346\" height=\"432\" src=\"https:\/\/astrocomplutense.es\/nova\/wp-content\/uploads\/2022\/07\/obs20Jul22.jpg\" class=\"attachment-full size-full\" alt=\"\" srcset=\"https:\/\/astrocomplutense.es\/nova\/wp-content\/uploads\/2022\/07\/obs20Jul22.jpg 346w, https:\/\/astrocomplutense.es\/nova\/wp-content\/uploads\/2022\/07\/obs20Jul22-240x300.jpg 240w\" sizes=\"auto, (max-width: 346px) 100vw, 346px\" \/>\t\t\t\t\t<\/a>\n\t\t\t\t\t\t\t\t\t<\/div>\n\t\t\t\n\t\t\t\t\t\t\t\t\t<\/article>\n\t\t\t\t\t\t\t\t\t\t\t\t\t\t\t\t<article class=\"uagb-post__inner-wrap\">\t\t\t\t\t\t\t\t<h4 class=\"uagb-post__title uagb-post__text\">\n\t\t\t\t<a href=\"https:\/\/astrocomplutense.es\/nova\/observacion-publica-en-ambite\/\" target=\"_blank\" rel=\"bookmark noopener noreferrer\">Observaci\u00f3n p\u00fablica en Ambite<\/a>\n\t\t\t<\/h4>\n\t\t\t\t\t\t<div class='uagb-post__text uagb-post-grid-byline'>\n\t\t\t\t\t\t\t\t<time datetime=\"2022-07-15T10:07:20+02:00\" class=\"uagb-post__date\">\n\t\t\t\t<span class=\"dashicons-calendar dashicons\"><\/span>\t\t\t\t\t15 de julio de 2022\t\t\t\t<\/time>\n\t\t\t\t\t\t<\/div>\n\t\t\t\t\t\t\t<div class='uagb-post__text uagb-post__excerpt'>\n\t\t\t\t\t<p>Observaci\u00f3n p\u00fablica en Ambite Por AAC (15 julio 2022) El\u00a0Ayuntamiento de Ambite\u00a0y el\u00a0Centro de Naturaleza&#8230;\t\t\t\t<\/div>\n\t\t\t\t\t\t<div class=\"uagb-post__text uagb-post__cta wp-block-button\">\n\t\t\t\t<a class=\"wp-block-button__link uagb-text-link\" style=\"\" href=\"https:\/\/astrocomplutense.es\/nova\/observacion-publica-en-ambite\/\" target=\"_blank\" rel=\"bookmark noopener noreferrer\">Leer m\u00e1s<\/a>\n\t\t\t<\/div>\n\t\t\t\t\t\t<div class='uagb-post__image'>\n\t\t\t\t\t\t\t\t\t<a href=\"https:\/\/astrocomplutense.es\/nova\/observacion-publica-en-ambite\/\" target=\"_blank\" rel=\"bookmark noopener noreferrer\"><img loading=\"lazy\" decoding=\"async\" width=\"318\" height=\"397\" src=\"https:\/\/astrocomplutense.es\/nova\/wp-content\/uploads\/2022\/07\/excursion-y-observacion-nocturna-del-cielo.jpg\" class=\"attachment-full size-full\" alt=\"\" srcset=\"https:\/\/astrocomplutense.es\/nova\/wp-content\/uploads\/2022\/07\/excursion-y-observacion-nocturna-del-cielo.jpg 318w, https:\/\/astrocomplutense.es\/nova\/wp-content\/uploads\/2022\/07\/excursion-y-observacion-nocturna-del-cielo-240x300.jpg 240w\" sizes=\"auto, (max-width: 318px) 100vw, 318px\" \/>\t\t\t\t\t<\/a>\n\t\t\t\t\t\t\t\t\t<\/div>\n\t\t\t\n\t\t\t\t\t\t\t\t\t<\/article>\n\t\t\t\t\t\t\t\t\t\t\t\t\t\t\t\t<article class=\"uagb-post__inner-wrap\">\t\t\t\t\t\t\t\t<h4 class=\"uagb-post__title uagb-post__text\">\n\t\t\t\t<a href=\"https:\/\/astrocomplutense.es\/nova\/observacion-nocturna-en-yela\/\" target=\"_blank\" rel=\"bookmark noopener noreferrer\">Observaci\u00f3n nocturna en Yela<\/a>\n\t\t\t<\/h4>\n\t\t\t\t\t\t<div class='uagb-post__text uagb-post-grid-byline'>\n\t\t\t\t\t\t\t\t<time datetime=\"2022-06-30T10:06:46+02:00\" class=\"uagb-post__date\">\n\t\t\t\t<span class=\"dashicons-calendar dashicons\"><\/span>\t\t\t\t\t30 de junio de 2022\t\t\t\t<\/time>\n\t\t\t\t\t\t<\/div>\n\t\t\t\t\t\t\t<div class='uagb-post__text uagb-post__excerpt'>\n\t\t\t\t\t<p>Observaci\u00f3n nocturna en Yela Por AAC (29 junio 2022) La noche del 29 a 30&#8230;\t\t\t\t<\/div>\n\t\t\t\t\t\t<div class=\"uagb-post__text uagb-post__cta wp-block-button\">\n\t\t\t\t<a class=\"wp-block-button__link uagb-text-link\" style=\"\" href=\"https:\/\/astrocomplutense.es\/nova\/observacion-nocturna-en-yela\/\" target=\"_blank\" rel=\"bookmark noopener noreferrer\">Leer m\u00e1s<\/a>\n\t\t\t<\/div>\n\t\t\t\t\t\t<div class='uagb-post__image'>\n\t\t\t\t\t\t\t\t\t<a href=\"https:\/\/astrocomplutense.es\/nova\/observacion-nocturna-en-yela\/\" target=\"_blank\" rel=\"bookmark noopener noreferrer\"><img loading=\"lazy\" decoding=\"async\" width=\"432\" height=\"540\" src=\"https:\/\/astrocomplutense.es\/nova\/wp-content\/uploads\/2022\/07\/011-Yela_30Jun22.jpg\" class=\"attachment-full size-full\" alt=\"\" srcset=\"https:\/\/astrocomplutense.es\/nova\/wp-content\/uploads\/2022\/07\/011-Yela_30Jun22.jpg 432w, https:\/\/astrocomplutense.es\/nova\/wp-content\/uploads\/2022\/07\/011-Yela_30Jun22-240x300.jpg 240w\" sizes=\"auto, (max-width: 432px) 100vw, 432px\" \/>\t\t\t\t\t<\/a>\n\t\t\t\t\t\t\t\t\t<\/div>\n\t\t\t\n\t\t\t\t\t\t\t\t\t<\/article>\n\t\t\t\t\t\t\t\t\t\t\t\t\t\t\t\t<article class=\"uagb-post__inner-wrap\">\t\t\t\t\t\t\t\t<h4 class=\"uagb-post__title uagb-post__text\">\n\t\t\t\t<a href=\"https:\/\/astrocomplutense.es\/nova\/visita-a-astrohita\/\" target=\"_blank\" rel=\"bookmark noopener noreferrer\">Visita a AstroHita<\/a>\n\t\t\t<\/h4>\n\t\t\t\t\t\t<div class='uagb-post__text uagb-post-grid-byline'>\n\t\t\t\t\t\t\t\t<time datetime=\"2022-06-28T13:00:33+02:00\" class=\"uagb-post__date\">\n\t\t\t\t<span class=\"dashicons-calendar dashicons\"><\/span>\t\t\t\t\t28 de junio de 2022\t\t\t\t<\/time>\n\t\t\t\t\t\t<\/div>\n\t\t\t\t\t\t\t<div class='uagb-post__text uagb-post__excerpt'>\n\t\t\t\t\t<p>Visita a AstroHita Por AAC y TARAT (28 junio 2022) De nuevo nuestra Agrupaci\u00f3n visit\u00f3&#8230;\t\t\t\t<\/div>\n\t\t\t\t\t\t<div class=\"uagb-post__text uagb-post__cta wp-block-button\">\n\t\t\t\t<a class=\"wp-block-button__link uagb-text-link\" style=\"\" href=\"https:\/\/astrocomplutense.es\/nova\/visita-a-astrohita\/\" target=\"_blank\" rel=\"bookmark noopener noreferrer\">Leer m\u00e1s<\/a>\n\t\t\t<\/div>\n\t\t\t\t\t\t<div class='uagb-post__image'>\n\t\t\t\t\t\t\t\t\t<a href=\"https:\/\/astrocomplutense.es\/nova\/visita-a-astrohita\/\" target=\"_blank\" rel=\"bookmark noopener noreferrer\"><img loading=\"lazy\" decoding=\"async\" width=\"243\" height=\"512\" src=\"https:\/\/astrocomplutense.es\/nova\/wp-content\/uploads\/2022\/06\/IMG-20220629-WA0007-1.jpg\" class=\"attachment-full size-full\" alt=\"\" srcset=\"https:\/\/astrocomplutense.es\/nova\/wp-content\/uploads\/2022\/06\/IMG-20220629-WA0007-1.jpg 243w, https:\/\/astrocomplutense.es\/nova\/wp-content\/uploads\/2022\/06\/IMG-20220629-WA0007-1-142x300.jpg 142w\" sizes=\"auto, (max-width: 243px) 100vw, 243px\" \/>\t\t\t\t\t<\/a>\n\t\t\t\t\t\t\t\t\t<\/div>\n\t\t\t\n\t\t\t\t\t\t\t\t\t<\/article>\n\t\t\t\t\t\t\t\t\t\t\t\t\t\t\t\t<article class=\"uagb-post__inner-wrap\">\t\t\t\t\t\t\t\t<h4 class=\"uagb-post__title uagb-post__text\">\n\t\t\t\t<a href=\"https:\/\/astrocomplutense.es\/nova\/visita-al-observatorio-de-yebes\/\" target=\"_blank\" rel=\"bookmark noopener noreferrer\">Visita al Observatorio de Yebes<\/a>\n\t\t\t<\/h4>\n\t\t\t\t\t\t<div class='uagb-post__text uagb-post-grid-byline'>\n\t\t\t\t\t\t\t\t<time datetime=\"2022-06-17T13:01:48+02:00\" class=\"uagb-post__date\">\n\t\t\t\t<span class=\"dashicons-calendar dashicons\"><\/span>\t\t\t\t\t17 de junio de 2022\t\t\t\t<\/time>\n\t\t\t\t\t\t<\/div>\n\t\t\t\t\t\t\t<div class='uagb-post__text uagb-post__excerpt'>\n\t\t\t\t\t<p>Visita al Observatorio de Yebes Por AAC (17 junio 2022) Viernes 17 de Junio de&#8230;\t\t\t\t<\/div>\n\t\t\t\t\t\t<div class=\"uagb-post__text uagb-post__cta wp-block-button\">\n\t\t\t\t<a class=\"wp-block-button__link uagb-text-link\" style=\"\" href=\"https:\/\/astrocomplutense.es\/nova\/visita-al-observatorio-de-yebes\/\" target=\"_blank\" rel=\"bookmark noopener noreferrer\">Leer m\u00e1s<\/a>\n\t\t\t<\/div>\n\t\t\t\t\t\t<div class='uagb-post__image'>\n\t\t\t\t\t\t\t\t\t<a href=\"https:\/\/astrocomplutense.es\/nova\/visita-al-observatorio-de-yebes\/\" target=\"_blank\" rel=\"bookmark noopener noreferrer\"><img loading=\"lazy\" decoding=\"async\" width=\"480\" height=\"321\" src=\"https:\/\/astrocomplutense.es\/nova\/wp-content\/uploads\/2022\/06\/Yebes_Jun22.jpg\" class=\"attachment-full size-full\" alt=\"\" srcset=\"https:\/\/astrocomplutense.es\/nova\/wp-content\/uploads\/2022\/06\/Yebes_Jun22.jpg 480w, https:\/\/astrocomplutense.es\/nova\/wp-content\/uploads\/2022\/06\/Yebes_Jun22-300x201.jpg 300w\" sizes=\"auto, (max-width: 480px) 100vw, 480px\" \/>\t\t\t\t\t<\/a>\n\t\t\t\t\t\t\t\t\t<\/div>\n\t\t\t\n\t\t\t\t\t\t\t\t\t<\/article>\n\t\t\t\t\t\t\t\t\t\t\t\t\t\t\t\t<article class=\"uagb-post__inner-wrap\">\t\t\t\t\t\t\t\t<h4 class=\"uagb-post__title uagb-post__text\">\n\t\t\t\t<a href=\"https:\/\/astrocomplutense.es\/nova\/mecanica-de-los-eclipses\/\" target=\"_blank\" rel=\"bookmark noopener noreferrer\">Mec\u00e1nica de los eclipses<\/a>\n\t\t\t<\/h4>\n\t\t\t\t\t\t<div class='uagb-post__text uagb-post-grid-byline'>\n\t\t\t\t\t\t\t\t<time datetime=\"2022-06-15T10:48:16+02:00\" class=\"uagb-post__date\">\n\t\t\t\t<span class=\"dashicons-calendar dashicons\"><\/span>\t\t\t\t\t15 de junio de 2022\t\t\t\t<\/time>\n\t\t\t\t\t\t<\/div>\n\t\t\t\t\t\t\t<div class='uagb-post__text uagb-post__excerpt'>\n\t\t\t\t\tMi\u00e9rcoles 15 de Junio 2022. Manuel Talero hizo una exposici\u00f3n sobre el funcionamiento de los&#8230;\t\t\t\t<\/div>\n\t\t\t\t\t\t<div class=\"uagb-post__text uagb-post__cta wp-block-button\">\n\t\t\t\t<a class=\"wp-block-button__link uagb-text-link\" style=\"\" href=\"https:\/\/astrocomplutense.es\/nova\/mecanica-de-los-eclipses\/\" target=\"_blank\" rel=\"bookmark noopener noreferrer\">Leer m\u00e1s<\/a>\n\t\t\t<\/div>\n\t\t\t\t\t\t<div class='uagb-post__image'>\n\t\t\t\t\t\t\t\t\t<a href=\"https:\/\/astrocomplutense.es\/nova\/mecanica-de-los-eclipses\/\" target=\"_blank\" rel=\"bookmark noopener noreferrer\"><img loading=\"lazy\" decoding=\"async\" width=\"250\" height=\"183\" src=\"https:\/\/astrocomplutense.es\/nova\/wp-content\/uploads\/2022\/06\/eclipses_Jun22.jpg\" class=\"attachment-full size-full\" alt=\"\" \/>\t\t\t\t\t<\/a>\n\t\t\t\t\t\t\t\t\t<\/div>\n\t\t\t\n\t\t\t\t\t\t\t\t\t<\/article>\n\t\t\t\t\t\t\t\t\t\t\t\t\t\t\t\t<article class=\"uagb-post__inner-wrap\">\t\t\t\t\t\t\t\t<h4 class=\"uagb-post__title uagb-post__text\">\n\t\t\t\t<a href=\"https:\/\/astrocomplutense.es\/nova\/observacion-en-el-ies-pedro-gumiel\/\" target=\"_blank\" rel=\"bookmark noopener noreferrer\">Observaci\u00f3n en el IES Pedro Gumiel<\/a>\n\t\t\t<\/h4>\n\t\t\t\t\t\t<div class='uagb-post__text uagb-post-grid-byline'>\n\t\t\t\t\t\t\t\t<time datetime=\"2022-06-08T18:07:57+02:00\" class=\"uagb-post__date\">\n\t\t\t\t<span class=\"dashicons-calendar dashicons\"><\/span>\t\t\t\t\t8 de junio de 2022\t\t\t\t<\/time>\n\t\t\t\t\t\t<\/div>\n\t\t\t\t\t\t\t<div class='uagb-post__text uagb-post__excerpt'>\n\t\t\t\t\t8 de Junio 2022. Observaci\u00f3n P\u00fablica en el IES Pedro Gumiel de Alcala de Henares.\t\t\t\t<\/div>\n\t\t\t\t\t\t<div class=\"uagb-post__text uagb-post__cta wp-block-button\">\n\t\t\t\t<a class=\"wp-block-button__link uagb-text-link\" style=\"\" href=\"https:\/\/astrocomplutense.es\/nova\/observacion-en-el-ies-pedro-gumiel\/\" target=\"_blank\" rel=\"bookmark noopener noreferrer\">Leer m\u00e1s<\/a>\n\t\t\t<\/div>\n\t\t\t\t\t\t<div class='uagb-post__image'>\n\t\t\t\t\t\t\t\t\t<a href=\"https:\/\/astrocomplutense.es\/nova\/observacion-en-el-ies-pedro-gumiel\/\" target=\"_blank\" rel=\"bookmark noopener noreferrer\"><img loading=\"lazy\" decoding=\"async\" width=\"300\" height=\"200\" src=\"https:\/\/astrocomplutense.es\/nova\/wp-content\/uploads\/2022\/06\/8Jun22_PGumiel.jpg\" class=\"attachment-full size-full\" alt=\"\" \/>\t\t\t\t\t<\/a>\n\t\t\t\t\t\t\t\t\t<\/div>\n\t\t\t\n\t\t\t\t\t\t\t\t\t<\/article>\n\t\t\t\t\t\t\t\t\t\t\t\t\t\t\t\t<article class=\"uagb-post__inner-wrap\">\t\t\t\t\t\t\t\t<h4 class=\"uagb-post__title uagb-post__text\">\n\t\t\t\t<a href=\"https:\/\/astrocomplutense.es\/nova\/los-guardianes-de-la-galaxia-una-noche-de-observacion\/\" target=\"_blank\" rel=\"bookmark noopener noreferrer\">Los Guardianes de la Galaxia. Una noche de observaci\u00f3n<\/a>\n\t\t\t<\/h4>\n\t\t\t\t\t\t<div class='uagb-post__text uagb-post-grid-byline'>\n\t\t\t\t\t\t\t\t<time datetime=\"2022-06-05T08:29:47+02:00\" class=\"uagb-post__date\">\n\t\t\t\t<span class=\"dashicons-calendar dashicons\"><\/span>\t\t\t\t\t5 de junio de 2022\t\t\t\t<\/time>\n\t\t\t\t\t\t<\/div>\n\t\t\t\t\t\t\t<div class='uagb-post__text uagb-post__excerpt'>\n\t\t\t\t\t5 de Junio de 2022. Una noche de observaci\u00f3n en Yela (Guadalajara)\t\t\t\t<\/div>\n\t\t\t\t\t\t<div class=\"uagb-post__text uagb-post__cta wp-block-button\">\n\t\t\t\t<a class=\"wp-block-button__link uagb-text-link\" style=\"\" href=\"https:\/\/astrocomplutense.es\/nova\/los-guardianes-de-la-galaxia-una-noche-de-observacion\/\" target=\"_blank\" rel=\"bookmark noopener noreferrer\">Leer m\u00e1s<\/a>\n\t\t\t<\/div>\n\t\t\t\t\t\t<div class='uagb-post__image'>\n\t\t\t\t\t\t\t\t\t<a href=\"https:\/\/astrocomplutense.es\/nova\/los-guardianes-de-la-galaxia-una-noche-de-observacion\/\" target=\"_blank\" rel=\"bookmark noopener noreferrer\"><img loading=\"lazy\" decoding=\"async\" width=\"250\" height=\"375\" src=\"https:\/\/astrocomplutense.es\/nova\/wp-content\/uploads\/2022\/06\/5Jun22LosGuardianes.jpg\" class=\"attachment-full size-full\" alt=\"\" srcset=\"https:\/\/astrocomplutense.es\/nova\/wp-content\/uploads\/2022\/06\/5Jun22LosGuardianes.jpg 250w, https:\/\/astrocomplutense.es\/nova\/wp-content\/uploads\/2022\/06\/5Jun22LosGuardianes-200x300.jpg 200w\" sizes=\"auto, (max-width: 250px) 100vw, 250px\" \/>\t\t\t\t\t<\/a>\n\t\t\t\t\t\t\t\t\t<\/div>\n\t\t\t\n\t\t\t\t\t\t\t\t\t<\/article>\n\t\t\t\t\t\t\t\t\t\t\t\t\t\t\t\t<article class=\"uagb-post__inner-wrap\">\t\t\t\t\t\t\t\t<h4 class=\"uagb-post__title uagb-post__text\">\n\t\t\t\t<a href=\"https:\/\/astrocomplutense.es\/nova\/que-se-ve-con-un-telescopio-solar\/\" target=\"_blank\" rel=\"bookmark noopener noreferrer\">Qu\u00e9 se ve con un telescopio solar<\/a>\n\t\t\t<\/h4>\n\t\t\t\t\t\t<div class='uagb-post__text uagb-post-grid-byline'>\n\t\t\t\t\t\t\t\t<time datetime=\"2022-06-01T00:00:11+02:00\" class=\"uagb-post__date\">\n\t\t\t\t<span class=\"dashicons-calendar dashicons\"><\/span>\t\t\t\t\t1 de junio de 2022\t\t\t\t<\/time>\n\t\t\t\t\t\t<\/div>\n\t\t\t\t\t\t\t<div class='uagb-post__text uagb-post__excerpt'>\n\t\t\t\t\tMi\u00e9rcoles 1 de junio 2022. Jose Luis del Horno imparti\u00f3 una charla referente al funcionamiento&#8230;\t\t\t\t<\/div>\n\t\t\t\t\t\t<div class=\"uagb-post__text uagb-post__cta wp-block-button\">\n\t\t\t\t<a class=\"wp-block-button__link uagb-text-link\" style=\"\" href=\"https:\/\/astrocomplutense.es\/nova\/que-se-ve-con-un-telescopio-solar\/\" target=\"_blank\" rel=\"bookmark noopener noreferrer\">Leer m\u00e1s<\/a>\n\t\t\t<\/div>\n\t\t\t\t\t\t<div class='uagb-post__image'>\n\t\t\t\t\t\t\t\t\t<a href=\"https:\/\/astrocomplutense.es\/nova\/que-se-ve-con-un-telescopio-solar\/\" target=\"_blank\" rel=\"bookmark noopener noreferrer\"><img loading=\"lazy\" decoding=\"async\" width=\"242\" height=\"178\" src=\"https:\/\/astrocomplutense.es\/nova\/wp-content\/uploads\/2022\/02\/LuntSolar_1-e1654207200536.jpg\" class=\"attachment-full size-full\" alt=\"\" \/>\t\t\t\t\t<\/a>\n\t\t\t\t\t\t\t\t\t<\/div>\n\t\t\t\n\t\t\t\t\t\t\t\t\t<\/article>\n\t\t\t\t\t\t\t\t\t\t\t\t\t\t\t\t<article class=\"uagb-post__inner-wrap\">\t\t\t\t\t\t\t\t<h4 class=\"uagb-post__title uagb-post__text\">\n\t\t\t\t<a href=\"https:\/\/astrocomplutense.es\/nova\/noche-de-observacion\/\" target=\"_blank\" rel=\"bookmark noopener noreferrer\">Noche de Observaci\u00f3n<\/a>\n\t\t\t<\/h4>\n\t\t\t\t\t\t<div class='uagb-post__text uagb-post-grid-byline'>\n\t\t\t\t\t\t\t\t<time datetime=\"2022-05-25T08:06:16+02:00\" class=\"uagb-post__date\">\n\t\t\t\t<span class=\"dashicons-calendar dashicons\"><\/span>\t\t\t\t\t25 de mayo de 2022\t\t\t\t<\/time>\n\t\t\t\t\t\t<\/div>\n\t\t\t\t\t\t\t<div class='uagb-post__text uagb-post__excerpt'>\n\t\t\t\t\tMi\u00e9rcoles 25 de Mayo 2022.\nAlgunos miembros de la AAC realizaron una salida de observaci\u00f3n\t\t\t\t<\/div>\n\t\t\t\t\t\t<div class=\"uagb-post__text uagb-post__cta wp-block-button\">\n\t\t\t\t<a class=\"wp-block-button__link uagb-text-link\" style=\"\" href=\"https:\/\/astrocomplutense.es\/nova\/noche-de-observacion\/\" target=\"_blank\" rel=\"bookmark noopener noreferrer\">Leer m\u00e1s<\/a>\n\t\t\t<\/div>\n\t\t\t\t\t\t<div class='uagb-post__image'>\n\t\t\t\t\t\t\t\t\t<a href=\"https:\/\/astrocomplutense.es\/nova\/noche-de-observacion\/\" target=\"_blank\" rel=\"bookmark noopener noreferrer\"><img loading=\"lazy\" decoding=\"async\" width=\"250\" height=\"244\" src=\"https:\/\/astrocomplutense.es\/nova\/wp-content\/uploads\/2022\/05\/m5-e1653890741512.png\" class=\"attachment-full size-full\" alt=\"\" \/>\t\t\t\t\t<\/a>\n\t\t\t\t\t\t\t\t\t<\/div>\n\t\t\t\n\t\t\t\t\t\t\t\t\t<\/article>\n\t\t\t\t\t\t\t\t\t\t\t\t\t\t\t\t<article class=\"uagb-post__inner-wrap\">\t\t\t\t\t\t\t\t<h4 class=\"uagb-post__title uagb-post__text\">\n\t\t\t\t<a href=\"https:\/\/astrocomplutense.es\/nova\/asamblea-general-extraordinaria\/\" target=\"_blank\" rel=\"bookmark noopener noreferrer\">Asamblea General Extraordinaria<\/a>\n\t\t\t<\/h4>\n\t\t\t\t\t\t<div class='uagb-post__text uagb-post-grid-byline'>\n\t\t\t\t\t\t\t\t<time datetime=\"2022-05-18T00:14:39+02:00\" class=\"uagb-post__date\">\n\t\t\t\t<span class=\"dashicons-calendar dashicons\"><\/span>\t\t\t\t\t18 de mayo de 2022\t\t\t\t<\/time>\n\t\t\t\t\t\t<\/div>\n\t\t\t\t\t\t\t<div class='uagb-post__text uagb-post__excerpt'>\n\t\t\t\t\tMi\u00e9rcoles 18 de mayo de 2022. Asamblea General Extraordinaria\t\t\t\t<\/div>\n\t\t\t\t\t\t<div class=\"uagb-post__text uagb-post__cta wp-block-button\">\n\t\t\t\t<a class=\"wp-block-button__link uagb-text-link\" style=\"\" href=\"https:\/\/astrocomplutense.es\/nova\/asamblea-general-extraordinaria\/\" target=\"_blank\" rel=\"bookmark noopener noreferrer\">Leer m\u00e1s<\/a>\n\t\t\t<\/div>\n\t\t\t\t\t\t<div class='uagb-post__image'>\n\t\t\t\t\t\t\t<\/div>\n\t\t\t\n\t\t\t\t\t\t\t\t\t<\/article>\n\t\t\t\t\t\t\t\t\t\t\t\t\t\t\t\t<article class=\"uagb-post__inner-wrap\">\t\t\t\t\t\t\t\t<h4 class=\"uagb-post__title uagb-post__text\">\n\t\t\t\t<a href=\"https:\/\/astrocomplutense.es\/nova\/eclipse-de-luna-16-mayo-de-2022\/\" target=\"_blank\" rel=\"bookmark noopener noreferrer\">Eclipse de Luna 16 mayo de 2022<\/a>\n\t\t\t<\/h4>\n\t\t\t\t\t\t<div class='uagb-post__text uagb-post-grid-byline'>\n\t\t\t\t\t\t\t\t<time datetime=\"2022-05-16T11:37:01+02:00\" class=\"uagb-post__date\">\n\t\t\t\t<span class=\"dashicons-calendar dashicons\"><\/span>\t\t\t\t\t16 de mayo de 2022\t\t\t\t<\/time>\n\t\t\t\t\t\t<\/div>\n\t\t\t\t\t\t\t<div class='uagb-post__text uagb-post__excerpt'>\n\t\t\t\t\tEclipse total de Luna 16 de Mayo de 2022\t\t\t\t<\/div>\n\t\t\t\t\t\t<div class=\"uagb-post__text uagb-post__cta wp-block-button\">\n\t\t\t\t<a class=\"wp-block-button__link uagb-text-link\" style=\"\" href=\"https:\/\/astrocomplutense.es\/nova\/eclipse-de-luna-16-mayo-de-2022\/\" target=\"_blank\" rel=\"bookmark noopener noreferrer\">Leer m\u00e1s<\/a>\n\t\t\t<\/div>\n\t\t\t\t\t\t<div class='uagb-post__image'>\n\t\t\t\t\t\t\t\t\t<a href=\"https:\/\/astrocomplutense.es\/nova\/eclipse-de-luna-16-mayo-de-2022\/\" target=\"_blank\" rel=\"bookmark noopener noreferrer\"><img loading=\"lazy\" decoding=\"async\" width=\"454\" height=\"231\" src=\"https:\/\/astrocomplutense.es\/nova\/wp-content\/uploads\/2022\/05\/eclipLuna16May22.jpg\" class=\"attachment-full size-full\" alt=\"\" srcset=\"https:\/\/astrocomplutense.es\/nova\/wp-content\/uploads\/2022\/05\/eclipLuna16May22.jpg 454w, https:\/\/astrocomplutense.es\/nova\/wp-content\/uploads\/2022\/05\/eclipLuna16May22-300x153.jpg 300w\" sizes=\"auto, (max-width: 454px) 100vw, 454px\" \/>\t\t\t\t\t<\/a>\n\t\t\t\t\t\t\t\t\t<\/div>\n\t\t\t\n\t\t\t\t\t\t\t\t\t<\/article>\n\t\t\t\t\t\t\t\t\t\t\t\t\t\t\t\t<article class=\"uagb-post__inner-wrap\">\t\t\t\t\t\t\t\t<h4 class=\"uagb-post__title uagb-post__text\">\n\t\t\t\t<a href=\"https:\/\/astrocomplutense.es\/nova\/fotografiar-el-eclipse-total-de-luna-del-16-de-mayo\/\" target=\"_blank\" rel=\"bookmark noopener noreferrer\">Fotografiar el eclipse total de Luna del 16 de Mayo<\/a>\n\t\t\t<\/h4>\n\t\t\t\t\t\t<div class='uagb-post__text uagb-post-grid-byline'>\n\t\t\t\t\t\t\t\t<time datetime=\"2022-05-11T18:45:29+02:00\" class=\"uagb-post__date\">\n\t\t\t\t<span class=\"dashicons-calendar dashicons\"><\/span>\t\t\t\t\t11 de mayo de 2022\t\t\t\t<\/time>\n\t\t\t\t\t\t<\/div>\n\t\t\t\t\t\t\t<div class='uagb-post__text uagb-post__excerpt'>\n\t\t\t\t\tMi\u00e9rcoles 11 de Mayo de 2022:\nCon motivo del eclipse total de Luna que se producir\u00e1&#8230;\t\t\t\t<\/div>\n\t\t\t\t\t\t<div class=\"uagb-post__text uagb-post__cta wp-block-button\">\n\t\t\t\t<a class=\"wp-block-button__link uagb-text-link\" style=\"\" href=\"https:\/\/astrocomplutense.es\/nova\/fotografiar-el-eclipse-total-de-luna-del-16-de-mayo\/\" target=\"_blank\" rel=\"bookmark noopener noreferrer\">Leer m\u00e1s<\/a>\n\t\t\t<\/div>\n\t\t\t\t\t\t<div class='uagb-post__image'>\n\t\t\t\t\t\t\t\t\t<a href=\"https:\/\/astrocomplutense.es\/nova\/fotografiar-el-eclipse-total-de-luna-del-16-de-mayo\/\" target=\"_blank\" rel=\"bookmark noopener noreferrer\"><img loading=\"lazy\" decoding=\"async\" width=\"727\" height=\"415\" src=\"https:\/\/astrocomplutense.es\/nova\/wp-content\/uploads\/2022\/05\/charla11May22.jpg\" class=\"attachment-full size-full\" alt=\"\" srcset=\"https:\/\/astrocomplutense.es\/nova\/wp-content\/uploads\/2022\/05\/charla11May22.jpg 727w, https:\/\/astrocomplutense.es\/nova\/wp-content\/uploads\/2022\/05\/charla11May22-300x171.jpg 300w\" sizes=\"auto, (max-width: 727px) 100vw, 727px\" \/>\t\t\t\t\t<\/a>\n\t\t\t\t\t\t\t\t\t<\/div>\n\t\t\t\n\t\t\t\t\t\t\t\t\t<\/article>\n\t\t\t\t\t\t\t\t\t\t\t\t\t\t\t\t<article class=\"uagb-post__inner-wrap\">\t\t\t\t\t\t\t\t<h4 class=\"uagb-post__title uagb-post__text\">\n\t\t\t\t<a href=\"https:\/\/astrocomplutense.es\/nova\/dia-mundial-de-la-astronomia\/\" target=\"_blank\" rel=\"bookmark noopener noreferrer\">D\u00eda Mundial de la Astronom\u00eda<\/a>\n\t\t\t<\/h4>\n\t\t\t\t\t\t<div class='uagb-post__text uagb-post-grid-byline'>\n\t\t\t\t\t\t\t\t<time datetime=\"2022-05-07T15:31:19+02:00\" class=\"uagb-post__date\">\n\t\t\t\t<span class=\"dashicons-calendar dashicons\"><\/span>\t\t\t\t\t7 de mayo de 2022\t\t\t\t<\/time>\n\t\t\t\t\t\t<\/div>\n\t\t\t\t\t\t\t<div class='uagb-post__text uagb-post__excerpt'>\n\t\t\t\t\tS\u00e1bado 7 de mayo 2022. Colaboraci\u00f3n para OFM en la Casa de la Juventud. Charla&#8230;\t\t\t\t<\/div>\n\t\t\t\t\t\t<div class=\"uagb-post__text uagb-post__cta wp-block-button\">\n\t\t\t\t<a class=\"wp-block-button__link uagb-text-link\" style=\"\" href=\"https:\/\/astrocomplutense.es\/nova\/dia-mundial-de-la-astronomia\/\" target=\"_blank\" rel=\"bookmark noopener noreferrer\">Leer m\u00e1s<\/a>\n\t\t\t<\/div>\n\t\t\t\t\t\t<div class='uagb-post__image'>\n\t\t\t\t\t\t\t\t\t<a href=\"https:\/\/astrocomplutense.es\/nova\/dia-mundial-de-la-astronomia\/\" target=\"_blank\" rel=\"bookmark noopener noreferrer\"><img loading=\"lazy\" decoding=\"async\" width=\"300\" height=\"450\" src=\"https:\/\/astrocomplutense.es\/nova\/wp-content\/uploads\/2022\/05\/dma7May22.jpg\" class=\"attachment-full size-full\" alt=\"\" srcset=\"https:\/\/astrocomplutense.es\/nova\/wp-content\/uploads\/2022\/05\/dma7May22.jpg 300w, https:\/\/astrocomplutense.es\/nova\/wp-content\/uploads\/2022\/05\/dma7May22-200x300.jpg 200w\" sizes=\"auto, (max-width: 300px) 100vw, 300px\" \/>\t\t\t\t\t<\/a>\n\t\t\t\t\t\t\t\t\t<\/div>\n\t\t\t\n\t\t\t\t\t\t\t\t\t<\/article>\n\t\t\t\t\t\t\t\t\t\t\t\t\t\t\t\t<article class=\"uagb-post__inner-wrap\">\t\t\t\t\t\t\t\t<h4 class=\"uagb-post__title uagb-post__text\">\n\t\t\t\t<a href=\"https:\/\/astrocomplutense.es\/nova\/observacion-publica-en-tortola-de-henares-2\/\" target=\"_blank\" rel=\"bookmark noopener noreferrer\">Observaci\u00f3n p\u00fablica en T\u00f3rtola de Henares<\/a>\n\t\t\t<\/h4>\n\t\t\t\t\t\t<div class='uagb-post__text uagb-post-grid-byline'>\n\t\t\t\t\t\t\t\t<time datetime=\"2022-05-06T09:58:54+02:00\" class=\"uagb-post__date\">\n\t\t\t\t<span class=\"dashicons-calendar dashicons\"><\/span>\t\t\t\t\t6 de mayo de 2022\t\t\t\t<\/time>\n\t\t\t\t\t\t<\/div>\n\t\t\t\t\t\t\t<div class='uagb-post__text uagb-post__excerpt'>\n\t\t\t\t\t6 de mayo 2022. Observaci\u00f3n P\u00fablica patrocinada por el AMPA de la localidad.\t\t\t\t<\/div>\n\t\t\t\t\t\t<div class=\"uagb-post__text uagb-post__cta wp-block-button\">\n\t\t\t\t<a class=\"wp-block-button__link uagb-text-link\" style=\"\" href=\"https:\/\/astrocomplutense.es\/nova\/observacion-publica-en-tortola-de-henares-2\/\" target=\"_blank\" rel=\"bookmark noopener noreferrer\">Leer m\u00e1s<\/a>\n\t\t\t<\/div>\n\t\t\t\t\t\t<div class='uagb-post__image'>\n\t\t\t\t\t\t\t\t\t<a href=\"https:\/\/astrocomplutense.es\/nova\/observacion-publica-en-tortola-de-henares-2\/\" target=\"_blank\" rel=\"bookmark noopener noreferrer\"><img loading=\"lazy\" decoding=\"async\" width=\"259\" height=\"367\" src=\"https:\/\/astrocomplutense.es\/nova\/wp-content\/uploads\/2022\/05\/logoTortola6May22.jpg\" class=\"attachment-full size-full\" alt=\"\" srcset=\"https:\/\/astrocomplutense.es\/nova\/wp-content\/uploads\/2022\/05\/logoTortola6May22.jpg 259w, https:\/\/astrocomplutense.es\/nova\/wp-content\/uploads\/2022\/05\/logoTortola6May22-212x300.jpg 212w\" sizes=\"auto, (max-width: 259px) 100vw, 259px\" \/>\t\t\t\t\t<\/a>\n\t\t\t\t\t\t\t\t\t<\/div>\n\t\t\t\n\t\t\t\t\t\t\t\t\t<\/article>\n\t\t\t\t\t\t\t\t\t\t\t\t\t\t\t\t<article class=\"uagb-post__inner-wrap\">\t\t\t\t\t\t\t\t<h4 class=\"uagb-post__title uagb-post__text\">\n\t\t\t\t<a href=\"https:\/\/astrocomplutense.es\/nova\/planificacion-de-eventos\/\" target=\"_blank\" rel=\"bookmark noopener noreferrer\">Planificaci\u00f3n de eventos<\/a>\n\t\t\t<\/h4>\n\t\t\t\t\t\t<div class='uagb-post__text uagb-post-grid-byline'>\n\t\t\t\t\t\t\t\t<time datetime=\"2022-05-04T16:04:00+02:00\" class=\"uagb-post__date\">\n\t\t\t\t<span class=\"dashicons-calendar dashicons\"><\/span>\t\t\t\t\t4 de mayo de 2022\t\t\t\t<\/time>\n\t\t\t\t\t\t<\/div>\n\t\t\t\t\t\t\t<div class='uagb-post__text uagb-post__excerpt'>\n\t\t\t\t\tMi\u00e9rcoles 4 de mayo 2022. Dedicamos la reuni\u00f3n a terminar de planificar las pr\u00f3ximas actividades&#8230;\t\t\t\t<\/div>\n\t\t\t\t\t\t<div class=\"uagb-post__text uagb-post__cta wp-block-button\">\n\t\t\t\t<a class=\"wp-block-button__link uagb-text-link\" style=\"\" href=\"https:\/\/astrocomplutense.es\/nova\/planificacion-de-eventos\/\" target=\"_blank\" rel=\"bookmark noopener noreferrer\">Leer m\u00e1s<\/a>\n\t\t\t<\/div>\n\t\t\t\t\t\t<div class='uagb-post__image'>\n\t\t\t\t\t\t\t\t\t<a href=\"https:\/\/astrocomplutense.es\/nova\/planificacion-de-eventos\/\" target=\"_blank\" rel=\"bookmark noopener noreferrer\"><img loading=\"lazy\" decoding=\"async\" width=\"100\" height=\"100\" src=\"https:\/\/astrocomplutense.es\/nova\/wp-content\/uploads\/2023\/10\/agrupa2-e1696488376702.png\" class=\"attachment-full size-full\" alt=\"\" \/>\t\t\t\t\t<\/a>\n\t\t\t\t\t\t\t\t\t<\/div>\n\t\t\t\n\t\t\t\t\t\t\t\t\t<\/article>\n\t\t\t\t\t\t\t\t\t\t\t\t\t\t\t\t<article class=\"uagb-post__inner-wrap\">\t\t\t\t\t\t\t\t<h4 class=\"uagb-post__title uagb-post__text\">\n\t\t\t\t<a href=\"https:\/\/astrocomplutense.es\/nova\/planificacion\/\" target=\"_blank\" rel=\"bookmark noopener noreferrer\">Planificaci\u00f3n<\/a>\n\t\t\t<\/h4>\n\t\t\t\t\t\t<div class='uagb-post__text uagb-post-grid-byline'>\n\t\t\t\t\t\t\t\t<time datetime=\"2022-04-27T09:49:58+02:00\" class=\"uagb-post__date\">\n\t\t\t\t<span class=\"dashicons-calendar dashicons\"><\/span>\t\t\t\t\t27 de abril de 2022\t\t\t\t<\/time>\n\t\t\t\t\t\t<\/div>\n\t\t\t\t\t\t\t<div class='uagb-post__text uagb-post__excerpt'>\n\t\t\t\t\tMi\u00e9rcoles 27 Abril 2022. Lo dedicamos a la planificaci\u00f3n de las pr\u00f3ximas actividades\t\t\t\t<\/div>\n\t\t\t\t\t\t<div class=\"uagb-post__text uagb-post__cta wp-block-button\">\n\t\t\t\t<a class=\"wp-block-button__link uagb-text-link\" style=\"\" href=\"https:\/\/astrocomplutense.es\/nova\/planificacion\/\" target=\"_blank\" rel=\"bookmark noopener noreferrer\">Leer m\u00e1s<\/a>\n\t\t\t<\/div>\n\t\t\t\t\t\t<div class='uagb-post__image'>\n\t\t\t\t\t\t\t\t\t<a href=\"https:\/\/astrocomplutense.es\/nova\/planificacion\/\" target=\"_blank\" rel=\"bookmark noopener noreferrer\"><img loading=\"lazy\" decoding=\"async\" width=\"50\" height=\"50\" src=\"https:\/\/astrocomplutense.es\/nova\/wp-content\/uploads\/2023\/10\/logo.png\" class=\"attachment-full size-full\" alt=\"\" \/>\t\t\t\t\t<\/a>\n\t\t\t\t\t\t\t\t\t<\/div>\n\t\t\t\n\t\t\t\t\t\t\t\t\t<\/article>\n\t\t\t\t\t\t\t\t\t\t\t\t\t\t\t\t<article class=\"uagb-post__inner-wrap\">\t\t\t\t\t\t\t\t<h4 class=\"uagb-post__title uagb-post__text\">\n\t\t\t\t<a href=\"https:\/\/astrocomplutense.es\/nova\/asamblea-general\/\" target=\"_blank\" rel=\"bookmark noopener noreferrer\">Asamblea General<\/a>\n\t\t\t<\/h4>\n\t\t\t\t\t\t<div class='uagb-post__text uagb-post-grid-byline'>\n\t\t\t\t\t\t\t\t<time datetime=\"2022-04-20T12:23:52+02:00\" class=\"uagb-post__date\">\n\t\t\t\t<span class=\"dashicons-calendar dashicons\"><\/span>\t\t\t\t\t20 de abril de 2022\t\t\t\t<\/time>\n\t\t\t\t\t\t<\/div>\n\t\t\t\t\t\t\t<div class='uagb-post__text uagb-post__excerpt'>\n\t\t\t\t\tMi\u00e9rcoles, 20 de Abril 2022. Asamblea general\t\t\t\t<\/div>\n\t\t\t\t\t\t<div class=\"uagb-post__text uagb-post__cta wp-block-button\">\n\t\t\t\t<a class=\"wp-block-button__link uagb-text-link\" style=\"\" href=\"https:\/\/astrocomplutense.es\/nova\/asamblea-general\/\" target=\"_blank\" rel=\"bookmark noopener noreferrer\">Leer m\u00e1s<\/a>\n\t\t\t<\/div>\n\t\t\t\t\t\t<div class='uagb-post__image'>\n\t\t\t\t\t\t\t\t\t<a href=\"https:\/\/astrocomplutense.es\/nova\/asamblea-general\/\" target=\"_blank\" rel=\"bookmark noopener noreferrer\"><img loading=\"lazy\" decoding=\"async\" width=\"50\" height=\"50\" src=\"https:\/\/astrocomplutense.es\/nova\/wp-content\/uploads\/2023\/10\/logo.png\" class=\"attachment-full size-full\" alt=\"\" \/>\t\t\t\t\t<\/a>\n\t\t\t\t\t\t\t\t\t<\/div>\n\t\t\t\n\t\t\t\t\t\t\t\t\t<\/article>\n\t\t\t\t\t\t\t\t\t\t\t\t\t\t\t\t<article class=\"uagb-post__inner-wrap\">\t\t\t\t\t\t\t\t<h4 class=\"uagb-post__title uagb-post__text\">\n\t\t\t\t<a href=\"https:\/\/astrocomplutense.es\/nova\/efemerides-a-largo-plazo-ii\/\" target=\"_blank\" rel=\"bookmark noopener noreferrer\">Efem\u00e9rides a largo plazo II<\/a>\n\t\t\t<\/h4>\n\t\t\t\t\t\t<div class='uagb-post__text uagb-post-grid-byline'>\n\t\t\t\t\t\t\t\t<time datetime=\"2022-04-06T21:28:46+02:00\" class=\"uagb-post__date\">\n\t\t\t\t<span class=\"dashicons-calendar dashicons\"><\/span>\t\t\t\t\t6 de abril de 2022\t\t\t\t<\/time>\n\t\t\t\t\t\t<\/div>\n\t\t\t\t\t\t\t<div class='uagb-post__text uagb-post__excerpt'>\n\t\t\t\t\tEl mi\u00e9rcoles 6 de abril de 2022 continuamos con la segunda parte de las efem\u00e9rides&#8230;\t\t\t\t<\/div>\n\t\t\t\t\t\t<div class=\"uagb-post__text uagb-post__cta wp-block-button\">\n\t\t\t\t<a class=\"wp-block-button__link uagb-text-link\" style=\"\" href=\"https:\/\/astrocomplutense.es\/nova\/efemerides-a-largo-plazo-ii\/\" target=\"_blank\" rel=\"bookmark noopener noreferrer\">Leer m\u00e1s<\/a>\n\t\t\t<\/div>\n\t\t\t\t\t\t<div class='uagb-post__image'>\n\t\t\t\t\t\t\t\t\t<a href=\"https:\/\/astrocomplutense.es\/nova\/efemerides-a-largo-plazo-ii\/\" target=\"_blank\" rel=\"bookmark noopener noreferrer\"><img loading=\"lazy\" decoding=\"async\" width=\"221\" height=\"309\" src=\"https:\/\/astrocomplutense.es\/nova\/wp-content\/uploads\/2022\/04\/efemerideslargoplazo06Abr22.jpg\" class=\"attachment-full size-full\" alt=\"\" srcset=\"https:\/\/astrocomplutense.es\/nova\/wp-content\/uploads\/2022\/04\/efemerideslargoplazo06Abr22.jpg 221w, https:\/\/astrocomplutense.es\/nova\/wp-content\/uploads\/2022\/04\/efemerideslargoplazo06Abr22-215x300.jpg 215w\" sizes=\"auto, (max-width: 221px) 100vw, 221px\" \/>\t\t\t\t\t<\/a>\n\t\t\t\t\t\t\t\t\t<\/div>\n\t\t\t\n\t\t\t\t\t\t\t\t\t<\/article>\n\t\t\t\t\t\t\t\t\t\t\t\t\t\t\t\t<article class=\"uagb-post__inner-wrap\">\t\t\t\t\t\t\t\t<h4 class=\"uagb-post__title uagb-post__text\">\n\t\t\t\t<a href=\"https:\/\/astrocomplutense.es\/nova\/maraton-messier\/\" target=\"_blank\" rel=\"bookmark noopener noreferrer\">Marat\u00f3n Messier<\/a>\n\t\t\t<\/h4>\n\t\t\t\t\t\t<div class='uagb-post__text uagb-post-grid-byline'>\n\t\t\t\t\t\t\t\t<time datetime=\"2022-04-02T23:11:30+02:00\" class=\"uagb-post__date\">\n\t\t\t\t<span class=\"dashicons-calendar dashicons\"><\/span>\t\t\t\t\t2 de abril de 2022\t\t\t\t<\/time>\n\t\t\t\t\t\t<\/div>\n\t\t\t\t\t\t\t<div class='uagb-post__text uagb-post__excerpt'>\n\t\t\t\t\tS\u00e1bado 2 de abril 2022. En la esplanada de Pioz pudimos, por fin, realizar el&#8230;\t\t\t\t<\/div>\n\t\t\t\t\t\t<div class=\"uagb-post__text uagb-post__cta wp-block-button\">\n\t\t\t\t<a class=\"wp-block-button__link uagb-text-link\" style=\"\" href=\"https:\/\/astrocomplutense.es\/nova\/maraton-messier\/\" target=\"_blank\" rel=\"bookmark noopener noreferrer\">Leer m\u00e1s<\/a>\n\t\t\t<\/div>\n\t\t\t\t\t\t<div class='uagb-post__image'>\n\t\t\t\t\t\t\t\t\t<a href=\"https:\/\/astrocomplutense.es\/nova\/maraton-messier\/\" target=\"_blank\" rel=\"bookmark noopener noreferrer\"><img loading=\"lazy\" decoding=\"async\" width=\"1024\" height=\"576\" src=\"https:\/\/astrocomplutense.es\/nova\/wp-content\/uploads\/2022\/04\/maratonmessierFeb22-1024x576-1.jpg\" class=\"attachment-full size-full\" alt=\"\" srcset=\"https:\/\/astrocomplutense.es\/nova\/wp-content\/uploads\/2022\/04\/maratonmessierFeb22-1024x576-1.jpg 1024w, https:\/\/astrocomplutense.es\/nova\/wp-content\/uploads\/2022\/04\/maratonmessierFeb22-1024x576-1-300x169.jpg 300w, https:\/\/astrocomplutense.es\/nova\/wp-content\/uploads\/2022\/04\/maratonmessierFeb22-1024x576-1-768x432.jpg 768w\" sizes=\"auto, (max-width: 1024px) 100vw, 1024px\" \/>\t\t\t\t\t<\/a>\n\t\t\t\t\t\t\t\t\t<\/div>\n\t\t\t\n\t\t\t\t\t\t\t\t\t<\/article>\n\t\t\t\t\t\t\t\t\t\t\t\t\t\t\t\t<article class=\"uagb-post__inner-wrap\">\t\t\t\t\t\t\t\t<h4 class=\"uagb-post__title uagb-post__text\">\n\t\t\t\t<a href=\"https:\/\/astrocomplutense.es\/nova\/efemerides-a-largo-plazo\/\" target=\"_blank\" rel=\"bookmark noopener noreferrer\">Efem\u00e9rides a largo plazo<\/a>\n\t\t\t<\/h4>\n\t\t\t\t\t\t<div class='uagb-post__text uagb-post-grid-byline'>\n\t\t\t\t\t\t\t\t<time datetime=\"2022-03-30T10:41:48+02:00\" class=\"uagb-post__date\">\n\t\t\t\t<span class=\"dashicons-calendar dashicons\"><\/span>\t\t\t\t\t30 de marzo de 2022\t\t\t\t<\/time>\n\t\t\t\t\t\t<\/div>\n\t\t\t\t\t\t\t<div class='uagb-post__text uagb-post__excerpt'>\n\t\t\t\t\t<p>Efem\u00e9rides a largo plazo Por Manuel Talero (30 marzo 2022) Manuel Talero nos mostr\u00f3 con&#8230;\t\t\t\t<\/div>\n\t\t\t\t\t\t<div class=\"uagb-post__text uagb-post__cta wp-block-button\">\n\t\t\t\t<a class=\"wp-block-button__link uagb-text-link\" style=\"\" href=\"https:\/\/astrocomplutense.es\/nova\/efemerides-a-largo-plazo\/\" target=\"_blank\" rel=\"bookmark noopener noreferrer\">Leer m\u00e1s<\/a>\n\t\t\t<\/div>\n\t\t\t\t\t\t<div class='uagb-post__image'>\n\t\t\t\t\t\t\t<\/div>\n\t\t\t\n\t\t\t\t\t\t\t\t\t<\/article>\n\t\t\t\t\t\t\t\t\t\t\t\t\t\t\t\t<article class=\"uagb-post__inner-wrap\">\t\t\t\t\t\t\t\t<h4 class=\"uagb-post__title uagb-post__text\">\n\t\t\t\t<a href=\"https:\/\/astrocomplutense.es\/nova\/actividad-para-ofm\/\" target=\"_blank\" rel=\"bookmark noopener noreferrer\">Actividad para OFM<\/a>\n\t\t\t<\/h4>\n\t\t\t\t\t\t<div class='uagb-post__text uagb-post-grid-byline'>\n\t\t\t\t\t\t\t\t<time datetime=\"2022-03-23T00:10:05+01:00\" class=\"uagb-post__date\">\n\t\t\t\t<span class=\"dashicons-calendar dashicons\"><\/span>\t\t\t\t\t23 de marzo de 2022\t\t\t\t<\/time>\n\t\t\t\t\t\t<\/div>\n\t\t\t\t\t\t\t<div class='uagb-post__text uagb-post__excerpt'>\n\t\t\t\t\t23 de Marzo de 2022. Nos reunimos en el local para discutir sobre la proposici\u00f3n&#8230;\t\t\t\t<\/div>\n\t\t\t\t\t\t<div class=\"uagb-post__text uagb-post__cta wp-block-button\">\n\t\t\t\t<a class=\"wp-block-button__link uagb-text-link\" style=\"\" href=\"https:\/\/astrocomplutense.es\/nova\/actividad-para-ofm\/\" target=\"_blank\" rel=\"bookmark noopener noreferrer\">Leer m\u00e1s<\/a>\n\t\t\t<\/div>\n\t\t\t\t\t\t<div class='uagb-post__image'>\n\t\t\t\t\t\t\t\t\t<a href=\"https:\/\/astrocomplutense.es\/nova\/actividad-para-ofm\/\" target=\"_blank\" rel=\"bookmark noopener noreferrer\"><img loading=\"lazy\" decoding=\"async\" width=\"300\" height=\"374\" src=\"https:\/\/astrocomplutense.es\/nova\/wp-content\/uploads\/2022\/03\/23Mar22-1.jpg\" class=\"attachment-full size-full\" alt=\"\" srcset=\"https:\/\/astrocomplutense.es\/nova\/wp-content\/uploads\/2022\/03\/23Mar22-1.jpg 300w, https:\/\/astrocomplutense.es\/nova\/wp-content\/uploads\/2022\/03\/23Mar22-1-241x300.jpg 241w\" sizes=\"auto, (max-width: 300px) 100vw, 300px\" \/>\t\t\t\t\t<\/a>\n\t\t\t\t\t\t\t\t\t<\/div>\n\t\t\t\n\t\t\t\t\t\t\t\t\t<\/article>\n\t\t\t\t\t\t\t\t\t\t\t\t\t\t\t\t<article class=\"uagb-post__inner-wrap\">\t\t\t\t\t\t\t\t<h4 class=\"uagb-post__title uagb-post__text\">\n\t\t\t\t<a href=\"https:\/\/astrocomplutense.es\/nova\/observacion-en-profundidad\/\" target=\"_blank\" rel=\"bookmark noopener noreferrer\">Observaci\u00f3n en profundidad<\/a>\n\t\t\t<\/h4>\n\t\t\t\t\t\t<div class='uagb-post__text uagb-post-grid-byline'>\n\t\t\t\t\t\t\t\t<time datetime=\"2022-03-17T01:29:32+01:00\" class=\"uagb-post__date\">\n\t\t\t\t<span class=\"dashicons-calendar dashicons\"><\/span>\t\t\t\t\t17 de marzo de 2022\t\t\t\t<\/time>\n\t\t\t\t\t\t<\/div>\n\t\t\t\t\t\t\t<div class='uagb-post__text uagb-post__excerpt'>\n\t\t\t\t\tMi\u00e9rcoles 16 de marzo de 2022. Charla impartida por Jose Luis del Horno. en la&#8230;\t\t\t\t<\/div>\n\t\t\t\t\t\t<div class=\"uagb-post__text uagb-post__cta wp-block-button\">\n\t\t\t\t<a class=\"wp-block-button__link uagb-text-link\" style=\"\" href=\"https:\/\/astrocomplutense.es\/nova\/observacion-en-profundidad\/\" target=\"_blank\" rel=\"bookmark noopener noreferrer\">Leer m\u00e1s<\/a>\n\t\t\t<\/div>\n\t\t\t\t\t\t<div class='uagb-post__image'>\n\t\t\t\t\t\t\t\t\t<a href=\"https:\/\/astrocomplutense.es\/nova\/observacion-en-profundidad\/\" target=\"_blank\" rel=\"bookmark noopener noreferrer\"><img loading=\"lazy\" decoding=\"async\" width=\"768\" height=\"551\" src=\"https:\/\/astrocomplutense.es\/nova\/wp-content\/uploads\/2022\/03\/pexels-pixabay-2150-1-1-1-1-1-1-1-1-768x551-1.jpg\" class=\"attachment-full size-full\" alt=\"\" srcset=\"https:\/\/astrocomplutense.es\/nova\/wp-content\/uploads\/2022\/03\/pexels-pixabay-2150-1-1-1-1-1-1-1-1-768x551-1.jpg 768w, https:\/\/astrocomplutense.es\/nova\/wp-content\/uploads\/2022\/03\/pexels-pixabay-2150-1-1-1-1-1-1-1-1-768x551-1-300x215.jpg 300w\" sizes=\"auto, (max-width: 768px) 100vw, 768px\" \/>\t\t\t\t\t<\/a>\n\t\t\t\t\t\t\t\t\t<\/div>\n\t\t\t\n\t\t\t\t\t\t\t\t\t<\/article>\n\t\t\t\t\t\t\t\t\t\t\t\t\t\t\t\t<article class=\"uagb-post__inner-wrap\">\t\t\t\t\t\t\t\t<h4 class=\"uagb-post__title uagb-post__text\">\n\t\t\t\t<a href=\"https:\/\/astrocomplutense.es\/nova\/procesado-de-las-fotos-de-berninches\/\" target=\"_blank\" rel=\"bookmark noopener noreferrer\">Procesado de las fotos de Berninches<\/a>\n\t\t\t<\/h4>\n\t\t\t\t\t\t<div class='uagb-post__text uagb-post-grid-byline'>\n\t\t\t\t\t\t\t\t<time datetime=\"2022-03-09T15:15:59+01:00\" class=\"uagb-post__date\">\n\t\t\t\t<span class=\"dashicons-calendar dashicons\"><\/span>\t\t\t\t\t9 de marzo de 2022\t\t\t\t<\/time>\n\t\t\t\t\t\t<\/div>\n\t\t\t\t\t\t\t<div class='uagb-post__text uagb-post__excerpt'>\n\t\t\t\t\t9 de Marzo de 2022. Mediante videoconferencia charlamos sobre los distintos modos de procesamiento de&#8230;\t\t\t\t<\/div>\n\t\t\t\t\t\t<div class=\"uagb-post__text uagb-post__cta wp-block-button\">\n\t\t\t\t<a class=\"wp-block-button__link uagb-text-link\" style=\"\" href=\"https:\/\/astrocomplutense.es\/nova\/procesado-de-las-fotos-de-berninches\/\" target=\"_blank\" rel=\"bookmark noopener noreferrer\">Leer m\u00e1s<\/a>\n\t\t\t<\/div>\n\t\t\t\t\t\t<div class='uagb-post__image'>\n\t\t\t\t\t\t\t\t\t<a href=\"https:\/\/astrocomplutense.es\/nova\/procesado-de-las-fotos-de-berninches\/\" target=\"_blank\" rel=\"bookmark noopener noreferrer\"><img loading=\"lazy\" decoding=\"async\" width=\"500\" height=\"323\" src=\"https:\/\/astrocomplutense.es\/nova\/wp-content\/uploads\/2022\/02\/Berninches25Ene22_a-1.jpg\" class=\"attachment-full size-full\" alt=\"\" srcset=\"https:\/\/astrocomplutense.es\/nova\/wp-content\/uploads\/2022\/02\/Berninches25Ene22_a-1.jpg 500w, https:\/\/astrocomplutense.es\/nova\/wp-content\/uploads\/2022\/02\/Berninches25Ene22_a-1-300x194.jpg 300w\" sizes=\"auto, (max-width: 500px) 100vw, 500px\" \/>\t\t\t\t\t<\/a>\n\t\t\t\t\t\t\t\t\t<\/div>\n\t\t\t\n\t\t\t\t\t\t\t\t\t<\/article>\n\t\t\t\t\t\t\t\t\t\t\t\t\t\t\t\t<article class=\"uagb-post__inner-wrap\">\t\t\t\t\t\t\t\t<h4 class=\"uagb-post__title uagb-post__text\">\n\t\t\t\t<a href=\"https:\/\/astrocomplutense.es\/nova\/preparacion-maraton-messier-2022\/\" target=\"_blank\" rel=\"bookmark noopener noreferrer\">Preparaci\u00f3n Marat\u00f3n Messier 2022<\/a>\n\t\t\t<\/h4>\n\t\t\t\t\t\t<div class='uagb-post__text uagb-post-grid-byline'>\n\t\t\t\t\t\t\t\t<time datetime=\"2022-03-02T20:21:02+01:00\" class=\"uagb-post__date\">\n\t\t\t\t<span class=\"dashicons-calendar dashicons\"><\/span>\t\t\t\t\t2 de marzo de 2022\t\t\t\t<\/time>\n\t\t\t\t\t\t<\/div>\n\t\t\t\t\t\t\t<div class='uagb-post__text uagb-post__excerpt'>\n\t\t\t\t\tEl mi\u00e9rcoles 2 de Marzo de 2022.  Marian Mart\u00ednez nos introdujo en los detalles&#8230;\t\t\t\t<\/div>\n\t\t\t\t\t\t<div class=\"uagb-post__text uagb-post__cta wp-block-button\">\n\t\t\t\t<a class=\"wp-block-button__link uagb-text-link\" style=\"\" href=\"https:\/\/astrocomplutense.es\/nova\/preparacion-maraton-messier-2022\/\" target=\"_blank\" rel=\"bookmark noopener noreferrer\">Leer m\u00e1s<\/a>\n\t\t\t<\/div>\n\t\t\t\t\t\t<div class='uagb-post__image'>\n\t\t\t\t\t\t\t\t\t<a href=\"https:\/\/astrocomplutense.es\/nova\/preparacion-maraton-messier-2022\/\" target=\"_blank\" rel=\"bookmark noopener noreferrer\"><img loading=\"lazy\" decoding=\"async\" width=\"1280\" height=\"720\" src=\"https:\/\/astrocomplutense.es\/nova\/wp-content\/uploads\/2022\/02\/maratonmessierFeb22.jpg\" class=\"attachment-full size-full\" alt=\"\" srcset=\"https:\/\/astrocomplutense.es\/nova\/wp-content\/uploads\/2022\/02\/maratonmessierFeb22.jpg 1280w, https:\/\/astrocomplutense.es\/nova\/wp-content\/uploads\/2022\/02\/maratonmessierFeb22-300x169.jpg 300w, https:\/\/astrocomplutense.es\/nova\/wp-content\/uploads\/2022\/02\/maratonmessierFeb22-1024x576.jpg 1024w, https:\/\/astrocomplutense.es\/nova\/wp-content\/uploads\/2022\/02\/maratonmessierFeb22-768x432.jpg 768w\" sizes=\"auto, (max-width: 1280px) 100vw, 1280px\" \/>\t\t\t\t\t<\/a>\n\t\t\t\t\t\t\t\t\t<\/div>\n\t\t\t\n\t\t\t\t\t\t\t\t\t<\/article>\n\t\t\t\t\t\t\t\t\t\t\t\t\t\t\t\t<article class=\"uagb-post__inner-wrap\">\t\t\t\t\t\t\t\t<h4 class=\"uagb-post__title uagb-post__text\">\n\t\t\t\t<a href=\"https:\/\/astrocomplutense.es\/nova\/dibujos-de-objetos-messier-de-marian-martinez\/\" target=\"_blank\" rel=\"bookmark noopener noreferrer\">Dibujos de Objetos Messier de Marian Mart\u00ednez<\/a>\n\t\t\t<\/h4>\n\t\t\t\t\t\t<div class='uagb-post__text uagb-post-grid-byline'>\n\t\t\t\t\t\t\t\t<time datetime=\"2022-02-23T18:03:57+01:00\" class=\"uagb-post__date\">\n\t\t\t\t<span class=\"dashicons-calendar dashicons\"><\/span>\t\t\t\t\t23 de febrero de 2022\t\t\t\t<\/time>\n\t\t\t\t\t\t<\/div>\n\t\t\t\t\t\t\t<div class='uagb-post__text uagb-post__excerpt'>\n\t\t\t\t\tMi\u00e9rcoles 23 de Febrero de 2022. Charla sobre los Objetos Messier. Complementaria de la preparatoria&#8230;\t\t\t\t<\/div>\n\t\t\t\t\t\t<div class=\"uagb-post__text uagb-post__cta wp-block-button\">\n\t\t\t\t<a class=\"wp-block-button__link uagb-text-link\" style=\"\" href=\"https:\/\/astrocomplutense.es\/nova\/dibujos-de-objetos-messier-de-marian-martinez\/\" target=\"_blank\" rel=\"bookmark noopener noreferrer\">Leer m\u00e1s<\/a>\n\t\t\t<\/div>\n\t\t\t\t\t\t<div class='uagb-post__image'>\n\t\t\t\t\t\t\t\t\t<a href=\"https:\/\/astrocomplutense.es\/nova\/dibujos-de-objetos-messier-de-marian-martinez\/\" target=\"_blank\" rel=\"bookmark noopener noreferrer\"><img loading=\"lazy\" decoding=\"async\" width=\"200\" height=\"253\" src=\"https:\/\/astrocomplutense.es\/nova\/wp-content\/uploads\/2022\/02\/Charles_Messier.jpg\" class=\"attachment-full size-full\" alt=\"\" \/>\t\t\t\t\t<\/a>\n\t\t\t\t\t\t\t\t\t<\/div>\n\t\t\t\n\t\t\t\t\t\t\t\t\t<\/article>\n\t\t\t\t\t\t\t\t\t\t\t\t\t\t\t\t<article class=\"uagb-post__inner-wrap\">\t\t\t\t\t\t\t\t<h4 class=\"uagb-post__title uagb-post__text\">\n\t\t\t\t<a href=\"https:\/\/astrocomplutense.es\/nova\/las-estrellas-variables\/\" target=\"_blank\" rel=\"bookmark noopener noreferrer\">Las Estrellas Variables<\/a>\n\t\t\t<\/h4>\n\t\t\t\t\t\t<div class='uagb-post__text uagb-post-grid-byline'>\n\t\t\t\t\t\t\t\t<time datetime=\"2022-02-16T17:26:08+01:00\" class=\"uagb-post__date\">\n\t\t\t\t<span class=\"dashicons-calendar dashicons\"><\/span>\t\t\t\t\t16 de febrero de 2022\t\t\t\t<\/time>\n\t\t\t\t\t\t<\/div>\n\t\t\t\t\t\t\t<div class='uagb-post__text uagb-post__excerpt'>\n\t\t\t\t\tEL Mi\u00e9rcoles 16 de Febrero de 2022  Manuel Talero nos habl\u00f3 de las Estrellas&#8230;\t\t\t\t<\/div>\n\t\t\t\t\t\t<div class=\"uagb-post__text uagb-post__cta wp-block-button\">\n\t\t\t\t<a class=\"wp-block-button__link uagb-text-link\" style=\"\" href=\"https:\/\/astrocomplutense.es\/nova\/las-estrellas-variables\/\" target=\"_blank\" rel=\"bookmark noopener noreferrer\">Leer m\u00e1s<\/a>\n\t\t\t<\/div>\n\t\t\t\t\t\t<div class='uagb-post__image'>\n\t\t\t\t\t\t\t\t\t<a href=\"https:\/\/astrocomplutense.es\/nova\/las-estrellas-variables\/\" target=\"_blank\" rel=\"bookmark noopener noreferrer\"><img loading=\"lazy\" decoding=\"async\" width=\"2000\" height=\"1268\" src=\"https:\/\/astrocomplutense.es\/nova\/wp-content\/uploads\/2022\/02\/Variables-16Feb22-1.jpg\" class=\"attachment-full size-full\" alt=\"\" srcset=\"https:\/\/astrocomplutense.es\/nova\/wp-content\/uploads\/2022\/02\/Variables-16Feb22-1.jpg 2000w, https:\/\/astrocomplutense.es\/nova\/wp-content\/uploads\/2022\/02\/Variables-16Feb22-1-300x190.jpg 300w, https:\/\/astrocomplutense.es\/nova\/wp-content\/uploads\/2022\/02\/Variables-16Feb22-1-1024x649.jpg 1024w, https:\/\/astrocomplutense.es\/nova\/wp-content\/uploads\/2022\/02\/Variables-16Feb22-1-768x487.jpg 768w, https:\/\/astrocomplutense.es\/nova\/wp-content\/uploads\/2022\/02\/Variables-16Feb22-1-1536x974.jpg 1536w\" sizes=\"auto, (max-width: 2000px) 100vw, 2000px\" \/>\t\t\t\t\t<\/a>\n\t\t\t\t\t\t\t\t\t<\/div>\n\t\t\t\n\t\t\t\t\t\t\t\t\t<\/article>\n\t\t\t\t\t\t\t\t\t\t\t\t\t\t\t\t<article class=\"uagb-post__inner-wrap\">\t\t\t\t\t\t\t\t<h4 class=\"uagb-post__title uagb-post__text\">\n\t\t\t\t<a href=\"https:\/\/astrocomplutense.es\/nova\/la-constante-de-hubble-y-sus-controversias-actuales\/\" target=\"_blank\" rel=\"bookmark noopener noreferrer\">La \\\u00bbConstante\\\u00bb de Hubble y sus controversias actuales<\/a>\n\t\t\t<\/h4>\n\t\t\t\t\t\t<div class='uagb-post__text uagb-post-grid-byline'>\n\t\t\t\t\t\t\t\t<time datetime=\"2022-02-09T17:05:09+01:00\" class=\"uagb-post__date\">\n\t\t\t\t<span class=\"dashicons-calendar dashicons\"><\/span>\t\t\t\t\t9 de febrero de 2022\t\t\t\t<\/time>\n\t\t\t\t\t\t<\/div>\n\t\t\t\t\t\t\t<div class='uagb-post__text uagb-post__excerpt'>\n\t\t\t\t\tEl 9 de Febrero de 2022 Nuestro compa\u00f1ero Juan Pedro Fern\u00e1ndez nos explic\u00f3 lo que&#8230;\t\t\t\t<\/div>\n\t\t\t\t\t\t<div class=\"uagb-post__text uagb-post__cta wp-block-button\">\n\t\t\t\t<a class=\"wp-block-button__link uagb-text-link\" style=\"\" href=\"https:\/\/astrocomplutense.es\/nova\/la-constante-de-hubble-y-sus-controversias-actuales\/\" target=\"_blank\" rel=\"bookmark noopener noreferrer\">Leer m\u00e1s<\/a>\n\t\t\t<\/div>\n\t\t\t\t\t\t<div class='uagb-post__image'>\n\t\t\t\t\t\t\t\t\t<a href=\"https:\/\/astrocomplutense.es\/nova\/la-constante-de-hubble-y-sus-controversias-actuales\/\" target=\"_blank\" rel=\"bookmark noopener noreferrer\"><img loading=\"lazy\" decoding=\"async\" width=\"655\" height=\"368\" src=\"https:\/\/astrocomplutense.es\/nova\/wp-content\/uploads\/2022\/02\/edwin-hubble-el-padre-del-big-bang-655x368-1.jpg\" class=\"attachment-full size-full\" alt=\"\" srcset=\"https:\/\/astrocomplutense.es\/nova\/wp-content\/uploads\/2022\/02\/edwin-hubble-el-padre-del-big-bang-655x368-1.jpg 655w, https:\/\/astrocomplutense.es\/nova\/wp-content\/uploads\/2022\/02\/edwin-hubble-el-padre-del-big-bang-655x368-1-300x169.jpg 300w\" sizes=\"auto, (max-width: 655px) 100vw, 655px\" \/>\t\t\t\t\t<\/a>\n\t\t\t\t\t\t\t\t\t<\/div>\n\t\t\t\n\t\t\t\t\t\t\t\t\t<\/article>\n\t\t\t\t\t\t\t\t\t\t\t\t\t\t\t\t<article class=\"uagb-post__inner-wrap\">\t\t\t\t\t\t\t\t<h4 class=\"uagb-post__title uagb-post__text\">\n\t\t\t\t<a href=\"https:\/\/astrocomplutense.es\/nova\/observacion-de-la-x-en-la-luna-desde-el-patio-del-local\/\" target=\"_blank\" rel=\"bookmark noopener noreferrer\">Observaci\u00f3n de la \\\u00bbX\\\u00bb en la Luna desde el patio del local<\/a>\n\t\t\t<\/h4>\n\t\t\t\t\t\t<div class='uagb-post__text uagb-post-grid-byline'>\n\t\t\t\t\t\t\t\t<time datetime=\"2022-02-08T00:36:14+01:00\" class=\"uagb-post__date\">\n\t\t\t\t<span class=\"dashicons-calendar dashicons\"><\/span>\t\t\t\t\t8 de febrero de 2022\t\t\t\t<\/time>\n\t\t\t\t\t\t<\/div>\n\t\t\t\t\t\t\t<div class='uagb-post__text uagb-post__excerpt'>\n\t\t\t\t\tEl d\u00eda 8 de Febrero de 2022 se realiz\u00f3 una Observaci\u00f3n p\u00fablica en el patio&#8230;\t\t\t\t<\/div>\n\t\t\t\t\t\t<div class=\"uagb-post__text uagb-post__cta wp-block-button\">\n\t\t\t\t<a class=\"wp-block-button__link uagb-text-link\" style=\"\" href=\"https:\/\/astrocomplutense.es\/nova\/observacion-de-la-x-en-la-luna-desde-el-patio-del-local\/\" target=\"_blank\" rel=\"bookmark noopener noreferrer\">Leer m\u00e1s<\/a>\n\t\t\t<\/div>\n\t\t\t\t\t\t<div class='uagb-post__image'>\n\t\t\t\t\t\t\t\t\t<a href=\"https:\/\/astrocomplutense.es\/nova\/observacion-de-la-x-en-la-luna-desde-el-patio-del-local\/\" target=\"_blank\" rel=\"bookmark noopener noreferrer\"><img loading=\"lazy\" decoding=\"async\" width=\"300\" height=\"234\" src=\"https:\/\/astrocomplutense.es\/nova\/wp-content\/uploads\/2022\/02\/laxenlaluna.jpg\" class=\"attachment-full size-full\" alt=\"\" \/>\t\t\t\t\t<\/a>\n\t\t\t\t\t\t\t\t\t<\/div>\n\t\t\t\n\t\t\t\t\t\t\t\t\t<\/article>\n\t\t\t\t\t\t\t\t\t\t\t\t\t\t\t\t<article class=\"uagb-post__inner-wrap\">\t\t\t\t\t\t\t\t<h4 class=\"uagb-post__title uagb-post__text\">\n\t\t\t\t<a href=\"https:\/\/astrocomplutense.es\/nova\/observacion-solar-en-el-patio-del-local\/\" target=\"_blank\" rel=\"bookmark noopener noreferrer\">Observaci\u00f3n Solar en el patio del local<\/a>\n\t\t\t<\/h4>\n\t\t\t\t\t\t<div class='uagb-post__text uagb-post-grid-byline'>\n\t\t\t\t\t\t\t\t<time datetime=\"2022-01-30T09:38:56+01:00\" class=\"uagb-post__date\">\n\t\t\t\t<span class=\"dashicons-calendar dashicons\"><\/span>\t\t\t\t\t30 de enero de 2022\t\t\t\t<\/time>\n\t\t\t\t\t\t<\/div>\n\t\t\t\t\t\t\t<div class='uagb-post__text uagb-post__excerpt'>\n\t\t\t\t\tEl 30 de Enero de 2022 en el patio del local realizamos una actividad p\u00fablica&#8230;\t\t\t\t<\/div>\n\t\t\t\t\t\t<div class=\"uagb-post__text uagb-post__cta wp-block-button\">\n\t\t\t\t<a class=\"wp-block-button__link uagb-text-link\" style=\"\" href=\"https:\/\/astrocomplutense.es\/nova\/observacion-solar-en-el-patio-del-local\/\" target=\"_blank\" rel=\"bookmark noopener noreferrer\">Leer m\u00e1s<\/a>\n\t\t\t<\/div>\n\t\t\t\t\t\t<div class='uagb-post__image'>\n\t\t\t\t\t\t\t\t\t<a href=\"https:\/\/astrocomplutense.es\/nova\/observacion-solar-en-el-patio-del-local\/\" target=\"_blank\" rel=\"bookmark noopener noreferrer\"><img loading=\"lazy\" decoding=\"async\" width=\"250\" height=\"239\" src=\"https:\/\/astrocomplutense.es\/nova\/wp-content\/uploads\/2022\/01\/ElSolpexels.jpg\" class=\"attachment-full size-full\" alt=\"\" \/>\t\t\t\t\t<\/a>\n\t\t\t\t\t\t\t\t\t<\/div>\n\t\t\t\n\t\t\t\t\t\t\t\t\t<\/article>\n\t\t\t\t\t\t\t\t\t\t\t\t\t\t\t\t<article class=\"uagb-post__inner-wrap\">\t\t\t\t\t\t\t\t<h4 class=\"uagb-post__title uagb-post__text\">\n\t\t\t\t<a href=\"https:\/\/astrocomplutense.es\/nova\/actividad-fotografica-en-berninches\/\" target=\"_blank\" rel=\"bookmark noopener noreferrer\">Actividad fotogr\u00e1fica en Berninches<\/a>\n\t\t\t<\/h4>\n\t\t\t\t\t\t<div class='uagb-post__text uagb-post-grid-byline'>\n\t\t\t\t\t\t\t\t<time datetime=\"2022-01-25T18:00:06+01:00\" class=\"uagb-post__date\">\n\t\t\t\t<span class=\"dashicons-calendar dashicons\"><\/span>\t\t\t\t\t25 de enero de 2022\t\t\t\t<\/time>\n\t\t\t\t\t\t<\/div>\n\t\t\t\t\t\t\t<div class='uagb-post__text uagb-post__excerpt'>\n\t\t\t\t\tActividad fotogr\u00e1fica de campo desarrollada en Berninches Guadalajara.\nSe pusieron en pr\u00e1ctica los conceptos que se&#8230;\t\t\t\t<\/div>\n\t\t\t\t\t\t<div class=\"uagb-post__text uagb-post__cta wp-block-button\">\n\t\t\t\t<a class=\"wp-block-button__link uagb-text-link\" style=\"\" href=\"https:\/\/astrocomplutense.es\/nova\/actividad-fotografica-en-berninches\/\" target=\"_blank\" rel=\"bookmark noopener noreferrer\">Leer m\u00e1s<\/a>\n\t\t\t<\/div>\n\t\t\t\t\t\t<div class='uagb-post__image'>\n\t\t\t\t\t\t\t\t\t<a href=\"https:\/\/astrocomplutense.es\/nova\/actividad-fotografica-en-berninches\/\" target=\"_blank\" rel=\"bookmark noopener noreferrer\"><img loading=\"lazy\" decoding=\"async\" width=\"250\" height=\"375\" src=\"https:\/\/astrocomplutense.es\/nova\/wp-content\/uploads\/2022\/01\/Berninches_22Ene22.jpg\" class=\"attachment-full size-full\" alt=\"\" srcset=\"https:\/\/astrocomplutense.es\/nova\/wp-content\/uploads\/2022\/01\/Berninches_22Ene22.jpg 250w, https:\/\/astrocomplutense.es\/nova\/wp-content\/uploads\/2022\/01\/Berninches_22Ene22-200x300.jpg 200w\" sizes=\"auto, (max-width: 250px) 100vw, 250px\" \/>\t\t\t\t\t<\/a>\n\t\t\t\t\t\t\t\t\t<\/div>\n\t\t\t\n\t\t\t\t\t\t\t\t\t<\/article>\n\t\t\t\t\t\t\t\t\t\t\t\t\t\t\t\t<article class=\"uagb-post__inner-wrap\">\t\t\t\t\t\t\t\t<h4 class=\"uagb-post__title uagb-post__text\">\n\t\t\t\t<a href=\"https:\/\/astrocomplutense.es\/nova\/charla-por-zoom-para-la-sesion-fotografica-de-campo\/\" target=\"_blank\" rel=\"bookmark noopener noreferrer\">Charla por Zoom para la sesi\u00f3n fotogr\u00e1fica de campo<\/a>\n\t\t\t<\/h4>\n\t\t\t\t\t\t<div class='uagb-post__text uagb-post-grid-byline'>\n\t\t\t\t\t\t\t\t<time datetime=\"2022-01-17T17:21:52+01:00\" class=\"uagb-post__date\">\n\t\t\t\t<span class=\"dashicons-calendar dashicons\"><\/span>\t\t\t\t\t17 de enero de 2022\t\t\t\t<\/time>\n\t\t\t\t\t\t<\/div>\n\t\t\t\t\t\t\t<div class='uagb-post__text uagb-post__excerpt'>\n\t\t\t\t\tEl mi\u00e9rcoles d\u00eda 12 de Enero de 2022 Tuvimos una sesi\u00f3n virtual \u201cZoom\u201d para preparar&#8230;\t\t\t\t<\/div>\n\t\t\t\t\t\t<div class=\"uagb-post__text uagb-post__cta wp-block-button\">\n\t\t\t\t<a class=\"wp-block-button__link uagb-text-link\" style=\"\" href=\"https:\/\/astrocomplutense.es\/nova\/charla-por-zoom-para-la-sesion-fotografica-de-campo\/\" target=\"_blank\" rel=\"bookmark noopener noreferrer\">Leer m\u00e1s<\/a>\n\t\t\t<\/div>\n\t\t\t\t\t\t<div class='uagb-post__image'>\n\t\t\t\t\t\t\t<\/div>\n\t\t\t\n\t\t\t\t\t\t\t\t\t<\/article>\n\t\t\t\t\t\t\t\t\t\t\t<\/div>\n\t\t\t<\/div><\/div>\n\n\n\n<div style=\"height:40px\" aria-hidden=\"true\" class=\"wp-block-spacer\"><\/div>\n\n\n\n<div class=\"wp-block-uagb-container uagb-block-b029fa00 alignfull uagb-is-root-container\"><div class=\"uagb-container-inner-blocks-wrap\">\n<div style=\"height:15px\" aria-hidden=\"true\" class=\"wp-block-spacer\"><\/div>\n\n\n\n<h2 class=\"wp-block-heading has-text-color\" style=\"color:#b9c2ca;padding-top:0;padding-right:var(--wp--preset--spacing--70);padding-bottom:0;padding-left:var(--wp--preset--spacing--70);font-size:33px\">a\u00f1o 2021<\/h2>\n\n\n\n\t\t\t<div class=\"wp-block-uagb-post-carousel uagb-post-grid  uagb-post__image-position-background uagb-post__image-enabled uagb-block-45d841d7     uagb-post__arrow-outside uagb-slick-carousel uagb-post__items uagb-post__columns-4 is-carousel uagb-post__columns-tablet-2 uagb-post__columns-mobile-1 uagb-post__carousel_equal-height\" data-total=\"1\" style=\"\">\n\n\t\t\t\t\t\t\t\t\t\t\t\t<article class=\"uagb-post__inner-wrap\">\t\t\t\t\t\t\t\t<h4 class=\"uagb-post__title uagb-post__text\">\n\t\t\t\t<a href=\"https:\/\/astrocomplutense.es\/nova\/2555-2\/\" target=\"_blank\" rel=\"bookmark noopener noreferrer\">Observaci\u00f3n Lunar desde el patio del local<\/a>\n\t\t\t<\/h4>\n\t\t\t\t\t\t<div class='uagb-post__text uagb-post-grid-byline'>\n\t\t\t\t\t\t\t\t<time datetime=\"2021-12-16T09:54:23+01:00\" class=\"uagb-post__date\">\n\t\t\t\t\t\t\t\t\t16 de diciembre de 2021\t\t\t\t<\/time>\n\t\t\t\t\t\t<\/div>\n\t\t\t\t\t\t\t<div class='uagb-post__text uagb-post__excerpt'>\n\t\t\t\t\tEn el patio del Local montamos un Dobson para ver la Luna. Con la ayuda&#8230;\t\t\t\t<\/div>\n\t\t\t\t\t\t<div class=\"uagb-post__text uagb-post__cta wp-block-button\">\n\t\t\t\t<a class=\"wp-block-button__link uagb-text-link\" style=\"\" href=\"https:\/\/astrocomplutense.es\/nova\/2555-2\/\" target=\"_blank\" rel=\"bookmark noopener noreferrer\">Leer m\u00e1s<\/a>\n\t\t\t<\/div>\n\t\t\t\t\t\t<div class='uagb-post__image'>\n\t\t\t\t\t\t\t\t\t<a href=\"https:\/\/astrocomplutense.es\/nova\/2555-2\/\" target=\"_blank\" rel=\"bookmark noopener noreferrer\"><img loading=\"lazy\" decoding=\"async\" width=\"250\" height=\"167\" src=\"https:\/\/astrocomplutense.es\/nova\/wp-content\/uploads\/2021\/12\/lunar15dic21.jpg\" class=\"attachment-full size-full\" alt=\"\" \/>\t\t\t\t\t<\/a>\n\t\t\t\t\t\t\t\t\t<\/div>\n\t\t\t\n\t\t\t\t\t\t\t\t\t<\/article>\n\t\t\t\t\t\t\t\t\t\t\t\t\t\t\t\t<article class=\"uagb-post__inner-wrap\">\t\t\t\t\t\t\t\t<h4 class=\"uagb-post__title uagb-post__text\">\n\t\t\t\t<a href=\"https:\/\/astrocomplutense.es\/nova\/brihuega-astronomia-y-musica\/\" target=\"_blank\" rel=\"bookmark noopener noreferrer\">Brihuega, Astronom\u00eda y m\u00fasica<\/a>\n\t\t\t<\/h4>\n\t\t\t\t\t\t<div class='uagb-post__text uagb-post-grid-byline'>\n\t\t\t\t\t\t\t\t<time datetime=\"2021-12-05T10:35:55+01:00\" class=\"uagb-post__date\">\n\t\t\t\t\t\t\t\t\t5 de diciembre de 2021\t\t\t\t<\/time>\n\t\t\t\t\t\t<\/div>\n\t\t\t\t\t\t\t<div class='uagb-post__text uagb-post__excerpt'>\n\t\t\t\t\t<p>Brihuega, Astronom\u00eda y M\u00fasica Por AAC (5 diciembre 2021) En el Castillo de Brihuega se&#8230;\t\t\t\t<\/div>\n\t\t\t\t\t\t<div class=\"uagb-post__text uagb-post__cta wp-block-button\">\n\t\t\t\t<a class=\"wp-block-button__link uagb-text-link\" style=\"\" href=\"https:\/\/astrocomplutense.es\/nova\/brihuega-astronomia-y-musica\/\" target=\"_blank\" rel=\"bookmark noopener noreferrer\">Leer m\u00e1s<\/a>\n\t\t\t<\/div>\n\t\t\t\t\t\t<div class='uagb-post__image'>\n\t\t\t\t\t\t\t\t\t<a href=\"https:\/\/astrocomplutense.es\/nova\/brihuega-astronomia-y-musica\/\" target=\"_blank\" rel=\"bookmark noopener noreferrer\"><img loading=\"lazy\" decoding=\"async\" width=\"200\" height=\"238\" src=\"https:\/\/astrocomplutense.es\/nova\/wp-content\/uploads\/2021\/12\/Webp.net-resizeimage-2.jpg\" class=\"attachment-full size-full\" alt=\"\" \/>\t\t\t\t\t<\/a>\n\t\t\t\t\t\t\t\t\t<\/div>\n\t\t\t\n\t\t\t\t\t\t\t\t\t<\/article>\n\t\t\t\t\t\t\t\t\t\t\t\t\t\t\t\t<article class=\"uagb-post__inner-wrap\">\t\t\t\t\t\t\t\t<h4 class=\"uagb-post__title uagb-post__text\">\n\t\t\t\t<a href=\"https:\/\/astrocomplutense.es\/nova\/algunas-efemerides-que-ocurriran-en-el-2022\/\" target=\"_blank\" rel=\"bookmark noopener noreferrer\">algunas Efem\u00e9rides que ocurrir\u00e1n en el 2022<\/a>\n\t\t\t<\/h4>\n\t\t\t\t\t\t<div class='uagb-post__text uagb-post-grid-byline'>\n\t\t\t\t\t\t\t\t<time datetime=\"2021-12-01T00:30:53+01:00\" class=\"uagb-post__date\">\n\t\t\t\t\t\t\t\t\t1 de diciembre de 2021\t\t\t\t<\/time>\n\t\t\t\t\t\t<\/div>\n\t\t\t\t\t\t\t<div class='uagb-post__text uagb-post__excerpt'>\n\t\t\t\t\t<p>Efem\u00e9rides del 2022 Por Manuel Talero y Fernando L. Garc\u00eda (1 diciembre 2021) Manolo y&#8230;\t\t\t\t<\/div>\n\t\t\t\t\t\t<div class=\"uagb-post__text uagb-post__cta wp-block-button\">\n\t\t\t\t<a class=\"wp-block-button__link uagb-text-link\" style=\"\" href=\"https:\/\/astrocomplutense.es\/nova\/algunas-efemerides-que-ocurriran-en-el-2022\/\" target=\"_blank\" rel=\"bookmark noopener noreferrer\">Leer m\u00e1s<\/a>\n\t\t\t<\/div>\n\t\t\t\t\t\t<div class='uagb-post__image'>\n\t\t\t\t\t\t\t\t\t<a href=\"https:\/\/astrocomplutense.es\/nova\/algunas-efemerides-que-ocurriran-en-el-2022\/\" target=\"_blank\" rel=\"bookmark noopener noreferrer\"><img loading=\"lazy\" decoding=\"async\" width=\"250\" height=\"167\" src=\"https:\/\/astrocomplutense.es\/nova\/wp-content\/uploads\/2021\/12\/ParanalGeminids_-2015.jpg\" class=\"attachment-full size-full\" alt=\"\" \/>\t\t\t\t\t<\/a>\n\t\t\t\t\t\t\t\t\t<\/div>\n\t\t\t\n\t\t\t\t\t\t\t\t\t<\/article>\n\t\t\t\t\t\t\t\t\t\t\t\t\t\t\t\t<article class=\"uagb-post__inner-wrap\">\t\t\t\t\t\t\t\t<h4 class=\"uagb-post__title uagb-post__text\">\n\t\t\t\t<a href=\"https:\/\/astrocomplutense.es\/nova\/por-los-mares-de-la-luna\/\" target=\"_blank\" rel=\"bookmark noopener noreferrer\">Un paseo por los mares de la Luna<\/a>\n\t\t\t<\/h4>\n\t\t\t\t\t\t<div class='uagb-post__text uagb-post-grid-byline'>\n\t\t\t\t\t\t\t\t<time datetime=\"2021-11-24T20:00:12+01:00\" class=\"uagb-post__date\">\n\t\t\t\t\t\t\t\t\t24 de noviembre de 2021\t\t\t\t<\/time>\n\t\t\t\t\t\t<\/div>\n\t\t\t\t\t\t\t<div class='uagb-post__text uagb-post__excerpt'>\n\t\t\t\t\t<p>Un paseo por los mares de la Luna Por Mari\u00e1n Mart\u00ednez (24 noviembre 2021) Un&#8230;\t\t\t\t<\/div>\n\t\t\t\t\t\t<div class=\"uagb-post__text uagb-post__cta wp-block-button\">\n\t\t\t\t<a class=\"wp-block-button__link uagb-text-link\" style=\"\" href=\"https:\/\/astrocomplutense.es\/nova\/por-los-mares-de-la-luna\/\" target=\"_blank\" rel=\"bookmark noopener noreferrer\">Leer m\u00e1s<\/a>\n\t\t\t<\/div>\n\t\t\t\t\t\t<div class='uagb-post__image'>\n\t\t\t\t\t\t\t\t\t<a href=\"https:\/\/astrocomplutense.es\/nova\/por-los-mares-de-la-luna\/\" target=\"_blank\" rel=\"bookmark noopener noreferrer\"><img loading=\"lazy\" decoding=\"async\" width=\"206\" height=\"169\" src=\"https:\/\/astrocomplutense.es\/nova\/wp-content\/uploads\/2021\/11\/Webp.net-resizeimage-3.jpg\" class=\"attachment-full size-full\" alt=\"\" \/>\t\t\t\t\t<\/a>\n\t\t\t\t\t\t\t\t\t<\/div>\n\t\t\t\n\t\t\t\t\t\t\t\t\t<\/article>\n\t\t\t\t\t\t\t\t\t\t\t\t\t\t\t\t<article class=\"uagb-post__inner-wrap\">\t\t\t\t\t\t\t\t<h4 class=\"uagb-post__title uagb-post__text\">\n\t\t\t\t<a href=\"https:\/\/astrocomplutense.es\/nova\/visita-a-madrid-pld-space\/\" target=\"_blank\" rel=\"bookmark noopener noreferrer\">Visita a Madrid PLD Space<\/a>\n\t\t\t<\/h4>\n\t\t\t\t\t\t<div class='uagb-post__text uagb-post-grid-byline'>\n\t\t\t\t\t\t\t\t<time datetime=\"2021-11-14T09:43:39+01:00\" class=\"uagb-post__date\">\n\t\t\t\t\t\t\t\t\t14 de noviembre de 2021\t\t\t\t<\/time>\n\t\t\t\t\t\t<\/div>\n\t\t\t\t\t\t\t<div class='uagb-post__text uagb-post__excerpt'>\n\t\t\t\t\tExcursi\u00f3n al Museo de Ciencias Naturales para ver el cohete subespacial Miura1 de PLD Space\t\t\t\t<\/div>\n\t\t\t\t\t\t<div class=\"uagb-post__text uagb-post__cta wp-block-button\">\n\t\t\t\t<a class=\"wp-block-button__link uagb-text-link\" style=\"\" href=\"https:\/\/astrocomplutense.es\/nova\/visita-a-madrid-pld-space\/\" target=\"_blank\" rel=\"bookmark noopener noreferrer\">Leer m\u00e1s<\/a>\n\t\t\t<\/div>\n\t\t\t\t\t\t<div class='uagb-post__image'>\n\t\t\t\t\t\t\t\t\t<a href=\"https:\/\/astrocomplutense.es\/nova\/visita-a-madrid-pld-space\/\" target=\"_blank\" rel=\"bookmark noopener noreferrer\"><img loading=\"lazy\" decoding=\"async\" width=\"250\" height=\"134\" src=\"https:\/\/astrocomplutense.es\/nova\/wp-content\/uploads\/2021\/12\/pldSpace.jpg\" class=\"attachment-full size-full\" alt=\"\" \/>\t\t\t\t\t<\/a>\n\t\t\t\t\t\t\t\t\t<\/div>\n\t\t\t\n\t\t\t\t\t\t\t\t\t<\/article>\n\t\t\t\t\t\t\t\t\t\t\t\t\t\t\t\t<article class=\"uagb-post__inner-wrap\">\t\t\t\t\t\t\t\t<h4 class=\"uagb-post__title uagb-post__text\">\n\t\t\t\t<a href=\"https:\/\/astrocomplutense.es\/nova\/constelaciones-circumpolares-y-su-mitologia\/\" target=\"_blank\" rel=\"bookmark noopener noreferrer\">Constelaciones circumpolares y su mitolog\u00eda<\/a>\n\t\t\t<\/h4>\n\t\t\t\t\t\t<div class='uagb-post__text uagb-post-grid-byline'>\n\t\t\t\t\t\t\t\t<time datetime=\"2021-11-03T09:00:29+01:00\" class=\"uagb-post__date\">\n\t\t\t\t\t\t\t\t\t3 de noviembre de 2021\t\t\t\t<\/time>\n\t\t\t\t\t\t<\/div>\n\t\t\t\t\t\t\t<div class='uagb-post__text uagb-post__excerpt'>\n\t\t\t\t\tNuestra compa\u00f1era Lourdes nos habl\u00f3 de las constelaciones circumpolares, objetos interesantes que hay en ellas&#8230;\t\t\t\t<\/div>\n\t\t\t\t\t\t<div class=\"uagb-post__text uagb-post__cta wp-block-button\">\n\t\t\t\t<a class=\"wp-block-button__link uagb-text-link\" style=\"\" href=\"https:\/\/astrocomplutense.es\/nova\/constelaciones-circumpolares-y-su-mitologia\/\" target=\"_blank\" rel=\"bookmark noopener noreferrer\">Leer m\u00e1s<\/a>\n\t\t\t<\/div>\n\t\t\t\t\t\t<div class='uagb-post__image'>\n\t\t\t\t\t\t\t\t\t<a href=\"https:\/\/astrocomplutense.es\/nova\/constelaciones-circumpolares-y-su-mitologia\/\" target=\"_blank\" rel=\"bookmark noopener noreferrer\"><img loading=\"lazy\" decoding=\"async\" width=\"300\" height=\"168\" src=\"https:\/\/astrocomplutense.es\/nova\/wp-content\/uploads\/2021\/11\/Webp.net-resizeimage-1.jpg\" class=\"attachment-full size-full\" alt=\"\" \/>\t\t\t\t\t<\/a>\n\t\t\t\t\t\t\t\t\t<\/div>\n\t\t\t\n\t\t\t\t\t\t\t\t\t<\/article>\n\t\t\t\t\t\t\t\t\t\t\t\t\t\t\t\t<article class=\"uagb-post__inner-wrap\">\t\t\t\t\t\t\t\t<h4 class=\"uagb-post__title uagb-post__text\">\n\t\t\t\t<a href=\"https:\/\/astrocomplutense.es\/nova\/miercoles-27-octubre\/\" target=\"_blank\" rel=\"bookmark noopener noreferrer\">Aprendiendo a manejar El Telescopio<\/a>\n\t\t\t<\/h4>\n\t\t\t\t\t\t<div class='uagb-post__text uagb-post-grid-byline'>\n\t\t\t\t\t\t\t\t<time datetime=\"2021-10-27T08:00:38+02:00\" class=\"uagb-post__date\">\n\t\t\t\t\t\t\t\t\t27 de octubre de 2021\t\t\t\t<\/time>\n\t\t\t\t\t\t<\/div>\n\t\t\t\t\t\t\t<div class='uagb-post__text uagb-post__excerpt'>\n\t\t\t\t\tEl Mi\u00e9rcoles d\u00eda 27 de octubre algunos socios llevaron sus telescopios para conocer mejor su&#8230;\t\t\t\t<\/div>\n\t\t\t\t\t\t<div class=\"uagb-post__text uagb-post__cta wp-block-button\">\n\t\t\t\t<a class=\"wp-block-button__link uagb-text-link\" style=\"\" href=\"https:\/\/astrocomplutense.es\/nova\/miercoles-27-octubre\/\" target=\"_blank\" rel=\"bookmark noopener noreferrer\">Leer m\u00e1s<\/a>\n\t\t\t<\/div>\n\t\t\t\t\t\t<div class='uagb-post__image'>\n\t\t\t\t\t\t\t\t\t<a href=\"https:\/\/astrocomplutense.es\/nova\/miercoles-27-octubre\/\" target=\"_blank\" rel=\"bookmark noopener noreferrer\"><img loading=\"lazy\" decoding=\"async\" width=\"200\" height=\"158\" src=\"https:\/\/astrocomplutense.es\/nova\/wp-content\/uploads\/2021\/10\/halechair-2.jpg\" class=\"attachment-full size-full\" alt=\"\" \/>\t\t\t\t\t<\/a>\n\t\t\t\t\t\t\t\t\t<\/div>\n\t\t\t\n\t\t\t\t\t\t\t\t\t<\/article>\n\t\t\t\t\t\t\t\t\t\t\t<\/div>\n\t\t\t<\/div><\/div>\n\n\n\n<div style=\"height:40px\" aria-hidden=\"true\" class=\"wp-block-spacer\"><\/div>\n\n\n\n<div class=\"wp-block-uagb-container uagb-block-7d304d7c alignfull uagb-is-root-container\"><div class=\"uagb-container-inner-blocks-wrap\">\n<div style=\"height:15px\" aria-hidden=\"true\" class=\"wp-block-spacer\"><\/div>\n\n\n\n<h2 class=\"wp-block-heading has-text-color\" style=\"color:#272727;padding-top:0;padding-right:var(--wp--preset--spacing--70);padding-bottom:0;padding-left:var(--wp--preset--spacing--70);font-size:33px\">a\u00f1o 2020<\/h2>\n\n\n\n<div class=\"wp-block-uagb-container uagb-block-3468f4eb\">\n<h4 class=\"wp-block-heading has-medium-font-size\" style=\"padding-top:var(--wp--preset--spacing--20);padding-bottom:var(--wp--preset--spacing--20)\">Debido a la Pandemia todas las actividades de este a\u00f1o se hicieron por Zoom y la mayor\u00eda se pueden encontrar en Youtube<\/h4>\n<\/div>\n<\/div><\/div>\n\n\n\n<div style=\"height:40px\" aria-hidden=\"true\" class=\"wp-block-spacer\"><\/div>\n\n\n\n<div class=\"wp-block-uagb-container uagb-block-7f108d01 alignfull uagb-is-root-container\"><div class=\"uagb-container-inner-blocks-wrap\">\n<div style=\"height:15px\" aria-hidden=\"true\" class=\"wp-block-spacer\"><\/div>\n\n\n\n<h2 class=\"wp-block-heading has-text-color\" style=\"color:#b9c2ca;padding-top:0;padding-right:var(--wp--preset--spacing--70);padding-bottom:0;padding-left:var(--wp--preset--spacing--70);font-size:33px\">a\u00f1o 2019<\/h2>\n\n\n\n\t\t\t<div class=\"wp-block-uagb-post-carousel uagb-post-grid  uagb-post__image-position-background uagb-post__image-enabled uagb-block-0b162168     uagb-post__arrow-outside uagb-slick-carousel uagb-post__items uagb-post__columns-4 is-carousel uagb-post__columns-tablet-2 uagb-post__columns-mobile-1 uagb-post__carousel_equal-height\" data-total=\"1\" style=\"\">\n\n\t\t\t\t\t\t\t\t\t\t\t\t<article class=\"uagb-post__inner-wrap\">\t\t\t\t\t\t\t\t<h4 class=\"uagb-post__title uagb-post__text\">\n\t\t\t\t<a href=\"https:\/\/astrocomplutense.es\/nova\/adios\/\" target=\"_blank\" rel=\"bookmark noopener noreferrer\">Adios<\/a>\n\t\t\t<\/h4>\n\t\t\t\t\t\t<div class='uagb-post__text uagb-post-grid-byline'>\n\t\t\t\t\t\t\t\t<time datetime=\"2019-12-01T18:27:33+01:00\" class=\"uagb-post__date\">\n\t\t\t\t\t\t\t\t\t1 de diciembre de 2019\t\t\t\t<\/time>\n\t\t\t\t\t\t<\/div>\n\t\t\t\t\t\t\t<div class='uagb-post__text uagb-post__excerpt'>\n\t\t\t\t\t<p>Adios Por Fernando L. Garc\u00eda (1 diciembre 2019) Despedimos el a\u00f1o 2019 y lo hacemos&#8230;\t\t\t\t<\/div>\n\t\t\t\t\t\t<div class=\"uagb-post__text uagb-post__cta wp-block-button\">\n\t\t\t\t<a class=\"wp-block-button__link uagb-text-link\" style=\"\" href=\"https:\/\/astrocomplutense.es\/nova\/adios\/\" target=\"_blank\" rel=\"bookmark noopener noreferrer\">Leer m\u00e1s<\/a>\n\t\t\t<\/div>\n\t\t\t\t\t\t<div class='uagb-post__image'>\n\t\t\t\t\t\t\t\t\t<a href=\"https:\/\/astrocomplutense.es\/nova\/adios\/\" target=\"_blank\" rel=\"bookmark noopener noreferrer\"><img loading=\"lazy\" decoding=\"async\" width=\"229\" height=\"157\" src=\"https:\/\/astrocomplutense.es\/nova\/wp-content\/uploads\/2021\/12\/6d92b5_03134c8ece1947b5a93cef64e66a96bf_mv2.jpg\" class=\"attachment-full size-full\" alt=\"\" \/>\t\t\t\t\t<\/a>\n\t\t\t\t\t\t\t\t\t<\/div>\n\t\t\t\n\t\t\t\t\t\t\t\t\t<\/article>\n\t\t\t\t\t\t\t\t\t\t\t\t\t\t\t\t<article class=\"uagb-post__inner-wrap\">\t\t\t\t\t\t\t\t<h4 class=\"uagb-post__title uagb-post__text\">\n\t\t\t\t<a href=\"https:\/\/astrocomplutense.es\/nova\/astrotiermes-2019\/\" target=\"_blank\" rel=\"bookmark noopener noreferrer\">AstroTiermes 2019<\/a>\n\t\t\t<\/h4>\n\t\t\t\t\t\t<div class='uagb-post__text uagb-post-grid-byline'>\n\t\t\t\t\t\t\t\t<time datetime=\"2019-09-29T18:35:29+02:00\" class=\"uagb-post__date\">\n\t\t\t\t\t\t\t\t\t29 de septiembre de 2019\t\t\t\t<\/time>\n\t\t\t\t\t\t<\/div>\n\t\t\t\t\t\t\t<div class='uagb-post__text uagb-post__excerpt'>\n\t\t\t\t\tDel 27 al 29 de septiembre pudimos disfrutar de unas nuevas jornada de Astronom\u00eda, en&#8230;\t\t\t\t<\/div>\n\t\t\t\t\t\t<div class=\"uagb-post__text uagb-post__cta wp-block-button\">\n\t\t\t\t<a class=\"wp-block-button__link uagb-text-link\" style=\"\" href=\"https:\/\/astrocomplutense.es\/nova\/astrotiermes-2019\/\" target=\"_blank\" rel=\"bookmark noopener noreferrer\">Leer m\u00e1s<\/a>\n\t\t\t<\/div>\n\t\t\t\t\t\t<div class='uagb-post__image'>\n\t\t\t\t\t\t\t\t\t<a href=\"https:\/\/astrocomplutense.es\/nova\/astrotiermes-2019\/\" target=\"_blank\" rel=\"bookmark noopener noreferrer\"><img loading=\"lazy\" decoding=\"async\" width=\"229\" height=\"157\" src=\"https:\/\/astrocomplutense.es\/nova\/wp-content\/uploads\/2019\/09\/astrotiermes2019.jpg\" class=\"attachment-full size-full\" alt=\"\" \/>\t\t\t\t\t<\/a>\n\t\t\t\t\t\t\t\t\t<\/div>\n\t\t\t\n\t\t\t\t\t\t\t\t\t<\/article>\n\t\t\t\t\t\t\t\t\t\t\t\t\t\t\t\t<article class=\"uagb-post__inner-wrap\">\t\t\t\t\t\t\t\t<h4 class=\"uagb-post__title uagb-post__text\">\n\t\t\t\t<a href=\"https:\/\/astrocomplutense.es\/nova\/onda-cero-11sep2019\/\" target=\"_blank\" rel=\"bookmark noopener noreferrer\">Onda cero 11Sep2019<\/a>\n\t\t\t<\/h4>\n\t\t\t\t\t\t<div class='uagb-post__text uagb-post-grid-byline'>\n\t\t\t\t\t\t\t\t<time datetime=\"2019-09-11T00:50:12+02:00\" class=\"uagb-post__date\">\n\t\t\t\t\t\t\t\t\t11 de septiembre de 2019\t\t\t\t<\/time>\n\t\t\t\t\t\t<\/div>\n\t\t\t\t\t\t\t<div class='uagb-post__text uagb-post__excerpt'>\n\t\t\t\t\tEntrevista en Onda Cero Alcal\u00e1 a Manuel Talero y Juan Pedro F. Larraya sobre las&#8230;\t\t\t\t<\/div>\n\t\t\t\t\t\t<div class=\"uagb-post__text uagb-post__cta wp-block-button\">\n\t\t\t\t<a class=\"wp-block-button__link uagb-text-link\" style=\"\" href=\"https:\/\/astrocomplutense.es\/nova\/onda-cero-11sep2019\/\" target=\"_blank\" rel=\"bookmark noopener noreferrer\">Leer m\u00e1s<\/a>\n\t\t\t<\/div>\n\t\t\t\t\t\t<div class='uagb-post__image'>\n\t\t\t\t\t\t\t\t\t<a href=\"https:\/\/astrocomplutense.es\/nova\/onda-cero-11sep2019\/\" target=\"_blank\" rel=\"bookmark noopener noreferrer\"><img loading=\"lazy\" decoding=\"async\" width=\"250\" height=\"192\" src=\"https:\/\/astrocomplutense.es\/nova\/wp-content\/uploads\/2021\/12\/ondaceroyaac.jpg\" class=\"attachment-full size-full\" alt=\"\" \/>\t\t\t\t\t<\/a>\n\t\t\t\t\t\t\t\t\t<\/div>\n\t\t\t\n\t\t\t\t\t\t\t\t\t<\/article>\n\t\t\t\t\t\t\t\t\t\t\t\t\t\t\t\t<article class=\"uagb-post__inner-wrap\">\t\t\t\t\t\t\t\t<h4 class=\"uagb-post__title uagb-post__text\">\n\t\t\t\t<a href=\"https:\/\/astrocomplutense.es\/nova\/onda-cero-19jun2019\/\" target=\"_blank\" rel=\"bookmark noopener noreferrer\">Onda cero 19Jun2019<\/a>\n\t\t\t<\/h4>\n\t\t\t\t\t\t<div class='uagb-post__text uagb-post-grid-byline'>\n\t\t\t\t\t\t\t\t<time datetime=\"2019-06-19T10:50:09+02:00\" class=\"uagb-post__date\">\n\t\t\t\t\t\t\t\t\t19 de junio de 2019\t\t\t\t<\/time>\n\t\t\t\t\t\t<\/div>\n\t\t\t\t\t\t\t<div class='uagb-post__text uagb-post__excerpt'>\n\t\t\t\t\t<p>Onda Cero AAC (19 junio 2019) Audio de la entrevista en Onda Cero Alcal\u00e1 con&#8230;\t\t\t\t<\/div>\n\t\t\t\t\t\t<div class=\"uagb-post__text uagb-post__cta wp-block-button\">\n\t\t\t\t<a class=\"wp-block-button__link uagb-text-link\" style=\"\" href=\"https:\/\/astrocomplutense.es\/nova\/onda-cero-19jun2019\/\" target=\"_blank\" rel=\"bookmark noopener noreferrer\">Leer m\u00e1s<\/a>\n\t\t\t<\/div>\n\t\t\t\t\t\t<div class='uagb-post__image'>\n\t\t\t\t\t\t\t\t\t<a href=\"https:\/\/astrocomplutense.es\/nova\/onda-cero-19jun2019\/\" target=\"_blank\" rel=\"bookmark noopener noreferrer\"><img loading=\"lazy\" decoding=\"async\" width=\"250\" height=\"192\" src=\"https:\/\/astrocomplutense.es\/nova\/wp-content\/uploads\/2021\/12\/ondaceroyaac.jpg\" class=\"attachment-full size-full\" alt=\"\" \/>\t\t\t\t\t<\/a>\n\t\t\t\t\t\t\t\t\t<\/div>\n\t\t\t\n\t\t\t\t\t\t\t\t\t<\/article>\n\t\t\t\t\t\t\t\t\t\t\t\t\t\t\t\t<article class=\"uagb-post__inner-wrap\">\t\t\t\t\t\t\t\t<h4 class=\"uagb-post__title uagb-post__text\">\n\t\t\t\t<a href=\"https:\/\/astrocomplutense.es\/nova\/observacion-en-el-ies-miguel-de-cervantes\/\" target=\"_blank\" rel=\"bookmark noopener noreferrer\">Observacion en el IES Miguel de Cervantes<\/a>\n\t\t\t<\/h4>\n\t\t\t\t\t\t<div class='uagb-post__text uagb-post-grid-byline'>\n\t\t\t\t\t\t\t\t<time datetime=\"2019-06-11T17:05:12+02:00\" class=\"uagb-post__date\">\n\t\t\t\t\t\t\t\t\t11 de junio de 2019\t\t\t\t<\/time>\n\t\t\t\t\t\t<\/div>\n\t\t\t\t\t\t\t<div class='uagb-post__text uagb-post__excerpt'>\n\t\t\t\t\tCon gran \u00e9xito de asistencia, tuvimos una jornada de observaci\u00f3n desde el IES Miguel de&#8230;\t\t\t\t<\/div>\n\t\t\t\t\t\t<div class=\"uagb-post__text uagb-post__cta wp-block-button\">\n\t\t\t\t<a class=\"wp-block-button__link uagb-text-link\" style=\"\" href=\"https:\/\/astrocomplutense.es\/nova\/observacion-en-el-ies-miguel-de-cervantes\/\" target=\"_blank\" rel=\"bookmark noopener noreferrer\">Leer m\u00e1s<\/a>\n\t\t\t<\/div>\n\t\t\t\t\t\t<div class='uagb-post__image'>\n\t\t\t\t\t\t\t\t\t<a href=\"https:\/\/astrocomplutense.es\/nova\/observacion-en-el-ies-miguel-de-cervantes\/\" target=\"_blank\" rel=\"bookmark noopener noreferrer\"><img loading=\"lazy\" decoding=\"async\" width=\"229\" height=\"157\" src=\"https:\/\/astrocomplutense.es\/nova\/wp-content\/uploads\/2021\/12\/observacion11Jun19_IESMigueldeCervantes.jpg\" class=\"attachment-full size-full\" alt=\"\" \/>\t\t\t\t\t<\/a>\n\t\t\t\t\t\t\t\t\t<\/div>\n\t\t\t\n\t\t\t\t\t\t\t\t\t<\/article>\n\t\t\t\t\t\t\t\t\t\t\t\t\t\t\t\t<article class=\"uagb-post__inner-wrap\">\t\t\t\t\t\t\t\t<h4 class=\"uagb-post__title uagb-post__text\">\n\t\t\t\t<a href=\"https:\/\/astrocomplutense.es\/nova\/observacion-publica-en-tortola-de-henares\/\" target=\"_blank\" rel=\"bookmark noopener noreferrer\">Observaci\u00f3n p\u00fablica en Tortola de Henares<\/a>\n\t\t\t<\/h4>\n\t\t\t\t\t\t<div class='uagb-post__text uagb-post-grid-byline'>\n\t\t\t\t\t\t\t\t<time datetime=\"2019-06-07T17:16:34+02:00\" class=\"uagb-post__date\">\n\t\t\t\t\t\t\t\t\t7 de junio de 2019\t\t\t\t<\/time>\n\t\t\t\t\t\t<\/div>\n\t\t\t\t\t\t\t<div class='uagb-post__text uagb-post__excerpt'>\n\t\t\t\t\tObservaci\u00f3n p\u00fablica en T\u00f3rtola de Henares \t\t\t\t<\/div>\n\t\t\t\t\t\t<div class=\"uagb-post__text uagb-post__cta wp-block-button\">\n\t\t\t\t<a class=\"wp-block-button__link uagb-text-link\" style=\"\" href=\"https:\/\/astrocomplutense.es\/nova\/observacion-publica-en-tortola-de-henares\/\" target=\"_blank\" rel=\"bookmark noopener noreferrer\">Leer m\u00e1s<\/a>\n\t\t\t<\/div>\n\t\t\t\t\t\t<div class='uagb-post__image'>\n\t\t\t\t\t\t\t\t\t<a href=\"https:\/\/astrocomplutense.es\/nova\/observacion-publica-en-tortola-de-henares\/\" target=\"_blank\" rel=\"bookmark noopener noreferrer\"><img loading=\"lazy\" decoding=\"async\" width=\"229\" height=\"157\" src=\"https:\/\/astrocomplutense.es\/nova\/wp-content\/uploads\/2021\/12\/ObservacionTortoladeHenares7Jun19.jpg\" class=\"attachment-full size-full\" alt=\"\" \/>\t\t\t\t\t<\/a>\n\t\t\t\t\t\t\t\t\t<\/div>\n\t\t\t\n\t\t\t\t\t\t\t\t\t<\/article>\n\t\t\t\t\t\t\t\t\t\t\t\t\t\t\t\t<article class=\"uagb-post__inner-wrap\">\t\t\t\t\t\t\t\t<h4 class=\"uagb-post__title uagb-post__text\">\n\t\t\t\t<a href=\"https:\/\/astrocomplutense.es\/nova\/visita-al-observatorio-de-la-hita\/\" target=\"_blank\" rel=\"bookmark noopener noreferrer\">Visita al Observatorio de la Hita<\/a>\n\t\t\t<\/h4>\n\t\t\t\t\t\t<div class='uagb-post__text uagb-post-grid-byline'>\n\t\t\t\t\t\t\t\t<time datetime=\"2019-06-01T09:03:24+02:00\" class=\"uagb-post__date\">\n\t\t\t\t\t\t\t\t\t1 de junio de 2019\t\t\t\t<\/time>\n\t\t\t\t\t\t<\/div>\n\t\t\t\t\t\t\t<div class='uagb-post__text uagb-post__excerpt'>\n\t\t\t\t\tEl 1 de junio de 2019 realizamos una visita al complejo astron\u00f3mico de la Hita&#8230;.\t\t\t\t<\/div>\n\t\t\t\t\t\t<div class=\"uagb-post__text uagb-post__cta wp-block-button\">\n\t\t\t\t<a class=\"wp-block-button__link uagb-text-link\" style=\"\" href=\"https:\/\/astrocomplutense.es\/nova\/visita-al-observatorio-de-la-hita\/\" target=\"_blank\" rel=\"bookmark noopener noreferrer\">Leer m\u00e1s<\/a>\n\t\t\t<\/div>\n\t\t\t\t\t\t<div class='uagb-post__image'>\n\t\t\t\t\t\t\t\t\t<a href=\"https:\/\/astrocomplutense.es\/nova\/visita-al-observatorio-de-la-hita\/\" target=\"_blank\" rel=\"bookmark noopener noreferrer\"><img loading=\"lazy\" decoding=\"async\" width=\"300\" height=\"199\" src=\"https:\/\/astrocomplutense.es\/nova\/wp-content\/uploads\/2019\/06\/VisitaHita01Jun21.jpg\" class=\"attachment-full size-full\" alt=\"\" \/>\t\t\t\t\t<\/a>\n\t\t\t\t\t\t\t\t\t<\/div>\n\t\t\t\n\t\t\t\t\t\t\t\t\t<\/article>\n\t\t\t\t\t\t\t\t\t\t\t\t\t\t\t\t<article class=\"uagb-post__inner-wrap\">\t\t\t\t\t\t\t\t<h4 class=\"uagb-post__title uagb-post__text\">\n\t\t\t\t<a href=\"https:\/\/astrocomplutense.es\/nova\/charla-sobre-el-cielo-nocturno-observacion-publica-distrito-ii\/\" target=\"_blank\" rel=\"bookmark noopener noreferrer\">Charla sobre el Cielo Nocturno. Observaci\u00f3n p\u00fablica Distrito II<\/a>\n\t\t\t<\/h4>\n\t\t\t\t\t\t<div class='uagb-post__text uagb-post-grid-byline'>\n\t\t\t\t\t\t\t\t<time datetime=\"2019-05-31T11:34:50+02:00\" class=\"uagb-post__date\">\n\t\t\t\t\t\t\t\t\t31 de mayo de 2019\t\t\t\t<\/time>\n\t\t\t\t\t\t<\/div>\n\t\t\t\t\t\t\t<div class='uagb-post__text uagb-post__excerpt'>\n\t\t\t\t\tCharla sobre el cielo nocturno y Observaci\u00f3n en el Distrito II de Alcal\u00e1 de Henares\t\t\t\t<\/div>\n\t\t\t\t\t\t<div class=\"uagb-post__text uagb-post__cta wp-block-button\">\n\t\t\t\t<a class=\"wp-block-button__link uagb-text-link\" style=\"\" href=\"https:\/\/astrocomplutense.es\/nova\/charla-sobre-el-cielo-nocturno-observacion-publica-distrito-ii\/\" target=\"_blank\" rel=\"bookmark noopener noreferrer\">Leer m\u00e1s<\/a>\n\t\t\t<\/div>\n\t\t\t\t\t\t<div class='uagb-post__image'>\n\t\t\t\t\t\t\t\t\t<a href=\"https:\/\/astrocomplutense.es\/nova\/charla-sobre-el-cielo-nocturno-observacion-publica-distrito-ii\/\" target=\"_blank\" rel=\"bookmark noopener noreferrer\"><img loading=\"lazy\" decoding=\"async\" width=\"250\" height=\"333\" src=\"https:\/\/astrocomplutense.es\/nova\/wp-content\/uploads\/2021\/12\/06May2019DistritoIII.jpg\" class=\"attachment-full size-full\" alt=\"\" srcset=\"https:\/\/astrocomplutense.es\/nova\/wp-content\/uploads\/2021\/12\/06May2019DistritoIII.jpg 250w, https:\/\/astrocomplutense.es\/nova\/wp-content\/uploads\/2021\/12\/06May2019DistritoIII-225x300.jpg 225w\" sizes=\"auto, (max-width: 250px) 100vw, 250px\" \/>\t\t\t\t\t<\/a>\n\t\t\t\t\t\t\t\t\t<\/div>\n\t\t\t\n\t\t\t\t\t\t\t\t\t<\/article>\n\t\t\t\t\t\t\t\t\t\t\t\t\t\t\t\t<article class=\"uagb-post__inner-wrap\">\t\t\t\t\t\t\t\t<h4 class=\"uagb-post__title uagb-post__text\">\n\t\t\t\t<a href=\"https:\/\/astrocomplutense.es\/nova\/buscando-vida-en-marte\/\" target=\"_blank\" rel=\"bookmark noopener noreferrer\">Buscando vida en Marte<\/a>\n\t\t\t<\/h4>\n\t\t\t\t\t\t<div class='uagb-post__text uagb-post-grid-byline'>\n\t\t\t\t\t\t\t\t<time datetime=\"2019-05-22T11:59:40+02:00\" class=\"uagb-post__date\">\n\t\t\t\t\t\t\t\t\t22 de mayo de 2019\t\t\t\t<\/time>\n\t\t\t\t\t\t<\/div>\n\t\t\t\t\t\t\t<div class='uagb-post__text uagb-post__excerpt'>\n\t\t\t\t\tEl mi\u00e9rcoles, 22 de mayo de 2019 tuvo lugar en nuestra seda social, de la&#8230;\t\t\t\t<\/div>\n\t\t\t\t\t\t<div class=\"uagb-post__text uagb-post__cta wp-block-button\">\n\t\t\t\t<a class=\"wp-block-button__link uagb-text-link\" style=\"\" href=\"https:\/\/astrocomplutense.es\/nova\/buscando-vida-en-marte\/\" target=\"_blank\" rel=\"bookmark noopener noreferrer\">Leer m\u00e1s<\/a>\n\t\t\t<\/div>\n\t\t\t\t\t\t<div class='uagb-post__image'>\n\t\t\t\t\t\t\t\t\t<a href=\"https:\/\/astrocomplutense.es\/nova\/buscando-vida-en-marte\/\" target=\"_blank\" rel=\"bookmark noopener noreferrer\"><img loading=\"lazy\" decoding=\"async\" width=\"229\" height=\"157\" src=\"https:\/\/astrocomplutense.es\/nova\/wp-content\/uploads\/2022\/01\/buscandovidaenmarte22May19.jpg\" class=\"attachment-full size-full\" alt=\"\" \/>\t\t\t\t\t<\/a>\n\t\t\t\t\t\t\t\t\t<\/div>\n\t\t\t\n\t\t\t\t\t\t\t\t\t<\/article>\n\t\t\t\t\t\t\t\t\t\t\t\t\t\t\t\t<article class=\"uagb-post__inner-wrap\">\t\t\t\t\t\t\t\t<h4 class=\"uagb-post__title uagb-post__text\">\n\t\t\t\t<a href=\"https:\/\/astrocomplutense.es\/nova\/observacion-solar-y-de-venus\/\" target=\"_blank\" rel=\"bookmark noopener noreferrer\">Observaci\u00f3n Solar y de Venus<\/a>\n\t\t\t<\/h4>\n\t\t\t\t\t\t<div class='uagb-post__text uagb-post-grid-byline'>\n\t\t\t\t\t\t\t\t<time datetime=\"2019-05-19T12:20:42+02:00\" class=\"uagb-post__date\">\n\t\t\t\t\t\t\t\t\t19 de mayo de 2019\t\t\t\t<\/time>\n\t\t\t\t\t\t<\/div>\n\t\t\t\t\t\t\t<div class='uagb-post__text uagb-post__excerpt'>\n\t\t\t\t\tEl 19 de junio de 2019 desde el Parque O`Donnell,  organizado por la Agrupaci\u00f3n&#8230;\t\t\t\t<\/div>\n\t\t\t\t\t\t<div class=\"uagb-post__text uagb-post__cta wp-block-button\">\n\t\t\t\t<a class=\"wp-block-button__link uagb-text-link\" style=\"\" href=\"https:\/\/astrocomplutense.es\/nova\/observacion-solar-y-de-venus\/\" target=\"_blank\" rel=\"bookmark noopener noreferrer\">Leer m\u00e1s<\/a>\n\t\t\t<\/div>\n\t\t\t\t\t\t<div class='uagb-post__image'>\n\t\t\t\t\t\t\t\t\t<a href=\"https:\/\/astrocomplutense.es\/nova\/observacion-solar-y-de-venus\/\" target=\"_blank\" rel=\"bookmark noopener noreferrer\"><img loading=\"lazy\" decoding=\"async\" width=\"229\" height=\"157\" src=\"https:\/\/astrocomplutense.es\/nova\/wp-content\/uploads\/2022\/01\/observacionsolar-ydevenus19Jun19.jpg\" class=\"attachment-full size-full\" alt=\"\" \/>\t\t\t\t\t<\/a>\n\t\t\t\t\t\t\t\t\t<\/div>\n\t\t\t\n\t\t\t\t\t\t\t\t\t<\/article>\n\t\t\t\t\t\t\t\t\t\t\t\t\t\t\t\t<article class=\"uagb-post__inner-wrap\">\t\t\t\t\t\t\t\t<h4 class=\"uagb-post__title uagb-post__text\">\n\t\t\t\t<a href=\"https:\/\/astrocomplutense.es\/nova\/observacion-del-sol-desde-el-cpee-pablo-picasso-de-a-de-henares\/\" target=\"_blank\" rel=\"bookmark noopener noreferrer\">Observaci\u00f3n del Sol desde el CPEE Pablo Picasso de A. de Henares<\/a>\n\t\t\t<\/h4>\n\t\t\t\t\t\t<div class='uagb-post__text uagb-post-grid-byline'>\n\t\t\t\t\t\t\t\t<time datetime=\"2019-05-15T08:07:38+02:00\" class=\"uagb-post__date\">\n\t\t\t\t\t\t\t\t\t15 de mayo de 2019\t\t\t\t<\/time>\n\t\t\t\t\t\t<\/div>\n\t\t\t\t\t\t\t<div class='uagb-post__text uagb-post__excerpt'>\n\t\t\t\t\tEn la ma\u00f1ana del mi\u00e9rcoles 15 de mayo de 2019 tuvimos una observaci\u00f3n solar en&#8230;\t\t\t\t<\/div>\n\t\t\t\t\t\t<div class=\"uagb-post__text uagb-post__cta wp-block-button\">\n\t\t\t\t<a class=\"wp-block-button__link uagb-text-link\" style=\"\" href=\"https:\/\/astrocomplutense.es\/nova\/observacion-del-sol-desde-el-cpee-pablo-picasso-de-a-de-henares\/\" target=\"_blank\" rel=\"bookmark noopener noreferrer\">Leer m\u00e1s<\/a>\n\t\t\t<\/div>\n\t\t\t\t\t\t<div class='uagb-post__image'>\n\t\t\t\t\t\t\t\t\t<a href=\"https:\/\/astrocomplutense.es\/nova\/observacion-del-sol-desde-el-cpee-pablo-picasso-de-a-de-henares\/\" target=\"_blank\" rel=\"bookmark noopener noreferrer\"><img loading=\"lazy\" decoding=\"async\" width=\"229\" height=\"157\" src=\"https:\/\/astrocomplutense.es\/nova\/wp-content\/uploads\/2022\/01\/observacionPPicasso15May19.jpg\" class=\"attachment-full size-full\" alt=\"\" \/>\t\t\t\t\t<\/a>\n\t\t\t\t\t\t\t\t\t<\/div>\n\t\t\t\n\t\t\t\t\t\t\t\t\t<\/article>\n\t\t\t\t\t\t\t\t\t\t\t\t\t\t\t\t<article class=\"uagb-post__inner-wrap\">\t\t\t\t\t\t\t\t<h4 class=\"uagb-post__title uagb-post__text\">\n\t\t\t\t<a href=\"https:\/\/astrocomplutense.es\/nova\/miercoles-15-de-mayo-charla-la-historia-de-la-agrupa\/\" target=\"_blank\" rel=\"bookmark noopener noreferrer\">Charla, Historia de la \\\u00bbAgrupa\\\u00bb<\/a>\n\t\t\t<\/h4>\n\t\t\t\t\t\t<div class='uagb-post__text uagb-post-grid-byline'>\n\t\t\t\t\t\t\t\t<time datetime=\"2019-05-15T07:57:53+02:00\" class=\"uagb-post__date\">\n\t\t\t\t\t\t\t\t\t15 de mayo de 2019\t\t\t\t<\/time>\n\t\t\t\t\t\t<\/div>\n\t\t\t\t\t\t\t<div class='uagb-post__text uagb-post__excerpt'>\n\t\t\t\t\tLos socios m\u00e1s antiguos de la Agrupaci\u00f3n, nos llevaron a los primeros tiempos de la&#8230;\t\t\t\t<\/div>\n\t\t\t\t\t\t<div class=\"uagb-post__text uagb-post__cta wp-block-button\">\n\t\t\t\t<a class=\"wp-block-button__link uagb-text-link\" style=\"\" href=\"https:\/\/astrocomplutense.es\/nova\/miercoles-15-de-mayo-charla-la-historia-de-la-agrupa\/\" target=\"_blank\" rel=\"bookmark noopener noreferrer\">Leer m\u00e1s<\/a>\n\t\t\t<\/div>\n\t\t\t\t\t\t<div class='uagb-post__image'>\n\t\t\t\t\t\t\t\t\t<a href=\"https:\/\/astrocomplutense.es\/nova\/miercoles-15-de-mayo-charla-la-historia-de-la-agrupa\/\" target=\"_blank\" rel=\"bookmark noopener noreferrer\"><img loading=\"lazy\" decoding=\"async\" width=\"229\" height=\"157\" src=\"https:\/\/astrocomplutense.es\/nova\/wp-content\/uploads\/2022\/01\/HistoriadelaAgrupa15May19.jpg\" class=\"attachment-full size-full\" alt=\"\" \/>\t\t\t\t\t<\/a>\n\t\t\t\t\t\t\t\t\t<\/div>\n\t\t\t\n\t\t\t\t\t\t\t\t\t<\/article>\n\t\t\t\t\t\t\t\t\t\t\t\t\t\t\t\t<article class=\"uagb-post__inner-wrap\">\t\t\t\t\t\t\t\t<h4 class=\"uagb-post__title uagb-post__text\">\n\t\t\t\t<a href=\"https:\/\/astrocomplutense.es\/nova\/observacion-publica-en-las-xiv-jornadas-romanas-de-carranque\/\" target=\"_blank\" rel=\"bookmark noopener noreferrer\">Observaci\u00f3n p\u00fablica en las XIV jornadas romanas de Carranque<\/a>\n\t\t\t<\/h4>\n\t\t\t\t\t\t<div class='uagb-post__text uagb-post-grid-byline'>\n\t\t\t\t\t\t\t\t<time datetime=\"2019-05-11T08:20:01+02:00\" class=\"uagb-post__date\">\n\t\t\t\t\t\t\t\t\t11 de mayo de 2019\t\t\t\t<\/time>\n\t\t\t\t\t\t<\/div>\n\t\t\t\t\t\t\t<div class='uagb-post__text uagb-post__excerpt'>\n\t\t\t\t\tl s\u00e1bado 11 de mayo de 2019 tuvimos una observaci\u00f3n p\u00fablica en las XIV Jornadas&#8230;\t\t\t\t<\/div>\n\t\t\t\t\t\t<div class=\"uagb-post__text uagb-post__cta wp-block-button\">\n\t\t\t\t<a class=\"wp-block-button__link uagb-text-link\" style=\"\" href=\"https:\/\/astrocomplutense.es\/nova\/observacion-publica-en-las-xiv-jornadas-romanas-de-carranque\/\" target=\"_blank\" rel=\"bookmark noopener noreferrer\">Leer m\u00e1s<\/a>\n\t\t\t<\/div>\n\t\t\t\t\t\t<div class='uagb-post__image'>\n\t\t\t\t\t\t\t\t\t<a href=\"https:\/\/astrocomplutense.es\/nova\/observacion-publica-en-las-xiv-jornadas-romanas-de-carranque\/\" target=\"_blank\" rel=\"bookmark noopener noreferrer\"><img loading=\"lazy\" decoding=\"async\" width=\"229\" height=\"157\" src=\"https:\/\/astrocomplutense.es\/nova\/wp-content\/uploads\/2022\/01\/jornadascarranque11May19.jpeg\" class=\"attachment-full size-full\" alt=\"\" \/>\t\t\t\t\t<\/a>\n\t\t\t\t\t\t\t\t\t<\/div>\n\t\t\t\n\t\t\t\t\t\t\t\t\t<\/article>\n\t\t\t\t\t\t\t\t\t\t\t\t\t\t\t\t<article class=\"uagb-post__inner-wrap\">\t\t\t\t\t\t\t\t<h4 class=\"uagb-post__title uagb-post__text\">\n\t\t\t\t<a href=\"https:\/\/astrocomplutense.es\/nova\/charla-divulgativa-biografia-de-un-foton-parte-iii\/\" target=\"_blank\" rel=\"bookmark noopener noreferrer\">Charla divulgativa. Biograf\u00eda de un fot\u00f3n. Parte III<\/a>\n\t\t\t<\/h4>\n\t\t\t\t\t\t<div class='uagb-post__text uagb-post-grid-byline'>\n\t\t\t\t\t\t\t\t<time datetime=\"2019-05-09T00:02:04+02:00\" class=\"uagb-post__date\">\n\t\t\t\t\t\t\t\t\t9 de mayo de 2019\t\t\t\t<\/time>\n\t\t\t\t\t\t<\/div>\n\t\t\t\t\t\t\t<div class='uagb-post__text uagb-post__excerpt'>\n\t\t\t\t\tEl mi\u00e9rcoles, 9 de mayo de 2019, Jos\u00e9 Luis del Horno, sigui\u00f3 con charla sobre&#8230;\t\t\t\t<\/div>\n\t\t\t\t\t\t<div class=\"uagb-post__text uagb-post__cta wp-block-button\">\n\t\t\t\t<a class=\"wp-block-button__link uagb-text-link\" style=\"\" href=\"https:\/\/astrocomplutense.es\/nova\/charla-divulgativa-biografia-de-un-foton-parte-iii\/\" target=\"_blank\" rel=\"bookmark noopener noreferrer\">Leer m\u00e1s<\/a>\n\t\t\t<\/div>\n\t\t\t\t\t\t<div class='uagb-post__image'>\n\t\t\t\t\t\t\t\t\t<a href=\"https:\/\/astrocomplutense.es\/nova\/charla-divulgativa-biografia-de-un-foton-parte-iii\/\" target=\"_blank\" rel=\"bookmark noopener noreferrer\"><img loading=\"lazy\" decoding=\"async\" width=\"229\" height=\"157\" src=\"https:\/\/astrocomplutense.es\/nova\/wp-content\/uploads\/2022\/01\/vidadeunfoton9May19.jpg\" class=\"attachment-full size-full\" alt=\"\" \/>\t\t\t\t\t<\/a>\n\t\t\t\t\t\t\t\t\t<\/div>\n\t\t\t\n\t\t\t\t\t\t\t\t\t<\/article>\n\t\t\t\t\t\t\t\t\t\t\t\t\t\t\t\t<article class=\"uagb-post__inner-wrap\">\t\t\t\t\t\t\t\t<h4 class=\"uagb-post__title uagb-post__text\">\n\t\t\t\t<a href=\"https:\/\/astrocomplutense.es\/nova\/charla-divulgativa-sobre-el-cielo-de-primavera\/\" target=\"_blank\" rel=\"bookmark noopener noreferrer\">Charla divulgativa sobre el cielo de Primavera<\/a>\n\t\t\t<\/h4>\n\t\t\t\t\t\t<div class='uagb-post__text uagb-post-grid-byline'>\n\t\t\t\t\t\t\t\t<time datetime=\"2019-04-10T00:26:50+02:00\" class=\"uagb-post__date\">\n\t\t\t\t\t\t\t\t\t10 de abril de 2019\t\t\t\t<\/time>\n\t\t\t\t\t\t<\/div>\n\t\t\t\t\t\t\t<div class='uagb-post__text uagb-post__excerpt'>\n\t\t\t\t\tMi\u00e9rcoles 10 de abril de 2019. Charla sobre el Cielo de primavera. Por Marian Mart\u00ednez\n\t\t\t\t<\/div>\n\t\t\t\t\t\t<div class=\"uagb-post__text uagb-post__cta wp-block-button\">\n\t\t\t\t<a class=\"wp-block-button__link uagb-text-link\" style=\"\" href=\"https:\/\/astrocomplutense.es\/nova\/charla-divulgativa-sobre-el-cielo-de-primavera\/\" target=\"_blank\" rel=\"bookmark noopener noreferrer\">Leer m\u00e1s<\/a>\n\t\t\t<\/div>\n\t\t\t\t\t\t<div class='uagb-post__image'>\n\t\t\t\t\t\t\t\t\t<a href=\"https:\/\/astrocomplutense.es\/nova\/charla-divulgativa-sobre-el-cielo-de-primavera\/\" target=\"_blank\" rel=\"bookmark noopener noreferrer\"><img loading=\"lazy\" decoding=\"async\" width=\"233\" height=\"157\" src=\"https:\/\/astrocomplutense.es\/nova\/wp-content\/uploads\/2022\/01\/CieloPrimavera10Abr19.jpg\" class=\"attachment-full size-full\" alt=\"\" \/>\t\t\t\t\t<\/a>\n\t\t\t\t\t\t\t\t\t<\/div>\n\t\t\t\n\t\t\t\t\t\t\t\t\t<\/article>\n\t\t\t\t\t\t\t\t\t\t\t\t\t\t\t\t<article class=\"uagb-post__inner-wrap\">\t\t\t\t\t\t\t\t<h4 class=\"uagb-post__title uagb-post__text\">\n\t\t\t\t<a href=\"https:\/\/astrocomplutense.es\/nova\/salida-observacion-en-yela-guadalajara\/\" target=\"_blank\" rel=\"bookmark noopener noreferrer\">Salida Observaci\u00f3n en Yela, Guadalajara<\/a>\n\t\t\t<\/h4>\n\t\t\t\t\t\t<div class='uagb-post__text uagb-post-grid-byline'>\n\t\t\t\t\t\t\t\t<time datetime=\"2019-03-27T00:37:11+01:00\" class=\"uagb-post__date\">\n\t\t\t\t\t\t\t\t\t27 de marzo de 2019\t\t\t\t<\/time>\n\t\t\t\t\t\t<\/div>\n\t\t\t\t\t\t\t<div class='uagb-post__text uagb-post__excerpt'>\n\t\t\t\t\tLa tarde del 27 Marzo de 2019 nos acercamos a un lugar cerca de Yela&#8230;\t\t\t\t<\/div>\n\t\t\t\t\t\t<div class=\"uagb-post__text uagb-post__cta wp-block-button\">\n\t\t\t\t<a class=\"wp-block-button__link uagb-text-link\" style=\"\" href=\"https:\/\/astrocomplutense.es\/nova\/salida-observacion-en-yela-guadalajara\/\" target=\"_blank\" rel=\"bookmark noopener noreferrer\">Leer m\u00e1s<\/a>\n\t\t\t<\/div>\n\t\t\t\t\t\t<div class='uagb-post__image'>\n\t\t\t\t\t\t\t\t\t<a href=\"https:\/\/astrocomplutense.es\/nova\/salida-observacion-en-yela-guadalajara\/\" target=\"_blank\" rel=\"bookmark noopener noreferrer\"><img loading=\"lazy\" decoding=\"async\" width=\"229\" height=\"157\" src=\"https:\/\/astrocomplutense.es\/nova\/wp-content\/uploads\/2022\/01\/ObservacionYela20Mar19.jpg\" class=\"attachment-full size-full\" alt=\"\" \/>\t\t\t\t\t<\/a>\n\t\t\t\t\t\t\t\t\t<\/div>\n\t\t\t\n\t\t\t\t\t\t\t\t\t<\/article>\n\t\t\t\t\t\t\t\t\t\t\t\t\t\t\t\t<article class=\"uagb-post__inner-wrap\">\t\t\t\t\t\t\t\t<h4 class=\"uagb-post__title uagb-post__text\">\n\t\t\t\t<a href=\"https:\/\/astrocomplutense.es\/nova\/charla-sobre-fenomenos-atmosfericos\/\" target=\"_blank\" rel=\"bookmark noopener noreferrer\">Charla sobre fen\u00f3menos atmosf\u00e9ricos<\/a>\n\t\t\t<\/h4>\n\t\t\t\t\t\t<div class='uagb-post__text uagb-post-grid-byline'>\n\t\t\t\t\t\t\t\t<time datetime=\"2019-03-20T00:53:21+01:00\" class=\"uagb-post__date\">\n\t\t\t\t\t\t\t\t\t20 de marzo de 2019\t\t\t\t<\/time>\n\t\t\t\t\t\t<\/div>\n\t\t\t\t\t\t\t<div class='uagb-post__text uagb-post__excerpt'>\n\t\t\t\t\t20 de Marzo de 2019. Tuvimos una interesant\u00edsima charla, impartida por Isabel Garc\u00eda Bermejo, socia&#8230;\t\t\t\t<\/div>\n\t\t\t\t\t\t<div class=\"uagb-post__text uagb-post__cta wp-block-button\">\n\t\t\t\t<a class=\"wp-block-button__link uagb-text-link\" style=\"\" href=\"https:\/\/astrocomplutense.es\/nova\/charla-sobre-fenomenos-atmosfericos\/\" target=\"_blank\" rel=\"bookmark noopener noreferrer\">Leer m\u00e1s<\/a>\n\t\t\t<\/div>\n\t\t\t\t\t\t<div class='uagb-post__image'>\n\t\t\t\t\t\t\t\t\t<a href=\"https:\/\/astrocomplutense.es\/nova\/charla-sobre-fenomenos-atmosfericos\/\" target=\"_blank\" rel=\"bookmark noopener noreferrer\"><img loading=\"lazy\" decoding=\"async\" width=\"229\" height=\"157\" src=\"https:\/\/astrocomplutense.es\/nova\/wp-content\/uploads\/2022\/01\/fenomenosatmosfericos20Mar19-1.jpg\" class=\"attachment-full size-full\" alt=\"\" \/>\t\t\t\t\t<\/a>\n\t\t\t\t\t\t\t\t\t<\/div>\n\t\t\t\n\t\t\t\t\t\t\t\t\t<\/article>\n\t\t\t\t\t\t\t\t\t\t\t\t\t\t\t\t<article class=\"uagb-post__inner-wrap\">\t\t\t\t\t\t\t\t<h4 class=\"uagb-post__title uagb-post__text\">\n\t\t\t\t<a href=\"https:\/\/astrocomplutense.es\/nova\/visita-guiada-al-observatorio-de-yebes\/\" target=\"_blank\" rel=\"bookmark noopener noreferrer\">Visita guiada al observatorio de Yebes<\/a>\n\t\t\t<\/h4>\n\t\t\t\t\t\t<div class='uagb-post__text uagb-post-grid-byline'>\n\t\t\t\t\t\t\t\t<time datetime=\"2019-03-15T10:48:06+01:00\" class=\"uagb-post__date\">\n\t\t\t\t\t\t\t\t\t15 de marzo de 2019\t\t\t\t<\/time>\n\t\t\t\t\t\t<\/div>\n\t\t\t\t\t\t\t<div class='uagb-post__text uagb-post__excerpt'>\n\t\t\t\t\tEl viernes 15 de Marzo de 2019 efectuamos una visita guiada al Observatorio de Yebes&#8230;.\t\t\t\t<\/div>\n\t\t\t\t\t\t<div class=\"uagb-post__text uagb-post__cta wp-block-button\">\n\t\t\t\t<a class=\"wp-block-button__link uagb-text-link\" style=\"\" href=\"https:\/\/astrocomplutense.es\/nova\/visita-guiada-al-observatorio-de-yebes\/\" target=\"_blank\" rel=\"bookmark noopener noreferrer\">Leer m\u00e1s<\/a>\n\t\t\t<\/div>\n\t\t\t\t\t\t<div class='uagb-post__image'>\n\t\t\t\t\t\t\t\t\t<a href=\"https:\/\/astrocomplutense.es\/nova\/visita-guiada-al-observatorio-de-yebes\/\" target=\"_blank\" rel=\"bookmark noopener noreferrer\"><img loading=\"lazy\" decoding=\"async\" width=\"229\" height=\"157\" src=\"https:\/\/astrocomplutense.es\/nova\/wp-content\/uploads\/2022\/01\/VisitaYebes15Mar19.jpg\" class=\"attachment-full size-full\" alt=\"\" \/>\t\t\t\t\t<\/a>\n\t\t\t\t\t\t\t\t\t<\/div>\n\t\t\t\n\t\t\t\t\t\t\t\t\t<\/article>\n\t\t\t\t\t\t\t\t\t\t\t\t\t\t\t\t<article class=\"uagb-post__inner-wrap\">\t\t\t\t\t\t\t\t<h4 class=\"uagb-post__title uagb-post__text\">\n\t\t\t\t<a href=\"https:\/\/astrocomplutense.es\/nova\/la-x-en-la-luna\/\" target=\"_blank\" rel=\"bookmark noopener noreferrer\">La \\\u00bbX\\\u00bb en La Luna<\/a>\n\t\t\t<\/h4>\n\t\t\t\t\t\t<div class='uagb-post__text uagb-post-grid-byline'>\n\t\t\t\t\t\t\t\t<time datetime=\"2019-03-13T10:58:57+01:00\" class=\"uagb-post__date\">\n\t\t\t\t\t\t\t\t\t13 de marzo de 2019\t\t\t\t<\/time>\n\t\t\t\t\t\t<\/div>\n\t\t\t\t\t\t\t<div class='uagb-post__text uagb-post__excerpt'>\n\t\t\t\t\tEl 13 de Marzo de 2019 Marian Mart\u00ednez imparti\u00f3 una charla sobre La Luna\t\t\t\t<\/div>\n\t\t\t\t\t\t<div class=\"uagb-post__text uagb-post__cta wp-block-button\">\n\t\t\t\t<a class=\"wp-block-button__link uagb-text-link\" style=\"\" href=\"https:\/\/astrocomplutense.es\/nova\/la-x-en-la-luna\/\" target=\"_blank\" rel=\"bookmark noopener noreferrer\">Leer m\u00e1s<\/a>\n\t\t\t<\/div>\n\t\t\t\t\t\t<div class='uagb-post__image'>\n\t\t\t\t\t\t\t\t\t<a href=\"https:\/\/astrocomplutense.es\/nova\/la-x-en-la-luna\/\" target=\"_blank\" rel=\"bookmark noopener noreferrer\"><img loading=\"lazy\" decoding=\"async\" width=\"229\" height=\"157\" src=\"https:\/\/astrocomplutense.es\/nova\/wp-content\/uploads\/2022\/01\/laxenlaLuna13Mar19.jpg\" class=\"attachment-full size-full\" alt=\"\" \/>\t\t\t\t\t<\/a>\n\t\t\t\t\t\t\t\t\t<\/div>\n\t\t\t\n\t\t\t\t\t\t\t\t\t<\/article>\n\t\t\t\t\t\t\t\t\t\t\t\t\t\t\t\t<article class=\"uagb-post__inner-wrap\">\t\t\t\t\t\t\t\t<h4 class=\"uagb-post__title uagb-post__text\">\n\t\t\t\t<a href=\"https:\/\/astrocomplutense.es\/nova\/aprendiendo-a-mirar-el-cielo-conoce-las-constelaciones-y-su-mitologia\/\" target=\"_blank\" rel=\"bookmark noopener noreferrer\">Aprendiendo a mirar el Cielo. Conoce las Constelaciones y su Mitolog\u00eda<\/a>\n\t\t\t<\/h4>\n\t\t\t\t\t\t<div class='uagb-post__text uagb-post-grid-byline'>\n\t\t\t\t\t\t\t\t<time datetime=\"2019-03-08T11:10:08+01:00\" class=\"uagb-post__date\">\n\t\t\t\t\t\t\t\t\t8 de marzo de 2019\t\t\t\t<\/time>\n\t\t\t\t\t\t<\/div>\n\t\t\t\t\t\t\t<div class='uagb-post__text uagb-post__excerpt'>\n\t\t\t\t\tEl viernes 8 de marzo de 2019 al lado de Complutum en Alcal\u00e1 realizamos un&#8230;\t\t\t\t<\/div>\n\t\t\t\t\t\t<div class=\"uagb-post__text uagb-post__cta wp-block-button\">\n\t\t\t\t<a class=\"wp-block-button__link uagb-text-link\" style=\"\" href=\"https:\/\/astrocomplutense.es\/nova\/aprendiendo-a-mirar-el-cielo-conoce-las-constelaciones-y-su-mitologia\/\" target=\"_blank\" rel=\"bookmark noopener noreferrer\">Leer m\u00e1s<\/a>\n\t\t\t<\/div>\n\t\t\t\t\t\t<div class='uagb-post__image'>\n\t\t\t\t\t\t\t\t\t<a href=\"https:\/\/astrocomplutense.es\/nova\/aprendiendo-a-mirar-el-cielo-conoce-las-constelaciones-y-su-mitologia\/\" target=\"_blank\" rel=\"bookmark noopener noreferrer\"><img loading=\"lazy\" decoding=\"async\" width=\"229\" height=\"157\" src=\"https:\/\/astrocomplutense.es\/nova\/wp-content\/uploads\/2022\/01\/aprendiendoamirarelcielo8Mar19.jpg\" class=\"attachment-full size-full\" alt=\"\" \/>\t\t\t\t\t<\/a>\n\t\t\t\t\t\t\t\t\t<\/div>\n\t\t\t\n\t\t\t\t\t\t\t\t\t<\/article>\n\t\t\t\t\t\t\t\t\t\t\t\t\t\t\t\t<article class=\"uagb-post__inner-wrap\">\t\t\t\t\t\t\t\t<h4 class=\"uagb-post__title uagb-post__text\">\n\t\t\t\t<a href=\"https:\/\/astrocomplutense.es\/nova\/biografia-de-un-foton\/\" target=\"_blank\" rel=\"bookmark noopener noreferrer\">Biograf\u00eda de un fot\u00f3n<\/a>\n\t\t\t<\/h4>\n\t\t\t\t\t\t<div class='uagb-post__text uagb-post-grid-byline'>\n\t\t\t\t\t\t\t\t<time datetime=\"2019-02-20T11:30:26+01:00\" class=\"uagb-post__date\">\n\t\t\t\t\t\t\t\t\t20 de febrero de 2019\t\t\t\t<\/time>\n\t\t\t\t\t\t<\/div>\n\t\t\t\t\t\t\t<div class='uagb-post__text uagb-post__excerpt'>\n\t\t\t\t\tMi\u00e9rcoles 20 de Febrero de 2019 en nuestro local en la Casa de la Juventud&#8230;\t\t\t\t<\/div>\n\t\t\t\t\t\t<div class=\"uagb-post__text uagb-post__cta wp-block-button\">\n\t\t\t\t<a class=\"wp-block-button__link uagb-text-link\" style=\"\" href=\"https:\/\/astrocomplutense.es\/nova\/biografia-de-un-foton\/\" target=\"_blank\" rel=\"bookmark noopener noreferrer\">Leer m\u00e1s<\/a>\n\t\t\t<\/div>\n\t\t\t\t\t\t<div class='uagb-post__image'>\n\t\t\t\t\t\t\t\t\t<a href=\"https:\/\/astrocomplutense.es\/nova\/biografia-de-un-foton\/\" target=\"_blank\" rel=\"bookmark noopener noreferrer\"><img loading=\"lazy\" decoding=\"async\" width=\"229\" height=\"157\" src=\"https:\/\/astrocomplutense.es\/nova\/wp-content\/uploads\/2022\/01\/biografiadeunfoton20Feb19.jpg\" class=\"attachment-full size-full\" alt=\"\" \/>\t\t\t\t\t<\/a>\n\t\t\t\t\t\t\t\t\t<\/div>\n\t\t\t\n\t\t\t\t\t\t\t\t\t<\/article>\n\t\t\t\t\t\t\t\t\t\t\t\t\t\t\t\t<article class=\"uagb-post__inner-wrap\">\t\t\t\t\t\t\t\t<h4 class=\"uagb-post__title uagb-post__text\">\n\t\t\t\t<a href=\"https:\/\/astrocomplutense.es\/nova\/introduccion-a-la-astrobiologia\/\" target=\"_blank\" rel=\"bookmark noopener noreferrer\">Introducci\u00f3n a la Astrobiolog\u00eda<\/a>\n\t\t\t<\/h4>\n\t\t\t\t\t\t<div class='uagb-post__text uagb-post-grid-byline'>\n\t\t\t\t\t\t\t\t<time datetime=\"2019-02-13T10:50:56+01:00\" class=\"uagb-post__date\">\n\t\t\t\t\t\t\t\t\t13 de febrero de 2019\t\t\t\t<\/time>\n\t\t\t\t\t\t<\/div>\n\t\t\t\t\t\t\t<div class='uagb-post__text uagb-post__excerpt'>\n\t\t\t\t\tEl Mi\u00e9rcoles, 13 de febrero de 2019 tuvimos una charla sobre Astrobiolog\u00eda.\nCarmen Lourdes L\u00f3pez Fern\u00e1ndez,&#8230;\t\t\t\t<\/div>\n\t\t\t\t\t\t<div class=\"uagb-post__text uagb-post__cta wp-block-button\">\n\t\t\t\t<a class=\"wp-block-button__link uagb-text-link\" style=\"\" href=\"https:\/\/astrocomplutense.es\/nova\/introduccion-a-la-astrobiologia\/\" target=\"_blank\" rel=\"bookmark noopener noreferrer\">Leer m\u00e1s<\/a>\n\t\t\t<\/div>\n\t\t\t\t\t\t<div class='uagb-post__image'>\n\t\t\t\t\t\t\t\t\t<a href=\"https:\/\/astrocomplutense.es\/nova\/introduccion-a-la-astrobiologia\/\" target=\"_blank\" rel=\"bookmark noopener noreferrer\"><img loading=\"lazy\" decoding=\"async\" width=\"330\" height=\"227\" src=\"https:\/\/astrocomplutense.es\/nova\/wp-content\/uploads\/2022\/02\/13Fe19Introduccionalaastrobiologia.jpg\" class=\"attachment-full size-full\" alt=\"\" srcset=\"https:\/\/astrocomplutense.es\/nova\/wp-content\/uploads\/2022\/02\/13Fe19Introduccionalaastrobiologia.jpg 330w, https:\/\/astrocomplutense.es\/nova\/wp-content\/uploads\/2022\/02\/13Fe19Introduccionalaastrobiologia-300x206.jpg 300w\" sizes=\"auto, (max-width: 330px) 100vw, 330px\" \/>\t\t\t\t\t<\/a>\n\t\t\t\t\t\t\t\t\t<\/div>\n\t\t\t\n\t\t\t\t\t\t\t\t\t<\/article>\n\t\t\t\t\t\t\t\t\t\t\t\t\t\t\t\t<article class=\"uagb-post__inner-wrap\">\t\t\t\t\t\t\t\t<h4 class=\"uagb-post__title uagb-post__text\">\n\t\t\t\t<a href=\"https:\/\/astrocomplutense.es\/nova\/observacion-publica-de-la-luna-en-la-plaza-de-cervantes-de-alcala-de-henares\/\" target=\"_blank\" rel=\"bookmark noopener noreferrer\">Observaci\u00f3n p\u00fablica de la Luna en la plaza de Cervantes de Alcal\u00e1 de Henares<\/a>\n\t\t\t<\/h4>\n\t\t\t\t\t\t<div class='uagb-post__text uagb-post-grid-byline'>\n\t\t\t\t\t\t\t\t<time datetime=\"2019-02-09T11:03:55+01:00\" class=\"uagb-post__date\">\n\t\t\t\t\t\t\t\t\t9 de febrero de 2019\t\t\t\t<\/time>\n\t\t\t\t\t\t<\/div>\n\t\t\t\t\t\t\t<div class='uagb-post__text uagb-post__excerpt'>\n\t\t\t\t\tEl s\u00e1bado 9 de Febrero de 2019 montamos una observaci\u00f3n p\u00fablica en la plaza de&#8230;\t\t\t\t<\/div>\n\t\t\t\t\t\t<div class=\"uagb-post__text uagb-post__cta wp-block-button\">\n\t\t\t\t<a class=\"wp-block-button__link uagb-text-link\" style=\"\" href=\"https:\/\/astrocomplutense.es\/nova\/observacion-publica-de-la-luna-en-la-plaza-de-cervantes-de-alcala-de-henares\/\" target=\"_blank\" rel=\"bookmark noopener noreferrer\">Leer m\u00e1s<\/a>\n\t\t\t<\/div>\n\t\t\t\t\t\t<div class='uagb-post__image'>\n\t\t\t\t\t\t\t\t\t<a href=\"https:\/\/astrocomplutense.es\/nova\/observacion-publica-de-la-luna-en-la-plaza-de-cervantes-de-alcala-de-henares\/\" target=\"_blank\" rel=\"bookmark noopener noreferrer\"><img loading=\"lazy\" decoding=\"async\" width=\"330\" height=\"227\" src=\"https:\/\/astrocomplutense.es\/nova\/wp-content\/uploads\/2022\/02\/09Feb19ObservacionLunaPlazaCervantes.jpg\" class=\"attachment-full size-full\" alt=\"\" srcset=\"https:\/\/astrocomplutense.es\/nova\/wp-content\/uploads\/2022\/02\/09Feb19ObservacionLunaPlazaCervantes.jpg 330w, https:\/\/astrocomplutense.es\/nova\/wp-content\/uploads\/2022\/02\/09Feb19ObservacionLunaPlazaCervantes-300x206.jpg 300w\" sizes=\"auto, (max-width: 330px) 100vw, 330px\" \/>\t\t\t\t\t<\/a>\n\t\t\t\t\t\t\t\t\t<\/div>\n\t\t\t\n\t\t\t\t\t\t\t\t\t<\/article>\n\t\t\t\t\t\t\t\t\t\t\t\t\t\t\t\t<article class=\"uagb-post__inner-wrap\">\t\t\t\t\t\t\t\t<h4 class=\"uagb-post__title uagb-post__text\">\n\t\t\t\t<a href=\"https:\/\/astrocomplutense.es\/nova\/observacion-del-eclipse-total-de-luna\/\" target=\"_blank\" rel=\"bookmark noopener noreferrer\">Observaci\u00f3n del Eclipse total de Luna<\/a>\n\t\t\t<\/h4>\n\t\t\t\t\t\t<div class='uagb-post__text uagb-post-grid-byline'>\n\t\t\t\t\t\t\t\t<time datetime=\"2019-01-21T11:14:20+01:00\" class=\"uagb-post__date\">\n\t\t\t\t\t\t\t\t\t21 de enero de 2019\t\t\t\t<\/time>\n\t\t\t\t\t\t<\/div>\n\t\t\t\t\t\t\t<div class='uagb-post__text uagb-post__excerpt'>\n\t\t\t\t\tEl 21 de Enero de 2019 salimos a observar el eclipse total de Luna\t\t\t\t<\/div>\n\t\t\t\t\t\t<div class=\"uagb-post__text uagb-post__cta wp-block-button\">\n\t\t\t\t<a class=\"wp-block-button__link uagb-text-link\" style=\"\" href=\"https:\/\/astrocomplutense.es\/nova\/observacion-del-eclipse-total-de-luna\/\" target=\"_blank\" rel=\"bookmark noopener noreferrer\">Leer m\u00e1s<\/a>\n\t\t\t<\/div>\n\t\t\t\t\t\t<div class='uagb-post__image'>\n\t\t\t\t\t\t\t\t\t<a href=\"https:\/\/astrocomplutense.es\/nova\/observacion-del-eclipse-total-de-luna\/\" target=\"_blank\" rel=\"bookmark noopener noreferrer\"><img loading=\"lazy\" decoding=\"async\" width=\"330\" height=\"227\" src=\"https:\/\/astrocomplutense.es\/nova\/wp-content\/uploads\/2022\/02\/21Ene19ObservacionEclipseTotalLuna.jpg\" class=\"attachment-full size-full\" alt=\"\" srcset=\"https:\/\/astrocomplutense.es\/nova\/wp-content\/uploads\/2022\/02\/21Ene19ObservacionEclipseTotalLuna.jpg 330w, https:\/\/astrocomplutense.es\/nova\/wp-content\/uploads\/2022\/02\/21Ene19ObservacionEclipseTotalLuna-300x206.jpg 300w\" sizes=\"auto, (max-width: 330px) 100vw, 330px\" \/>\t\t\t\t\t<\/a>\n\t\t\t\t\t\t\t\t\t<\/div>\n\t\t\t\n\t\t\t\t\t\t\t\t\t<\/article>\n\t\t\t\t\t\t\t\t\t\t\t\t\t\t\t\t<article class=\"uagb-post__inner-wrap\">\t\t\t\t\t\t\t\t<h4 class=\"uagb-post__title uagb-post__text\">\n\t\t\t\t<a href=\"https:\/\/astrocomplutense.es\/nova\/observacion-solar-en-alcala-de-henares\/\" target=\"_blank\" rel=\"bookmark noopener noreferrer\">Observaci\u00f3n solar en Alcal\u00e1 de Henares<\/a>\n\t\t\t<\/h4>\n\t\t\t\t\t\t<div class='uagb-post__text uagb-post-grid-byline'>\n\t\t\t\t\t\t\t\t<time datetime=\"2019-01-12T11:25:48+01:00\" class=\"uagb-post__date\">\n\t\t\t\t\t\t\t\t\t12 de enero de 2019\t\t\t\t<\/time>\n\t\t\t\t\t\t<\/div>\n\t\t\t\t\t\t\t<div class='uagb-post__text uagb-post__excerpt'>\n\t\t\t\t\tEl s\u00e1bado12 de enero, disfrutamos  de una soleada ma\u00f1ana, en el el Parque O\\&#8217;Donnell&#8230;\t\t\t\t<\/div>\n\t\t\t\t\t\t<div class=\"uagb-post__text uagb-post__cta wp-block-button\">\n\t\t\t\t<a class=\"wp-block-button__link uagb-text-link\" style=\"\" href=\"https:\/\/astrocomplutense.es\/nova\/observacion-solar-en-alcala-de-henares\/\" target=\"_blank\" rel=\"bookmark noopener noreferrer\">Leer m\u00e1s<\/a>\n\t\t\t<\/div>\n\t\t\t\t\t\t<div class='uagb-post__image'>\n\t\t\t\t\t\t\t\t\t<a href=\"https:\/\/astrocomplutense.es\/nova\/observacion-solar-en-alcala-de-henares\/\" target=\"_blank\" rel=\"bookmark noopener noreferrer\"><img loading=\"lazy\" decoding=\"async\" width=\"330\" height=\"227\" src=\"https:\/\/astrocomplutense.es\/nova\/wp-content\/uploads\/2022\/02\/12Ene19ObservacionSolarenAlcala.jpg\" class=\"attachment-full size-full\" alt=\"\" srcset=\"https:\/\/astrocomplutense.es\/nova\/wp-content\/uploads\/2022\/02\/12Ene19ObservacionSolarenAlcala.jpg 330w, https:\/\/astrocomplutense.es\/nova\/wp-content\/uploads\/2022\/02\/12Ene19ObservacionSolarenAlcala-300x206.jpg 300w\" sizes=\"auto, (max-width: 330px) 100vw, 330px\" \/>\t\t\t\t\t<\/a>\n\t\t\t\t\t\t\t\t\t<\/div>\n\t\t\t\n\t\t\t\t\t\t\t\t\t<\/article>\n\t\t\t\t\t\t\t\t\t\t\t<\/div>\n\t\t\t<\/div><\/div>\n\n\n\n<p><\/p>\n<div class=\"pvc_clear\"><\/div><p id=\"pvc_stats_8472\" class=\"pvc_stats all  \" data-element-id=\"8472\" style=\"\"><i class=\"pvc-stats-icon medium\" aria-hidden=\"true\"><svg xmlns=\"http:\/\/www.w3.org\/2000\/svg\" version=\"1.0\" viewBox=\"0 0 502 315\" preserveAspectRatio=\"xMidYMid meet\"><g transform=\"translate(0,332) scale(0.1,-0.1)\" fill=\"\" stroke=\"none\"><path d=\"M2394 3279 l-29 -30 -3 -207 c-2 -182 0 -211 15 -242 39 -76 157 -76 196 0 15 31 17 60 15 243 l-3 209 -33 29 c-26 23 -41 29 -80 29 -41 0 -53 -5 -78 -31z\"\/><path d=\"M3085 3251 c-45 -19 -58 -50 -96 -229 -47 -217 -49 -260 -13 -295 52 -53 146 -42 177 20 16 31 87 366 87 410 0 70 -86 122 -155 94z\"\/><path d=\"M1751 3234 c-13 -9 -29 -31 -37 -50 -12 -29 -10 -49 21 -204 19 -94 39 -189 45 -210 14 -50 54 -80 110 -80 34 0 48 6 76 34 21 21 34 44 34 59 0 14 -18 113 -40 219 -37 178 -43 195 -70 221 -36 32 -101 37 -139 11z\"\/><path d=\"M1163 3073 c-36 -7 -73 -59 -73 -102 0 -56 133 -378 171 -413 34 -32 83 -37 129 -13 70 36 67 87 -16 290 -86 209 -89 214 -129 231 -35 14 -42 15 -82 7z\"\/><path d=\"M3689 3066 c-15 -9 -33 -30 -42 -48 -48 -103 -147 -355 -147 -375 0 -98 131 -148 192 -74 13 15 57 108 97 206 80 196 84 226 37 273 -30 30 -99 39 -137 18z\"\/><path d=\"M583 2784 c-38 -19 -67 -74 -58 -113 9 -42 211 -354 242 -373 16 -10 45 -18 66 -18 51 0 107 52 107 100 0 39 -1 41 -124 234 -80 126 -108 162 -133 173 -41 17 -61 16 -100 -3z\"\/><path d=\"M4250 2784 c-14 -9 -74 -91 -133 -183 -95 -150 -107 -173 -107 -213 0 -55 33 -94 87 -104 67 -13 90 8 211 198 130 202 137 225 78 284 -27 27 -42 34 -72 34 -22 0 -50 -8 -64 -16z\"\/><path d=\"M2275 2693 c-553 -48 -1095 -270 -1585 -649 -135 -104 -459 -423 -483 -476 -23 -49 -22 -139 2 -186 73 -142 361 -457 571 -626 285 -228 642 -407 990 -497 242 -63 336 -73 660 -74 310 0 370 5 595 52 535 111 1045 392 1455 803 122 121 250 273 275 326 19 41 19 137 0 174 -41 79 -309 363 -465 492 -447 370 -946 591 -1479 653 -113 14 -422 18 -536 8z m395 -428 c171 -34 330 -124 456 -258 112 -119 167 -219 211 -378 27 -96 24 -300 -5 -401 -72 -255 -236 -447 -474 -557 -132 -62 -201 -76 -368 -76 -167 0 -236 14 -368 76 -213 98 -373 271 -451 485 -162 444 86 934 547 1084 153 49 292 57 452 25z m909 -232 c222 -123 408 -262 593 -441 76 -74 138 -139 138 -144 0 -16 -233 -242 -330 -319 -155 -123 -309 -223 -461 -299 l-81 -41 32 46 c18 26 49 83 70 128 143 306 141 649 -6 957 -25 52 -61 116 -79 142 l-34 47 45 -20 c26 -10 76 -36 113 -56z m-2057 25 c-40 -58 -105 -190 -130 -263 -110 -324 -59 -707 132 -981 25 -35 42 -64 37 -64 -19 0 -241 119 -326 174 -188 122 -406 314 -532 468 l-58 71 108 103 c185 178 428 349 672 473 66 33 121 60 123 61 2 0 -10 -19 -26 -42z\"\/><path d=\"M2375 1950 c-198 -44 -350 -190 -395 -379 -18 -76 -8 -221 19 -290 114 -284 457 -406 731 -260 98 52 188 154 231 260 27 69 37 214 19 290 -38 163 -166 304 -326 360 -67 23 -215 33 -279 19z\"\/><\/g><\/svg><\/i> <img loading=\"lazy\" decoding=\"async\" width=\"16\" height=\"16\" alt=\"Loading\" src=\"https:\/\/astrocomplutense.es\/nova\/wp-content\/plugins\/page-views-count\/ajax-loader-2x.gif\" border=0 \/><\/p><div class=\"pvc_clear\"><\/div>","protected":false},"excerpt":{"rendered":"<p>EVENTOS Y ACTIVIDADES A\u00f1o 2026 A\u00f1o 2025 A\u00f1o 2024 A\u00f1o 2023 a\u00f1o 2022 a\u00f1o 2021 a\u00f1o 2020 Debido a la Pandemia todas las actividades de este a\u00f1o se hicieron por Zoom y la mayor\u00eda se pueden encontrar en Youtube a\u00f1o 2019<\/p>\n<div class=\"pvc_clear\"><\/div>\n<p id=\"pvc_stats_8472\" class=\"pvc_stats all  \" data-element-id=\"8472\" style=\"\"><i class=\"pvc-stats-icon medium\" aria-hidden=\"true\"><svg xmlns=\"http:\/\/www.w3.org\/2000\/svg\" version=\"1.0\" viewBox=\"0 0 502 315\" preserveAspectRatio=\"xMidYMid meet\"><g transform=\"translate(0,332) scale(0.1,-0.1)\" fill=\"\" stroke=\"none\"><path d=\"M2394 3279 l-29 -30 -3 -207 c-2 -182 0 -211 15 -242 39 -76 157 -76 196 0 15 31 17 60 15 243 l-3 209 -33 29 c-26 23 -41 29 -80 29 -41 0 -53 -5 -78 -31z\"\/><path d=\"M3085 3251 c-45 -19 -58 -50 -96 -229 -47 -217 -49 -260 -13 -295 52 -53 146 -42 177 20 16 31 87 366 87 410 0 70 -86 122 -155 94z\"\/><path d=\"M1751 3234 c-13 -9 -29 -31 -37 -50 -12 -29 -10 -49 21 -204 19 -94 39 -189 45 -210 14 -50 54 -80 110 -80 34 0 48 6 76 34 21 21 34 44 34 59 0 14 -18 113 -40 219 -37 178 -43 195 -70 221 -36 32 -101 37 -139 11z\"\/><path d=\"M1163 3073 c-36 -7 -73 -59 -73 -102 0 -56 133 -378 171 -413 34 -32 83 -37 129 -13 70 36 67 87 -16 290 -86 209 -89 214 -129 231 -35 14 -42 15 -82 7z\"\/><path d=\"M3689 3066 c-15 -9 -33 -30 -42 -48 -48 -103 -147 -355 -147 -375 0 -98 131 -148 192 -74 13 15 57 108 97 206 80 196 84 226 37 273 -30 30 -99 39 -137 18z\"\/><path d=\"M583 2784 c-38 -19 -67 -74 -58 -113 9 -42 211 -354 242 -373 16 -10 45 -18 66 -18 51 0 107 52 107 100 0 39 -1 41 -124 234 -80 126 -108 162 -133 173 -41 17 -61 16 -100 -3z\"\/><path d=\"M4250 2784 c-14 -9 -74 -91 -133 -183 -95 -150 -107 -173 -107 -213 0 -55 33 -94 87 -104 67 -13 90 8 211 198 130 202 137 225 78 284 -27 27 -42 34 -72 34 -22 0 -50 -8 -64 -16z\"\/><path d=\"M2275 2693 c-553 -48 -1095 -270 -1585 -649 -135 -104 -459 -423 -483 -476 -23 -49 -22 -139 2 -186 73 -142 361 -457 571 -626 285 -228 642 -407 990 -497 242 -63 336 -73 660 -74 310 0 370 5 595 52 535 111 1045 392 1455 803 122 121 250 273 275 326 19 41 19 137 0 174 -41 79 -309 363 -465 492 -447 370 -946 591 -1479 653 -113 14 -422 18 -536 8z m395 -428 c171 -34 330 -124 456 -258 112 -119 167 -219 211 -378 27 -96 24 -300 -5 -401 -72 -255 -236 -447 -474 -557 -132 -62 -201 -76 -368 -76 -167 0 -236 14 -368 76 -213 98 -373 271 -451 485 -162 444 86 934 547 1084 153 49 292 57 452 25z m909 -232 c222 -123 408 -262 593 -441 76 -74 138 -139 138 -144 0 -16 -233 -242 -330 -319 -155 -123 -309 -223 -461 -299 l-81 -41 32 46 c18 26 49 83 70 128 143 306 141 649 -6 957 -25 52 -61 116 -79 142 l-34 47 45 -20 c26 -10 76 -36 113 -56z m-2057 25 c-40 -58 -105 -190 -130 -263 -110 -324 -59 -707 132 -981 25 -35 42 -64 37 -64 -19 0 -241 119 -326 174 -188 122 -406 314 -532 468 l-58 71 108 103 c185 178 428 349 672 473 66 33 121 60 123 61 2 0 -10 -19 -26 -42z\"\/><path d=\"M2375 1950 c-198 -44 -350 -190 -395 -379 -18 -76 -8 -221 19 -290 114 -284 457 -406 731 -260 98 52 188 154 231 260 27 69 37 214 19 290 -38 163 -166 304 -326 360 -67 23 -215 33 -279 19z\"\/><\/g><\/svg><\/i> <img loading=\"lazy\" decoding=\"async\" width=\"16\" height=\"16\" alt=\"Loading\" src=\"https:\/\/astrocomplutense.es\/nova\/wp-content\/plugins\/page-views-count\/ajax-loader-2x.gif\" border=0 \/><\/p>\n<div class=\"pvc_clear\"><\/div>\n","protected":false},"author":1,"featured_media":0,"parent":0,"menu_order":0,"comment_status":"closed","ping_status":"closed","template":"","meta":{"_uag_custom_page_level_css":"","site-sidebar-layout":"default","site-content-layout":"","ast-site-content-layout":"default","site-content-style":"default","site-sidebar-style":"default","ast-global-header-display":"","ast-banner-title-visibility":"","ast-main-header-display":"","ast-hfb-above-header-display":"","ast-hfb-below-header-display":"","ast-hfb-mobile-header-display":"","site-post-title":"disabled","ast-breadcrumbs-content":"","ast-featured-img":"disabled","footer-sml-layout":"","ast-disable-related-posts":"","theme-transparent-header-meta":"","adv-header-id-meta":"","stick-header-meta":"","header-above-stick-meta":"","header-main-stick-meta":"","header-below-stick-meta":"","astra-migrate-meta-layouts":"set","ast-page-background-enabled":"default","ast-page-background-meta":{"desktop":{"background-color":"var(--ast-global-color-4)","background-image":"","background-repeat":"repeat","background-position":"center center","background-size":"auto","background-attachment":"scroll","background-type":"","background-media":"","overlay-type":"","overlay-color":"","overlay-opacity":"","overlay-gradient":""},"tablet":{"background-color":"","background-image":"","background-repeat":"repeat","background-position":"center center","background-size":"auto","background-attachment":"scroll","background-type":"","background-media":"","overlay-type":"","overlay-color":"","overlay-opacity":"","overlay-gradient":""},"mobile":{"background-color":"","background-image":"","background-repeat":"repeat","background-position":"center center","background-size":"auto","background-attachment":"scroll","background-type":"","background-media":"","overlay-type":"","overlay-color":"","overlay-opacity":"","overlay-gradient":""}},"ast-content-background-meta":{"desktop":{"background-color":"var(--ast-global-color-5)","background-image":"","background-repeat":"repeat","background-position":"center center","background-size":"auto","background-attachment":"scroll","background-type":"","background-media":"","overlay-type":"","overlay-color":"","overlay-opacity":"","overlay-gradient":""},"tablet":{"background-color":"var(--ast-global-color-5)","background-image":"","background-repeat":"repeat","background-position":"center center","background-size":"auto","background-attachment":"scroll","background-type":"","background-media":"","overlay-type":"","overlay-color":"","overlay-opacity":"","overlay-gradient":""},"mobile":{"background-color":"var(--ast-global-color-5)","background-image":"","background-repeat":"repeat","background-position":"center center","background-size":"auto","background-attachment":"scroll","background-type":"","background-media":"","overlay-type":"","overlay-color":"","overlay-opacity":"","overlay-gradient":""}},"footnotes":""},"class_list":["post-8472","page","type-page","status-publish","hentry"],"a3_pvc":{"activated":true,"total_views":300,"today_views":0},"uagb_featured_image_src":{"full":false,"thumbnail":false,"medium":false,"medium_large":false,"large":false,"1536x1536":false,"2048x2048":false},"uagb_author_info":{"display_name":"wmagister","author_link":"https:\/\/astrocomplutense.es\/nova\/author\/wmagister\/"},"uagb_comment_info":0,"uagb_excerpt":"EVENTOS Y ACTIVIDADES A\u00f1o 2026 A\u00f1o 2025 A\u00f1o 2024 A\u00f1o 2023 a\u00f1o 2022 a\u00f1o 2021 a\u00f1o 2020 Debido a la Pandemia todas las actividades de este a\u00f1o se hicieron por Zoom y la mayor\u00eda se pueden encontrar en Youtube a\u00f1o 2019","_links":{"self":[{"href":"https:\/\/astrocomplutense.es\/nova\/wp-json\/wp\/v2\/pages\/8472","targetHints":{"allow":["GET"]}}],"collection":[{"href":"https:\/\/astrocomplutense.es\/nova\/wp-json\/wp\/v2\/pages"}],"about":[{"href":"https:\/\/astrocomplutense.es\/nova\/wp-json\/wp\/v2\/types\/page"}],"author":[{"embeddable":true,"href":"https:\/\/astrocomplutense.es\/nova\/wp-json\/wp\/v2\/users\/1"}],"replies":[{"embeddable":true,"href":"https:\/\/astrocomplutense.es\/nova\/wp-json\/wp\/v2\/comments?post=8472"}],"version-history":[{"count":64,"href":"https:\/\/astrocomplutense.es\/nova\/wp-json\/wp\/v2\/pages\/8472\/revisions"}],"predecessor-version":[{"id":12526,"href":"https:\/\/astrocomplutense.es\/nova\/wp-json\/wp\/v2\/pages\/8472\/revisions\/12526"}],"wp:attachment":[{"href":"https:\/\/astrocomplutense.es\/nova\/wp-json\/wp\/v2\/media?parent=8472"}],"curies":[{"name":"wp","href":"https:\/\/api.w.org\/{rel}","templated":true}]}}